{"id":3004,"date":"2023-06-15T09:22:12","date_gmt":"2023-06-15T09:22:12","guid":{"rendered":"https:\/\/novaorg.cofb.net\/?page_id=3004"},"modified":"2024-08-29T12:07:58","modified_gmt":"2024-08-29T12:07:58","slug":"beques-i-premis","status":"publish","type":"page","link":"https:\/\/www.cofb.org\/es\/qui-som\/beques-i-premis\/","title":{"rendered":"Becas y premios"},"content":{"rendered":"<h2 class=\"wp-block-heading\">Resoluci\u00f3n convocatoria 2024 de becas y premios del colegio de farmac\u00e9uticos de Barcelona<\/h2>\n\n\n\n<h3 class=\"wp-block-heading\">Becas del COFB<\/h3>\n\n\n\n<p>La<strong> Junta de Gobierno del Colegio de Farmac\u00e9uticos de Barcelona (COFB)<\/strong>, en la sesi\u00f3n celebrada el 4 de julio de 2024, aprob\u00f3 el<strong>acuerdo del tribunal de becas&nbsp;<\/strong>que resuelve la <strong>convocatoria 2024<\/strong>.<\/p>\n\n\n\n<p>Esta convocatoria ha incluido el concurso para conceder dos becas de investigaci\u00f3n destinadas a proyectos de investigaci\u00f3n con el fin de fomentar el desarrollo de proyectos relacionados con la atenci\u00f3n y la investigaci\u00f3n farmac\u00e9uticas en cualquiera de los \u00e1mbitos de las actividades profesionales del farmac\u00e9utico y que aporte valor a\u00f1adido al ejercicio profesional.<\/p>\n\n\n\n<p>El <strong>Tribunal <\/strong>que ha evaluado las solicitudes recibidas para optar a beca est\u00e1 formado por los farmac\u00e9uticos y farmac\u00e9uticas: M\u00aa Rosa Ballester, Cristina Casajuana, Javier Tejedor, David Conde, Anna Bach, Marta Espa\u00f1ola, Cristina Cardells, Josefina Tapias, Pilar Gasc\u00f3n y Roser Vall\u00e8s .<\/p>\n\n\n\n<p>Las bases de la convocatoria especifican los aspectos a evaluar relativos al equipo investigador, al proyecto en s\u00ed y al inter\u00e9s por el colectivo farmac\u00e9utico.<\/p>\n\n\n\n<p>Los proyectos ganadores son:<\/p>\n\n\n\n<ul class=\"wp-block-list\">\n<li><strong>Estudio de un biomarcador de respuesta a inhibidores de quinasa Janus para la optimizaci\u00f3n de la efectividad y la seguridad del tratamiento en pacientes con artritis reumatoide<\/strong><br>Investigadores: Cristina Mart\u00ednez, H\u00e9ctor Corominas, S\u00edlvia Vidal, Anna Feliu y Hye Sang<br>Centro: Hospital de la Santa Cruz y San Pablo<\/li>\n\n\n\n<li><strong>Influencia de la farmacogen\u00f3mica sobre la eficacia a largo plazo de la prevenci\u00f3n de enfermedades cardiovasculares con estatinas y IECAs<\/strong><br>Investigadores: Anna Camps, \u00c1lvaro Hern\u00e1ez, Jaime Marrugat, Irene Rom\u00e1n, Marta Hern\u00e1ndez, Isaac Subirana, Helena Tiz\u00f3n y Sara Polo<br>Centro: Fundaci\u00f3n Instituto Hospital del Mar de Investigaciones M\u00e9dicas<\/li>\n<\/ul>\n\n\n\n<h3 class=\"wp-block-heading\">Premios del COFB<\/h3>\n\n\n\n<p>En la sesi\u00f3n del 20 de junio de 2024, la Junta de Gobierno del Colegio de Farmac\u00e9uticos de Barcelona aprob\u00f3 el acuerdo del Tribunal de becas y premios que resuelve la convocatoria 2024 de Premios.<\/p>\n\n\n\n<p>Esta convocatoria ha incluido los premios a trabajos realizados durante 2023: mejor art\u00edculo publicado en una revista de acceso abierto, mejor trabajo de fin de grado y mejor proyecto comunitario.<\/p>\n\n\n\n<p>El Tribunal que ha evaluado las solicitudes recibidas para optar a premio est\u00e1 formado por los farmac\u00e9uticos: Anna Bach, Rosa Ballester, Cristina Cardells, Cristina Casajuana, David Conde, Marta Espa\u00f1ol, Pilar Gasc\u00f3n, Josefina Tapias y Xavier Tejedor.<\/p>\n\n\n\n<p>Las bases de la convocatoria especifican los aspectos a evaluar relativos al equipo investigador, al proyecto en s\u00ed y al inter\u00e9s por el colectivo farmac\u00e9utico.<\/p>\n\n\n\n<h4 class=\"wp-block-heading\"><strong>Premio al mejor art\u00edculo publicado en una revista de acceso abierto<\/strong>, dotado con 1.000 \u20ac:<\/h4>\n\n\n\n<ul class=\"wp-block-list\">\n<li><em><strong>Dually Active Apigenin-Loaded Nanostructured Lipid Carriers for Cancer Treatment<\/strong><br><\/em>Autor\u00eda: Lorena Bonilla-Vidal, Marta \u015awitalska, Marta Espina, Juanna Wietrzyk, Mar\u00eda Luisa Garc\u00eda, Eliana B Souto, Anna Gliszczy\u0144ska, Elena S\u00e1nchez L\u00f3pez<br>Revista: International Journal of Nanomedicine<\/li>\n<\/ul>\n\n\n\n<h4 class=\"wp-block-heading\"><strong>Premios a los mejores Trabajos de Fin de Grado (TFG)<\/strong>, dotados con 500 \u20ac:<\/h4>\n\n\n\n<ul class=\"wp-block-list\">\n<li><strong>Erenumab, fremanezumab y galcanezumab para el tratamiento de la migra\u00f1a: an\u00e1lisis de uso en la pr\u00e1ctica cl\u00ednica habitual de un hospital de tercer nivel<\/strong><br>Autora: Maria Mont\u00e9 Mont\u00e9<br>Tutor\u00eda: Jan Thomas De Pourcq<br>Departamento Farmacia y Tecnolog\u00eda Farmac\u00e9utica, y Fisicoqu\u00edmica de la Universidad de Barcelona<\/li>\n\n\n\n<li><strong>Tratamiento del c\u00e1ncer de mama en pacientes embarazadas mediante la utilizaci\u00f3n de doxorubicina encapsulada en nanopart\u00edculas<\/strong><br>Autora: Maria Gil Vives<br>Tutor\u00eda: Cristina Fornaguera y Marta Hern\u00e1ndez<br>Departamento de Bioingenier\u00eda (IQS)\/Farmacolog\u00eda de la Universidad Ramon Llull<\/li>\n<\/ul>\n\n\n\n<p>En esta edici\u00f3n, se ha declarado desierto el premio al mejor proyecto comunitario. <\/p>\n\n\n\n<h2 class=\"wp-block-heading\">Proyectos becados de a\u00f1os anteriores:<\/h2>\n\n\n\n<div class=\"wp-block-uagb-tabs uagb-block-fc4c6636 uagb-tabs__wrap uagb-tabs__hstyle1-desktop uagb-tabs__vstyle6-tablet uagb-tabs__stack1-mobile\" data-tab-active=\"0\"><ul class=\"uagb-tabs__panel uagb-tabs__align-left\" role=\"tablist\"><li class=\"uagb-tab uagb-tabs__active\" role=\"none\"><a href=\"#uagb-tabs__tab0\" class=\"uagb-tabs-list uagb-tabs__icon-position-left\" data-tab=\"0\" role=\"tab\"><div>Curso 2023-2024<\/div><\/a><\/li><li class=\"uagb-tab\" role=\"none\"><a href=\"#uagb-tabs__tab1\" class=\"uagb-tabs-list uagb-tabs__icon-position-left\" data-tab=\"1\" role=\"tab\"><div>Curso 2022-2023<\/div><\/a><\/li><li class=\"uagb-tab\" role=\"none\"><a href=\"#uagb-tabs__tab2\" class=\"uagb-tabs-list uagb-tabs__icon-position-left\" data-tab=\"2\" role=\"tab\"><div>Curso 2021-2022<\/div><\/a><\/li><li class=\"uagb-tab\" role=\"none\"><a href=\"#uagb-tabs__tab3\" class=\"uagb-tabs-list uagb-tabs__icon-position-left\" data-tab=\"3\" role=\"tab\"><div>Curso 2020-2021<\/div><\/a><\/li><li class=\"uagb-tab\" role=\"none\"><a href=\"#uagb-tabs__tab4\" class=\"uagb-tabs-list uagb-tabs__icon-position-left\" data-tab=\"4\" role=\"tab\"><div>Curso 2019-2020<\/div><\/a><\/li><li class=\"uagb-tab\" role=\"none\"><a href=\"#uagb-tabs__tab5\" class=\"uagb-tabs-list uagb-tabs__icon-position-left\" data-tab=\"5\" role=\"tab\"><div>Curso 2018-2019<\/div><\/a><\/li><li class=\"uagb-tab\" role=\"none\"><a href=\"#uagb-tabs__tab6\" class=\"uagb-tabs-list uagb-tabs__icon-position-left\" data-tab=\"6\" role=\"tab\"><div>Curso 2017-2018<\/div><\/a><\/li><li class=\"uagb-tab\" role=\"none\"><a href=\"#uagb-tabs__tab7\" class=\"uagb-tabs-list uagb-tabs__icon-position-left\" data-tab=\"7\" role=\"tab\"><div>Curso 2016-2017<\/div><\/a><\/li><li class=\"uagb-tab\" role=\"none\"><a href=\"#uagb-tabs__tab8\" class=\"uagb-tabs-list uagb-tabs__icon-position-left\" data-tab=\"8\" role=\"tab\"><div>Curso 2015-2016<\/div><\/a><\/li><li class=\"uagb-tab\" role=\"none\"><a href=\"#uagb-tabs__tab9\" class=\"uagb-tabs-list uagb-tabs__icon-position-left\" data-tab=\"9\" role=\"tab\"><div>Curso 2014-2015<\/div><\/a><\/li><li class=\"uagb-tab\" role=\"none\"><a href=\"#uagb-tabs__tab10\" class=\"uagb-tabs-list uagb-tabs__icon-position-left\" data-tab=\"10\" role=\"tab\"><div>Curso 2013-2014<\/div><\/a><\/li><li class=\"uagb-tab\" role=\"none\"><a href=\"#uagb-tabs__tab11\" class=\"uagb-tabs-list uagb-tabs__icon-position-left\" data-tab=\"11\" role=\"tab\"><div>Curso 2012-2013<\/div><\/a><\/li><li class=\"uagb-tab\" role=\"none\"><a href=\"#uagb-tabs__tab12\" class=\"uagb-tabs-list uagb-tabs__icon-position-left\" data-tab=\"12\" role=\"tab\"><div>Curso 2011-2012<\/div><\/a><\/li><li class=\"uagb-tab\" role=\"none\"><a href=\"#uagb-tabs__tab13\" class=\"uagb-tabs-list uagb-tabs__icon-position-left\" data-tab=\"13\" role=\"tab\"><div>Curso 2010-2011<\/div><\/a><\/li><li class=\"uagb-tab\" role=\"none\"><a href=\"#uagb-tabs__tab14\" class=\"uagb-tabs-list uagb-tabs__icon-position-left\" data-tab=\"14\" role=\"tab\"><div>Curso 2009-2010<\/div><\/a><\/li><li class=\"uagb-tab\" role=\"none\"><a href=\"#uagb-tabs__tab15\" class=\"uagb-tabs-list uagb-tabs__icon-position-left\" data-tab=\"15\" role=\"tab\"><div>Curso 2008-2009<\/div><\/a><\/li><li class=\"uagb-tab\" role=\"none\"><a href=\"#uagb-tabs__tab16\" class=\"uagb-tabs-list uagb-tabs__icon-position-left\" data-tab=\"16\" role=\"tab\"><div>Curso 2007-2008<\/div><\/a><\/li><li class=\"uagb-tab\" role=\"none\"><a href=\"#uagb-tabs__tab17\" class=\"uagb-tabs-list uagb-tabs__icon-position-left\" data-tab=\"17\" role=\"tab\"><div>Curso 2006-2007<\/div><\/a><\/li><li class=\"uagb-tab\" role=\"none\"><a href=\"#uagb-tabs__tab18\" class=\"uagb-tabs-list uagb-tabs__icon-position-left\" data-tab=\"18\" role=\"tab\"><div>Curso 2005-2006<\/div><\/a><\/li><li class=\"uagb-tab\" role=\"none\"><a href=\"#uagb-tabs__tab19\" class=\"uagb-tabs-list uagb-tabs__icon-position-left\" data-tab=\"19\" role=\"tab\"><div>Curso 2004-2005<\/div><\/a><\/li><li class=\"uagb-tab\" role=\"none\"><a href=\"#uagb-tabs__tab20\" class=\"uagb-tabs-list uagb-tabs__icon-position-left\" data-tab=\"20\" role=\"tab\"><div>Curso 2003-2004<\/div><\/a><\/li><li class=\"uagb-tab\" role=\"none\"><a href=\"#uagb-tabs__tab21\" class=\"uagb-tabs-list uagb-tabs__icon-position-left\" data-tab=\"21\" role=\"tab\"><div>Curso 2002-2003<\/div><\/a><\/li><li class=\"uagb-tab\" role=\"none\"><a href=\"#uagb-tabs__tab22\" class=\"uagb-tabs-list uagb-tabs__icon-position-left\" data-tab=\"22\" role=\"tab\"><div>Curso 2001-2002<\/div><\/a><\/li><\/ul><div class=\"uagb-tabs__body-wrap\">\n<div class=\"wp-block-uagb-tabs-child uagb-tabs__body-container uagb-inner-tab-0\" aria-labelledby=\"uagb-tabs__tab0\">\n<h4 class=\"wp-block-heading\"><strong>Becas de investigaci\u00f3n<\/strong><\/h4>\n\n\n\n<ul class=\"wp-block-list\">\n<li><strong>Impacto del perfil lip\u00eddico avanzado en la evaluaci\u00f3n del riesgo de enfermedad cardiovascular en pacientes con hiperalfalipoproteinemia.<\/strong>&nbsp;Investigadores: Mar\u00eda Jos\u00e9 Castro, Antoni Riera, Javier Pint\u00f3, David Ceacero y B\u00e1rbara Fern\u00e1ndez. Hospital Universitario de Bellvitge.<\/li>\n\n\n\n<li><strong>Expansi\u00f3n de linfocitos T reguladores como terapia para frenar la neurodegeneraci\u00f3n en la diabetes.&nbsp;<\/strong>Investigadores: Maria Llori\u00e1n Salvador, Rafael Sim\u00f3 y Cristina Hern\u00e1ndez. Universidad Aut\u00f3noma de Barcelona y Vall d&#039;Hebron Instituto de Investigaci\u00f3n.<\/li>\n<\/ul>\n\n\n\n<h4 class=\"wp-block-heading\"><strong>Premio al mejor art\u00edculo publicado en una revista de acceso abierto<\/strong><\/h4>\n\n\n\n<ul class=\"wp-block-list\">\n<li><strong>Appropriateness de drogas prescriptions in patients with chronic kidney disease in primary care: a double-center retrospective study<\/strong>. Sonia Ruiz-Boy, Montserrat Rodriguez-Reyes, Juan Clos-Soldevila y Marina Rovira. BMC&nbsp;<em>Primary Care<\/em>&nbsp;(2022).<\/li>\n<\/ul>\n\n\n\n<h4 class=\"wp-block-heading\"><strong>Premio al mejor Trabajo de Fin de Grado (TFG)<\/strong><\/h4>\n\n\n\n<ul class=\"wp-block-list\">\n<li><strong>Nanoparticles para el tratamiento de Uveal Melanoma<\/strong>. Autora: Eva Garc\u00eda Ferreres. Departamento de Farmacia y Tecnolog\u00eda Farmac\u00e9utica, y Fisicoqu\u00edmica. Facultad de Farmacia y Ciencias de la Alimentaci\u00f3n. Universidad de Barcelona.<\/li>\n<\/ul>\n\n\n\n<p>En esta edici\u00f3n se declararon desiertos el premio al mejor TFG de la Facultad de Ciencias de la Salud de la Universidad de Ramon Llull y el premio al mejor proyecto comunitario.<\/p>\n<\/div>\n\n\n\n<div class=\"wp-block-uagb-tabs-child uagb-tabs__body-container uagb-inner-tab-1\" aria-labelledby=\"uagb-tabs__tab1\">\n<h4 class=\"wp-block-heading\"><strong>Becas de investigaci\u00f3n<\/strong><\/h4>\n\n\n\n<ul class=\"wp-block-list\">\n<li><strong>Evaluaci\u00f3n del estatus nutricional de vitamina B12 en embarazadas y su repercusi\u00f3n en el reci\u00e9n nacido.<\/strong>&nbsp;Investigadores: Jos\u00e9 Manuel Gonz\u00e1lez de Aledo Castillo, Judith Garc\u00eda Villoria, Sonia Pajares Garc\u00eda, Nuria Ba\u00f1os L\u00f3pez, Ana Argudo Ram\u00edrez, Rosa Ma L\u00f3pez Galera, Abraham Jos\u00e9 Paredes Fuentes, Laura Macias Mu\u00f1oz, Laia Asso Ministral, Miguel Alsina Casanova. Fundaci\u00f3n Cl\u00ednico para la Investigaci\u00f3n Biom\u00e9dica (FCRB).<\/li>\n\n\n\n<li><strong>Encapsulaci\u00f3n y liberaci\u00f3n liposomal para proteger y tratar la piel. Investigadores:<\/strong>&nbsp;Dr. Adri\u00e0 Botet Carreras, dr. Jordi Borrell Hern\u00e1ndez, dr. \u00d2scar Dom\u00e8nech Cabrera, Dra. M\u00aa Teresa Montero Barrientos. Institute of Nanoscience and Nanotechnology (IN2UB).<\/li>\n<\/ul>\n\n\n\n<h4 class=\"wp-block-heading\"><strong>Pulse al mejor art\u00edculo publicado en una revista de acceso abierto <\/strong><\/h4>\n\n\n\n<ul class=\"wp-block-list\">\n<li><strong>Who Suffers From Pharmaceutical Poverty and What Are Their Needs? Evidence From en Spanish Region.<\/strong> Autores: Maria Rubio-Valera, Silvia Marqu\u00e9s-Ercilla, M. Teresa Pe\u00f1arrubia-Mar\u00eda, Rosa M. Urbanos-Garrido, Carmen Borrell, Jordi Bosch, Alba S\u00e1nchez-Vi\u00f1as, Ignacio Aznar-Lou. Parque Sanitario San Juan de Dios.<\/li>\n<\/ul>\n\n\n\n<h4 class=\"wp-block-heading\"><strong>Premio al mejor trabajo de fin de grado (TFG) presentado en 2018<\/strong><\/h4>\n\n\n\n<ul class=\"wp-block-list\">\n<li><strong>Organoids in COVID-19 research.<\/strong> Autora: Laura Caballero Prior. Tutora: Ma Pilar Vinardell Mart\u00ednez- Hidalgo. Departamento de Bioqu\u00edmica y Fisiolog\u00eda de la Facultad de Farmacia, Universidad de Barcelona.<\/li>\n<\/ul>\n\n\n\n<p>Se ha declarado desierto el premio al mejor TFG de la Facultad de Ciencias de la Salud de la Universidad de Ramon Llull.<\/p>\n\n\n\n<h4 class=\"wp-block-heading\"><strong>Premio al mejor proyecto comunitario<\/strong><\/h4>\n\n\n\n<ul class=\"wp-block-list\">\n<li><strong>Puntuaci\u00f3n de riesgo de gen\u00e9tico de gravedad de COVID-19 en pacientes positivos por SARS-CoV-2. Estudio CARGENCORS.<\/strong> Autores: Anna Camps Vilar\u00f3, Jaime Marrugado de la Iglesia, Irene Rom\u00e1n D\u00e9gano, Isaac Subirana Cachinero, Rafael Ramos Blanes, Roberto Elosua, Claudia Sol\u00e0 Richarte, Melina Pinsach Abuin, Ram\u00f3n Brugada Terradellas, Ruth Mart\u00ed Lluch. Instituto Hospital del Mar de Investigaciones M\u00e9dicas (IMIM), Instituto de Investigaci\u00f3n Biom\u00e9dica de Girona Josep Trueta (IDIBGI), Instituto Universitario de Investigaci\u00f3n en Atenci\u00f3n Primaria (IDIAP Jordi Gol) y la Universidad de Vic-Universitat Central de Catalunya.<\/li>\n<\/ul>\n<\/div>\n\n\n\n<div class=\"wp-block-uagb-tabs-child uagb-tabs__body-container uagb-inner-tab-2\" aria-labelledby=\"uagb-tabs__tab2\">\n<h4 class=\"wp-block-heading\"><strong>Beca de investigaci\u00f3n<\/strong><\/h4>\n\n\n\n<ul class=\"wp-block-list\">\n<li><strong>Impacto de una intervenci\u00f3n multidisciplinar basada en la revisi\u00f3n centrada en la persona en pacientes institucionalizados.<\/strong> Investigadores: Ana Mar\u00eda de Andr\u00e9s L\u00e1zaro, Daniel Sevilla S\u00e1nchez, Hilda Alaro Riveros, Mar\u00eda Asunci\u00f3n Alvarez Carrera, Sonia Bar\u00f3 Sabat\u00e9, Marta Escriu de Gracia, Anna Carrasco \u00c1lvarez, Margarita Rubio Romera, Laura M\u00f3nica P\u00e9rez Baz\u00e1n, Marco Inzitari. Parc Sanitari Pere Virgili.<\/li>\n<\/ul>\n\n\n\n<h4 class=\"wp-block-heading\"><strong>Premio al mejor art\u00edculo publicado en la circular farmac\u00e9utica durante el 2020<\/strong><\/h4>\n\n\n\n<ul class=\"wp-block-list\">\n<li><strong>Detecci\u00f3n de norovirus en muestras medioambientales en brotes de norovirus en instituciones cerradas y semi-cerradas.&nbsp;<\/strong>Autora: Eva Rico Pach\u00f3n. Cristina P\u00e9rez Carb\u00ed; Anna Isabel Belver Com\u00edn; Sara Sabat\u00e9 Camps; Efren Razquin Megias; Javier de Benito Langa; Lorena Coronas Cortes; \u00c0ngela Dom\u00ednguez Garcia; Mireia Jan\u00e9 Checa.<\/li>\n<\/ul>\n\n\n\n<h4 class=\"wp-block-heading\"><strong>Premio al mejor trabajo de fin de grado (TFG) presentado en 2020<\/strong><\/h4>\n\n\n\n<ul class=\"wp-block-list\">\n<li><strong>Establecimiento de las bases de una nueva inmunoterapia por el melanoma: uso de ves\u00edculas extracelulares para encapsular \u00e1cidos nucleicos.&nbsp;<\/strong>Autora: Monika Buchholz de la Ossa. Tutores: Dra. Cristina Fornaguera i Puigvert y Dr. Salvador Borroso G\u00f3mez. Grupo de Ingenier\u00eda de Materiales IQS (Gemat) Grado en Farmacia del Institut Qu\u00edmic de Sarri\u00e0 - Blanquerna FCS (Universidad Ramon Llull).&nbsp;<\/li>\n\n\n\n<li><strong>Aplicaci\u00f3n de kits de PCR por la detecci\u00f3n de resistencias en Mycoplasma genitalium y Neisseria gonorrhoeae y diagn\u00f3stico de infecciones vaginales.&nbsp;<\/strong>Autora: Patricia Garc\u00eda Garc\u00eda. Tutor: Ana Maria Marques Villavecchia Departamento de Biolog\u00eda, Sanidad y Medio Ambiente de la Facultad de Farmacia y Ciencias de la Alimentaci\u00f3n de la Universidad de Barcelona<\/li>\n\n\n\n<li><strong>B\u00fasqueda de componentes insulino-mim\u00e9ticos en el aceite de oliva.<\/strong>&nbsp;Autora: Maria Font-Quer Pellicer. Tutores: Marta Barenys. Farmacolog\u00eda, Toxicolog\u00eda y Qu\u00edmica Terap\u00e9utica de la Facultad de Farmacia y Ciencias de la Alimentaci\u00f3n de la Universidad de Barcelona<\/li>\n<\/ul>\n\n\n\n<h4 class=\"wp-block-heading\"><strong>La Junta de Gobierno acord\u00f3 otorgar 2 premios ex-aequos a los TFG:<\/strong><\/h4>\n\n\n\n<ul class=\"wp-block-list\">\n<li><strong>Fibromialgia a trav\u00e9s de la gen\u00e9tica: desarrollo de un algoritmo de diagn\u00f3stico basado en microarrays.<\/strong>&nbsp;Autor: Jos\u00e9 Manuel Borrego Bur\u00f3n Tutora: Carles Ciudad. Departamento de Bioqu\u00edmica Bioqu\u00edmica y Biolog\u00eda Molecular y Biolog\u00eda Molecular de la Facultad de Farmacia y Ciencias de la Alimentaci\u00f3n de la Universidad de Barcelona.<\/li>\n\n\n\n<li><strong>Optimizaci\u00f3n en la obtenci\u00f3n de hupertacrina-tacrina por el tratamiento de la enfermedad de Alzheimer.&nbsp;<\/strong>Autora: C\u00e8lia Comallonga Albareda. Tutor: Raimon Puig de la Bellacasa Cazorla y Jos\u00e9 Ignacio Borrell Bilbao. Departamento Qu\u00edmica Org\u00e1nica y Farmac\u00e9utica Grado en Farmacia del Institut Qu\u00edmic de Sarri\u00e0 - Blanquerna FCS (Universidad Ramon Llull).&nbsp;<\/li>\n<\/ul>\n<\/div>\n\n\n\n<div class=\"wp-block-uagb-tabs-child uagb-tabs__body-container uagb-inner-tab-3\" aria-labelledby=\"uagb-tabs__tab3\">\n<h4 class=\"wp-block-heading\"><strong>Beca de investigaci\u00f3n<\/strong><\/h4>\n\n\n\n<ul class=\"wp-block-list\">\n<li><strong>B\u00fasqueda de marcadores s\u00e9ricos pron\u00f3sticos precoces de disfunci\u00f3n\/quiebra org\u00e1nica en pacientes hospitalizados por COVID mediante metabol\u00f3mica High-Throughput.<\/strong> Investigadores: Ma del Carmen Salgado Mart\u00edn, Jos\u00e9 Alcaraz Quiles. Hospital Cl\u00ednico de Barcelona.<\/li>\n<\/ul>\n\n\n\n<h4 class=\"wp-block-heading\"><strong>Premio al mejor art\u00edculo publicado en la circular famac\u00e9utica durante el 2019<\/strong><\/h4>\n\n\n\n<ul class=\"wp-block-list\">\n<li><strong>La gripe espa\u00f1ola en Catalu\u00f1a, un punto de inflexi\u00f3n en la profesi\u00f3n farmac\u00e9utica. <\/strong>Autor: Fernando Parrilla Valero.<\/li>\n<\/ul>\n\n\n\n<h4 class=\"wp-block-heading\"><strong>Premio al mejor trabajo de fin de grado (TFG) presentado en 2019<\/strong><\/h4>\n\n\n\n<ul class=\"wp-block-list\">\n<li><strong>Estudio del papel de la prote\u00edna Gq en la mitofagia.&nbsp;<\/strong>Autora: Alicia Josa Culler\u00e9. Tutores: Anna Maria Aragay Combas y Juan Carlos Rodr\u00edguez. Departamento de Bioqu\u00edmica y Fisiopatolog\u00eda de la Facultad de Farmacia y Ciencias de la Alimentaci\u00f3n de la Universidad de Barcelona, y el Instituto de Biolog\u00eda Molecular de Barcelona (CSIC).<\/li>\n\n\n\n<li><strong>S\u00edntesis de una familia de catinones potencialmente activas.<\/strong>&nbsp;Autora: N\u00faria Nadal Gratac\u00f3s. Tutor: Xavier Berzosa Rodr\u00edguez. Departamento de Qu\u00edmica Farmac\u00e9utica.  Grado en Farmacia del Instituto Qu\u00edmico de Sarri\u00e0 - Blanquerna FCS (Universidad Ramon Llull).<\/li>\n\n\n\n<li><strong>Optimizaci\u00f3n de la resistencia a antiinfecciosos en la pr\u00e1ctica cl\u00ednica. <\/strong>Autora: Maria Bascones Roig. Tutores: Concepci\u00f3n Maestros Miralles y Marta Hern\u00e1ndez Hern\u00e1ndez. Grado en Farmacia del Instituto Qu\u00edmico de Sarri\u00e0 - Blanquerna FCS (Universidad Ramon Llull).<\/li>\n\n\n\n<li><strong>El eje microbiota-intestino-cerebro y su relaci\u00f3n con la depresi\u00f3n.<\/strong> Autora: Irene Balasch Esteve. Tutora: Raquel Martin Venegas. Departamento de Bioqu\u00edmica y Fisiopatolog\u00eda de la Facultad de Farmacia y Ciencias de la Alimentaci\u00f3n de la Universidad de Barcelona.<\/li>\n<\/ul>\n<\/div>\n\n\n\n<div class=\"wp-block-uagb-tabs-child uagb-tabs__body-container uagb-inner-tab-4\" aria-labelledby=\"uagb-tabs__tab4\">\n<h4 class=\"wp-block-heading\"><strong>Becas de investigaci\u00f3n<\/strong><\/h4>\n\n\n\n<ul class=\"wp-block-list\">\n<li><strong>Piloto de una intervenci\u00f3n compleja para mejorar la iniciaci\u00f3n al tratamiento farmacol\u00f3gico.<\/strong>&nbsp;Investigadores: Maria Rubio Valera, Ignacio Aznar Lou, Cristina Carbonell Duacastella, Montserrat Gil Girbau, Montserrat Iracheta Tod\u00f3, Mar\u00eda Teresa Pe\u00f1arrubia Mar\u00eda, Daniel Planchuelo i Calatayud, Serrano Blanco. Institut de Recerca San Juan de Dios.<\/li>\n\n\n\n<li><strong>Efectos de la dieta mediterr\u00e1nea sobre los patrones de tratamiento farmacol\u00f3gico en adultos grandes y personas de tercera edad<\/strong>. Investigadores: \u00c1lvaro Hern\u00e1ez Camba, M\u00aa Gabriela C\u00e1rdenas Fuentes, Sara Castro Barquero, Montserrat Fit\u00f3 Colomer, Ricardo Moure Ortega. Facultad de Ciencias de la Salud Blanquerna, URL, Barcelona.<\/li>\n<\/ul>\n\n\n\n<h4 class=\"wp-block-heading\"><strong>Premio proyecto de mejora de la calidad asistencial<\/strong><\/h4>\n\n\n\n<ul class=\"wp-block-list\">\n<li><strong>Gu\u00eda de alimentaci\u00f3n para personas afectadas de ELA y recetas para personas con problemas de degluci\u00f3n<\/strong>. Investigadores: Elisabet Romero Gangonells, Montse Ill\u00e1n Villanueva, Monica Povedano Panad\u00e8s, Elena Roura Carvajal, M. N\u00faria Virgili Casas. Hospital Universitario de Bellvitge - IDIBELL.<\/li>\n<\/ul>\n\n\n\n<h4 class=\"wp-block-heading\"><strong>Premio a la mejor iniciativa en redes sociales y nuevas tecnolog\u00edas<\/strong><\/h4>\n\n\n\n<ul class=\"wp-block-list\">\n<li><strong>Mejora en la gesti\u00f3n de medicamentos en enfermedad renal cr\u00f3nica con mHealth: aplicaci\u00f3n RenalCalc<\/strong>. Investigadores: Mireia Massot Mesquida, Eva Bellerino Serrano, Alicia Franzi Sis\u00f3, Juan Carlos Mart\u00ednez Oca\u00f1a, Esther Ponz Clemente, Juan Tondo Ventura. Servicio de Atenci\u00f3n Primaria del Vall\u00e8s Occidental<\/li>\n<\/ul>\n\n\n\n<h4 class=\"wp-block-heading\"><strong>Premio al mejor art\u00edculo publicado en la circular farmac\u00e9utica durante el 2018<\/strong><\/h4>\n\n\n\n<ul class=\"wp-block-list\">\n<li><strong>Revisi\u00f3n de un antiepil\u00e9ptico nuevo, el brivaracetam<\/strong>. Autores: Mar Ronda Serrat, Merc\u00e8 Falip Centella, M\u00f2nica Gonz\u00e1lez Laguna, Ramon Jodar Masanes, Roser Juvany Roig. Hospital Universitario de Bellvitge.<\/li>\n<\/ul>\n\n\n\n<h4 class=\"wp-block-heading\"><strong>Premio al mejor trabajo de fin de grado (TFG) presentado en 2018<\/strong><\/h4>\n\n\n\n<ul class=\"wp-block-list\">\n<li><strong>Montelukast como intervenci\u00f3n farmacol\u00f3gica para proteger el cerebro de la neurotoxicidad inducida por radiaciones<\/strong>. Autora: Alba Rodr\u00edguez Rodr\u00edguez. Tutor: David Pubill S\u00e1nchez. Departamento de Farmacolog\u00eda, Toxicolog\u00eda y Qu\u00edmica Terap\u00e9utica.<\/li>\n\n\n\n<li><strong>Bios\u00edntesis de esteroles en las plantas<\/strong>. Autora: Marta Riba Baqu\u00e9s. Tutor: Albert Ferrer Prats. Departamento de Bioqu\u00edmica y Fisiolog\u00eda.<\/li>\n\n\n\n<li><strong>Probi\u00f3ticos, prebi\u00f3ticos y su influencia en el sistema nervioso<\/strong>. Autora: Elisa Al\u00f2s Alcalde. Tutora: Magdalena Rafecas Mart\u00ednez. Nutrici\u00f3n, Departamento de Nutrici\u00f3n, Ciencias de la Alimentaci\u00f3n y Gastronom\u00eda.<\/li>\n\n\n\n<li><strong>Comprimidos de liberaci\u00f3n prolongada de metoprolol succinado de 95 mg<\/strong>. Autor: Isaac Bordas P\u00e9rez. Tutor: Joaquim Su\u00f1er Carb\u00f3. Departamento de Farmacia y Tecnolog\u00eda Farmac\u00e9utica y Fisicoqu\u00edmica.<\/li>\n<\/ul>\n<\/div>\n\n\n\n<div class=\"wp-block-uagb-tabs-child uagb-tabs__body-container uagb-inner-tab-5\" aria-labelledby=\"uagb-tabs__tab5\">\n<h4 class=\"wp-block-heading\"><strong>Becas de investigaci\u00f3n<\/strong><\/h4>\n\n\n\n<ul class=\"wp-block-list\">\n<li><strong>&quot;Efecto de una intervenci\u00f3n nutricional con una bebida funcional enriquecida con un extracto de uva sobre el perfil metab\u00f3lico de una subpoblaci\u00f3n de individuos con s\u00edndrome metab\u00f3lico de la provincia de Barcelona&quot;<\/strong>. Investigadores: Joana Relato Pardo, Diego Haro Bautista, Pedro Ferm\u00edn Marrero Gonz\u00e1lez, Viviana Sandoval Sandoval, Rosa Lamuela Ravent\u00f3s, Rosa M\u00aa Casas Rodr\u00edguez, Ramon Estruch Riba, H\u00e9ctor Sanz Lamora.<\/li>\n\n\n\n<li><strong>\u201cEstudio de las interacciones hu\u00e9sped-pat\u00f3geno en las infecciones causadas por cepas hipervirulentas de Klebsiella pneumoniae.\u201d&nbsp;<\/strong>Investigadores: Carmen Ardanuy Tisaire, Inmaculada Grau Garriga, Meritxell Cubero Gonz\u00e1lez, Jordi C\u00e0mara Mas y D\u00e0maris Berbel Palau<strong>.\u200b<\/strong><\/li>\n<\/ul>\n\n\n\n<h4 class=\"wp-block-heading\"><strong>Premio de innovaci\u00f3n<\/strong><\/h4>\n\n\n\n<ul class=\"wp-block-list\">\n<li><strong>&quot;Informaci\u00f3n animada para reforzar la educaci\u00f3n sanitaria&quot;<\/strong>. Autoras: J\u00falia Mart\u00ed Masana y Lara Vallance Masana.<\/li>\n<\/ul>\n<\/div>\n\n\n\n<div class=\"wp-block-uagb-tabs-child uagb-tabs__body-container uagb-inner-tab-6\" aria-labelledby=\"uagb-tabs__tab6\">\n<ul class=\"wp-block-list\">\n<li><strong>\u201cEfecto del tratamiento biol\u00f3gico con anticitocinas inflamatorias en el sistema inmunol\u00f3gico del paciente psori\u00e1tico.\u201d<\/strong>&nbsp;Investigadores: Joan Climent Mart\u00ed, N\u00faria Padull\u00e9s Zamora, Montserrat Colls, Jaime Notario Rosa, Jordi Bas Minguet, Francisco Morandeira Rego, Virginia Mas Bosch y Concepci\u00f3 Soler Prat.<\/li>\n\n\n\n<li><strong>\u201cEfecto de los \u03b2-bloqueadores en los niveles del neurotransmisor sustancia P y su implicaci\u00f3n en el proceso de la degluci\u00f3n.\u201d<\/strong>&nbsp;Investigadores: Marta Miarons Font, Llu\u00eds Campins Bernad\u00e0s, Noem\u00ed Tomsen Ferr\u00e9, Weslana Nascimiento, Laia Rofes Salsench y David L\u00f3pez Faix\u00f3.<\/li>\n\n\n\n<li><strong>&quot;Bicarbonato nebulizado, una de las piezas que faltaba para evitar las infecciones en fibrosis qu\u00edstica.&quot;&nbsp;<\/strong>Investigadoras: Nuria Rudi Sola, Amalui Vasquez P\u00e9rez, Montserrat Bosque Garcia, Anna Estefanel Tejero y Maria Queralt Gorgas Torner.<\/li>\n<\/ul>\n<\/div>\n\n\n\n<div class=\"wp-block-uagb-tabs-child uagb-tabs__body-container uagb-inner-tab-7\" aria-labelledby=\"uagb-tabs__tab7\">\n<ul class=\"wp-block-list\">\n<li><strong>&quot;Farmacogen\u00e9tica de las estatinas: hacia una medicina personalizada&quot;<\/strong>, becado como proyecto profesional. Autores: Cristina Ruiz, Beatriz Cand\u00e1s, Ariadna Padr\u00f3n, Xavier Pint\u00f3 del Hospital Bellvitge.<\/li>\n\n\n\n<li><strong>\u201cDesarrollo de una aplicaci\u00f3n por dispositivos m\u00f3viles sobre interacciones entre medicamentos y ejercicio f\u00edsico\u201d<\/strong>, becado en la categor\u00eda de innovaci\u00f3n. Autores: Juan Carlos Ju\u00e1rez, Jos\u00e9 Bruno y Jordi Llu\u00eds Ribas de la Escuela de Medicina del Deporte y el Hospital Universitari Vall d'Hebron.<\/li>\n<\/ul>\n<\/div>\n\n\n\n<div class=\"wp-block-uagb-tabs-child uagb-tabs__body-container uagb-inner-tab-8\" aria-labelledby=\"uagb-tabs__tab8\">\n<ul class=\"wp-block-list\">\n<li><strong>&quot;Impacto asistencial de la incorporaci\u00f3n de la Salud M\u00f3vil en la pr\u00e1ctica cl\u00ednica del paciente trasplantado card\u00edaco&quot;<\/strong>. Autores: Anna Feliu Ribera, M\u00aa Eul\u00e0lia Roig Mingell, M\u00aa Ant\u00f2nia Mangues Bafalluy, Mar Gomis Pastor y Ester Amado Guirado del Hospital de Sant Pau.<\/li>\n\n\n\n<li><strong>&quot;Riesgo de sangrado de los nuevos anticoagulantes orales en comparaci\u00f3n con los antagonistas de la vitamina K (AVK) en la pr\u00e1ctica cl\u00ednica habitual&quot;<\/strong>. Autores: Esther Pastor Ram\u00f3n, M. Pilar Mas Lombarte, Carlos Pardo Gracia, Al\u00edcia Mart\u00ed Ib\u00e1\u00f1ez, Oriol Rovira Verg\u00e9s, Cristina Morales Navajas.<\/li>\n<\/ul>\n<\/div>\n\n\n\n<div class=\"wp-block-uagb-tabs-child uagb-tabs__body-container uagb-inner-tab-9\" aria-labelledby=\"uagb-tabs__tab9\">\n<ul class=\"wp-block-list\">\n<li><strong>\u201cEvaluaci\u00f3n del seguimiento farmacoterap\u00e9utico realizado en pacientes de una Unidad de Optimizaci\u00f3n de la Farmacoterapia<\/strong>\u201d. Autores: Martha Milena Silva Castro, Anna Maria Font Olivet, Laura R\u00edes Font, Clara Berm\u00fadez Tamayo, Gerardo Colorado D\u00edaz-Caneja (oficina de farmacia).<\/li>\n\n\n\n<li><strong>&quot;Evaluaci\u00f3n de la efectividad y la seguridad en la pr\u00e1ctica cl\u00ednica habitual del cinacalcet en pacientes con enfermedad renal cr\u00f3nica e hiperparatiroidismo secundario sin tratamiento renal sustitutivo&quot;<\/strong>. Autores: Ariadna P\u00e9rez Ricart, Maria Alcalde Rodrigo, Dolores Comas Sugra\u00f1es, Josep Mar\u00eda Cruzado Garrit, Alfonso Segarra Medrano, Jos\u00e9 Bruno Montoro Ronsano (Servicio de farmacia de hospital).<\/li>\n<\/ul>\n<\/div>\n\n\n\n<div class=\"wp-block-uagb-tabs-child uagb-tabs__body-container uagb-inner-tab-10\" aria-labelledby=\"uagb-tabs__tab10\">\n<ul class=\"wp-block-list\">\n<li><strong>\u201cOptimizaci\u00f3n del tratamiento con Infliximab para la enfermedad inflamatoria intestinal: implantaci\u00f3n de la monitorizaci\u00f3n farmacocin\u00e9tica e influencia del polimorfismo de IL1\u00df\u201d<\/strong>. Autores: N\u00faria Padull\u00e9s Zamora, Helena Colom Codina, Ariadna Padull\u00e9s Zamora, Elisabet Leiva Badosa, Eug\u00e8nia Santacana Juncosa, Jordi Bas Minguet, Pedro Alia Ramos, Sara Cobo Sacrist\u00e1n, Jordi Guardiola Capon, Francisco Rodr\u00edguez Moranta, Lorena Rodr\u00edguez Alonso, Alexandra Ruiz Cerulla y Josep Lobo Talaveron (Hospital Universitario de Bellvitge).<\/li>\n\n\n\n<li><strong>\u201cEvaluaci\u00f3n global de la estabilidad de la hemoglobina en los tests inmunol\u00f3gicos de las pruebas sangre oculta en heces dentro del programa de cribado de c\u00e1ncer colorrectal del ICO: \u00bfpodemos estar tranquilos?\u201d<\/strong>. Autoras: Ana Clop\u00e9s Estela, Gemma Binefa Rodr\u00edguez, Nuria Gonzalo Diego, N\u00faria Mil\u00e0 D\u00edaz y Carme Mu\u00f1oz S\u00e1nchez. (Institut Catal\u00e0 d'Oncologia).<\/li>\n<\/ul>\n<\/div>\n\n\n\n<div class=\"wp-block-uagb-tabs-child uagb-tabs__body-container uagb-inner-tab-11\" aria-labelledby=\"uagb-tabs__tab11\">\n<ul class=\"wp-block-list\">\n<li><strong>\u201cAdministraci\u00f3n endovenosa de medicamentos en pediatr\u00eda: dise\u00f1o e implementaci\u00f3n de una nueva herramienta inform\u00e1tica\u201d<\/strong>. Miguel Villaronga Flaqu\u00e9, Rosa Farr\u00e9 Riba, Anna Mas Comas, Joan Vinent Genestar, Mar\u00eda Goretti L\u00f3pez Ramos, Cristina Latre Gorbe (Hospital de Sant Joan de D\u00e9u).<\/li>\n\n\n\n<li><strong>&quot;Desarrollo y validaci\u00f3n de un m\u00e9todo para la determinaci\u00f3n simult\u00e1nea de los citost\u00e1ticos m\u00e1s prescritos en un hospital de tercer nivel&quot;<\/strong>. Josep Maria Guiu Segura, Ramon Mart\u00ed Seves, Elena Garcia Arumi, Maria Josep Carreras Soler, Josep Monterde Junyent (Vall d'Hebron Institut de Recerca).<\/li>\n<\/ul>\n<\/div>\n\n\n\n<div class=\"wp-block-uagb-tabs-child uagb-tabs__body-container uagb-inner-tab-12\" aria-labelledby=\"uagb-tabs__tab12\">\n<ul class=\"wp-block-list\">\n<li><strong>&quot;Adherencia al tratamiento inmunosupresor en pacientes receptores de trasplante renal&quot;<\/strong>. Ariadna Padull\u00e9s Zamora, Josep Lobo Talaveron, Sara Cobo Sacrist\u00e1n, Jos\u00e9 Mar\u00eda Cruzado Garrit, Oriol Bestard Matamoros, Guillermo Bagar\u00eda Casanova (Hospital Universitari de Bellvitge-IDIBELL).<\/li>\n\n\n\n<li><strong>\"Revisi\u00f3n de medicaci\u00f3n inapropiada en la poblaci\u00f3n geri\u00e1trica a partir de la s\u00edntesis de cinco modelos establecidos (Beers, ACOVE, STOPP-START, MAI y Priscus)\"<\/strong>. M\u00aa \u00c0ngels Parada Aradilla, Pilar Giner Boya, Azahara S\u00e1nchez Ulayar, Dolors Ruiz Poza, Susana Terr\u00e9 Ohme, Ferran Sala Pi\u00f1ol, Anna Bad\u00f3s Gonz\u00e1lez, N\u00faria Miserachs Aranda, Guillerm Paluzie Avila (Corporaci\u00f3 de Salut del Maresme i la Selva).<\/li>\n<\/ul>\n<\/div>\n\n\n\n<div class=\"wp-block-uagb-tabs-child uagb-tabs__body-container uagb-inner-tab-13\" aria-labelledby=\"uagb-tabs__tab13\">\n<ul class=\"wp-block-list\">\n<li><strong>&quot;Riesgo de fracturas asociado a medicamentos&quot;. Estudio de casos y controles<\/strong>. M\u00aa Queralt Gorgas Torner, Irene L\u00f3pez Rico.<\/li>\n\n\n\n<li><strong>\u201cCompatibilidad f\u00edsico-qu\u00edmica de f\u00e1rmacos administrados en perfusi\u00f3n continua en las unidades de cuidados intensivos\u201d<\/strong>. M\u00aa Carmen L\u00f3pez Cabezas, Dolores Soy Muner, Gloria Molas Ferrer, Laura Guerrero Molina, Josep Ribas Sala.<\/li>\n\n\n\n<li>\"Prevenci\u00f3n de RNM causados por PRM de seguridad: ajuste posol\u00f3gico de medicamentos en ancianos polimedicados con funci\u00f3n renal disminuida atendidos en las farmacias comunitarias\". M\u00aa \u00c0ngels Via Sosa, Natali Lopes, Wesley Cristian Ferreira, Marian March Pujol.<\/li>\n<\/ul>\n<\/div>\n\n\n\n<div class=\"wp-block-uagb-tabs-child uagb-tabs__body-container uagb-inner-tab-14\" aria-labelledby=\"uagb-tabs__tab14\">\n<ul class=\"wp-block-list\">\n<li><strong>\u201cConciliaci\u00f3n de la medicaci\u00f3n: del alta hospitalaria en la consulta de atenci\u00f3n primaria\u201d<\/strong>. Autora principal: Teresa Arranz, Servicio de Farmacia del Hospital de Vilafranca del Pened\u00e8s.<\/li>\n\n\n\n<li><strong>&quot;Evaluaci\u00f3n videofluoresc\u00f3pica del efecto de la capsaicina en pacientes con disfagia orofar\u00edngea&quot;<\/strong>. Autora principal: Laia Rofes, CIBERehd.<\/li>\n\n\n\n<li><strong>\u201cDetecci\u00f3n de efectos adversos de los medicamentos (EAM) en el \u00e1rea quir\u00fargica\u201d<\/strong>. Autora principal: Rosa M\u00aa Par\u00e9s, Servicio de Farmacia del Hospital de Igualada.<\/li>\n<\/ul>\n<\/div>\n\n\n\n<div class=\"wp-block-uagb-tabs-child uagb-tabs__body-container uagb-inner-tab-15\" aria-labelledby=\"uagb-tabs__tab15\">\n<ul class=\"wp-block-list\">\n<li><strong>\u201cEstudio de adherencia y farmacocin\u00e9tica en pacientes con leucemia mieloide cr\u00f3nica Ph+ tratados con imatinib\u201d<\/strong>. Autora principal: Anna Clop\u00e9s Estela, Servicio de Farmacia del Institut Catal\u00e0 d\u2019Oncologia. Coautores: E. Fort Casamartina, C. Boqu\u00e9 Genovard, N. Gonzalo Diego, C. Mu\u00f1oz S\u00e1nchez.<\/li>\n\n\n\n<li><strong>&quot;Efecto de la administraci\u00f3n oral de trans-resveratrol sobre la funci\u00f3n reproductora masculina&quot;<\/strong>. Autora principal: M. Emilia Juan Oliv\u00e9, Departamento de Fisiolog\u00eda de la Faculdad de Farmacia de la Universitat de Barcelona.<\/li>\n\n\n\n<li><strong>&quot;Estudio preliminar de la farmacocin\u00e9tica de bupivaca\u00edna despu\u00e9s de la administraci\u00f3n con aguja y cat\u00e9ter epidural&quot;<\/strong>. Autor principal: Eduardo Mari\u00f1o Hern\u00e1ndez, Unidad de Farmacia Cl\u00ednica y Farmacoterapia de la Facultad de Farmacia de la Universidad de Barcelona. Coautores: D. Blanco Vargas, C. Fern\u00e1ndez Lastra, T. Casas\u00edn Edo, P. Modamio Charles, A. Faura Messa, J. Sebarroja Ban\u00fas, E. Izquierdo Tuga, M. Barbero P\u00e9rez.<\/li>\n<\/ul>\n<\/div>\n\n\n\n<div class=\"wp-block-uagb-tabs-child uagb-tabs__body-container uagb-inner-tab-16\" aria-labelledby=\"uagb-tabs__tab16\">\n<ul class=\"wp-block-list\">\n<li><strong>&quot;Efectividad de un programa de colaboraci\u00f3n entre el m\u00e9dico y la enfermera de atenci\u00f3n primaria y el farmac\u00e9utico comunitario en la mejora de la adecuaci\u00f3n de la medicaci\u00f3n en pacientes polimedicados mayores de 64 a\u00f1os&quot;<\/strong>. Autoras: Mireia Massot Mesquida, Esther Pastor Ram\u00f3n, Anna Font Olivet, Susanna Dalmau Civit. SAP Granollers.<\/li>\n\n\n\n<li><strong>&quot;Optimizaci\u00f3n de la terapia farmacol\u00f3gica en pacientes atendidos en un SUH: evaluaci\u00f3n de resultados&quot;<\/strong>. Autor: Juan Altimiras Ruiz. Fundaci\u00f3n Parc Taul\u00ed.<\/li>\n\n\n\n<li><strong>\u201cPropuesta de un marco de actuaci\u00f3n para la implicaci\u00f3n del colectivo de farmacia en la gesti\u00f3n de la salud frente a riesgos naturales, consideraci\u00f3n especial a efectos del cambio clim\u00e1tico\u201d<\/strong>. Autora: M\u00aa Jes\u00fas Sales Llavi\u00e0.<\/li>\n<\/ul>\n<\/div>\n\n\n\n<div class=\"wp-block-uagb-tabs-child uagb-tabs__body-container uagb-inner-tab-17\" aria-labelledby=\"uagb-tabs__tab17\">\n<ul class=\"wp-block-list\">\n<li><strong>&quot;Intervenci\u00f3n del farmac\u00e9utico en la mejora del manejo peroperatorio de la medicaci\u00f3n habitual de los pacientes quir\u00fargicos&quot;<\/strong>. C. Roure, D. L\u00f3pez, T. Casas\u00edn, E.M. Mart\u00ednez, M. Masip, P. Dom\u00fanguez, J. Gonz\u00e1lez, N. Allu\u00e9, D. Ruiz, S. Terr\u00e9, M.A. Parada, N. Miserachs, A.B. P\u00e9rez, B. Bara, M. Prats, M. Garau, M.J. Caba\u00f1as.<\/li>\n\n\n\n<li><strong>&quot;Estudio de la permeaci\u00f3n a trav\u00e9s de la piel de la cetirizina&quot;<\/strong>. C. Ciurlizza.<\/li>\n\n\n\n<li><strong>&quot;Desarrollo e implantaci\u00f3n de un programa de revisi\u00f3n sistem\u00e1tica de medicaci\u00f3n cr\u00f3nica en atenci\u00f3n primaria como herramienta de apoyo a la prescripci\u00f3n segura de medicamentos&quot;<\/strong>. M.T. P\u00e9rez, J.L. Ib\u00e1\u00f1ez, M. Larocca, G. Moreno, A. Mu\u00f1oz, J. M. Albesa, N. Riera, E. Garc\u00eda, G. F\u00e9rriz, V. Grahit, C. Riera, M. A. Aguilar, D. Rodr\u00edguez, J. Mart\u00ednez.<\/li>\n<\/ul>\n<\/div>\n\n\n\n<div class=\"wp-block-uagb-tabs-child uagb-tabs__body-container uagb-inner-tab-18\" aria-labelledby=\"uagb-tabs__tab18\">\n<ul class=\"wp-block-list\">\n<li><strong>\u201cPrevenci\u00f3n de interacciones medicamentosas en un centro sociosanitario<\/strong>. Garc\u00eda-Pel\u00e1ez M, Altimiras J, Vaqueiro M, Mart\u00ednez-Gonzalvo G, Anton E, Andreu E, G\u00fcell J, Moron A. Servicio de Farmacia. Centre Sociosanitari de la Corporaci\u00f3 Sanit\u00e0ria Parc Taul\u00ed.<\/li>\n\n\n\n<li><strong>&quot;An\u00e1lisis de Compuestos vol\u00e1tiles derivados del carbono en el aire expirado como marcadores precoces de c\u00e1ncer de pulm\u00f3n en fumadores de larga evoluci\u00f3n&quot;<\/strong>. J.M. Hern\u00e1ndez, L. Fluvi\u00e0, F. Andreo, N. Rodr\u00edguez, L. Set\u00f3, E. Mons\u00f3, J. Morera. Servicio de Bioqu\u00edmica Cl\u00ednica, Servicio de Neumolog\u00eda. Institut Fundaci\u00f3 per a la Recerca Biom\u00e8dica Germans Trias i Pujol. Hospital Universitari Germans Trias i Pujol. Badalona.<\/li>\n\n\n\n<li><strong>&quot;Establecido un nuevo m\u00e9todo para el estudio de biomarcadores y predicci\u00f3n de sensibilidad a f\u00e1rmacos en c\u00e9lulas de c\u00e1ncer de mama&quot;<\/strong>. Clara Camp\u00e0s, Ignasi Tusquets, Josep Maria Corominas, Teresa Bar\u00f3, Xavier Fabregat, Joan Albanell, Sergi Serrano, Beatriz Bellosillo. Miembros del Servicio de Oncolog\u00eda i del Servicio de Patolog\u00eda del Hospital del Mar de Barcelona y la Unidad de Invrestigaci\u00f3n en Terap\u00e9utica Experimental del C\u00e1ncer URTEC del Hospital del Mar-IMIM.<\/li>\n<\/ul>\n<\/div>\n\n\n\n<div class=\"wp-block-uagb-tabs-child uagb-tabs__body-container uagb-inner-tab-19\" aria-labelledby=\"uagb-tabs__tab19\">\n<ul class=\"wp-block-list\">\n<li><strong>&quot;An\u00e1lisis del perfil de expresi\u00f3n g\u00e9nica en macr\u00f3fagos humanos expuestos a LDL oxidadas y fenofibrado&quot;<\/strong>. Fundaci\u00f3 Privada Catalana de Nutrici\u00f3 i L\u00edpids FPCNL. Gemma Llaverias. Departamento de Farmacolog\u00eda y Qu\u00edmica Terap\u00e9utica de la Facultad de Farmacia. Universitat de Barcelona.<\/li>\n\n\n\n<li><strong>\u201cEstudio de la legionelosis en la provincia de Barcelona asociada al mantenimiento de las torres de refrigeraci\u00f3n y la calidad del agua\u201d<\/strong>. Susanna Chac\u00f3n Villanueva, Fernando Parrilla Valero y Albert P\u00e9rez Lleonart. Farmac\u00e9uticos titulares.<\/li>\n\n\n\n<li><strong>&quot;Influencia del grado de conocimiento del tratamiento farmacol\u00f3gico en el cumplimiento terap\u00e9utico, en pacientes con patolog\u00eda cardiovascular&quot;<\/strong>. Fundaci\u00f3 Privada Assaig per a la Recerca Sanit\u00e0ria. M. Cinta Gamundi y Planas. Jefa de Servicio de Farmacia de la Cl\u00ednica Ntra. Sra. del Pilar.<\/li>\n<\/ul>\n<\/div>\n\n\n\n<div class=\"wp-block-uagb-tabs-child uagb-tabs__body-container uagb-inner-tab-20\" aria-labelledby=\"uagb-tabs__tab20\">\n<ul class=\"wp-block-list\">\n<li><strong>Proyecto para adecuar la nutrici\u00f3n infantil a la poblaci\u00f3n inmigrante latinoamericana en Barcelona<\/strong>. Silvia \u00c1lvarez y Gemma Vila, farmac\u00e9uticas comunitarias.<\/li>\n\n\n\n<li><strong>Resultados de la aplicaci\u00f3n integral de las v\u00edas cl\u00ednicas de artroplastia de rodilla y de cirug\u00eda colorrectal en un hospital general<\/strong>. Tom\u00e0s Casas\u00edn i Edo. Elena D\u00edaz-Mun\u00edo Merodio. Servicio de Farmacia. Hospital de Viladecans. Barcelona.<\/li>\n<\/ul>\n<\/div>\n\n\n\n<div class=\"wp-block-uagb-tabs-child uagb-tabs__body-container uagb-inner-tab-21\" aria-labelledby=\"uagb-tabs__tab21\">\n<ul class=\"wp-block-list\">\n<li><strong>La alteraci\u00f3n del ciclo celular en los procesos de excitotoxicidad como diana terap\u00e9utica en el tratamiento de los trastornos neurodegenerativos<\/strong>.<\/li>\n\n\n\n<li><strong>El virus respiratorio sincitial y sus efectos sobre lactantes<\/strong>.<\/li>\n\n\n\n<li><strong>El cumplimiento terap\u00e9utico mediante el SPD<\/strong>.<\/li>\n<\/ul>\n<\/div>\n\n\n\n<div class=\"wp-block-uagb-tabs-child uagb-tabs__body-container uagb-inner-tab-22\" aria-labelledby=\"uagb-tabs__tab22\">\n<ul class=\"wp-block-list\">\n<li><strong>Creaci\u00f3n y validaci\u00f3n de una gu\u00eda de actuaci\u00f3n farmac\u00e9utica para la mejora de la observancia terap\u00e9utica<\/strong>. Capdevila C., Dom\u00e8nech M., Garcia E., Pastor E., Massot M., Recasens E.<\/li>\n<\/ul>\n<\/div>\n<\/div><\/div>","protected":false},"excerpt":{"rendered":"<p>Resoluci\u00f3n convocatoria 2024 de becas y premios del colegio de farmac\u00e9uticos de Barcelona Becas del COFB La Junta de Gobierno del Colegio de Farmac\u00e9uticos de Barcelona (COFB), en la sesi\u00f3n celebrada el 4 de julio de 2024, aprob\u00f3 el acuerdo del tribunal de becas que resuelve la convocatoria 2024. Esta convocatoria [\u2026]<\/p>","protected":false},"author":1,"featured_media":0,"parent":2408,"menu_order":9,"comment_status":"closed","ping_status":"closed","template":"","meta":{"_uag_custom_page_level_css":"","site-sidebar-layout":"default","site-content-layout":"","ast-site-content-layout":"default","site-content-style":"default","site-sidebar-style":"default","ast-global-header-display":"","ast-banner-title-visibility":"","ast-main-header-display":"","ast-hfb-above-header-display":"","ast-hfb-below-header-display":"","ast-hfb-mobile-header-display":"","site-post-title":"","ast-breadcrumbs-content":"","ast-featured-img":"","footer-sml-layout":"","theme-transparent-header-meta":"","adv-header-id-meta":"","stick-header-meta":"","header-above-stick-meta":"","header-main-stick-meta":"","header-below-stick-meta":"","astra-migrate-meta-layouts":"set","ast-page-background-enabled":"default","ast-page-background-meta":{"desktop":{"background-color":"var(--ast-global-color-4)","background-image":"","background-repeat":"repeat","background-position":"center center","background-size":"auto","background-attachment":"scroll","background-type":"","background-media":"","overlay-type":"","overlay-color":"","overlay-opacity":"","overlay-gradient":""},"tablet":{"background-color":"","background-image":"","background-repeat":"repeat","background-position":"center center","background-size":"auto","background-attachment":"scroll","background-type":"","background-media":"","overlay-type":"","overlay-color":"","overlay-opacity":"","overlay-gradient":""},"mobile":{"background-color":"","background-image":"","background-repeat":"repeat","background-position":"center center","background-size":"auto","background-attachment":"scroll","background-type":"","background-media":"","overlay-type":"","overlay-color":"","overlay-opacity":"","overlay-gradient":""}},"ast-content-background-meta":{"desktop":{"background-color":"var(--ast-global-color-5)","background-image":"","background-repeat":"repeat","background-position":"center center","background-size":"auto","background-attachment":"scroll","background-type":"","background-media":"","overlay-type":"","overlay-color":"","overlay-opacity":"","overlay-gradient":""},"tablet":{"background-color":"var(--ast-global-color-5)","background-image":"","background-repeat":"repeat","background-position":"center center","background-size":"auto","background-attachment":"scroll","background-type":"","background-media":"","overlay-type":"","overlay-color":"","overlay-opacity":"","overlay-gradient":""},"mobile":{"background-color":"var(--ast-global-color-5)","background-image":"","background-repeat":"repeat","background-position":"center center","background-size":"auto","background-attachment":"scroll","background-type":"","background-media":"","overlay-type":"","overlay-color":"","overlay-opacity":"","overlay-gradient":""}},"footnotes":""},"class_list":["post-3004","page","type-page","status-publish","hentry"],"yoast_head":"<!-- This site is optimized with the Yoast SEO plugin v22.4 - https:\/\/yoast.com\/wordpress\/plugins\/seo\/ -->\n<title>Beques i premis - Col\u00b7legi de Farmac\u00e8utics de Barcelona<\/title>\n<meta name=\"robots\" content=\"index, follow, max-snippet:-1, max-image-preview:large, max-video-preview:-1\" \/>\n<link rel=\"canonical\" href=\"https:\/\/www.cofb.org\/es\/qui-som\/beques-i-premis\/\" \/>\n<meta property=\"og:locale\" content=\"es_ES\" \/>\n<meta property=\"og:type\" content=\"article\" \/>\n<meta property=\"og:title\" content=\"Beques i premis - Col\u00b7legi de Farmac\u00e8utics de Barcelona\" \/>\n<meta property=\"og:description\" content=\"Resoluci\u00f3 convocat\u00f2ria 2024 de beques i premis del col\u00b7legi de farmac\u00e8utics de Barcelona Beques del COFB La Junta de Govern del Col\u00b7legi de Farmac\u00e8utics de Barcelona (COFB), en la sessi\u00f3 celebrada el 4 de juliol de 2024, va aprovar l\u2019acord del tribunal de beques&nbsp;que resol la convocat\u00f2ria 2024. Aquesta convocat\u00f2ria [&hellip;]\" \/>\n<meta property=\"og:url\" content=\"https:\/\/www.cofb.org\/es\/qui-som\/beques-i-premis\/\" \/>\n<meta property=\"og:site_name\" content=\"Col\u00b7legi de Farmac\u00e8utics de Barcelona\" \/>\n<meta property=\"article:publisher\" content=\"https:\/\/www.facebook.com\/farmaceuticsbcn\/\" \/>\n<meta property=\"article:modified_time\" content=\"2024-08-29T12:07:58+00:00\" \/>\n<meta name=\"twitter:card\" content=\"summary_large_image\" \/>\n<meta name=\"twitter:site\" content=\"@farmaceuticsbcn\" \/>\n<meta name=\"twitter:label1\" content=\"Tiempo de lectura\" \/>\n\t<meta name=\"twitter:data1\" content=\"20 minutos\" \/>\n<script type=\"application\/ld+json\" class=\"yoast-schema-graph\">{\"@context\":\"https:\/\/schema.org\",\"@graph\":[{\"@type\":\"WebPage\",\"@id\":\"https:\/\/www.cofb.org\/qui-som\/beques-i-premis\/\",\"url\":\"https:\/\/www.cofb.org\/qui-som\/beques-i-premis\/\",\"name\":\"Beques i premis - Col\u00b7legi de Farmac\u00e8utics de Barcelona\",\"isPartOf\":{\"@id\":\"https:\/\/www.cofb.org\/#website\"},\"datePublished\":\"2023-06-15T09:22:12+00:00\",\"dateModified\":\"2024-08-29T12:07:58+00:00\",\"breadcrumb\":{\"@id\":\"https:\/\/www.cofb.org\/qui-som\/beques-i-premis\/#breadcrumb\"},\"inLanguage\":\"es\",\"potentialAction\":[{\"@type\":\"ReadAction\",\"target\":[\"https:\/\/www.cofb.org\/qui-som\/beques-i-premis\/\"]}]},{\"@type\":\"BreadcrumbList\",\"@id\":\"https:\/\/www.cofb.org\/qui-som\/beques-i-premis\/#breadcrumb\",\"itemListElement\":[{\"@type\":\"ListItem\",\"position\":1,\"name\":\"Inici\",\"item\":\"https:\/\/novaorg.cofb.net\/\"},{\"@type\":\"ListItem\",\"position\":2,\"name\":\"Qui som?\",\"item\":\"https:\/\/novaorg.cofb.net\/qui-som\/\"},{\"@type\":\"ListItem\",\"position\":3,\"name\":\"Beques i premis\"}]},{\"@type\":\"WebSite\",\"@id\":\"https:\/\/www.cofb.org\/#website\",\"url\":\"https:\/\/www.cofb.org\/\",\"name\":\"Col\u00b7legi de Farmac\u00e8utics de Barcelona\",\"description\":\"\",\"publisher\":{\"@id\":\"https:\/\/www.cofb.org\/#organization\"},\"potentialAction\":[{\"@type\":\"SearchAction\",\"target\":{\"@type\":\"EntryPoint\",\"urlTemplate\":\"https:\/\/www.cofb.org\/?s={search_term_string}\"},\"query-input\":\"required name=search_term_string\"}],\"inLanguage\":\"es\"},{\"@type\":\"Organization\",\"@id\":\"https:\/\/www.cofb.org\/#organization\",\"name\":\"Col\u00b7legi de Farmac\u00e8utics de Barcelona\",\"url\":\"https:\/\/www.cofb.org\/\",\"logo\":{\"@type\":\"ImageObject\",\"inLanguage\":\"es\",\"@id\":\"https:\/\/www.cofb.org\/#\/schema\/logo\/image\/\",\"url\":\"https:\/\/www.cofb.org\/wp-content\/uploads\/2023\/11\/cropped-Logotip-COFB.png\",\"contentUrl\":\"https:\/\/www.cofb.org\/wp-content\/uploads\/2023\/11\/cropped-Logotip-COFB.png\",\"width\":500,\"height\":105,\"caption\":\"Col\u00b7legi de Farmac\u00e8utics de Barcelona\"},\"image\":{\"@id\":\"https:\/\/www.cofb.org\/#\/schema\/logo\/image\/\"},\"sameAs\":[\"https:\/\/www.facebook.com\/farmaceuticsbcn\/\",\"https:\/\/twitter.com\/farmaceuticsbcn\",\"https:\/\/www.instagram.com\/farmaceuticsbcn\/\",\"https:\/\/www.linkedin.com\/company\/farmaceuticsbcn\/\"]}]}<\/script>\n<!-- \/ Yoast SEO plugin. -->","yoast_head_json":{"title":"Beques i premis - Col\u00b7legi de Farmac\u00e8utics de Barcelona","robots":{"index":"index","follow":"follow","max-snippet":"max-snippet:-1","max-image-preview":"max-image-preview:large","max-video-preview":"max-video-preview:-1"},"canonical":"https:\/\/www.cofb.org\/es\/qui-som\/beques-i-premis\/","og_locale":"es_ES","og_type":"article","og_title":"Beques i premis - Col\u00b7legi de Farmac\u00e8utics de Barcelona","og_description":"Resoluci\u00f3 convocat\u00f2ria 2024 de beques i premis del col\u00b7legi de farmac\u00e8utics de Barcelona Beques del COFB La Junta de Govern del Col\u00b7legi de Farmac\u00e8utics de Barcelona (COFB), en la sessi\u00f3 celebrada el 4 de juliol de 2024, va aprovar l\u2019acord del tribunal de beques&nbsp;que resol la convocat\u00f2ria 2024. Aquesta convocat\u00f2ria [&hellip;]","og_url":"https:\/\/www.cofb.org\/es\/qui-som\/beques-i-premis\/","og_site_name":"Col\u00b7legi de Farmac\u00e8utics de Barcelona","article_publisher":"https:\/\/www.facebook.com\/farmaceuticsbcn\/","article_modified_time":"2024-08-29T12:07:58+00:00","twitter_card":"summary_large_image","twitter_site":"@farmaceuticsbcn","twitter_misc":{"Tiempo de lectura":"20 minutos"},"schema":{"@context":"https:\/\/schema.org","@graph":[{"@type":"WebPage","@id":"https:\/\/www.cofb.org\/qui-som\/beques-i-premis\/","url":"https:\/\/www.cofb.org\/qui-som\/beques-i-premis\/","name":"Beques i premis - Col\u00b7legi de Farmac\u00e8utics de Barcelona","isPartOf":{"@id":"https:\/\/www.cofb.org\/#website"},"datePublished":"2023-06-15T09:22:12+00:00","dateModified":"2024-08-29T12:07:58+00:00","breadcrumb":{"@id":"https:\/\/www.cofb.org\/qui-som\/beques-i-premis\/#breadcrumb"},"inLanguage":"es","potentialAction":[{"@type":"ReadAction","target":["https:\/\/www.cofb.org\/qui-som\/beques-i-premis\/"]}]},{"@type":"BreadcrumbList","@id":"https:\/\/www.cofb.org\/qui-som\/beques-i-premis\/#breadcrumb","itemListElement":[{"@type":"ListItem","position":1,"name":"Inici","item":"https:\/\/novaorg.cofb.net\/"},{"@type":"ListItem","position":2,"name":"Qui som?","item":"https:\/\/novaorg.cofb.net\/qui-som\/"},{"@type":"ListItem","position":3,"name":"Beques i premis"}]},{"@type":"WebSite","@id":"https:\/\/www.cofb.org\/#website","url":"https:\/\/www.cofb.org\/","name":"Col\u00b7legi de Farmac\u00e8utics de Barcelona","description":"","publisher":{"@id":"https:\/\/www.cofb.org\/#organization"},"potentialAction":[{"@type":"SearchAction","target":{"@type":"EntryPoint","urlTemplate":"https:\/\/www.cofb.org\/?s={search_term_string}"},"query-input":"required name=search_term_string"}],"inLanguage":"es"},{"@type":"Organization","@id":"https:\/\/www.cofb.org\/#organization","name":"Col\u00b7legi de Farmac\u00e8utics de Barcelona","url":"https:\/\/www.cofb.org\/","logo":{"@type":"ImageObject","inLanguage":"es","@id":"https:\/\/www.cofb.org\/#\/schema\/logo\/image\/","url":"https:\/\/www.cofb.org\/wp-content\/uploads\/2023\/11\/cropped-Logotip-COFB.png","contentUrl":"https:\/\/www.cofb.org\/wp-content\/uploads\/2023\/11\/cropped-Logotip-COFB.png","width":500,"height":105,"caption":"Col\u00b7legi de Farmac\u00e8utics de Barcelona"},"image":{"@id":"https:\/\/www.cofb.org\/#\/schema\/logo\/image\/"},"sameAs":["https:\/\/www.facebook.com\/farmaceuticsbcn\/","https:\/\/twitter.com\/farmaceuticsbcn","https:\/\/www.instagram.com\/farmaceuticsbcn\/","https:\/\/www.linkedin.com\/company\/farmaceuticsbcn\/"]}]}},"uagb_featured_image_src":{"full":false,"thumbnail":false,"medium":false,"medium_large":false,"large":false,"1536x1536":false,"2048x2048":false,"trp-custom-language-flag":false},"uagb_author_info":{"display_name":"wpAdminCofbOrg","author_link":"https:\/\/www.cofb.org\/es\/author\/wpadmincofborg\/"},"uagb_comment_info":0,"uagb_excerpt":"Resoluci\u00f3 convocat\u00f2ria 2024 de beques i premis del col\u00b7legi de farmac\u00e8utics de Barcelona Beques del COFB La Junta de Govern del Col\u00b7legi de Farmac\u00e8utics de Barcelona (COFB), en la sessi\u00f3 celebrada el 4 de juliol de 2024, va aprovar l\u2019acord del tribunal de beques&nbsp;que resol la convocat\u00f2ria 2024. Aquesta convocat\u00f2ria [&hellip;]","_links":{"self":[{"href":"https:\/\/www.cofb.org\/es\/wp-json\/wp\/v2\/pages\/3004","targetHints":{"allow":["GET"]}}],"collection":[{"href":"https:\/\/www.cofb.org\/es\/wp-json\/wp\/v2\/pages"}],"about":[{"href":"https:\/\/www.cofb.org\/es\/wp-json\/wp\/v2\/types\/page"}],"author":[{"embeddable":true,"href":"https:\/\/www.cofb.org\/es\/wp-json\/wp\/v2\/users\/1"}],"replies":[{"embeddable":true,"href":"https:\/\/www.cofb.org\/es\/wp-json\/wp\/v2\/comments?post=3004"}],"version-history":[{"count":16,"href":"https:\/\/www.cofb.org\/es\/wp-json\/wp\/v2\/pages\/3004\/revisions"}],"predecessor-version":[{"id":79512,"href":"https:\/\/www.cofb.org\/es\/wp-json\/wp\/v2\/pages\/3004\/revisions\/79512"}],"up":[{"embeddable":true,"href":"https:\/\/www.cofb.org\/es\/wp-json\/wp\/v2\/pages\/2408"}],"wp:attachment":[{"href":"https:\/\/www.cofb.org\/es\/wp-json\/wp\/v2\/media?parent=3004"}],"curies":[{"name":"wp","href":"https:\/\/api.w.org\/{rel}","templated":true}]}}