{"id":2951,"date":"2023-06-14T13:37:32","date_gmt":"2023-06-14T13:37:32","guid":{"rendered":"https:\/\/novaorg.cofb.net\/?page_id=2951"},"modified":"2025-11-28T12:12:10","modified_gmt":"2025-11-28T12:12:10","slug":"serveis-a-la-poblacio","status":"publish","type":"page","link":"https:\/\/www.cofb.org\/es\/que-oferim\/ciutadans\/serveis-a-la-poblacio\/","title":{"rendered":"Servicios a la poblaci\u00f3n"},"content":{"rendered":"<p id=\"yui_patched_v3_11_0_1_1689764763347_288\">Los farmac\u00e9uticos son los profesionales sanitarios m\u00e1s accesibles a los ciudadanos y cualquier nuevo servicio que pueda desarrollarse en las farmacias repercute en beneficios directos para la salud de la poblaci\u00f3n. Por este motivo,&nbsp;<strong>uno de los ejes de trabajo del COFB es el desarrollo<\/strong>&nbsp;<strong>servicios que se ofrecen desde las farmacias.<\/strong><\/p>\n\n\n\n<p id=\"yui_patched_v3_11_0_1_1689764763347_302\">En este sentido, el Colegio dise\u00f1a programas de&nbsp;<strong>formaci\u00f3n para los farmac\u00e9uticos<\/strong>&nbsp;y&nbsp;<strong>nuevos proyectos de acuerdo con los objetivos de salud marcados por las autoridades sanitarias<\/strong>. Se trata de trabajar en el \u00e1mbito de la prevenci\u00f3n para evitar tener que hacerlo en el de la enfermedad.<\/p>\n\n\n\n<h2 class=\"wp-block-heading\">\u00bfA qu\u00e9 servicios se puede acceder desde las farmacias?<\/h2>\n\n\n\n<div class=\"wp-block-columns is-layout-flex wp-container-core-columns-is-layout-28f84493 wp-block-columns-is-layout-flex\">\n<div class=\"wp-block-column is-layout-flow wp-block-column-is-layout-flow\">\n<div class=\"wp-block-uagb-image uagb-block-158ab118 wp-block-uagb-image--layout-default wp-block-uagb-image--effect-static wp-block-uagb-image--align-none\"><figure class=\"wp-block-uagb-image__figure\"><a class=\"\" href=\"https:\/\/www.cofb.org\/es\/que-oferim\/ciutadans\/serveis-a-la-poblacio\/campanya-la-meva-farmacia-la-meva-salut\/\" target=\"_blank\" rel=\"noreferrer noopener\"><img loading=\"lazy\" decoding=\"async\" srcset=\"https:\/\/www.cofb.org\/wp-content\/uploads\/2025\/09\/UM-Banner-Serveis-Poblacio-1024-x-700.png ,https:\/\/www.cofb.org\/wp-content\/uploads\/2025\/09\/UM-Banner-Serveis-Poblacio-1024-x-700.png 780w, https:\/\/www.cofb.org\/wp-content\/uploads\/2025\/09\/UM-Banner-Serveis-Poblacio-1024-x-700.png 360w\" sizes=\"auto, (max-width: 480px) 150px\" src=\"https:\/\/www.cofb.org\/wp-content\/uploads\/2025\/09\/UM-Banner-Serveis-Poblacio-1024-x-700.png\" alt=\"\" class=\"uag-image-82291\" width=\"336\" height=\"229\" title=\"UM Banner Servicios Poblaci\u00f3n 1024 x 700\" role=\"img\"\/><\/a><\/figure><\/div>\n\n\n\n<h4 class=\"wp-block-heading\"><a href=\"https:\/\/www.cofb.org\/es\/que-oferim\/ciutadans\/serveis-a-la-poblacio\/campanya-la-meva-farmacia-la-meva-salut\/\" target=\"_blank\" rel=\"noreferrer noopener\">La meva farm\u00e0cia, la meva salut\" (\"Mi farmacia, mi salud\")<\/a><\/h4>\n\n\n\n<p>La farmacia recorrer\u00e1 12 municipios de la provincia de Barcelona para mostrar qu\u00e9 hacer por la salud de la poblaci\u00f3n, m\u00e1s all\u00e1 de la dispensaci\u00f3n de medicamentos<\/p>\n<\/div>\n\n\n\n<div class=\"wp-block-column is-layout-flow wp-block-column-is-layout-flow\">\n<div class=\"wp-block-uagb-image uagb-block-ccce9aa6 wp-block-uagb-image--layout-default wp-block-uagb-image--effect-static wp-block-uagb-image--align-none\"><figure class=\"wp-block-uagb-image__figure\"><a class=\"\" href=\"https:\/\/www.cofb.org\/es\/que-oferim\/ciutadans\/serveis-a-la-poblacio\/farmaserveis\/\" target=\"\" rel=\"noopener\"><img loading=\"lazy\" decoding=\"async\" srcset=\"https:\/\/www.cofb.org\/wp-content\/uploads\/2023\/07\/Farmaserveis-2.jpg \" sizes=\"auto, (max-width: 480px) 150px\" src=\"https:\/\/www.cofb.org\/wp-content\/uploads\/2023\/07\/Farmaserveis-2.jpg\" alt=\"\" class=\"uag-image-67645\" width=\"332\" height=\"216\" title=\"\" role=\"img\"\/><\/a><\/figure><\/div>\n\n\n\n<h4 class=\"wp-block-heading\"><a href=\"https:\/\/www.cofb.org\/es\/que-oferim\/ciutadans\/serveis-a-la-poblacio\/farmaserveis\/\">Farmaserveis<\/a><\/h4>\n\n\n\n<p>M\u00e1s de 10.000 registros de la presi\u00f3n arterial de los pacientes, y m\u00e1s de 1.000 farmac\u00e9uticos implicados s\u00f3lo en Barcelona<\/p>\n<\/div>\n\n\n\n<div class=\"wp-block-column is-layout-flow wp-block-column-is-layout-flow\">\n<div class=\"wp-block-uagb-image uagb-block-823a1d9b wp-block-uagb-image--layout-default wp-block-uagb-image--effect-static wp-block-uagb-image--align-none\"><figure class=\"wp-block-uagb-image__figure\"><a class=\"\" href=\"https:\/\/www.cofb.org\/es\/que-oferim\/ciutadans\/serveis-a-la-poblacio\/programa-de-deteccio-precoc-del-cancer-de-colon-i-recte-pdpccr\/\" target=\"\" rel=\"noopener\"><img loading=\"lazy\" decoding=\"async\" srcset=\"https:\/\/www.cofb.org\/wp-content\/uploads\/2023\/07\/colon-cofb-1.png \" sizes=\"auto, (max-width: 480px) 150px\" src=\"https:\/\/www.cofb.org\/wp-content\/uploads\/2023\/07\/colon-cofb-1.png\" alt=\"\" class=\"uag-image-67506\" width=\"363\" height=\"201\" title=\"\" role=\"img\"\/><\/a><\/figure><\/div>\n\n\n\n<h4 class=\"wp-block-heading\"><a href=\"https:\/\/www.cofb.org\/es\/que-oferim\/ciutadans\/serveis-a-la-poblacio\/farmaserveis\/\"><\/a><a data-type=\"page\" data-id=\"67536\" href=\"https:\/\/www.cofb.org\/es\/que-oferim\/ciutadans\/serveis-a-la-poblacio\/programa-de-deteccio-precoc-del-cancer-de-colon-i-recte-pdpccr\/\">Programa de detecci\u00f3n precoz de c\u00e1ncer de colon y recto<\/a><\/h4>\n\n\n\n<p>Han colaborado 1.741 farmacias y han participado 353.297 hombres y mujeres<\/p>\n<\/div>\n<\/div>\n\n\n\n<div class=\"wp-block-columns is-layout-flex wp-container-core-columns-is-layout-28f84493 wp-block-columns-is-layout-flex\">\n<div class=\"wp-block-column is-layout-flow wp-block-column-is-layout-flow\">\n<div class=\"wp-block-uagb-image uagb-block-66b3e3cb wp-block-uagb-image--layout-default wp-block-uagb-image--effect-static wp-block-uagb-image--align-none\"><figure class=\"wp-block-uagb-image__figure\"><a class=\"\" href=\"https:\/\/www.cofb.org\/es\/que-oferim\/ciutadans\/serveis-a-la-poblacio\/programa-deducacio-sanitaria-pel-bon-us-dels-medicaments\/\" target=\"\" rel=\"noopener\"><img loading=\"lazy\" decoding=\"async\" srcset=\"https:\/\/www.cofb.org\/wp-content\/uploads\/2023\/07\/bon-us-cofb.png \" sizes=\"auto, (max-width: 480px) 150px\" src=\"https:\/\/www.cofb.org\/wp-content\/uploads\/2023\/07\/bon-us-cofb.png\" alt=\"\" class=\"uag-image-67507\" width=\"332\" height=\"220\" title=\"\" role=\"img\"\/><\/a><\/figure><\/div>\n\n\n\n<h4 class=\"wp-block-heading\"><a href=\"https:\/\/www.cofb.org\/es\/que-oferim\/ciutadans\/serveis-a-la-poblacio\/programa-deducacio-sanitaria-pel-bon-us-dels-medicaments\/\" target=\"_blank\" rel=\"noreferrer noopener\">Programa de Educaci\u00f3n Sanitaria para el Buen Uso de los Medicamentos<\/a><\/h4>\n\n\n\n<p>Se han realizado 100 sesiones en 20 poblaciones distintas, con 1.766 asistentes<\/p>\n<\/div>\n\n\n\n<div class=\"wp-block-column is-layout-flow wp-block-column-is-layout-flow\">\n<div class=\"wp-block-uagb-image uagb-block-00e12db1 wp-block-uagb-image--layout-default wp-block-uagb-image--effect-static wp-block-uagb-image--align-none\"><figure class=\"wp-block-uagb-image__figure\"><a class=\"\" href=\"https:\/\/www.cofb.org\/es\/que-oferim\/ciutadans\/serveis-a-la-poblacio\/programacio-de-cessacio-tabaquica-pct\/\" target=\"\" rel=\"noopener\"><img loading=\"lazy\" decoding=\"async\" srcset=\"https:\/\/www.cofb.org\/wp-content\/uploads\/2023\/07\/pct-cofb.png \" sizes=\"auto, (max-width: 480px) 150px\" src=\"https:\/\/www.cofb.org\/wp-content\/uploads\/2023\/07\/pct-cofb.png\" alt=\"\" class=\"uag-image-67508\" width=\"358\" height=\"201\" title=\"\" role=\"img\"\/><\/a><\/figure><\/div>\n\n\n\n<h4 class=\"wp-block-heading\"><a href=\"https:\/\/www.cofb.org\/es\/que-oferim\/ciutadans\/serveis-a-la-poblacio\/programacio-de-cessacio-tabaquica-pct\/\" target=\"_blank\" rel=\"noreferrer noopener\">Programa de cese tab\u00e1quico<\/a><\/h4>\n\n\n\n<p>256 farmacias participantes<\/p>\n<\/div>\n\n\n\n<div class=\"wp-block-column is-layout-flow wp-block-column-is-layout-flow\">\n<div class=\"wp-block-uagb-image uagb-block-a3b0b59c wp-block-uagb-image--layout-default wp-block-uagb-image--effect-static wp-block-uagb-image--align-none\"><figure class=\"wp-block-uagb-image__figure\"><a class=\"\" href=\"https:\/\/www.cofb.org\/es\/que-oferim\/ciutadans\/serveis-a-la-poblacio\/radars\/\" target=\"\" rel=\"noopener\"><img loading=\"lazy\" decoding=\"async\" srcset=\"https:\/\/www.cofb.org\/wp-content\/uploads\/2023\/07\/radars-cofb.png \" sizes=\"auto, (max-width: 480px) 150px\" src=\"https:\/\/www.cofb.org\/wp-content\/uploads\/2023\/07\/radars-cofb.png\" alt=\"\" class=\"uag-image-67509\" width=\"332\" height=\"212\" title=\"\" role=\"img\"\/><\/a><\/figure><\/div>\n\n\n\n<h4 class=\"wp-block-heading\"><a href=\"https:\/\/www.cofb.org\/es\/que-oferim\/ciutadans\/serveis-a-la-poblacio\/radars\/\" target=\"_blank\" rel=\"noreferrer noopener\">Radares<\/a><\/h4>\n\n\n\n<p>Las farmacias de 59 barrios radares de Barcelona han notificado 15 situaciones de riesgo<\/p>\n<\/div>\n<\/div>\n\n\n\n<div class=\"wp-block-columns is-layout-flex wp-container-core-columns-is-layout-28f84493 wp-block-columns-is-layout-flex\">\n<div class=\"wp-block-column is-layout-flow wp-block-column-is-layout-flow\">\n<div class=\"wp-block-uagb-image uagb-block-fcb6f34d wp-block-uagb-image--layout-default wp-block-uagb-image--effect-static wp-block-uagb-image--align-none\"><figure class=\"wp-block-uagb-image__figure\"><a class=\"\" href=\"https:\/\/www.cofb.org\/es\/que-oferim\/ciutadans\/serveis-a-la-poblacio\/atencio-diabetis-jo-diabetis\/\" target=\"\" rel=\"noopener\"><img loading=\"lazy\" decoding=\"async\" srcset=\"https:\/\/www.cofb.org\/wp-content\/uploads\/2023\/07\/atencio-diabetis-cofb.png \" sizes=\"auto, (max-width: 480px) 150px\" src=\"https:\/\/www.cofb.org\/wp-content\/uploads\/2023\/07\/atencio-diabetis-cofb.png\" alt=\"\" class=\"uag-image-67510\" width=\"332\" height=\"214\" title=\"\" role=\"img\"\/><\/a><\/figure><\/div>\n\n\n\n<h4 class=\"wp-block-heading\"><a href=\"https:\/\/www.cofb.org\/es\/que-oferim\/ciutadans\/serveis-a-la-poblacio\/atencio-diabetis-jo-diabetis\/\" target=\"_blank\" rel=\"noreferrer noopener\">Atenci\u00f3n diabetes<\/a><\/h4>\n\n\n\n<p id=\"yui_patched_v3_11_0_1_1690356774429_296\">Campa\u00f1a realizada del 13 al 22 de noviembre de 2017, en la que participaron 400 farmacias y m\u00e1s de 1.000 personas<\/p>\n<\/div>\n\n\n\n<div class=\"wp-block-column is-layout-flow wp-block-column-is-layout-flow\">\n<div class=\"wp-block-uagb-image uagb-block-edee8616 wp-block-uagb-image--layout-default wp-block-uagb-image--effect-static wp-block-uagb-image--align-none\"><figure class=\"wp-block-uagb-image__figure\"><a class=\"\" href=\"https:\/\/www.cofb.org\/es\/que-oferim\/ciutadans\/serveis-a-la-poblacio\/atencio-pell-prevencio-del-cancer-de-pell-a-la-farmacia\/\" target=\"\" rel=\"noopener\"><img loading=\"lazy\" decoding=\"async\" srcset=\"https:\/\/www.cofb.org\/wp-content\/uploads\/2023\/07\/atencio-pell.png \" sizes=\"auto, (max-width: 480px) 150px\" src=\"https:\/\/www.cofb.org\/wp-content\/uploads\/2023\/07\/atencio-pell.png\" alt=\"\" class=\"uag-image-67511\" width=\"332\" height=\"194\" title=\"\" role=\"img\"\/><\/a><\/figure><\/div>\n\n\n\n<h4 class=\"wp-block-heading\"><a href=\"https:\/\/www.cofb.org\/es\/que-oferim\/ciutadans\/serveis-a-la-poblacio\/atencio-pell-prevencio-del-cancer-de-pell-a-la-farmacia\/\" target=\"_blank\" rel=\"noreferrer noopener\">Atenci\u00f3n piel<\/a><\/h4>\n\n\n\n<p>Campa\u00f1a que se llev\u00f3 a cabo entre 2016 y 2018. M\u00e1s de 800 farmac\u00e9uticos formados y m\u00e1s de 1.500 participantes (a\u00f1o 2018)<\/p>\n<\/div>\n\n\n\n<div class=\"wp-block-column is-layout-flow wp-block-column-is-layout-flow\">\n<div class=\"wp-block-uagb-image uagb-block-be06b3e0 wp-block-uagb-image--layout-default wp-block-uagb-image--effect-static wp-block-uagb-image--align-none\"><figure class=\"wp-block-uagb-image__figure\"><a class=\"\" href=\"https:\/\/www.cofb.org\/es\/que-oferim\/ciutadans\/serveis-a-la-poblacio\/programa-de-deteccio-precoc-del-vih-amb-test-rapid\/\" target=\"\" rel=\"noopener\"><img loading=\"lazy\" decoding=\"async\" srcset=\"https:\/\/www.cofb.org\/wp-content\/uploads\/2023\/07\/vih.png \" sizes=\"auto, (max-width: 480px) 150px\" src=\"https:\/\/www.cofb.org\/wp-content\/uploads\/2023\/07\/vih.png\" alt=\"\" class=\"uag-image-67512\" width=\"332\" height=\"180\" title=\"\" role=\"img\"\/><\/a><\/figure><\/div>\n\n\n\n<h4 class=\"wp-block-heading\"><a href=\"https:\/\/www.cofb.org\/es\/que-oferim\/ciutadans\/serveis-a-la-poblacio\/programa-de-deteccio-precoc-del-vih-amb-test-rapid\/\" target=\"_blank\" rel=\"noreferrer noopener\">Programa de detecci\u00f3n precoz del VIH con test r\u00e1pido<\/a><\/h4>\n\n\n\n<p>63 farmacias colaboradoras han realizado 867 tests<\/p>\n<\/div>\n<\/div>\n\n\n\n<div class=\"wp-block-columns is-layout-flex wp-container-core-columns-is-layout-28f84493 wp-block-columns-is-layout-flex\">\n<div class=\"wp-block-column is-layout-flow wp-block-column-is-layout-flow\">\n<div class=\"wp-block-uagb-image uagb-block-e061fb23 wp-block-uagb-image--layout-default wp-block-uagb-image--effect-static wp-block-uagb-image--align-none\"><figure class=\"wp-block-uagb-image__figure\"><a class=\"\" href=\"https:\/\/www.cofb.org\/es\/que-oferim\/ciutadans\/serveis-a-la-poblacio\/programa-de-manteniment-amb-metadona-pmm\/\" target=\"\" rel=\"noopener\"><img loading=\"lazy\" decoding=\"async\" srcset=\"https:\/\/www.cofb.org\/wp-content\/uploads\/2023\/07\/pmm.png \" sizes=\"auto, (max-width: 480px) 150px\" src=\"https:\/\/www.cofb.org\/wp-content\/uploads\/2023\/07\/pmm.png\" alt=\"\" class=\"uag-image-67513\" width=\"332\" height=\"180\" title=\"\" role=\"img\"\/><\/a><\/figure><\/div>\n\n\n\n<h4 class=\"wp-block-heading\"><a href=\"https:\/\/www.cofb.org\/es\/que-oferim\/ciutadans\/serveis-a-la-poblacio\/programa-de-manteniment-amb-metadona-pmm\/\" target=\"_blank\" rel=\"noreferrer noopener\">Programa de mantenimiento con metadona<\/a><\/h4>\n\n\n\n<p>Hay un total de 60 farmacias adheridas<\/p>\n<\/div>\n\n\n\n<div class=\"wp-block-column is-layout-flow wp-block-column-is-layout-flow\">\n<div class=\"wp-block-uagb-image uagb-block-eb2c7bbc wp-block-uagb-image--layout-default wp-block-uagb-image--effect-static wp-block-uagb-image--align-none\"><figure class=\"wp-block-uagb-image__figure\"><a class=\"\" href=\"https:\/\/www.cofb.org\/es\/que-oferim\/ciutadans\/serveis-a-la-poblacio\/programa-dintercanvi-de-xeringues-pix\/\" target=\"\" rel=\"noopener\"><img loading=\"lazy\" decoding=\"async\" srcset=\"https:\/\/www.cofb.org\/wp-content\/uploads\/2023\/07\/pix.png \" sizes=\"auto, (max-width: 480px) 150px\" src=\"https:\/\/www.cofb.org\/wp-content\/uploads\/2023\/07\/pix.png\" alt=\"\" class=\"uag-image-67514\" width=\"332\" height=\"180\" title=\"\" role=\"img\"\/><\/a><\/figure><\/div>\n\n\n\n<h4 class=\"wp-block-heading\"><a href=\"https:\/\/www.cofb.org\/es\/que-oferim\/ciutadans\/serveis-a-la-poblacio\/programa-dintercanvi-de-xeringues-pix\/\" target=\"_blank\" rel=\"noreferrer noopener\">Programa de intercambio de jeringuillas<\/a><\/h4>\n\n\n\n<p>Con 285 farmacias participantes<\/p>\n<\/div>\n\n\n\n<div class=\"wp-block-column is-layout-flow wp-block-column-is-layout-flow\">\n<div class=\"wp-block-uagb-image uagb-block-1b4f64f6 wp-block-uagb-image--layout-default wp-block-uagb-image--effect-static wp-block-uagb-image--align-none\"><figure class=\"wp-block-uagb-image__figure\"><a class=\"\" href=\"https:\/\/www.cofb.org\/es\/que-oferim\/ciutadans\/serveis-a-la-poblacio\/seguiment-farmacoterapeutic-amb-sistemes-personalitzats-de-dosificacio-spd\/\" target=\"\" rel=\"noopener\"><img loading=\"lazy\" decoding=\"async\" srcset=\"https:\/\/www.cofb.org\/wp-content\/uploads\/2023\/07\/spd-cofb.png \" sizes=\"auto, (max-width: 480px) 150px\" src=\"https:\/\/www.cofb.org\/wp-content\/uploads\/2023\/07\/spd-cofb.png\" alt=\"\" class=\"uag-image-67515\" width=\"332\" height=\"180\" title=\"\" role=\"img\"\/><\/a><\/figure><\/div>\n\n\n\n<h4 class=\"wp-block-heading\"><a href=\"https:\/\/www.cofb.org\/es\/que-oferim\/ciutadans\/serveis-a-la-poblacio\/seguiment-farmacoterapeutic-amb-sistemes-personalitzats-de-dosificacio-spd\/\" target=\"_blank\" rel=\"noreferrer noopener\">Seguimiento farmacoterap\u00e9utico con SPD<\/a><\/h4>\n\n\n\n<p>1.694 farmacias adheridas<\/p>\n<\/div>\n<\/div>\n\n\n\n<div class=\"wp-block-columns is-layout-flex wp-container-core-columns-is-layout-28f84493 wp-block-columns-is-layout-flex\">\n<div class=\"wp-block-column is-layout-flow wp-block-column-is-layout-flow\">\n<h4 class=\"wp-block-heading\"><\/h4>\n\n\n\n<p id=\"yui_patched_v3_11_0_1_1690356774429_357\"><\/p>\n<\/div>\n\n\n\n<div class=\"wp-block-column is-layout-flow wp-block-column-is-layout-flow\">\n<h4 class=\"wp-block-heading\"><\/h4>\n\n\n\n<p id=\"yui_patched_v3_11_0_1_1690356774429_363\"><\/p>\n<\/div>\n\n\n\n<div class=\"wp-block-column is-layout-flow wp-block-column-is-layout-flow\"><\/div>\n<\/div>\n\n\n\n<p><\/p>","protected":false},"excerpt":{"rendered":"<p>Los farmac\u00e9uticos son los profesionales sanitarios m\u00e1s accesibles a los ciudadanos y cualquier nuevo servicio que pueda desarrollarse en las farmacias repercute en beneficios directos para la salud de la poblaci\u00f3n. Por ello, uno de los ejes de trabajo del COFB es el desarrollo de servicios que se ofrecen desde las farmacias. [\u2026]<\/p>","protected":false},"author":1,"featured_media":0,"parent":2945,"menu_order":0,"comment_status":"closed","ping_status":"closed","template":"","meta":{"_uag_custom_page_level_css":"","site-sidebar-layout":"default","site-content-layout":"","ast-site-content-layout":"default","site-content-style":"default","site-sidebar-style":"default","ast-global-header-display":"","ast-banner-title-visibility":"","ast-main-header-display":"","ast-hfb-above-header-display":"","ast-hfb-below-header-display":"","ast-hfb-mobile-header-display":"","site-post-title":"","ast-breadcrumbs-content":"","ast-featured-img":"","footer-sml-layout":"","theme-transparent-header-meta":"","adv-header-id-meta":"","stick-header-meta":"","header-above-stick-meta":"","header-main-stick-meta":"","header-below-stick-meta":"","astra-migrate-meta-layouts":"set","ast-page-background-enabled":"default","ast-page-background-meta":{"desktop":{"background-color":"var(--ast-global-color-4)","background-image":"","background-repeat":"repeat","background-position":"center center","background-size":"auto","background-attachment":"scroll","background-type":"","background-media":"","overlay-type":"","overlay-color":"","overlay-opacity":"","overlay-gradient":""},"tablet":{"background-color":"","background-image":"","background-repeat":"repeat","background-position":"center center","background-size":"auto","background-attachment":"scroll","background-type":"","background-media":"","overlay-type":"","overlay-color":"","overlay-opacity":"","overlay-gradient":""},"mobile":{"background-color":"","background-image":"","background-repeat":"repeat","background-position":"center center","background-size":"auto","background-attachment":"scroll","background-type":"","background-media":"","overlay-type":"","overlay-color":"","overlay-opacity":"","overlay-gradient":""}},"ast-content-background-meta":{"desktop":{"background-color":"var(--ast-global-color-5)","background-image":"","background-repeat":"repeat","background-position":"center center","background-size":"auto","background-attachment":"scroll","background-type":"","background-media":"","overlay-type":"","overlay-color":"","overlay-opacity":"","overlay-gradient":""},"tablet":{"background-color":"var(--ast-global-color-5)","background-image":"","background-repeat":"repeat","background-position":"center center","background-size":"auto","background-attachment":"scroll","background-type":"","background-media":"","overlay-type":"","overlay-color":"","overlay-opacity":"","overlay-gradient":""},"mobile":{"background-color":"var(--ast-global-color-5)","background-image":"","background-repeat":"repeat","background-position":"center center","background-size":"auto","background-attachment":"scroll","background-type":"","background-media":"","overlay-type":"","overlay-color":"","overlay-opacity":"","overlay-gradient":""}},"footnotes":""},"class_list":["post-2951","page","type-page","status-publish","hentry"],"yoast_head":"<!-- This site is optimized with the Yoast SEO plugin v22.4 - https:\/\/yoast.com\/wordpress\/plugins\/seo\/ -->\n<title>Serveis a la poblaci\u00f3 - Col\u00b7legi de Farmac\u00e8utics de Barcelona<\/title>\n<meta name=\"robots\" content=\"index, follow, max-snippet:-1, max-image-preview:large, max-video-preview:-1\" \/>\n<link rel=\"canonical\" href=\"https:\/\/www.cofb.org\/es\/que-oferim\/ciutadans\/serveis-a-la-poblacio\/\" \/>\n<meta property=\"og:locale\" content=\"es_ES\" \/>\n<meta property=\"og:type\" content=\"article\" \/>\n<meta property=\"og:title\" content=\"Serveis a la poblaci\u00f3 - Col\u00b7legi de Farmac\u00e8utics de Barcelona\" \/>\n<meta property=\"og:description\" content=\"Els farmac\u00e8utics s\u00f3n els professionals sanitaris m\u00e9s accessibles als ciutadans i qualsevol nou servei que es pugui desenvolupar a les farm\u00e0cies repercuteix en beneficis directes per a la salut de la poblaci\u00f3. Per aquest motiu,&nbsp;un dels eixos de treball del COFB \u00e9s el desenvolupament&nbsp;de serveis que s&#8217;ofereixen&nbsp;des de les farm\u00e0cies. [&hellip;]\" \/>\n<meta property=\"og:url\" content=\"https:\/\/www.cofb.org\/es\/que-oferim\/ciutadans\/serveis-a-la-poblacio\/\" \/>\n<meta property=\"og:site_name\" content=\"Col\u00b7legi de Farmac\u00e8utics de Barcelona\" \/>\n<meta property=\"article:publisher\" content=\"https:\/\/www.facebook.com\/farmaceuticsbcn\/\" \/>\n<meta property=\"article:modified_time\" content=\"2025-11-28T12:12:10+00:00\" \/>\n<meta property=\"og:image\" content=\"https:\/\/www.cofb.org\/wp-content\/uploads\/2025\/09\/UM-Banner-Serveis-Poblacio-1024-x-700.png\" \/>\n<meta name=\"twitter:card\" content=\"summary_large_image\" \/>\n<meta name=\"twitter:site\" content=\"@farmaceuticsbcn\" \/>\n<meta name=\"twitter:label1\" content=\"Tiempo de lectura\" \/>\n\t<meta name=\"twitter:data1\" content=\"5 minutos\" \/>\n<script type=\"application\/ld+json\" class=\"yoast-schema-graph\">{\"@context\":\"https:\/\/schema.org\",\"@graph\":[{\"@type\":\"WebPage\",\"@id\":\"https:\/\/www.cofb.org\/que-oferim\/ciutadans\/serveis-a-la-poblacio\/\",\"url\":\"https:\/\/www.cofb.org\/que-oferim\/ciutadans\/serveis-a-la-poblacio\/\",\"name\":\"Serveis a la poblaci\u00f3 - Col\u00b7legi de Farmac\u00e8utics de Barcelona\",\"isPartOf\":{\"@id\":\"https:\/\/www.cofb.org\/#website\"},\"primaryImageOfPage\":{\"@id\":\"https:\/\/www.cofb.org\/que-oferim\/ciutadans\/serveis-a-la-poblacio\/#primaryimage\"},\"image\":{\"@id\":\"https:\/\/www.cofb.org\/que-oferim\/ciutadans\/serveis-a-la-poblacio\/#primaryimage\"},\"thumbnailUrl\":\"https:\/\/www.cofb.org\/wp-content\/uploads\/2025\/09\/UM-Banner-Serveis-Poblacio-1024-x-700.png\",\"datePublished\":\"2023-06-14T13:37:32+00:00\",\"dateModified\":\"2025-11-28T12:12:10+00:00\",\"breadcrumb\":{\"@id\":\"https:\/\/www.cofb.org\/que-oferim\/ciutadans\/serveis-a-la-poblacio\/#breadcrumb\"},\"inLanguage\":\"es\",\"potentialAction\":[{\"@type\":\"ReadAction\",\"target\":[\"https:\/\/www.cofb.org\/que-oferim\/ciutadans\/serveis-a-la-poblacio\/\"]}]},{\"@type\":\"ImageObject\",\"inLanguage\":\"es\",\"@id\":\"https:\/\/www.cofb.org\/que-oferim\/ciutadans\/serveis-a-la-poblacio\/#primaryimage\",\"url\":\"https:\/\/www.cofb.org\/wp-content\/uploads\/2025\/09\/UM-Banner-Serveis-Poblacio-1024-x-700.png\",\"contentUrl\":\"https:\/\/www.cofb.org\/wp-content\/uploads\/2025\/09\/UM-Banner-Serveis-Poblacio-1024-x-700.png\"},{\"@type\":\"BreadcrumbList\",\"@id\":\"https:\/\/www.cofb.org\/que-oferim\/ciutadans\/serveis-a-la-poblacio\/#breadcrumb\",\"itemListElement\":[{\"@type\":\"ListItem\",\"position\":1,\"name\":\"Inici\",\"item\":\"https:\/\/novaorg.cofb.net\/\"},{\"@type\":\"ListItem\",\"position\":2,\"name\":\"Qu\u00e8 oferim?\",\"item\":\"https:\/\/novaorg.cofb.net\/que-oferim\/\"},{\"@type\":\"ListItem\",\"position\":3,\"name\":\"Ciutadans\",\"item\":\"https:\/\/novaorg.cofb.net\/que-oferim\/ciutadans\/\"},{\"@type\":\"ListItem\",\"position\":4,\"name\":\"Serveis a la poblaci\u00f3\"}]},{\"@type\":\"WebSite\",\"@id\":\"https:\/\/www.cofb.org\/#website\",\"url\":\"https:\/\/www.cofb.org\/\",\"name\":\"Col\u00b7legi de Farmac\u00e8utics de Barcelona\",\"description\":\"\",\"publisher\":{\"@id\":\"https:\/\/www.cofb.org\/#organization\"},\"potentialAction\":[{\"@type\":\"SearchAction\",\"target\":{\"@type\":\"EntryPoint\",\"urlTemplate\":\"https:\/\/www.cofb.org\/?s={search_term_string}\"},\"query-input\":\"required name=search_term_string\"}],\"inLanguage\":\"es\"},{\"@type\":\"Organization\",\"@id\":\"https:\/\/www.cofb.org\/#organization\",\"name\":\"Col\u00b7legi de Farmac\u00e8utics de Barcelona\",\"url\":\"https:\/\/www.cofb.org\/\",\"logo\":{\"@type\":\"ImageObject\",\"inLanguage\":\"es\",\"@id\":\"https:\/\/www.cofb.org\/#\/schema\/logo\/image\/\",\"url\":\"https:\/\/www.cofb.org\/wp-content\/uploads\/2023\/11\/cropped-Logotip-COFB.png\",\"contentUrl\":\"https:\/\/www.cofb.org\/wp-content\/uploads\/2023\/11\/cropped-Logotip-COFB.png\",\"width\":500,\"height\":105,\"caption\":\"Col\u00b7legi de Farmac\u00e8utics de Barcelona\"},\"image\":{\"@id\":\"https:\/\/www.cofb.org\/#\/schema\/logo\/image\/\"},\"sameAs\":[\"https:\/\/www.facebook.com\/farmaceuticsbcn\/\",\"https:\/\/twitter.com\/farmaceuticsbcn\",\"https:\/\/www.instagram.com\/farmaceuticsbcn\/\",\"https:\/\/www.linkedin.com\/company\/farmaceuticsbcn\/\"]}]}<\/script>\n<!-- \/ Yoast SEO plugin. -->","yoast_head_json":{"title":"Serveis a la poblaci\u00f3 - Col\u00b7legi de Farmac\u00e8utics de Barcelona","robots":{"index":"index","follow":"follow","max-snippet":"max-snippet:-1","max-image-preview":"max-image-preview:large","max-video-preview":"max-video-preview:-1"},"canonical":"https:\/\/www.cofb.org\/es\/que-oferim\/ciutadans\/serveis-a-la-poblacio\/","og_locale":"es_ES","og_type":"article","og_title":"Serveis a la poblaci\u00f3 - Col\u00b7legi de Farmac\u00e8utics de Barcelona","og_description":"Els farmac\u00e8utics s\u00f3n els professionals sanitaris m\u00e9s accessibles als ciutadans i qualsevol nou servei que es pugui desenvolupar a les farm\u00e0cies repercuteix en beneficis directes per a la salut de la poblaci\u00f3. Per aquest motiu,&nbsp;un dels eixos de treball del COFB \u00e9s el desenvolupament&nbsp;de serveis que s&#8217;ofereixen&nbsp;des de les farm\u00e0cies. [&hellip;]","og_url":"https:\/\/www.cofb.org\/es\/que-oferim\/ciutadans\/serveis-a-la-poblacio\/","og_site_name":"Col\u00b7legi de Farmac\u00e8utics de Barcelona","article_publisher":"https:\/\/www.facebook.com\/farmaceuticsbcn\/","article_modified_time":"2025-11-28T12:12:10+00:00","og_image":[{"url":"https:\/\/www.cofb.org\/wp-content\/uploads\/2025\/09\/UM-Banner-Serveis-Poblacio-1024-x-700.png"}],"twitter_card":"summary_large_image","twitter_site":"@farmaceuticsbcn","twitter_misc":{"Tiempo de lectura":"5 minutos"},"schema":{"@context":"https:\/\/schema.org","@graph":[{"@type":"WebPage","@id":"https:\/\/www.cofb.org\/que-oferim\/ciutadans\/serveis-a-la-poblacio\/","url":"https:\/\/www.cofb.org\/que-oferim\/ciutadans\/serveis-a-la-poblacio\/","name":"Serveis a la poblaci\u00f3 - Col\u00b7legi de Farmac\u00e8utics de Barcelona","isPartOf":{"@id":"https:\/\/www.cofb.org\/#website"},"primaryImageOfPage":{"@id":"https:\/\/www.cofb.org\/que-oferim\/ciutadans\/serveis-a-la-poblacio\/#primaryimage"},"image":{"@id":"https:\/\/www.cofb.org\/que-oferim\/ciutadans\/serveis-a-la-poblacio\/#primaryimage"},"thumbnailUrl":"https:\/\/www.cofb.org\/wp-content\/uploads\/2025\/09\/UM-Banner-Serveis-Poblacio-1024-x-700.png","datePublished":"2023-06-14T13:37:32+00:00","dateModified":"2025-11-28T12:12:10+00:00","breadcrumb":{"@id":"https:\/\/www.cofb.org\/que-oferim\/ciutadans\/serveis-a-la-poblacio\/#breadcrumb"},"inLanguage":"es","potentialAction":[{"@type":"ReadAction","target":["https:\/\/www.cofb.org\/que-oferim\/ciutadans\/serveis-a-la-poblacio\/"]}]},{"@type":"ImageObject","inLanguage":"es","@id":"https:\/\/www.cofb.org\/que-oferim\/ciutadans\/serveis-a-la-poblacio\/#primaryimage","url":"https:\/\/www.cofb.org\/wp-content\/uploads\/2025\/09\/UM-Banner-Serveis-Poblacio-1024-x-700.png","contentUrl":"https:\/\/www.cofb.org\/wp-content\/uploads\/2025\/09\/UM-Banner-Serveis-Poblacio-1024-x-700.png"},{"@type":"BreadcrumbList","@id":"https:\/\/www.cofb.org\/que-oferim\/ciutadans\/serveis-a-la-poblacio\/#breadcrumb","itemListElement":[{"@type":"ListItem","position":1,"name":"Inici","item":"https:\/\/novaorg.cofb.net\/"},{"@type":"ListItem","position":2,"name":"Qu\u00e8 oferim?","item":"https:\/\/novaorg.cofb.net\/que-oferim\/"},{"@type":"ListItem","position":3,"name":"Ciutadans","item":"https:\/\/novaorg.cofb.net\/que-oferim\/ciutadans\/"},{"@type":"ListItem","position":4,"name":"Serveis a la poblaci\u00f3"}]},{"@type":"WebSite","@id":"https:\/\/www.cofb.org\/#website","url":"https:\/\/www.cofb.org\/","name":"Col\u00b7legi de Farmac\u00e8utics de Barcelona","description":"","publisher":{"@id":"https:\/\/www.cofb.org\/#organization"},"potentialAction":[{"@type":"SearchAction","target":{"@type":"EntryPoint","urlTemplate":"https:\/\/www.cofb.org\/?s={search_term_string}"},"query-input":"required name=search_term_string"}],"inLanguage":"es"},{"@type":"Organization","@id":"https:\/\/www.cofb.org\/#organization","name":"Col\u00b7legi de Farmac\u00e8utics de Barcelona","url":"https:\/\/www.cofb.org\/","logo":{"@type":"ImageObject","inLanguage":"es","@id":"https:\/\/www.cofb.org\/#\/schema\/logo\/image\/","url":"https:\/\/www.cofb.org\/wp-content\/uploads\/2023\/11\/cropped-Logotip-COFB.png","contentUrl":"https:\/\/www.cofb.org\/wp-content\/uploads\/2023\/11\/cropped-Logotip-COFB.png","width":500,"height":105,"caption":"Col\u00b7legi de Farmac\u00e8utics de Barcelona"},"image":{"@id":"https:\/\/www.cofb.org\/#\/schema\/logo\/image\/"},"sameAs":["https:\/\/www.facebook.com\/farmaceuticsbcn\/","https:\/\/twitter.com\/farmaceuticsbcn","https:\/\/www.instagram.com\/farmaceuticsbcn\/","https:\/\/www.linkedin.com\/company\/farmaceuticsbcn\/"]}]}},"uagb_featured_image_src":{"full":false,"thumbnail":false,"medium":false,"medium_large":false,"large":false,"1536x1536":false,"2048x2048":false,"trp-custom-language-flag":false},"uagb_author_info":{"display_name":"wpAdminCofbOrg","author_link":"https:\/\/www.cofb.org\/es\/author\/wpadmincofborg\/"},"uagb_comment_info":0,"uagb_excerpt":"Els farmac\u00e8utics s\u00f3n els professionals sanitaris m\u00e9s accessibles als ciutadans i qualsevol nou servei que es pugui desenvolupar a les farm\u00e0cies repercuteix en beneficis directes per a la salut de la poblaci\u00f3. Per aquest motiu,&nbsp;un dels eixos de treball del COFB \u00e9s el desenvolupament&nbsp;de serveis que s&#8217;ofereixen&nbsp;des de les farm\u00e0cies. [&hellip;]","_links":{"self":[{"href":"https:\/\/www.cofb.org\/es\/wp-json\/wp\/v2\/pages\/2951","targetHints":{"allow":["GET"]}}],"collection":[{"href":"https:\/\/www.cofb.org\/es\/wp-json\/wp\/v2\/pages"}],"about":[{"href":"https:\/\/www.cofb.org\/es\/wp-json\/wp\/v2\/types\/page"}],"author":[{"embeddable":true,"href":"https:\/\/www.cofb.org\/es\/wp-json\/wp\/v2\/users\/1"}],"replies":[{"embeddable":true,"href":"https:\/\/www.cofb.org\/es\/wp-json\/wp\/v2\/comments?post=2951"}],"version-history":[{"count":43,"href":"https:\/\/www.cofb.org\/es\/wp-json\/wp\/v2\/pages\/2951\/revisions"}],"predecessor-version":[{"id":83019,"href":"https:\/\/www.cofb.org\/es\/wp-json\/wp\/v2\/pages\/2951\/revisions\/83019"}],"up":[{"embeddable":true,"href":"https:\/\/www.cofb.org\/es\/wp-json\/wp\/v2\/pages\/2945"}],"wp:attachment":[{"href":"https:\/\/www.cofb.org\/es\/wp-json\/wp\/v2\/media?parent=2951"}],"curies":[{"name":"wp","href":"https:\/\/api.w.org\/{rel}","templated":true}]}}