{"version":"1.0","provider_name":"Col\u00b7legi de Farmac\u00e8utics de Barcelona","provider_url":"https:\/\/www.cofb.org\/es","title":"L'herpes labial: causes, prevenci\u00f3 i tractament - Col\u00b7legi de Farmac\u00e8utics de Barcelona","type":"rich","width":600,"height":338,"html":"<blockquote class=\"wp-embedded-content\" data-secret=\"aYh0UUciFY\"><a href=\"https:\/\/www.cofb.org\/es\/2022\/05\/05\/lherpes-labial-causes-prevencio-i-tractament\/\">El herpes labial: causas, prevenci\u00f3n y tratamiento<\/a><\/blockquote><iframe sandbox=\"allow-scripts\" security=\"restricted\" src=\"https:\/\/www.cofb.org\/es\/2022\/05\/05\/lherpes-labial-causes-prevencio-i-tractament\/embed\/#?secret=aYh0UUciFY\" width=\"600\" height=\"338\" title=\"\u00abEl herpes labial: causas, prevenci\u00f3n y tratamiento\u00bb \u2014 Colegio de Farmac\u00e9uticos de Barcelona\" data-secret=\"aYh0UUciFY\" frameborder=\"0\" marginwidth=\"0\" marginheight=\"0\" scrolling=\"no\" class=\"wp-embedded-content\"><\/iframe><script>\n\/*! This file is auto-generated *\/\n!function(d,l){\"use strict\";l.querySelector&&d.addEventListener&&\"undefined\"!=typeof URL&&(d.wp=d.wp||{},d.wp.receiveEmbedMessage||(d.wp.receiveEmbedMessage=function(e){var t=e.data;if((t||t.secret||t.message||t.value)&&!\/[^a-zA-Z0-9]\/.test(t.secret)){for(var s,r,n,a=l.querySelectorAll('iframe[data-secret=\"'+t.secret+'\"]'),o=l.querySelectorAll('blockquote[data-secret=\"'+t.secret+'\"]'),c=new RegExp(\"^https?:$\",\"i\"),i=0;i<o.length;i++)o[i].style.display=\"none\";for(i=0;i<a.length;i++)s=a[i],e.source===s.contentWindow&&(s.removeAttribute(\"style\"),\"height\"===t.message?(1e3<(r=parseInt(t.value,10))?r=1e3:~~r<200&&(r=200),s.height=r):\"link\"===t.message&&(r=new URL(s.getAttribute(\"src\")),n=new URL(t.value),c.test(n.protocol))&&n.host===r.host&&l.activeElement===s&&(d.top.location.href=t.value))}},d.addEventListener(\"message\",d.wp.receiveEmbedMessage,!1),l.addEventListener(\"DOMContentLoaded\",function(){for(var e,t,s=l.querySelectorAll(\"iframe.wp-embedded-content\"),r=0;r<s.length;r++)(t=(e=s[r]).getAttribute(\"data-secret\"))||(t=Math.random().toString(36).substring(2,12),e.src+=\"#?secret=\"+t,e.setAttribute(\"data-secret\",t)),e.contentWindow.postMessage({message:\"ready\",secret:t},\"*\")},!1)))}(window,document);\n<\/script>","thumbnail_url":"https:\/\/novaorg.cofb.net\/wp-content\/uploads\/2023\/07\/herpes-labial-1024x683-1.jpg","thumbnail_width":1024,"thumbnail_height":683,"description":"L\u2019herpes\u00a0labial simple\u00a0\u00e9s una infecci\u00f3 v\u00edrica caracteritzada per l\u2019aparici\u00f3, en primer lloc, d\u2019una fase pr\u00e8via amb sensaci\u00f3 de picor."}