{"version":"1.0","provider_name":"Col\u00b7legi de Farmac\u00e8utics de Barcelona","provider_url":"https:\/\/www.cofb.org\/es","title":"El farmac\u00e8utic assessora en complements nutricionals - Col\u00b7legi de Farmac\u00e8utics de Barcelona","type":"rich","width":600,"height":338,"html":"<blockquote class=\"wp-embedded-content\" data-secret=\"wZN7rr5r8d\"><a href=\"https:\/\/www.cofb.org\/es\/2014\/03\/10\/apren-a-assessorar-sobre-complements-nutricionals\/\">El farmac\u00e9utico asesora en complementos nutricionales<\/a><\/blockquote><iframe sandbox=\"allow-scripts\" security=\"restricted\" src=\"https:\/\/www.cofb.org\/es\/2014\/03\/10\/apren-a-assessorar-sobre-complements-nutricionals\/embed\/#?secret=wZN7rr5r8d\" width=\"600\" height=\"338\" title=\"\u00abEl farmac\u00e8utic assessora en complements nutricionals\u00bb \u2014 Col\u00b7legi de Farmac\u00e8utics de Barcelona\" data-secret=\"wZN7rr5r8d\" frameborder=\"0\" marginwidth=\"0\" marginheight=\"0\" scrolling=\"no\" class=\"wp-embedded-content\"><\/iframe><script>\n\/*! This file is auto-generated *\/\n!function(d,l){\"use strict\";l.querySelector&&d.addEventListener&&\"undefined\"!=typeof URL&&(d.wp=d.wp||{},d.wp.receiveEmbedMessage||(d.wp.receiveEmbedMessage=function(e){var t=e.data;if((t||t.secret||t.message||t.value)&&!\/[^a-zA-Z0-9]\/.test(t.secret)){for(var s,r,n,a=l.querySelectorAll('iframe[data-secret=\"'+t.secret+'\"]'),o=l.querySelectorAll('blockquote[data-secret=\"'+t.secret+'\"]'),c=new RegExp(\"^https?:$\",\"i\"),i=0;i<o.length;i++)o[i].style.display=\"none\";for(i=0;i<a.length;i++)s=a[i],e.source===s.contentWindow&&(s.removeAttribute(\"style\"),\"height\"===t.message?(1e3<(r=parseInt(t.value,10))?r=1e3:~~r<200&&(r=200),s.height=r):\"link\"===t.message&&(r=new URL(s.getAttribute(\"src\")),n=new URL(t.value),c.test(n.protocol))&&n.host===r.host&&l.activeElement===s&&(d.top.location.href=t.value))}},d.addEventListener(\"message\",d.wp.receiveEmbedMessage,!1),l.addEventListener(\"DOMContentLoaded\",function(){for(var e,t,s=l.querySelectorAll(\"iframe.wp-embedded-content\"),r=0;r<s.length;r++)(t=(e=s[r]).getAttribute(\"data-secret\"))||(t=Math.random().toString(36).substring(2,12),e.src+=\"#?secret=\"+t,e.setAttribute(\"data-secret\",t)),e.contentWindow.postMessage({message:\"ready\",secret:t},\"*\")},!1)))}(window,document);\n<\/script>","thumbnail_url":null,"thumbnail_width":null,"thumbnail_height":null,"description":"\u201cEl farmac\u00e8utic ha de con\u00e8ixer una s\u00e8rie de dades sobre complements alimentosos que li permeti donar a l&#8217;usuari una recomanaci\u00f3 m\u00e9s individualitzada\u201d. Aix\u00f2 ho diu Anna Bach, vocal d\u2019Alimentaci\u00f3 i Nutrici\u00f3, per introduir la confer\u00e8ncia que s\u2019ha celebrat a la seu col\u00b7legial \u201cComplements nutricionals: recomanaci\u00f3 activa des de la farm\u00e0cia\u201d. [&hellip;]"}