{"id":67719,"date":"2023-07-27T09:05:40","date_gmt":"2023-07-27T09:05:40","guid":{"rendered":"https:\/\/novaorg.cofb.net\/?page_id=67719"},"modified":"2025-11-28T11:43:44","modified_gmt":"2025-11-28T11:43:44","slug":"programa-de-deteccio-precoc-del-vih-amb-test-rapid","status":"publish","type":"page","link":"https:\/\/www.cofb.org\/ca\/que-oferim\/ciutadans\/serveis-a-la-poblacio\/programa-de-deteccio-precoc-del-vih-amb-test-rapid\/","title":{"rendered":"Programa de detecci\u00f3 preco\u00e7 del VIH amb test r\u00e0pid"},"content":{"rendered":"\n<div class=\"wp-block-uagb-image uagb-block-43fb3795 wp-block-uagb-image--layout-default wp-block-uagb-image--effect-static wp-block-uagb-image--align-none\"><figure class=\"wp-block-uagb-image__figure\"><img loading=\"lazy\" decoding=\"async\" srcset=\"https:\/\/www.cofb.org\/wp-content\/uploads\/2023\/07\/test-rapid-vih.jpg \" sizes=\"auto, (max-width: 480px) 150px\" src=\"https:\/\/www.cofb.org\/wp-content\/uploads\/2023\/07\/test-rapid-vih.jpg\" alt=\"\" class=\"uag-image-67733\" width=\"840\" height=\"310\" title=\"\" loading=\"lazy\" role=\"img\"\/><\/figure><\/div>\n\n\n\n<h2 class=\"wp-block-heading\">Qu\u00e8 \u00e9s el programa de detecci\u00f3 preco\u00e7 amb test r\u00e0pid?<\/h2>\n\n\n\n<p id=\"yui_patched_v3_11_0_1_1690448254352_298\">Es tracta d&#8217;una iniciativa que afavoreix<strong>&nbsp;l&#8217;accessibilitat al diagn\u00f2stic a totes aquelles persones que presentin conductes de risc<\/strong>&nbsp;per a la infecci\u00f3.<\/p>\n\n\n\n<h2 class=\"wp-block-heading\">Quin objectiu t\u00e9?<\/h2>\n\n\n\n<p id=\"yui_patched_v3_11_0_1_1690448254352_307\"><strong>La detecci\u00f3 de la infecci\u00f3 per VIH<\/strong>&nbsp;sobre la poblaci\u00f3 de risc&nbsp;<strong>mitjan\u00e7ant el test r\u00e0pid<\/strong>, d\u2019uns 20 minuts de durada.<\/p>\n\n\n\n<h2 class=\"wp-block-heading\">Com funciona?<\/h2>\n\n\n\n<p id=\"yui_patched_v3_11_0_1_1690448254352_310\"><strong>La prova t\u00e9 un cost de 10 \u20ac<\/strong>&nbsp;i consisteix a fer una&nbsp;<strong>petita punci\u00f3 al dit per extreure sang<\/strong>. En 20 minuts&nbsp;<strong>es determina si el resultat \u00e9s reactiu o no<\/strong>, sempre garantint l\u2019anonimat, i en cas que sigui reactiu, previ consentiment informat, es deriva el pacient al centre hospitalari de refer\u00e8ncia per realitzar la confirmaci\u00f3 del resultat.<\/p>\n\n\n\n<h2 class=\"wp-block-heading\">Qu\u00e8 s&#8217;ha aconseguit?<\/h2>\n\n\n\n<p>L&#8217;any 2024:<\/p>\n\n\n\n<ul class=\"wp-block-list\">\n<li><strong>63\u00a0<\/strong>farm\u00e0cies participants han realitzat\u00a0<strong>867 <\/strong>tests.<\/li>\n<\/ul>\n\n\n\n<h2 class=\"wp-block-heading\">On es duu a terme?<\/h2>\n\n\n\n<p>A les&nbsp;<strong>farm\u00e0cies de Barcelona&nbsp;<\/strong>adherides al Programa de detecci\u00f3 preco\u00e7 del VIH amb test r\u00e0pid.&nbsp;<\/p>\n\n\n\n<p>Consulta&nbsp;<a rel=\"noreferrer noopener\" href=\"https:\/\/www.farmaceuticonline.com\/serveis-addicionals\/vih-programa-de-deteccio-mitjancant-test-rapid\/\" target=\"_blank\">aqu\u00ed<\/a>&nbsp;les farm\u00e0cies que hi participen.&nbsp;<\/p>\n\n\n\n<h2 class=\"wp-block-heading\">M\u00e9s informaci\u00f3<\/h2>\n\n\n\n<p class=\"icones\"><img decoding=\"async\" width=\"150\" height=\"176\" class=\"wp-image-67596\" style=\"width: 150px;\" src=\"https:\/\/www.cofb.org\/wp-content\/uploads\/2023\/07\/logo-cofb-negre.jpg\" alt=\"\">&nbsp;Departament de&nbsp;Formaci\u00f3 i Desenvolupament Professional del COFB<\/p>\n\n\n\n<p class=\"icones\"><img decoding=\"async\" alt=\"\" src=\"https:\/\/www.cofb.org\/documents\/10136\/1067764\/Correu.png\/69f7b5c4-3c19-447d-9ff6-25e8e46c97cf?t=1542018760660\">&nbsp;Correu electr\u00f2nic:&nbsp;<a href=\"mailto:projectes@cofb.net\">projectes@cofb.net<\/a><\/p>\n\n\n\n<p class=\"icones\"><img decoding=\"async\" src=\"https:\/\/www.cofb.org\/documents\/10136\/1067764\/Tel%C3%A9fono.png\/83de66f5-8867-4acf-ba6c-ea129dc67556?t=1542018738546\" alt=\"\">&nbsp;Tel\u00e8fon:&nbsp;93 244 07 10 (ext. 2)<\/p>\n\n\n\n<p class=\"icones\"><img decoding=\"async\" width=\"70\" height=\"70\" class=\"wp-image-67601\" style=\"width: 70px;\" src=\"https:\/\/www.cofb.org\/wp-content\/uploads\/2023\/07\/web-cofb-1.png\" alt=\"\">&nbsp;<a href=\"https:\/\/www.farmaceuticonline.com\/setmana-europea-proves-vih\/\" target=\"_blank\" rel=\"noreferrer noopener\">Farmaceuticonline<\/a><\/p>\n\n\n\n<p class=\"icones\"><img decoding=\"async\" width=\"70\" height=\"70\" class=\"wp-image-67603\" style=\"width: 70px;\" src=\"https:\/\/www.cofb.org\/wp-content\/uploads\/2023\/07\/pantalla.png\" alt=\"\">&nbsp;<a href=\"https:\/\/www.cofb.org\/ca\/2018\/11\/30\/dia-mundial-sida-2018-mes-120-farmacies-catalanes-realitzen-proves-detectar-precocment-risc-dinfeccio-vih\/\" target=\"_blank\" rel=\"noreferrer noopener\">Blog del COFB<\/a><\/p>\n","protected":false},"excerpt":{"rendered":"<p>Qu\u00e8 \u00e9s el programa de detecci\u00f3 preco\u00e7 amb test r\u00e0pid? Es tracta d&#8217;una iniciativa que afavoreix&nbsp;l&#8217;accessibilitat al diagn\u00f2stic a totes aquelles persones que presentin conductes de risc&nbsp;per a la infecci\u00f3. Quin objectiu t\u00e9? La detecci\u00f3 de la infecci\u00f3 per VIH&nbsp;sobre la poblaci\u00f3 de risc&nbsp;mitjan\u00e7ant el test r\u00e0pid, d\u2019uns 20 minuts [&hellip;]<\/p>\n","protected":false},"author":1,"featured_media":0,"parent":2951,"menu_order":8,"comment_status":"closed","ping_status":"closed","template":"","meta":{"_uag_custom_page_level_css":"","site-sidebar-layout":"default","site-content-layout":"","ast-site-content-layout":"default","site-content-style":"default","site-sidebar-style":"default","ast-global-header-display":"","ast-banner-title-visibility":"","ast-main-header-display":"","ast-hfb-above-header-display":"","ast-hfb-below-header-display":"","ast-hfb-mobile-header-display":"","site-post-title":"","ast-breadcrumbs-content":"","ast-featured-img":"","footer-sml-layout":"","theme-transparent-header-meta":"","adv-header-id-meta":"","stick-header-meta":"","header-above-stick-meta":"","header-main-stick-meta":"","header-below-stick-meta":"","astra-migrate-meta-layouts":"set","ast-page-background-enabled":"default","ast-page-background-meta":{"desktop":{"background-color":"var(--ast-global-color-4)","background-image":"","background-repeat":"repeat","background-position":"center center","background-size":"auto","background-attachment":"scroll","background-type":"","background-media":"","overlay-type":"","overlay-color":"","overlay-opacity":"","overlay-gradient":""},"tablet":{"background-color":"","background-image":"","background-repeat":"repeat","background-position":"center center","background-size":"auto","background-attachment":"scroll","background-type":"","background-media":"","overlay-type":"","overlay-color":"","overlay-opacity":"","overlay-gradient":""},"mobile":{"background-color":"","background-image":"","background-repeat":"repeat","background-position":"center center","background-size":"auto","background-attachment":"scroll","background-type":"","background-media":"","overlay-type":"","overlay-color":"","overlay-opacity":"","overlay-gradient":""}},"ast-content-background-meta":{"desktop":{"background-color":"var(--ast-global-color-5)","background-image":"","background-repeat":"repeat","background-position":"center center","background-size":"auto","background-attachment":"scroll","background-type":"","background-media":"","overlay-type":"","overlay-color":"","overlay-opacity":"","overlay-gradient":""},"tablet":{"background-color":"var(--ast-global-color-5)","background-image":"","background-repeat":"repeat","background-position":"center center","background-size":"auto","background-attachment":"scroll","background-type":"","background-media":"","overlay-type":"","overlay-color":"","overlay-opacity":"","overlay-gradient":""},"mobile":{"background-color":"var(--ast-global-color-5)","background-image":"","background-repeat":"repeat","background-position":"center center","background-size":"auto","background-attachment":"scroll","background-type":"","background-media":"","overlay-type":"","overlay-color":"","overlay-opacity":"","overlay-gradient":""}},"footnotes":""},"class_list":["post-67719","page","type-page","status-publish","hentry"],"yoast_head":"<!-- This site is optimized with the Yoast SEO plugin v22.4 - https:\/\/yoast.com\/wordpress\/plugins\/seo\/ -->\n<title>Programa de detecci\u00f3 preco\u00e7 del VIH amb test r\u00e0pid - Col\u00b7legi de Farmac\u00e8utics de Barcelona<\/title>\n<meta name=\"robots\" content=\"index, follow, max-snippet:-1, max-image-preview:large, max-video-preview:-1\" \/>\n<link rel=\"canonical\" href=\"https:\/\/www.cofb.org\/ca\/que-oferim\/ciutadans\/serveis-a-la-poblacio\/programa-de-deteccio-precoc-del-vih-amb-test-rapid\/\" \/>\n<meta property=\"og:locale\" content=\"ca_ES\" \/>\n<meta property=\"og:type\" content=\"article\" \/>\n<meta property=\"og:title\" content=\"Programa de detecci\u00f3 preco\u00e7 del VIH amb test r\u00e0pid - Col\u00b7legi de Farmac\u00e8utics de Barcelona\" \/>\n<meta property=\"og:description\" content=\"Qu\u00e8 \u00e9s el programa de detecci\u00f3 preco\u00e7 amb test r\u00e0pid? Es tracta d&#8217;una iniciativa que afavoreix&nbsp;l&#8217;accessibilitat al diagn\u00f2stic a totes aquelles persones que presentin conductes de risc&nbsp;per a la infecci\u00f3. Quin objectiu t\u00e9? La detecci\u00f3 de la infecci\u00f3 per VIH&nbsp;sobre la poblaci\u00f3 de risc&nbsp;mitjan\u00e7ant el test r\u00e0pid, d\u2019uns 20 minuts [&hellip;]\" \/>\n<meta property=\"og:url\" content=\"https:\/\/www.cofb.org\/ca\/que-oferim\/ciutadans\/serveis-a-la-poblacio\/programa-de-deteccio-precoc-del-vih-amb-test-rapid\/\" \/>\n<meta property=\"og:site_name\" content=\"Col\u00b7legi de Farmac\u00e8utics de Barcelona\" \/>\n<meta property=\"article:publisher\" content=\"https:\/\/www.facebook.com\/farmaceuticsbcn\/\" \/>\n<meta property=\"article:modified_time\" content=\"2025-11-28T11:43:44+00:00\" \/>\n<meta property=\"og:image\" content=\"https:\/\/www.cofb.org\/wp-content\/uploads\/2023\/07\/test-rapid-vih.jpg\" \/>\n<meta name=\"twitter:card\" content=\"summary_large_image\" \/>\n<meta name=\"twitter:site\" content=\"@farmaceuticsbcn\" \/>\n<meta name=\"twitter:label1\" content=\"Temps estimat de lectura\" \/>\n\t<meta name=\"twitter:data1\" content=\"3 minuts\" \/>\n<script type=\"application\/ld+json\" class=\"yoast-schema-graph\">{\"@context\":\"https:\/\/schema.org\",\"@graph\":[{\"@type\":\"WebPage\",\"@id\":\"https:\/\/www.cofb.org\/que-oferim\/ciutadans\/serveis-a-la-poblacio\/programa-de-deteccio-precoc-del-vih-amb-test-rapid\/\",\"url\":\"https:\/\/www.cofb.org\/que-oferim\/ciutadans\/serveis-a-la-poblacio\/programa-de-deteccio-precoc-del-vih-amb-test-rapid\/\",\"name\":\"Programa de detecci\u00f3 preco\u00e7 del VIH amb test r\u00e0pid - Col\u00b7legi de Farmac\u00e8utics de Barcelona\",\"isPartOf\":{\"@id\":\"https:\/\/www.cofb.org\/#website\"},\"primaryImageOfPage\":{\"@id\":\"https:\/\/www.cofb.org\/que-oferim\/ciutadans\/serveis-a-la-poblacio\/programa-de-deteccio-precoc-del-vih-amb-test-rapid\/#primaryimage\"},\"image\":{\"@id\":\"https:\/\/www.cofb.org\/que-oferim\/ciutadans\/serveis-a-la-poblacio\/programa-de-deteccio-precoc-del-vih-amb-test-rapid\/#primaryimage\"},\"thumbnailUrl\":\"https:\/\/www.cofb.org\/wp-content\/uploads\/2023\/07\/test-rapid-vih.jpg\",\"datePublished\":\"2023-07-27T09:05:40+00:00\",\"dateModified\":\"2025-11-28T11:43:44+00:00\",\"breadcrumb\":{\"@id\":\"https:\/\/www.cofb.org\/que-oferim\/ciutadans\/serveis-a-la-poblacio\/programa-de-deteccio-precoc-del-vih-amb-test-rapid\/#breadcrumb\"},\"inLanguage\":\"ca\",\"potentialAction\":[{\"@type\":\"ReadAction\",\"target\":[\"https:\/\/www.cofb.org\/que-oferim\/ciutadans\/serveis-a-la-poblacio\/programa-de-deteccio-precoc-del-vih-amb-test-rapid\/\"]}]},{\"@type\":\"ImageObject\",\"inLanguage\":\"ca\",\"@id\":\"https:\/\/www.cofb.org\/que-oferim\/ciutadans\/serveis-a-la-poblacio\/programa-de-deteccio-precoc-del-vih-amb-test-rapid\/#primaryimage\",\"url\":\"https:\/\/www.cofb.org\/wp-content\/uploads\/2023\/07\/test-rapid-vih.jpg\",\"contentUrl\":\"https:\/\/www.cofb.org\/wp-content\/uploads\/2023\/07\/test-rapid-vih.jpg\"},{\"@type\":\"BreadcrumbList\",\"@id\":\"https:\/\/www.cofb.org\/que-oferim\/ciutadans\/serveis-a-la-poblacio\/programa-de-deteccio-precoc-del-vih-amb-test-rapid\/#breadcrumb\",\"itemListElement\":[{\"@type\":\"ListItem\",\"position\":1,\"name\":\"Inici\",\"item\":\"https:\/\/novaorg.cofb.net\/\"},{\"@type\":\"ListItem\",\"position\":2,\"name\":\"Qu\u00e8 oferim?\",\"item\":\"https:\/\/novaorg.cofb.net\/que-oferim\/\"},{\"@type\":\"ListItem\",\"position\":3,\"name\":\"Ciutadans\",\"item\":\"https:\/\/novaorg.cofb.net\/que-oferim\/ciutadans\/\"},{\"@type\":\"ListItem\",\"position\":4,\"name\":\"Serveis a la poblaci\u00f3\",\"item\":\"https:\/\/www.cofb.org\/que-oferim\/ciutadans\/serveis-a-la-poblacio\/\"},{\"@type\":\"ListItem\",\"position\":5,\"name\":\"Programa de detecci\u00f3 preco\u00e7 del VIH amb test r\u00e0pid\"}]},{\"@type\":\"WebSite\",\"@id\":\"https:\/\/www.cofb.org\/#website\",\"url\":\"https:\/\/www.cofb.org\/\",\"name\":\"Col\u00b7legi de Farmac\u00e8utics de Barcelona\",\"description\":\"\",\"publisher\":{\"@id\":\"https:\/\/www.cofb.org\/#organization\"},\"potentialAction\":[{\"@type\":\"SearchAction\",\"target\":{\"@type\":\"EntryPoint\",\"urlTemplate\":\"https:\/\/www.cofb.org\/?s={search_term_string}\"},\"query-input\":\"required name=search_term_string\"}],\"inLanguage\":\"ca\"},{\"@type\":\"Organization\",\"@id\":\"https:\/\/www.cofb.org\/#organization\",\"name\":\"Col\u00b7legi de Farmac\u00e8utics de Barcelona\",\"url\":\"https:\/\/www.cofb.org\/\",\"logo\":{\"@type\":\"ImageObject\",\"inLanguage\":\"ca\",\"@id\":\"https:\/\/www.cofb.org\/#\/schema\/logo\/image\/\",\"url\":\"https:\/\/www.cofb.org\/wp-content\/uploads\/2023\/11\/cropped-Logotip-COFB.png\",\"contentUrl\":\"https:\/\/www.cofb.org\/wp-content\/uploads\/2023\/11\/cropped-Logotip-COFB.png\",\"width\":500,\"height\":105,\"caption\":\"Col\u00b7legi de Farmac\u00e8utics de Barcelona\"},\"image\":{\"@id\":\"https:\/\/www.cofb.org\/#\/schema\/logo\/image\/\"},\"sameAs\":[\"https:\/\/www.facebook.com\/farmaceuticsbcn\/\",\"https:\/\/twitter.com\/farmaceuticsbcn\",\"https:\/\/www.instagram.com\/farmaceuticsbcn\/\",\"https:\/\/www.linkedin.com\/company\/farmaceuticsbcn\/\"]}]}<\/script>\n<!-- \/ Yoast SEO plugin. -->","yoast_head_json":{"title":"Programa de detecci\u00f3 preco\u00e7 del VIH amb test r\u00e0pid - Col\u00b7legi de Farmac\u00e8utics de Barcelona","robots":{"index":"index","follow":"follow","max-snippet":"max-snippet:-1","max-image-preview":"max-image-preview:large","max-video-preview":"max-video-preview:-1"},"canonical":"https:\/\/www.cofb.org\/ca\/que-oferim\/ciutadans\/serveis-a-la-poblacio\/programa-de-deteccio-precoc-del-vih-amb-test-rapid\/","og_locale":"ca_ES","og_type":"article","og_title":"Programa de detecci\u00f3 preco\u00e7 del VIH amb test r\u00e0pid - Col\u00b7legi de Farmac\u00e8utics de Barcelona","og_description":"Qu\u00e8 \u00e9s el programa de detecci\u00f3 preco\u00e7 amb test r\u00e0pid? Es tracta d&#8217;una iniciativa que afavoreix&nbsp;l&#8217;accessibilitat al diagn\u00f2stic a totes aquelles persones que presentin conductes de risc&nbsp;per a la infecci\u00f3. Quin objectiu t\u00e9? La detecci\u00f3 de la infecci\u00f3 per VIH&nbsp;sobre la poblaci\u00f3 de risc&nbsp;mitjan\u00e7ant el test r\u00e0pid, d\u2019uns 20 minuts [&hellip;]","og_url":"https:\/\/www.cofb.org\/ca\/que-oferim\/ciutadans\/serveis-a-la-poblacio\/programa-de-deteccio-precoc-del-vih-amb-test-rapid\/","og_site_name":"Col\u00b7legi de Farmac\u00e8utics de Barcelona","article_publisher":"https:\/\/www.facebook.com\/farmaceuticsbcn\/","article_modified_time":"2025-11-28T11:43:44+00:00","og_image":[{"url":"https:\/\/www.cofb.org\/wp-content\/uploads\/2023\/07\/test-rapid-vih.jpg"}],"twitter_card":"summary_large_image","twitter_site":"@farmaceuticsbcn","twitter_misc":{"Temps estimat de lectura":"3 minuts"},"schema":{"@context":"https:\/\/schema.org","@graph":[{"@type":"WebPage","@id":"https:\/\/www.cofb.org\/que-oferim\/ciutadans\/serveis-a-la-poblacio\/programa-de-deteccio-precoc-del-vih-amb-test-rapid\/","url":"https:\/\/www.cofb.org\/que-oferim\/ciutadans\/serveis-a-la-poblacio\/programa-de-deteccio-precoc-del-vih-amb-test-rapid\/","name":"Programa de detecci\u00f3 preco\u00e7 del VIH amb test r\u00e0pid - Col\u00b7legi de Farmac\u00e8utics de Barcelona","isPartOf":{"@id":"https:\/\/www.cofb.org\/#website"},"primaryImageOfPage":{"@id":"https:\/\/www.cofb.org\/que-oferim\/ciutadans\/serveis-a-la-poblacio\/programa-de-deteccio-precoc-del-vih-amb-test-rapid\/#primaryimage"},"image":{"@id":"https:\/\/www.cofb.org\/que-oferim\/ciutadans\/serveis-a-la-poblacio\/programa-de-deteccio-precoc-del-vih-amb-test-rapid\/#primaryimage"},"thumbnailUrl":"https:\/\/www.cofb.org\/wp-content\/uploads\/2023\/07\/test-rapid-vih.jpg","datePublished":"2023-07-27T09:05:40+00:00","dateModified":"2025-11-28T11:43:44+00:00","breadcrumb":{"@id":"https:\/\/www.cofb.org\/que-oferim\/ciutadans\/serveis-a-la-poblacio\/programa-de-deteccio-precoc-del-vih-amb-test-rapid\/#breadcrumb"},"inLanguage":"ca","potentialAction":[{"@type":"ReadAction","target":["https:\/\/www.cofb.org\/que-oferim\/ciutadans\/serveis-a-la-poblacio\/programa-de-deteccio-precoc-del-vih-amb-test-rapid\/"]}]},{"@type":"ImageObject","inLanguage":"ca","@id":"https:\/\/www.cofb.org\/que-oferim\/ciutadans\/serveis-a-la-poblacio\/programa-de-deteccio-precoc-del-vih-amb-test-rapid\/#primaryimage","url":"https:\/\/www.cofb.org\/wp-content\/uploads\/2023\/07\/test-rapid-vih.jpg","contentUrl":"https:\/\/www.cofb.org\/wp-content\/uploads\/2023\/07\/test-rapid-vih.jpg"},{"@type":"BreadcrumbList","@id":"https:\/\/www.cofb.org\/que-oferim\/ciutadans\/serveis-a-la-poblacio\/programa-de-deteccio-precoc-del-vih-amb-test-rapid\/#breadcrumb","itemListElement":[{"@type":"ListItem","position":1,"name":"Inici","item":"https:\/\/novaorg.cofb.net\/"},{"@type":"ListItem","position":2,"name":"Qu\u00e8 oferim?","item":"https:\/\/novaorg.cofb.net\/que-oferim\/"},{"@type":"ListItem","position":3,"name":"Ciutadans","item":"https:\/\/novaorg.cofb.net\/que-oferim\/ciutadans\/"},{"@type":"ListItem","position":4,"name":"Serveis a la poblaci\u00f3","item":"https:\/\/www.cofb.org\/que-oferim\/ciutadans\/serveis-a-la-poblacio\/"},{"@type":"ListItem","position":5,"name":"Programa de detecci\u00f3 preco\u00e7 del VIH amb test r\u00e0pid"}]},{"@type":"WebSite","@id":"https:\/\/www.cofb.org\/#website","url":"https:\/\/www.cofb.org\/","name":"Col\u00b7legi de Farmac\u00e8utics de Barcelona","description":"","publisher":{"@id":"https:\/\/www.cofb.org\/#organization"},"potentialAction":[{"@type":"SearchAction","target":{"@type":"EntryPoint","urlTemplate":"https:\/\/www.cofb.org\/?s={search_term_string}"},"query-input":"required name=search_term_string"}],"inLanguage":"ca"},{"@type":"Organization","@id":"https:\/\/www.cofb.org\/#organization","name":"Col\u00b7legi de Farmac\u00e8utics de Barcelona","url":"https:\/\/www.cofb.org\/","logo":{"@type":"ImageObject","inLanguage":"ca","@id":"https:\/\/www.cofb.org\/#\/schema\/logo\/image\/","url":"https:\/\/www.cofb.org\/wp-content\/uploads\/2023\/11\/cropped-Logotip-COFB.png","contentUrl":"https:\/\/www.cofb.org\/wp-content\/uploads\/2023\/11\/cropped-Logotip-COFB.png","width":500,"height":105,"caption":"Col\u00b7legi de Farmac\u00e8utics de Barcelona"},"image":{"@id":"https:\/\/www.cofb.org\/#\/schema\/logo\/image\/"},"sameAs":["https:\/\/www.facebook.com\/farmaceuticsbcn\/","https:\/\/twitter.com\/farmaceuticsbcn","https:\/\/www.instagram.com\/farmaceuticsbcn\/","https:\/\/www.linkedin.com\/company\/farmaceuticsbcn\/"]}]}},"uagb_featured_image_src":{"full":false,"thumbnail":false,"medium":false,"medium_large":false,"large":false,"1536x1536":false,"2048x2048":false,"trp-custom-language-flag":false},"uagb_author_info":{"display_name":"wpAdminCofbOrg","author_link":"https:\/\/www.cofb.org\/ca\/author\/wpadmincofborg\/"},"uagb_comment_info":0,"uagb_excerpt":"Qu\u00e8 \u00e9s el programa de detecci\u00f3 preco\u00e7 amb test r\u00e0pid? Es tracta d&#8217;una iniciativa que afavoreix&nbsp;l&#8217;accessibilitat al diagn\u00f2stic a totes aquelles persones que presentin conductes de risc&nbsp;per a la infecci\u00f3. Quin objectiu t\u00e9? La detecci\u00f3 de la infecci\u00f3 per VIH&nbsp;sobre la poblaci\u00f3 de risc&nbsp;mitjan\u00e7ant el test r\u00e0pid, d\u2019uns 20 minuts [&hellip;]","_links":{"self":[{"href":"https:\/\/www.cofb.org\/ca\/wp-json\/wp\/v2\/pages\/67719","targetHints":{"allow":["GET"]}}],"collection":[{"href":"https:\/\/www.cofb.org\/ca\/wp-json\/wp\/v2\/pages"}],"about":[{"href":"https:\/\/www.cofb.org\/ca\/wp-json\/wp\/v2\/types\/page"}],"author":[{"embeddable":true,"href":"https:\/\/www.cofb.org\/ca\/wp-json\/wp\/v2\/users\/1"}],"replies":[{"embeddable":true,"href":"https:\/\/www.cofb.org\/ca\/wp-json\/wp\/v2\/comments?post=67719"}],"version-history":[{"count":5,"href":"https:\/\/www.cofb.org\/ca\/wp-json\/wp\/v2\/pages\/67719\/revisions"}],"predecessor-version":[{"id":83013,"href":"https:\/\/www.cofb.org\/ca\/wp-json\/wp\/v2\/pages\/67719\/revisions\/83013"}],"up":[{"embeddable":true,"href":"https:\/\/www.cofb.org\/ca\/wp-json\/wp\/v2\/pages\/2951"}],"wp:attachment":[{"href":"https:\/\/www.cofb.org\/ca\/wp-json\/wp\/v2\/media?parent=67719"}],"curies":[{"name":"wp","href":"https:\/\/api.w.org\/{rel}","templated":true}]}}