{"id":67653,"date":"2023-07-27T08:39:15","date_gmt":"2023-07-27T08:39:15","guid":{"rendered":"https:\/\/novaorg.cofb.net\/?page_id=67653"},"modified":"2024-08-22T11:49:25","modified_gmt":"2024-08-22T11:49:25","slug":"atencio-pell-prevencio-del-cancer-de-pell-a-la-farmacia","status":"publish","type":"page","link":"https:\/\/www.cofb.org\/ca\/que-oferim\/ciutadans\/serveis-a-la-poblacio\/atencio-pell-prevencio-del-cancer-de-pell-a-la-farmacia\/","title":{"rendered":"Atenci\u00f3 pell: prevenci\u00f3 del c\u00e0ncer de pell a la farm\u00e0cia"},"content":{"rendered":"\n<div class=\"wp-block-uagb-slider uagb-block-0e833afe uagb-slider-container\"><div class=\"uagb-slides uagb-swiper\"><div class=\"swiper-wrapper\">\n<div class=\"wp-block-uagb-slider-child uagb-slider-child-wrap swiper-slide uagb-block-38daf7a7\"><div class=\"swiper-content\">\n<figure class=\"wp-block-image size-full\"><img fetchpriority=\"high\" decoding=\"async\" width=\"1024\" height=\"512\" src=\"https:\/\/www.cofb.org\/wp-content\/uploads\/2024\/08\/COFB_Atencio-Pell-1.jpg\" alt=\"\" class=\"wp-image-79341\" srcset=\"https:\/\/www.cofb.org\/wp-content\/uploads\/2024\/08\/COFB_Atencio-Pell-1.jpg 1024w, https:\/\/www.cofb.org\/wp-content\/uploads\/2024\/08\/COFB_Atencio-Pell-1-300x150.jpg 300w, https:\/\/www.cofb.org\/wp-content\/uploads\/2024\/08\/COFB_Atencio-Pell-1-768x384.jpg 768w, https:\/\/www.cofb.org\/wp-content\/uploads\/2024\/08\/COFB_Atencio-Pell-1-18x9.jpg 18w\" sizes=\"(max-width: 1024px) 100vw, 1024px\" \/><\/figure>\n<\/div><\/div>\n\n\n\n<div class=\"wp-block-uagb-slider-child uagb-slider-child-wrap swiper-slide uagb-block-11813160\"><div class=\"swiper-content\">\n<figure class=\"wp-block-image size-full\"><img decoding=\"async\" width=\"1024\" height=\"512\" src=\"https:\/\/www.cofb.org\/wp-content\/uploads\/2024\/08\/COFB_Atencio-Pell-2.jpg\" alt=\"\" class=\"wp-image-79342\" srcset=\"https:\/\/www.cofb.org\/wp-content\/uploads\/2024\/08\/COFB_Atencio-Pell-2.jpg 1024w, https:\/\/www.cofb.org\/wp-content\/uploads\/2024\/08\/COFB_Atencio-Pell-2-300x150.jpg 300w, https:\/\/www.cofb.org\/wp-content\/uploads\/2024\/08\/COFB_Atencio-Pell-2-768x384.jpg 768w, https:\/\/www.cofb.org\/wp-content\/uploads\/2024\/08\/COFB_Atencio-Pell-2-18x9.jpg 18w\" sizes=\"(max-width: 1024px) 100vw, 1024px\" \/><\/figure>\n<\/div><\/div>\n\n\n\n<div class=\"wp-block-uagb-slider-child uagb-slider-child-wrap swiper-slide uagb-block-e6b1a01c\"><div class=\"swiper-content\">\n<figure class=\"wp-block-image size-full\"><img decoding=\"async\" width=\"1024\" height=\"512\" src=\"https:\/\/www.cofb.org\/wp-content\/uploads\/2024\/08\/COFB_Atencio-Pell-3.jpg\" alt=\"\" class=\"wp-image-79343\" srcset=\"https:\/\/www.cofb.org\/wp-content\/uploads\/2024\/08\/COFB_Atencio-Pell-3.jpg 1024w, https:\/\/www.cofb.org\/wp-content\/uploads\/2024\/08\/COFB_Atencio-Pell-3-300x150.jpg 300w, https:\/\/www.cofb.org\/wp-content\/uploads\/2024\/08\/COFB_Atencio-Pell-3-768x384.jpg 768w, https:\/\/www.cofb.org\/wp-content\/uploads\/2024\/08\/COFB_Atencio-Pell-3-18x9.jpg 18w\" sizes=\"(max-width: 1024px) 100vw, 1024px\" \/><\/figure>\n<\/div><\/div>\n\n\n\n<div class=\"wp-block-uagb-slider-child uagb-slider-child-wrap swiper-slide uagb-block-0727c5b5\"><div class=\"swiper-content\">\n<figure class=\"wp-block-image size-full\"><img loading=\"lazy\" decoding=\"async\" width=\"1024\" height=\"512\" src=\"https:\/\/www.cofb.org\/wp-content\/uploads\/2024\/08\/COFB_Atencio-Pell-4.jpg\" alt=\"\" class=\"wp-image-79340\" srcset=\"https:\/\/www.cofb.org\/wp-content\/uploads\/2024\/08\/COFB_Atencio-Pell-4.jpg 1024w, https:\/\/www.cofb.org\/wp-content\/uploads\/2024\/08\/COFB_Atencio-Pell-4-300x150.jpg 300w, https:\/\/www.cofb.org\/wp-content\/uploads\/2024\/08\/COFB_Atencio-Pell-4-768x384.jpg 768w, https:\/\/www.cofb.org\/wp-content\/uploads\/2024\/08\/COFB_Atencio-Pell-4-18x9.jpg 18w\" sizes=\"(max-width: 1024px) 100vw, 1024px\" \/><\/figure>\n<\/div><\/div>\n\n\n\n<div class=\"wp-block-uagb-slider-child uagb-slider-child-wrap swiper-slide uagb-block-d52b7330\"><div class=\"swiper-content\">\n<figure class=\"wp-block-image size-full\"><img loading=\"lazy\" decoding=\"async\" width=\"1024\" height=\"512\" src=\"https:\/\/www.cofb.org\/wp-content\/uploads\/2024\/08\/COFB_Atencio-Pell-5.jpg\" alt=\"\" class=\"wp-image-79339\" srcset=\"https:\/\/www.cofb.org\/wp-content\/uploads\/2024\/08\/COFB_Atencio-Pell-5.jpg 1024w, https:\/\/www.cofb.org\/wp-content\/uploads\/2024\/08\/COFB_Atencio-Pell-5-300x150.jpg 300w, https:\/\/www.cofb.org\/wp-content\/uploads\/2024\/08\/COFB_Atencio-Pell-5-768x384.jpg 768w, https:\/\/www.cofb.org\/wp-content\/uploads\/2024\/08\/COFB_Atencio-Pell-5-18x9.jpg 18w\" sizes=\"(max-width: 1024px) 100vw, 1024px\" \/><\/figure>\n<\/div><\/div>\n\n\n\n<div class=\"wp-block-uagb-slider-child uagb-slider-child-wrap swiper-slide uagb-block-099176f9\"><div class=\"swiper-content\">\n<figure class=\"wp-block-image size-full\"><img loading=\"lazy\" decoding=\"async\" width=\"1024\" height=\"512\" src=\"https:\/\/www.cofb.org\/wp-content\/uploads\/2024\/08\/COFB_Atencio-Pell-6.jpg\" alt=\"\" class=\"wp-image-79338\" srcset=\"https:\/\/www.cofb.org\/wp-content\/uploads\/2024\/08\/COFB_Atencio-Pell-6.jpg 1024w, https:\/\/www.cofb.org\/wp-content\/uploads\/2024\/08\/COFB_Atencio-Pell-6-300x150.jpg 300w, https:\/\/www.cofb.org\/wp-content\/uploads\/2024\/08\/COFB_Atencio-Pell-6-768x384.jpg 768w, https:\/\/www.cofb.org\/wp-content\/uploads\/2024\/08\/COFB_Atencio-Pell-6-18x9.jpg 18w\" sizes=\"(max-width: 1024px) 100vw, 1024px\" \/><\/figure>\n<\/div><\/div>\n\n\n\n<div class=\"wp-block-uagb-slider-child uagb-slider-child-wrap swiper-slide uagb-block-c4895e44\"><div class=\"swiper-content\">\n<figure class=\"wp-block-image size-full\"><img loading=\"lazy\" decoding=\"async\" width=\"1024\" height=\"512\" src=\"https:\/\/www.cofb.org\/wp-content\/uploads\/2024\/08\/COFB_Atencio-Pell-7.jpg\" alt=\"\" class=\"wp-image-79336\" srcset=\"https:\/\/www.cofb.org\/wp-content\/uploads\/2024\/08\/COFB_Atencio-Pell-7.jpg 1024w, https:\/\/www.cofb.org\/wp-content\/uploads\/2024\/08\/COFB_Atencio-Pell-7-300x150.jpg 300w, https:\/\/www.cofb.org\/wp-content\/uploads\/2024\/08\/COFB_Atencio-Pell-7-768x384.jpg 768w, https:\/\/www.cofb.org\/wp-content\/uploads\/2024\/08\/COFB_Atencio-Pell-7-18x9.jpg 18w\" sizes=\"(max-width: 1024px) 100vw, 1024px\" \/><\/figure>\n<\/div><\/div>\n\n\n\n<div class=\"wp-block-uagb-slider-child uagb-slider-child-wrap swiper-slide uagb-block-f963d7e1\"><div class=\"swiper-content\">\n<figure class=\"wp-block-image size-full\"><img loading=\"lazy\" decoding=\"async\" width=\"1024\" height=\"512\" src=\"https:\/\/www.cofb.org\/wp-content\/uploads\/2024\/08\/COFB_Atencio-Pell-8.jpg\" alt=\"\" class=\"wp-image-79335\" srcset=\"https:\/\/www.cofb.org\/wp-content\/uploads\/2024\/08\/COFB_Atencio-Pell-8.jpg 1024w, https:\/\/www.cofb.org\/wp-content\/uploads\/2024\/08\/COFB_Atencio-Pell-8-300x150.jpg 300w, https:\/\/www.cofb.org\/wp-content\/uploads\/2024\/08\/COFB_Atencio-Pell-8-768x384.jpg 768w, https:\/\/www.cofb.org\/wp-content\/uploads\/2024\/08\/COFB_Atencio-Pell-8-18x9.jpg 18w\" sizes=\"(max-width: 1024px) 100vw, 1024px\" \/><\/figure>\n<\/div><\/div>\n\n\n\n<div class=\"wp-block-uagb-slider-child uagb-slider-child-wrap swiper-slide uagb-block-7e39b135\"><div class=\"swiper-content\">\n<figure class=\"wp-block-image size-full\"><img loading=\"lazy\" decoding=\"async\" width=\"1024\" height=\"512\" src=\"https:\/\/www.cofb.org\/wp-content\/uploads\/2024\/08\/COFB_Atencio-Pell-9.jpg\" alt=\"\" class=\"wp-image-79337\" srcset=\"https:\/\/www.cofb.org\/wp-content\/uploads\/2024\/08\/COFB_Atencio-Pell-9.jpg 1024w, https:\/\/www.cofb.org\/wp-content\/uploads\/2024\/08\/COFB_Atencio-Pell-9-300x150.jpg 300w, https:\/\/www.cofb.org\/wp-content\/uploads\/2024\/08\/COFB_Atencio-Pell-9-768x384.jpg 768w, https:\/\/www.cofb.org\/wp-content\/uploads\/2024\/08\/COFB_Atencio-Pell-9-18x9.jpg 18w\" sizes=\"(max-width: 1024px) 100vw, 1024px\" \/><\/figure>\n<\/div><\/div>\n<\/div><\/div><div class=\"swiper-pagination\"><\/div><div class=\"swiper-button-prev\"><\/div><div class=\"swiper-button-next\"><\/div><\/div>\n\n\n\n<p>9 q\u00fcestions a tenir en compte per evitar el c\u00e0ncer de pell que es van compartir a les xarxes socials del COFB<\/p>\n\n\n\n<p>Alguns d&#8217;aquests estan recollits en la infografia &#8220;6 consells abans de deixar-hi la pell&#8221;<\/p>\n\n\n\n<h2 class=\"wp-block-heading\">Qu\u00e8 \u00e9s atenci\u00f3 pell?<\/h2>\n\n\n\n<p id=\"yui_patched_v3_11_0_1_1690444146672_353\">\u00c9s una campanya impulsada pel Col\u00b7legi de Farmac\u00e8utics de Barcelona i la Unitat de Melanoma de l&#8217;Hospital Cl\u00ednic. En la&nbsp;<strong>3a edici\u00f3 de la campanya<\/strong>&nbsp;-celebrada del&nbsp;<strong>23 de maig<\/strong>&nbsp;(Dia Mundial del Melanoma) al&nbsp;<strong>13 de juny<\/strong>&nbsp;de 2018&nbsp;(Dia Europeu de la Prevenci\u00f3 del C\u00e0ncer de Pell)- van col\u00b7laborar-hi&nbsp;<strong>m\u00e9s de 504&nbsp;farm\u00e0cies<\/strong>&nbsp;<strong>comunit\u00e0ries<\/strong>&nbsp;de la prov\u00edncia de Barcelona. Els&nbsp;<strong>farmac\u00e8utics participants<\/strong>&nbsp;han determinat, des de l&#8217;any 2016,&nbsp;els&nbsp;<strong>factors de risc<\/strong>&nbsp;<strong>de patir c\u00e0ncer de pell<\/strong>&nbsp;de&nbsp;<strong>m\u00e9s de 12.000 persones<\/strong>.<\/p>\n\n\n\n<h2 class=\"wp-block-heading\">Quin \u00e9s l&#8217;objectiu?<\/h2>\n\n\n\n<p id=\"yui_patched_v3_11_0_1_1690444146672_355\">&#8220;Atenci\u00f3 Pell&#8221; t\u00e9 per objectiu&nbsp;la&nbsp;<strong>promoci\u00f3 de bons h\u00e0bits de salut<\/strong>&nbsp;i de<strong>&nbsp;fotoprotecci\u00f3<\/strong>&nbsp;per a la&nbsp;<strong>prevenci\u00f3 del c\u00e0ncer de pell<\/strong>.<\/p>\n\n\n\n<h2 class=\"wp-block-heading\">Com funciona? <\/h2>\n\n\n\n<p id=\"yui_patched_v3_11_0_1_1690444146672_358\">Els farmac\u00e8utics determinen els&nbsp;<strong>factors de risc de patir c\u00e0ncer de pell&nbsp;<\/strong>a trav\u00e9s d\u2019un&nbsp;<strong>q\u00fcestionari de salut<\/strong>&nbsp;i una&nbsp;<strong>exploraci\u00f3 de la pell descoberta del cap, coll i bra\u00e7os<\/strong>, en qu\u00e8 es&nbsp; fa un&nbsp;<strong>comptatge de lesions pigmentades<\/strong>&nbsp;i&nbsp;<strong>determinaci\u00f3 de la pres\u00e8ncia de lesions de dany solar cr\u00f2nic<\/strong>.<\/p>\n\n\n\n<p id=\"yui_patched_v3_11_0_1_1690444146672_361\">Aquesta intervenci\u00f3 ha estat desenvolupada conjuntament amb dermat\u00f2legs de la Unitat de Melanoma i&nbsp;<strong>les persones que presenten&nbsp;factors de risc de patir c\u00e0ncer de pell s\u00f3n derivades al seu metge de fam\u00edlia i\/o al seu dermat\u00f2leg<\/strong>, perqu\u00e8 a trav\u00e9s de l\u2019exploraci\u00f3 cut\u00e0nia de cos sencer pugui&nbsp;<strong>donar seguiment a aquelles persones m\u00e9s vulnerables a desenvolupar c\u00e0ncer de pell<\/strong>.<\/p>\n\n\n\n<h2 class=\"wp-block-heading\">Qu\u00e8 s&#8217;ha aconseguit?<\/h2>\n\n\n\n<p id=\"yui_patched_v3_11_0_1_1690444146672_366\">S\u2019ha pogut determinar que hi ha un&nbsp;<strong>65,1% dels participants&nbsp;<\/strong>amb&nbsp;<strong>factors de risc de c\u00e0ncer de pell<\/strong>. En estudis associats a aquesta intervenci\u00f3, dermat\u00f2legs de la<strong>&nbsp;Unitat de Melanoma<\/strong>&nbsp;van determinar que el&nbsp;<strong>10% de les persones a qui els farmac\u00e8utics trobaven factors de risc de c\u00e0ncer de pell<\/strong>&nbsp;presentaven algun tipus de c\u00e0ncer de pell, mentre que la prevalen\u00e7a en persones sense factor de risc \u00e9s de&nbsp;<strong>menys del 3%<\/strong>.<\/p>\n\n\n\n<h2 class=\"wp-block-heading\">On es duu a terme?<\/h2>\n\n\n\n<p id=\"yui_patched_v3_11_0_1_1690444146672_371\">A les&nbsp;<strong>farm\u00e0cies comunit\u00e0ries<\/strong>&nbsp;de la prov\u00edncia de Barcelona&nbsp;adherides a la campanya.<\/p>\n\n\n\n<h2 class=\"wp-block-heading\">Material de suport<\/h2>\n\n\n\n<div class=\"wp-block-columns is-layout-flex wp-container-core-columns-is-layout-28f84493 wp-block-columns-is-layout-flex\">\n<div class=\"wp-block-column is-layout-flow wp-block-column-is-layout-flow\">\n<div class=\"wp-block-uagb-image aligncenter uagb-block-67935f28 wp-block-uagb-image--layout-default wp-block-uagb-image--effect-static wp-block-uagb-image--align-center\"><figure class=\"wp-block-uagb-image__figure\"><a class=\"\" href=\"https:\/\/www.cofb.org\/wp-content\/uploads\/2023\/09\/atencio-pell.jpg\" target=\"_blank\" rel=\"noreferrer noopener\"><img loading=\"lazy\" decoding=\"async\" srcset=\"https:\/\/www.cofb.org\/wp-content\/uploads\/2023\/09\/atencio-pell.jpg \" sizes=\"auto, (max-width: 480px) 150px\" src=\"https:\/\/www.cofb.org\/wp-content\/uploads\/2023\/09\/atencio-pell.jpg\" alt=\"\" class=\"uag-image-68522\" width=\"260\" height=\"367\" title=\"\" loading=\"lazy\" role=\"img\"\/><\/a><\/figure><\/div>\n<\/div>\n\n\n\n<div class=\"wp-block-column is-layout-flow wp-block-column-is-layout-flow\">\n<div class=\"wp-block-uagb-image uagb-block-c7833793 wp-block-uagb-image--layout-default wp-block-uagb-image--effect-static wp-block-uagb-image--align-none\"><figure class=\"wp-block-uagb-image__figure\"><a class=\"\" href=\"https:\/\/www.cofb.org\/wp-content\/uploads\/2023\/09\/atencio-pell1.jpg\" target=\"_blank\" rel=\"noreferrer noopener\"><img loading=\"lazy\" decoding=\"async\" srcset=\"https:\/\/www.cofb.org\/wp-content\/uploads\/2023\/09\/atencio-pell1.jpg \" sizes=\"auto, (max-width: 480px) 150px\" src=\"https:\/\/www.cofb.org\/wp-content\/uploads\/2023\/09\/atencio-pell1.jpg\" alt=\"\" class=\"uag-image-68523\" width=\"263\" height=\"126\" title=\"\" loading=\"lazy\" role=\"img\"\/><\/a><\/figure><\/div>\n<\/div>\n<\/div>\n\n\n\n<h2 class=\"wp-block-heading\">M\u00e9s informaci\u00f3<\/h2>\n\n\n\n<p class=\"icones\"><img loading=\"lazy\" decoding=\"async\" width=\"150\" height=\"176\" class=\"wp-image-67596\" style=\"width: 150px;\" src=\"https:\/\/www.cofb.org\/wp-content\/uploads\/2023\/07\/logo-cofb-negre.jpg\" alt=\"\">&nbsp;Departament de&nbsp;Formaci\u00f3 i Desenvolupament Professional del COFB<\/p>\n\n\n\n<p class=\"icones\"><img decoding=\"async\" alt=\"\" src=\"https:\/\/www.cofb.org\/documents\/10136\/1067764\/Correu.png\/69f7b5c4-3c19-447d-9ff6-25e8e46c97cf?t=1542018760660\">&nbsp;Correu electr\u00f2nic:&nbsp;<a href=\"mailto:projectes@cofb.net\">projectes@cofb.net<\/a><\/p>\n\n\n\n<p class=\"icones\"><img decoding=\"async\" src=\"https:\/\/www.cofb.org\/documents\/10136\/1067764\/Tel%C3%A9fono.png\/83de66f5-8867-4acf-ba6c-ea129dc67556?t=1542018738546\" alt=\"\">&nbsp;Tel\u00e8fon:&nbsp;93 244 07 10 (ext. 2)<\/p>\n\n\n\n<p class=\"icones\"><img loading=\"lazy\" decoding=\"async\" width=\"70\" height=\"70\" class=\"wp-image-67601\" style=\"width: 70px;\" src=\"https:\/\/www.cofb.org\/wp-content\/uploads\/2023\/07\/web-cofb-1.png\" alt=\"\"><a href=\"https:\/\/www.farmaceuticonline.com\/serveis-addicionals\/prevencio-del-cancer-de-pell\/\" target=\"_blank\" rel=\"noreferrer noopener\">\u00a0Farmaceuticonline<\/a><\/p>\n\n\n\n<p class=\"icones\"><img loading=\"lazy\" decoding=\"async\" width=\"70\" height=\"70\" class=\"wp-image-67603\" style=\"width: 70px;\" src=\"https:\/\/www.cofb.org\/wp-content\/uploads\/2023\/07\/pantalla.png\" alt=\"\">&nbsp;<a href=\"https:\/\/blog.cofb.cat\/blog\/2018\/05\/24\/en-marxa-la-tercera-edicio-de-la-campanya-atenciopell-organitzada-pel-cofb-i-lhospital-clinic-de-barcelona\/\" data-type=\"URL\" data-id=\"https:\/\/blog.cofb.cat\/blog\/2018\/05\/24\/en-marxa-la-tercera-edicio-de-la-campanya-atenciopell-organitzada-pel-cofb-i-lhospital-clinic-de-barcelona\/\" target=\"_blank\" rel=\"noreferrer noopener\">Blog del COFB<\/a><\/p>\n","protected":false},"excerpt":{"rendered":"<p>9 q\u00fcestions a tenir en compte per evitar el c\u00e0ncer de pell que es van compartir a les xarxes socials del COFB Alguns d&#8217;aquests estan recollits en la infografia &#8220;6 consells abans de deixar-hi la pell&#8221; Qu\u00e8 \u00e9s atenci\u00f3 pell? \u00c9s una campanya impulsada pel Col\u00b7legi de Farmac\u00e8utics de Barcelona [&hellip;]<\/p>\n","protected":false},"author":1,"featured_media":0,"parent":2951,"menu_order":7,"comment_status":"closed","ping_status":"closed","template":"","meta":{"_uag_custom_page_level_css":"","site-sidebar-layout":"default","site-content-layout":"","ast-site-content-layout":"default","site-content-style":"default","site-sidebar-style":"default","ast-global-header-display":"","ast-banner-title-visibility":"","ast-main-header-display":"","ast-hfb-above-header-display":"","ast-hfb-below-header-display":"","ast-hfb-mobile-header-display":"","site-post-title":"","ast-breadcrumbs-content":"","ast-featured-img":"","footer-sml-layout":"","theme-transparent-header-meta":"","adv-header-id-meta":"","stick-header-meta":"","header-above-stick-meta":"","header-main-stick-meta":"","header-below-stick-meta":"","astra-migrate-meta-layouts":"set","ast-page-background-enabled":"default","ast-page-background-meta":{"desktop":{"background-color":"var(--ast-global-color-4)","background-image":"","background-repeat":"repeat","background-position":"center center","background-size":"auto","background-attachment":"scroll","background-type":"","background-media":"","overlay-type":"","overlay-color":"","overlay-opacity":"","overlay-gradient":""},"tablet":{"background-color":"","background-image":"","background-repeat":"repeat","background-position":"center center","background-size":"auto","background-attachment":"scroll","background-type":"","background-media":"","overlay-type":"","overlay-color":"","overlay-opacity":"","overlay-gradient":""},"mobile":{"background-color":"","background-image":"","background-repeat":"repeat","background-position":"center center","background-size":"auto","background-attachment":"scroll","background-type":"","background-media":"","overlay-type":"","overlay-color":"","overlay-opacity":"","overlay-gradient":""}},"ast-content-background-meta":{"desktop":{"background-color":"var(--ast-global-color-5)","background-image":"","background-repeat":"repeat","background-position":"center center","background-size":"auto","background-attachment":"scroll","background-type":"","background-media":"","overlay-type":"","overlay-color":"","overlay-opacity":"","overlay-gradient":""},"tablet":{"background-color":"var(--ast-global-color-5)","background-image":"","background-repeat":"repeat","background-position":"center center","background-size":"auto","background-attachment":"scroll","background-type":"","background-media":"","overlay-type":"","overlay-color":"","overlay-opacity":"","overlay-gradient":""},"mobile":{"background-color":"var(--ast-global-color-5)","background-image":"","background-repeat":"repeat","background-position":"center center","background-size":"auto","background-attachment":"scroll","background-type":"","background-media":"","overlay-type":"","overlay-color":"","overlay-opacity":"","overlay-gradient":""}},"footnotes":""},"class_list":["post-67653","page","type-page","status-publish","hentry"],"yoast_head":"<!-- This site is optimized with the Yoast SEO plugin v22.4 - https:\/\/yoast.com\/wordpress\/plugins\/seo\/ -->\n<title>Atenci\u00f3 pell: prevenci\u00f3 del c\u00e0ncer de pell a la farm\u00e0cia - Col\u00b7legi de Farmac\u00e8utics de Barcelona<\/title>\n<meta name=\"robots\" content=\"index, follow, max-snippet:-1, max-image-preview:large, max-video-preview:-1\" \/>\n<link rel=\"canonical\" href=\"https:\/\/www.cofb.org\/ca\/que-oferim\/ciutadans\/serveis-a-la-poblacio\/atencio-pell-prevencio-del-cancer-de-pell-a-la-farmacia\/\" \/>\n<meta property=\"og:locale\" content=\"ca_ES\" \/>\n<meta property=\"og:type\" content=\"article\" \/>\n<meta property=\"og:title\" content=\"Atenci\u00f3 pell: prevenci\u00f3 del c\u00e0ncer de pell a la farm\u00e0cia - Col\u00b7legi de Farmac\u00e8utics de Barcelona\" \/>\n<meta property=\"og:description\" content=\"9 q\u00fcestions a tenir en compte per evitar el c\u00e0ncer de pell que es van compartir a les xarxes socials del COFB Alguns d&#8217;aquests estan recollits en la infografia &#8220;6 consells abans de deixar-hi la pell&#8221; Qu\u00e8 \u00e9s atenci\u00f3 pell? \u00c9s una campanya impulsada pel Col\u00b7legi de Farmac\u00e8utics de Barcelona [&hellip;]\" \/>\n<meta property=\"og:url\" content=\"https:\/\/www.cofb.org\/ca\/que-oferim\/ciutadans\/serveis-a-la-poblacio\/atencio-pell-prevencio-del-cancer-de-pell-a-la-farmacia\/\" \/>\n<meta property=\"og:site_name\" content=\"Col\u00b7legi de Farmac\u00e8utics de Barcelona\" \/>\n<meta property=\"article:publisher\" content=\"https:\/\/www.facebook.com\/farmaceuticsbcn\/\" \/>\n<meta property=\"article:modified_time\" content=\"2024-08-22T11:49:25+00:00\" \/>\n<meta property=\"og:image\" content=\"https:\/\/www.cofb.org\/wp-content\/uploads\/2024\/08\/COFB_Atencio-Pell-1.jpg\" \/>\n<meta name=\"twitter:card\" content=\"summary_large_image\" \/>\n<meta name=\"twitter:site\" content=\"@farmaceuticsbcn\" \/>\n<meta name=\"twitter:label1\" content=\"Temps estimat de lectura\" \/>\n\t<meta name=\"twitter:data1\" content=\"6 minuts\" \/>\n<script type=\"application\/ld+json\" class=\"yoast-schema-graph\">{\"@context\":\"https:\/\/schema.org\",\"@graph\":[{\"@type\":\"WebPage\",\"@id\":\"https:\/\/www.cofb.org\/que-oferim\/ciutadans\/serveis-a-la-poblacio\/atencio-pell-prevencio-del-cancer-de-pell-a-la-farmacia\/\",\"url\":\"https:\/\/www.cofb.org\/que-oferim\/ciutadans\/serveis-a-la-poblacio\/atencio-pell-prevencio-del-cancer-de-pell-a-la-farmacia\/\",\"name\":\"Atenci\u00f3 pell: prevenci\u00f3 del c\u00e0ncer de pell a la farm\u00e0cia - Col\u00b7legi de Farmac\u00e8utics de Barcelona\",\"isPartOf\":{\"@id\":\"https:\/\/www.cofb.org\/#website\"},\"primaryImageOfPage\":{\"@id\":\"https:\/\/www.cofb.org\/que-oferim\/ciutadans\/serveis-a-la-poblacio\/atencio-pell-prevencio-del-cancer-de-pell-a-la-farmacia\/#primaryimage\"},\"image\":{\"@id\":\"https:\/\/www.cofb.org\/que-oferim\/ciutadans\/serveis-a-la-poblacio\/atencio-pell-prevencio-del-cancer-de-pell-a-la-farmacia\/#primaryimage\"},\"thumbnailUrl\":\"https:\/\/www.cofb.org\/wp-content\/uploads\/2024\/08\/COFB_Atencio-Pell-1.jpg\",\"datePublished\":\"2023-07-27T08:39:15+00:00\",\"dateModified\":\"2024-08-22T11:49:25+00:00\",\"breadcrumb\":{\"@id\":\"https:\/\/www.cofb.org\/que-oferim\/ciutadans\/serveis-a-la-poblacio\/atencio-pell-prevencio-del-cancer-de-pell-a-la-farmacia\/#breadcrumb\"},\"inLanguage\":\"ca\",\"potentialAction\":[{\"@type\":\"ReadAction\",\"target\":[\"https:\/\/www.cofb.org\/que-oferim\/ciutadans\/serveis-a-la-poblacio\/atencio-pell-prevencio-del-cancer-de-pell-a-la-farmacia\/\"]}]},{\"@type\":\"ImageObject\",\"inLanguage\":\"ca\",\"@id\":\"https:\/\/www.cofb.org\/que-oferim\/ciutadans\/serveis-a-la-poblacio\/atencio-pell-prevencio-del-cancer-de-pell-a-la-farmacia\/#primaryimage\",\"url\":\"https:\/\/www.cofb.org\/wp-content\/uploads\/2024\/08\/COFB_Atencio-Pell-1.jpg\",\"contentUrl\":\"https:\/\/www.cofb.org\/wp-content\/uploads\/2024\/08\/COFB_Atencio-Pell-1.jpg\"},{\"@type\":\"BreadcrumbList\",\"@id\":\"https:\/\/www.cofb.org\/que-oferim\/ciutadans\/serveis-a-la-poblacio\/atencio-pell-prevencio-del-cancer-de-pell-a-la-farmacia\/#breadcrumb\",\"itemListElement\":[{\"@type\":\"ListItem\",\"position\":1,\"name\":\"Inici\",\"item\":\"https:\/\/novaorg.cofb.net\/\"},{\"@type\":\"ListItem\",\"position\":2,\"name\":\"Qu\u00e8 oferim?\",\"item\":\"https:\/\/novaorg.cofb.net\/que-oferim\/\"},{\"@type\":\"ListItem\",\"position\":3,\"name\":\"Ciutadans\",\"item\":\"https:\/\/novaorg.cofb.net\/que-oferim\/ciutadans\/\"},{\"@type\":\"ListItem\",\"position\":4,\"name\":\"Serveis a la poblaci\u00f3\",\"item\":\"https:\/\/www.cofb.org\/que-oferim\/ciutadans\/serveis-a-la-poblacio\/\"},{\"@type\":\"ListItem\",\"position\":5,\"name\":\"Atenci\u00f3 pell: prevenci\u00f3 del c\u00e0ncer de pell a la farm\u00e0cia\"}]},{\"@type\":\"WebSite\",\"@id\":\"https:\/\/www.cofb.org\/#website\",\"url\":\"https:\/\/www.cofb.org\/\",\"name\":\"Col\u00b7legi de Farmac\u00e8utics de Barcelona\",\"description\":\"\",\"publisher\":{\"@id\":\"https:\/\/www.cofb.org\/#organization\"},\"potentialAction\":[{\"@type\":\"SearchAction\",\"target\":{\"@type\":\"EntryPoint\",\"urlTemplate\":\"https:\/\/www.cofb.org\/?s={search_term_string}\"},\"query-input\":\"required name=search_term_string\"}],\"inLanguage\":\"ca\"},{\"@type\":\"Organization\",\"@id\":\"https:\/\/www.cofb.org\/#organization\",\"name\":\"Col\u00b7legi de Farmac\u00e8utics de Barcelona\",\"url\":\"https:\/\/www.cofb.org\/\",\"logo\":{\"@type\":\"ImageObject\",\"inLanguage\":\"ca\",\"@id\":\"https:\/\/www.cofb.org\/#\/schema\/logo\/image\/\",\"url\":\"https:\/\/www.cofb.org\/wp-content\/uploads\/2023\/11\/cropped-Logotip-COFB.png\",\"contentUrl\":\"https:\/\/www.cofb.org\/wp-content\/uploads\/2023\/11\/cropped-Logotip-COFB.png\",\"width\":500,\"height\":105,\"caption\":\"Col\u00b7legi de Farmac\u00e8utics de Barcelona\"},\"image\":{\"@id\":\"https:\/\/www.cofb.org\/#\/schema\/logo\/image\/\"},\"sameAs\":[\"https:\/\/www.facebook.com\/farmaceuticsbcn\/\",\"https:\/\/twitter.com\/farmaceuticsbcn\",\"https:\/\/www.instagram.com\/farmaceuticsbcn\/\",\"https:\/\/www.linkedin.com\/company\/farmaceuticsbcn\/\"]}]}<\/script>\n<!-- \/ Yoast SEO plugin. -->","yoast_head_json":{"title":"Atenci\u00f3 pell: prevenci\u00f3 del c\u00e0ncer de pell a la farm\u00e0cia - Col\u00b7legi de Farmac\u00e8utics de Barcelona","robots":{"index":"index","follow":"follow","max-snippet":"max-snippet:-1","max-image-preview":"max-image-preview:large","max-video-preview":"max-video-preview:-1"},"canonical":"https:\/\/www.cofb.org\/ca\/que-oferim\/ciutadans\/serveis-a-la-poblacio\/atencio-pell-prevencio-del-cancer-de-pell-a-la-farmacia\/","og_locale":"ca_ES","og_type":"article","og_title":"Atenci\u00f3 pell: prevenci\u00f3 del c\u00e0ncer de pell a la farm\u00e0cia - Col\u00b7legi de Farmac\u00e8utics de Barcelona","og_description":"9 q\u00fcestions a tenir en compte per evitar el c\u00e0ncer de pell que es van compartir a les xarxes socials del COFB Alguns d&#8217;aquests estan recollits en la infografia &#8220;6 consells abans de deixar-hi la pell&#8221; Qu\u00e8 \u00e9s atenci\u00f3 pell? \u00c9s una campanya impulsada pel Col\u00b7legi de Farmac\u00e8utics de Barcelona [&hellip;]","og_url":"https:\/\/www.cofb.org\/ca\/que-oferim\/ciutadans\/serveis-a-la-poblacio\/atencio-pell-prevencio-del-cancer-de-pell-a-la-farmacia\/","og_site_name":"Col\u00b7legi de Farmac\u00e8utics de Barcelona","article_publisher":"https:\/\/www.facebook.com\/farmaceuticsbcn\/","article_modified_time":"2024-08-22T11:49:25+00:00","og_image":[{"url":"https:\/\/www.cofb.org\/wp-content\/uploads\/2024\/08\/COFB_Atencio-Pell-1.jpg"}],"twitter_card":"summary_large_image","twitter_site":"@farmaceuticsbcn","twitter_misc":{"Temps estimat de lectura":"6 minuts"},"schema":{"@context":"https:\/\/schema.org","@graph":[{"@type":"WebPage","@id":"https:\/\/www.cofb.org\/que-oferim\/ciutadans\/serveis-a-la-poblacio\/atencio-pell-prevencio-del-cancer-de-pell-a-la-farmacia\/","url":"https:\/\/www.cofb.org\/que-oferim\/ciutadans\/serveis-a-la-poblacio\/atencio-pell-prevencio-del-cancer-de-pell-a-la-farmacia\/","name":"Atenci\u00f3 pell: prevenci\u00f3 del c\u00e0ncer de pell a la farm\u00e0cia - Col\u00b7legi de Farmac\u00e8utics de Barcelona","isPartOf":{"@id":"https:\/\/www.cofb.org\/#website"},"primaryImageOfPage":{"@id":"https:\/\/www.cofb.org\/que-oferim\/ciutadans\/serveis-a-la-poblacio\/atencio-pell-prevencio-del-cancer-de-pell-a-la-farmacia\/#primaryimage"},"image":{"@id":"https:\/\/www.cofb.org\/que-oferim\/ciutadans\/serveis-a-la-poblacio\/atencio-pell-prevencio-del-cancer-de-pell-a-la-farmacia\/#primaryimage"},"thumbnailUrl":"https:\/\/www.cofb.org\/wp-content\/uploads\/2024\/08\/COFB_Atencio-Pell-1.jpg","datePublished":"2023-07-27T08:39:15+00:00","dateModified":"2024-08-22T11:49:25+00:00","breadcrumb":{"@id":"https:\/\/www.cofb.org\/que-oferim\/ciutadans\/serveis-a-la-poblacio\/atencio-pell-prevencio-del-cancer-de-pell-a-la-farmacia\/#breadcrumb"},"inLanguage":"ca","potentialAction":[{"@type":"ReadAction","target":["https:\/\/www.cofb.org\/que-oferim\/ciutadans\/serveis-a-la-poblacio\/atencio-pell-prevencio-del-cancer-de-pell-a-la-farmacia\/"]}]},{"@type":"ImageObject","inLanguage":"ca","@id":"https:\/\/www.cofb.org\/que-oferim\/ciutadans\/serveis-a-la-poblacio\/atencio-pell-prevencio-del-cancer-de-pell-a-la-farmacia\/#primaryimage","url":"https:\/\/www.cofb.org\/wp-content\/uploads\/2024\/08\/COFB_Atencio-Pell-1.jpg","contentUrl":"https:\/\/www.cofb.org\/wp-content\/uploads\/2024\/08\/COFB_Atencio-Pell-1.jpg"},{"@type":"BreadcrumbList","@id":"https:\/\/www.cofb.org\/que-oferim\/ciutadans\/serveis-a-la-poblacio\/atencio-pell-prevencio-del-cancer-de-pell-a-la-farmacia\/#breadcrumb","itemListElement":[{"@type":"ListItem","position":1,"name":"Inici","item":"https:\/\/novaorg.cofb.net\/"},{"@type":"ListItem","position":2,"name":"Qu\u00e8 oferim?","item":"https:\/\/novaorg.cofb.net\/que-oferim\/"},{"@type":"ListItem","position":3,"name":"Ciutadans","item":"https:\/\/novaorg.cofb.net\/que-oferim\/ciutadans\/"},{"@type":"ListItem","position":4,"name":"Serveis a la poblaci\u00f3","item":"https:\/\/www.cofb.org\/que-oferim\/ciutadans\/serveis-a-la-poblacio\/"},{"@type":"ListItem","position":5,"name":"Atenci\u00f3 pell: prevenci\u00f3 del c\u00e0ncer de pell a la farm\u00e0cia"}]},{"@type":"WebSite","@id":"https:\/\/www.cofb.org\/#website","url":"https:\/\/www.cofb.org\/","name":"Col\u00b7legi de Farmac\u00e8utics de Barcelona","description":"","publisher":{"@id":"https:\/\/www.cofb.org\/#organization"},"potentialAction":[{"@type":"SearchAction","target":{"@type":"EntryPoint","urlTemplate":"https:\/\/www.cofb.org\/?s={search_term_string}"},"query-input":"required name=search_term_string"}],"inLanguage":"ca"},{"@type":"Organization","@id":"https:\/\/www.cofb.org\/#organization","name":"Col\u00b7legi de Farmac\u00e8utics de Barcelona","url":"https:\/\/www.cofb.org\/","logo":{"@type":"ImageObject","inLanguage":"ca","@id":"https:\/\/www.cofb.org\/#\/schema\/logo\/image\/","url":"https:\/\/www.cofb.org\/wp-content\/uploads\/2023\/11\/cropped-Logotip-COFB.png","contentUrl":"https:\/\/www.cofb.org\/wp-content\/uploads\/2023\/11\/cropped-Logotip-COFB.png","width":500,"height":105,"caption":"Col\u00b7legi de Farmac\u00e8utics de Barcelona"},"image":{"@id":"https:\/\/www.cofb.org\/#\/schema\/logo\/image\/"},"sameAs":["https:\/\/www.facebook.com\/farmaceuticsbcn\/","https:\/\/twitter.com\/farmaceuticsbcn","https:\/\/www.instagram.com\/farmaceuticsbcn\/","https:\/\/www.linkedin.com\/company\/farmaceuticsbcn\/"]}]}},"uagb_featured_image_src":{"full":false,"thumbnail":false,"medium":false,"medium_large":false,"large":false,"1536x1536":false,"2048x2048":false,"trp-custom-language-flag":false},"uagb_author_info":{"display_name":"wpAdminCofbOrg","author_link":"https:\/\/www.cofb.org\/ca\/author\/wpadmincofborg\/"},"uagb_comment_info":0,"uagb_excerpt":"9 q\u00fcestions a tenir en compte per evitar el c\u00e0ncer de pell que es van compartir a les xarxes socials del COFB Alguns d&#8217;aquests estan recollits en la infografia &#8220;6 consells abans de deixar-hi la pell&#8221; Qu\u00e8 \u00e9s atenci\u00f3 pell? \u00c9s una campanya impulsada pel Col\u00b7legi de Farmac\u00e8utics de Barcelona [&hellip;]","_links":{"self":[{"href":"https:\/\/www.cofb.org\/ca\/wp-json\/wp\/v2\/pages\/67653","targetHints":{"allow":["GET"]}}],"collection":[{"href":"https:\/\/www.cofb.org\/ca\/wp-json\/wp\/v2\/pages"}],"about":[{"href":"https:\/\/www.cofb.org\/ca\/wp-json\/wp\/v2\/types\/page"}],"author":[{"embeddable":true,"href":"https:\/\/www.cofb.org\/ca\/wp-json\/wp\/v2\/users\/1"}],"replies":[{"embeddable":true,"href":"https:\/\/www.cofb.org\/ca\/wp-json\/wp\/v2\/comments?post=67653"}],"version-history":[{"count":7,"href":"https:\/\/www.cofb.org\/ca\/wp-json\/wp\/v2\/pages\/67653\/revisions"}],"predecessor-version":[{"id":79356,"href":"https:\/\/www.cofb.org\/ca\/wp-json\/wp\/v2\/pages\/67653\/revisions\/79356"}],"up":[{"embeddable":true,"href":"https:\/\/www.cofb.org\/ca\/wp-json\/wp\/v2\/pages\/2951"}],"wp:attachment":[{"href":"https:\/\/www.cofb.org\/ca\/wp-json\/wp\/v2\/media?parent=67653"}],"curies":[{"name":"wp","href":"https:\/\/api.w.org\/{rel}","templated":true}]}}