{"id":67648,"date":"2023-07-27T07:42:25","date_gmt":"2023-07-27T07:42:25","guid":{"rendered":"https:\/\/novaorg.cofb.net\/?page_id=67648"},"modified":"2024-08-22T11:48:39","modified_gmt":"2024-08-22T11:48:39","slug":"atencio-diabetis-jo-diabetis","status":"publish","type":"page","link":"https:\/\/www.cofb.org\/ca\/que-oferim\/ciutadans\/serveis-a-la-poblacio\/atencio-diabetis-jo-diabetis\/","title":{"rendered":"Atenci\u00f3 diabetis: &#8220;Jo, diabetis?&#8221;"},"content":{"rendered":"\n<div class=\"wp-block-uagb-slider uagb-block-72111213 uagb-slider-container\"><div class=\"uagb-slides uagb-swiper\"><div class=\"swiper-wrapper\">\n<div class=\"wp-block-uagb-slider-child uagb-slider-child-wrap swiper-slide uagb-block-5dbef7c8\"><div class=\"swiper-content\">\n<figure class=\"wp-block-image aligncenter size-full\"><img fetchpriority=\"high\" decoding=\"async\" width=\"1024\" height=\"512\" src=\"https:\/\/www.cofb.org\/wp-content\/uploads\/2024\/08\/COFB_Atencio-Diabetis-1.jpg\" alt=\"\" class=\"wp-image-79322\" srcset=\"https:\/\/www.cofb.org\/wp-content\/uploads\/2024\/08\/COFB_Atencio-Diabetis-1.jpg 1024w, https:\/\/www.cofb.org\/wp-content\/uploads\/2024\/08\/COFB_Atencio-Diabetis-1-300x150.jpg 300w, https:\/\/www.cofb.org\/wp-content\/uploads\/2024\/08\/COFB_Atencio-Diabetis-1-768x384.jpg 768w, https:\/\/www.cofb.org\/wp-content\/uploads\/2024\/08\/COFB_Atencio-Diabetis-1-18x9.jpg 18w\" sizes=\"(max-width: 1024px) 100vw, 1024px\" \/><\/figure>\n<\/div><\/div>\n\n\n\n<div class=\"wp-block-uagb-slider-child uagb-slider-child-wrap swiper-slide uagb-block-f1c7a7d1\"><div class=\"swiper-content\">\n<figure class=\"wp-block-image aligncenter size-full\"><img decoding=\"async\" width=\"1024\" height=\"512\" src=\"https:\/\/www.cofb.org\/wp-content\/uploads\/2024\/08\/COFB_Atencio-Diabetis-2.jpg\" alt=\"\" class=\"wp-image-79323\" srcset=\"https:\/\/www.cofb.org\/wp-content\/uploads\/2024\/08\/COFB_Atencio-Diabetis-2.jpg 1024w, https:\/\/www.cofb.org\/wp-content\/uploads\/2024\/08\/COFB_Atencio-Diabetis-2-300x150.jpg 300w, https:\/\/www.cofb.org\/wp-content\/uploads\/2024\/08\/COFB_Atencio-Diabetis-2-768x384.jpg 768w, https:\/\/www.cofb.org\/wp-content\/uploads\/2024\/08\/COFB_Atencio-Diabetis-2-18x9.jpg 18w\" sizes=\"(max-width: 1024px) 100vw, 1024px\" \/><\/figure>\n<\/div><\/div>\n\n\n\n<div class=\"wp-block-uagb-slider-child uagb-slider-child-wrap swiper-slide uagb-block-acfed814\"><div class=\"swiper-content\">\n<figure class=\"wp-block-image aligncenter size-full\"><img decoding=\"async\" width=\"1024\" height=\"512\" src=\"https:\/\/www.cofb.org\/wp-content\/uploads\/2024\/08\/COFB_Atencio-Diabetis-3.jpg\" alt=\"\" class=\"wp-image-79324\" srcset=\"https:\/\/www.cofb.org\/wp-content\/uploads\/2024\/08\/COFB_Atencio-Diabetis-3.jpg 1024w, https:\/\/www.cofb.org\/wp-content\/uploads\/2024\/08\/COFB_Atencio-Diabetis-3-300x150.jpg 300w, https:\/\/www.cofb.org\/wp-content\/uploads\/2024\/08\/COFB_Atencio-Diabetis-3-768x384.jpg 768w, https:\/\/www.cofb.org\/wp-content\/uploads\/2024\/08\/COFB_Atencio-Diabetis-3-18x9.jpg 18w\" sizes=\"(max-width: 1024px) 100vw, 1024px\" \/><\/figure>\n<\/div><\/div>\n\n\n\n<div class=\"wp-block-uagb-slider-child uagb-slider-child-wrap swiper-slide uagb-block-2a58473d\"><div class=\"swiper-content\">\n<figure class=\"wp-block-image aligncenter size-full\"><img loading=\"lazy\" decoding=\"async\" width=\"1024\" height=\"512\" src=\"https:\/\/www.cofb.org\/wp-content\/uploads\/2024\/08\/COFB_Atencio-Diabetis-4.jpg\" alt=\"\" class=\"wp-image-79325\" srcset=\"https:\/\/www.cofb.org\/wp-content\/uploads\/2024\/08\/COFB_Atencio-Diabetis-4.jpg 1024w, https:\/\/www.cofb.org\/wp-content\/uploads\/2024\/08\/COFB_Atencio-Diabetis-4-300x150.jpg 300w, https:\/\/www.cofb.org\/wp-content\/uploads\/2024\/08\/COFB_Atencio-Diabetis-4-768x384.jpg 768w, https:\/\/www.cofb.org\/wp-content\/uploads\/2024\/08\/COFB_Atencio-Diabetis-4-18x9.jpg 18w\" sizes=\"(max-width: 1024px) 100vw, 1024px\" \/><\/figure>\n\n\n\n<div class=\"wp-block-uagb-container uagb-block-4a5cd2e6 alignfull uagb-is-root-container\"><div class=\"uagb-container-inner-blocks-wrap\">\n<p><\/p>\n<\/div><\/div>\n<\/div><\/div>\n\n\n\n<div class=\"wp-block-uagb-slider-child uagb-slider-child-wrap swiper-slide uagb-block-684381a0\"><div class=\"swiper-content\">\n<figure class=\"wp-block-image size-full\"><img loading=\"lazy\" decoding=\"async\" width=\"1024\" height=\"512\" src=\"https:\/\/www.cofb.org\/wp-content\/uploads\/2024\/08\/COFB_Atencio-Diabetis-5.jpg\" alt=\"\" class=\"wp-image-79326\" srcset=\"https:\/\/www.cofb.org\/wp-content\/uploads\/2024\/08\/COFB_Atencio-Diabetis-5.jpg 1024w, https:\/\/www.cofb.org\/wp-content\/uploads\/2024\/08\/COFB_Atencio-Diabetis-5-300x150.jpg 300w, https:\/\/www.cofb.org\/wp-content\/uploads\/2024\/08\/COFB_Atencio-Diabetis-5-768x384.jpg 768w, https:\/\/www.cofb.org\/wp-content\/uploads\/2024\/08\/COFB_Atencio-Diabetis-5-18x9.jpg 18w\" sizes=\"(max-width: 1024px) 100vw, 1024px\" \/><\/figure>\n<\/div><\/div>\n\n\n\n<div class=\"wp-block-uagb-slider-child uagb-slider-child-wrap swiper-slide uagb-block-08690fa1\"><div class=\"swiper-content\">\n<div class=\"wp-block-uagb-container uagb-block-95271f54 alignfull uagb-is-root-container\"><div class=\"uagb-container-inner-blocks-wrap\">\n<figure class=\"wp-block-image size-full\"><img loading=\"lazy\" decoding=\"async\" width=\"1024\" height=\"512\" src=\"https:\/\/www.cofb.org\/wp-content\/uploads\/2024\/08\/COFB_Atencio-Diabetis-6.jpg\" alt=\"\" class=\"wp-image-79327\" srcset=\"https:\/\/www.cofb.org\/wp-content\/uploads\/2024\/08\/COFB_Atencio-Diabetis-6.jpg 1024w, https:\/\/www.cofb.org\/wp-content\/uploads\/2024\/08\/COFB_Atencio-Diabetis-6-300x150.jpg 300w, https:\/\/www.cofb.org\/wp-content\/uploads\/2024\/08\/COFB_Atencio-Diabetis-6-768x384.jpg 768w, https:\/\/www.cofb.org\/wp-content\/uploads\/2024\/08\/COFB_Atencio-Diabetis-6-18x9.jpg 18w\" sizes=\"(max-width: 1024px) 100vw, 1024px\" \/><\/figure>\n<\/div><\/div>\n<\/div><\/div>\n\n\n\n<div class=\"wp-block-uagb-slider-child uagb-slider-child-wrap swiper-slide uagb-block-6da73005\"><div class=\"swiper-content\">\n<figure class=\"wp-block-image size-full\"><img loading=\"lazy\" decoding=\"async\" width=\"1024\" height=\"512\" src=\"https:\/\/www.cofb.org\/wp-content\/uploads\/2024\/08\/COFB_Atencio-Diabetis-7.jpg\" alt=\"\" class=\"wp-image-79328\" srcset=\"https:\/\/www.cofb.org\/wp-content\/uploads\/2024\/08\/COFB_Atencio-Diabetis-7.jpg 1024w, https:\/\/www.cofb.org\/wp-content\/uploads\/2024\/08\/COFB_Atencio-Diabetis-7-300x150.jpg 300w, https:\/\/www.cofb.org\/wp-content\/uploads\/2024\/08\/COFB_Atencio-Diabetis-7-768x384.jpg 768w, https:\/\/www.cofb.org\/wp-content\/uploads\/2024\/08\/COFB_Atencio-Diabetis-7-18x9.jpg 18w\" sizes=\"(max-width: 1024px) 100vw, 1024px\" \/><\/figure>\n<\/div><\/div>\n\n\n\n<div class=\"wp-block-uagb-slider-child uagb-slider-child-wrap swiper-slide uagb-block-7a6510b0\"><div class=\"swiper-content\">\n<figure class=\"wp-block-image aligncenter size-full\"><img loading=\"lazy\" decoding=\"async\" width=\"1024\" height=\"512\" src=\"https:\/\/www.cofb.org\/wp-content\/uploads\/2024\/08\/COFB_Atencio-Diabetis-8.jpg\" alt=\"\" class=\"wp-image-79330\" srcset=\"https:\/\/www.cofb.org\/wp-content\/uploads\/2024\/08\/COFB_Atencio-Diabetis-8.jpg 1024w, https:\/\/www.cofb.org\/wp-content\/uploads\/2024\/08\/COFB_Atencio-Diabetis-8-300x150.jpg 300w, https:\/\/www.cofb.org\/wp-content\/uploads\/2024\/08\/COFB_Atencio-Diabetis-8-768x384.jpg 768w, https:\/\/www.cofb.org\/wp-content\/uploads\/2024\/08\/COFB_Atencio-Diabetis-8-18x9.jpg 18w\" sizes=\"(max-width: 1024px) 100vw, 1024px\" \/><\/figure>\n<\/div><\/div>\n\n\n\n<div class=\"wp-block-uagb-slider-child uagb-slider-child-wrap swiper-slide uagb-block-fa20fe21\"><div class=\"swiper-content\">\n<div class=\"wp-block-uagb-container uagb-block-cc62545a alignfull uagb-is-root-container\"><div class=\"uagb-container-inner-blocks-wrap\">\n<figure class=\"wp-block-image aligncenter size-full\"><img loading=\"lazy\" decoding=\"async\" width=\"1024\" height=\"512\" src=\"https:\/\/www.cofb.org\/wp-content\/uploads\/2024\/08\/COFB_Atencio-Diabetis-9.jpg\" alt=\"\" class=\"wp-image-79329\" srcset=\"https:\/\/www.cofb.org\/wp-content\/uploads\/2024\/08\/COFB_Atencio-Diabetis-9.jpg 1024w, https:\/\/www.cofb.org\/wp-content\/uploads\/2024\/08\/COFB_Atencio-Diabetis-9-300x150.jpg 300w, https:\/\/www.cofb.org\/wp-content\/uploads\/2024\/08\/COFB_Atencio-Diabetis-9-768x384.jpg 768w, https:\/\/www.cofb.org\/wp-content\/uploads\/2024\/08\/COFB_Atencio-Diabetis-9-18x9.jpg 18w\" sizes=\"(max-width: 1024px) 100vw, 1024px\" \/><\/figure>\n<\/div><\/div>\n<\/div><\/div>\n<\/div><\/div><div class=\"swiper-pagination\"><\/div><div class=\"swiper-button-prev\"><\/div><div class=\"swiper-button-next\"><\/div><\/div>\n\n\n\n<p>9 h\u00e0bits saludables que es van compartir per les xarxes socials&nbsp;durant de la campanya<\/p>\n\n\n\n<p>Tots els consells en una sola&nbsp;imatge: &#8220;<a rel=\"noreferrer noopener\" href=\"https:\/\/www.cofb.org\/documents\/10136\/1087173\/9+h%C3%A0bits+saludables+per+prevenir+la+diabetis.jpg\/524f3e74-779e-4263-8f77-0cb37533c431?t=1544795082000\" target=\"_blank\">9 h\u00e0bits saludes per prevenir la diabetis<\/a>&#8220;<\/p>\n\n\n\n<h2 class=\"wp-block-heading\">Qu\u00e8 \u00e9s atenci\u00f3 diabetis? <\/h2>\n\n\n\n<p id=\"yui_patched_v3_11_0_1_1690442092253_338\">Els&nbsp;<strong>farmac\u00e8utics comunitaris de la prov\u00edncia de Barcelona ofereixen<\/strong>, gr\u00e0cies a la coordinaci\u00f3 del Col\u00b7legi de&nbsp;Farmac\u00e8utics de Barcelona amb&nbsp;l\u2019Ag\u00e8ncia de Salut P\u00fablica de Catalunya (ASPCAT), la Societat Catalana de Medicina Familiar i Comunit\u00e0ria (CAMFiC), l\u2019Associaci\u00f3 d\u2019Infermeria Familiar i Comunit\u00e0ria de Catalunya (AIFICC), l\u2019Associaci\u00f3 Catalana de Diabetis i l\u2019Associaci\u00f3 de Diab\u00e8tics de Catalunya (Adc),<strong>&nbsp;una intervenci\u00f3 protocol\u00b7litzada per a la detecci\u00f3 de factors de risc i prevenci\u00f3 de la diabetis.<\/strong><\/p>\n\n\n\n<h2 class=\"wp-block-heading\">Quin objectiu t\u00e9?<\/h2>\n\n\n\n<p id=\"yui_patched_v3_11_0_1_1690442092253_340\"><strong>Determinar si l\u2019usuari \u00e9s prediab\u00e8tic, diab\u00e8tic o presenta una glic\u00e8mia basal capil\u00b7lar normal<\/strong>&nbsp;(o b\u00e9 hemoglobina glicosilada normal). Tamb\u00e9 se li concreta&nbsp;el&nbsp;<strong>risc de patir diabetis en els 10 anys vinents<\/strong>, l\u2019<strong>adhesi\u00f3 a la dieta mediterr\u00e0nia<\/strong>&nbsp;i el&nbsp;<strong>grau d\u2019activitat f\u00edsica<\/strong>.&nbsp;<\/p>\n\n\n\n<h2 class=\"wp-block-heading\">Com funciona?<\/h2>\n\n\n\n<p id=\"yui_patched_v3_11_0_1_1690442092253_342\">En el marc d\u2019aquesta campanya,&nbsp;<strong>quan l\u2019usuari arribi a la farm\u00e0cia se li proposar\u00e0<\/strong>, d\u2019una banda,&nbsp;<strong>que respongui a un test i es faci gratu\u00eftament una prova de glic\u00e8mia per calcular el seu risc de patir diabetis<\/strong>;&nbsp;d\u2019altra banda,&nbsp;<strong>que contesti a dos breus q\u00fcestionaris per avaluar el seu grau d\u2019adhesi\u00f3 a la dieta mediterr\u00e0nia i d\u2019activitat f\u00edsica.<\/strong><\/p>\n\n\n\n<p id=\"yui_patched_v3_11_0_1_1690442092253_344\">A&nbsp;partir de tots els resultats, es d\u00f3na un consell farmac\u00e8utic personalitzat en aspectes d\u2019alimentaci\u00f3 i activitat f\u00edsica, i en els casos en qu\u00e8 sigui necessari es deriva a l\u2019equip d\u2019atenci\u00f3 prim\u00e0ria.<\/p>\n\n\n\n<h2 class=\"wp-block-heading\">Qu\u00e8 s&#8217;ha aconseguit?<\/h2>\n\n\n\n<p id=\"yui_patched_v3_11_0_1_1690442092253_348\">L&#8217;any&nbsp;<strong>2018:<\/strong><\/p>\n\n\n\n<ul class=\"wp-block-list\">\n<li><strong>700&nbsp;<\/strong>farmac\u00e8utics formats<\/li>\n\n\n\n<li><strong>400&nbsp;<\/strong>farm\u00e0cies comunit\u00e0ries<\/li>\n\n\n\n<li><strong>2.300&nbsp;<\/strong>personesintervingudes, de les quals, un&nbsp;<strong>20% eren prediab\u00e8tiques<\/strong>, i un&nbsp;<strong>9% presentaven hipergluc\u00e8mia<\/strong><\/li>\n<\/ul>\n\n\n\n<h2 class=\"wp-block-heading\">On s&#8217;ha dut a terme?<\/h2>\n\n\n\n<p id=\"yui_patched_v3_11_0_1_1690442092253_359\">Farm\u00e0cies de la prov\u00edncia de Barcelona adherides a la campanya.<a href=\"mailto:projectes@cofb.net\"><\/a><\/p>\n\n\n\n<h2 class=\"wp-block-heading\">Material de suport<\/h2>\n\n\n\n<div class=\"wp-block-columns is-layout-flex wp-container-core-columns-is-layout-28f84493 wp-block-columns-is-layout-flex\">\n<div class=\"wp-block-column is-layout-flow wp-block-column-is-layout-flow\">\n<div class=\"wp-block-uagb-image aligncenter uagb-block-00cc069b wp-block-uagb-image--layout-default wp-block-uagb-image--effect-static wp-block-uagb-image--align-center\"><figure class=\"wp-block-uagb-image__figure\"><a class=\"\" href=\"https:\/\/www.cofb.org\/wp-content\/uploads\/2023\/09\/poster-AtencioDiabetis-001.jpg\" target=\"_blank\" rel=\"noreferrer noopener\"><img loading=\"lazy\" decoding=\"async\" srcset=\"https:\/\/www.cofb.org\/wp-content\/uploads\/2023\/09\/poster-AtencioDiabetis-001-725x1024.jpg \" sizes=\"auto, (max-width: 480px) 150px\" src=\"https:\/\/www.cofb.org\/wp-content\/uploads\/2023\/09\/poster-AtencioDiabetis-001-725x1024.jpg\" alt=\"\" class=\"uag-image-68518\" width=\"311\" height=\"438\" title=\"\" loading=\"lazy\" role=\"img\"\/><\/a><\/figure><\/div>\n<\/div>\n\n\n\n<div class=\"wp-block-column is-layout-flow wp-block-column-is-layout-flow\">\n<div class=\"wp-block-uagb-image uagb-block-c0477650 wp-block-uagb-image--layout-default wp-block-uagb-image--effect-static wp-block-uagb-image--align-none\"><figure class=\"wp-block-uagb-image__figure\"><a class=\"\" href=\"https:\/\/www.cofb.org\/wp-content\/uploads\/2023\/09\/logo-atencioDIABETIS.jpg\" target=\"\" rel=\"noopener\"><img loading=\"lazy\" decoding=\"async\" srcset=\"https:\/\/www.cofb.org\/wp-content\/uploads\/2023\/09\/logo-atencioDIABETIS-300x176.jpg \" sizes=\"auto, (max-width: 480px) 150px\" src=\"https:\/\/www.cofb.org\/wp-content\/uploads\/2023\/09\/logo-atencioDIABETIS-300x176.jpg\" alt=\"\" class=\"uag-image-68519\" width=\"300\" height=\"176\" title=\"\" loading=\"lazy\" role=\"img\"\/><\/a><\/figure><\/div>\n<\/div>\n<\/div>\n\n\n\n<h2 class=\"wp-block-heading\">M\u00e9s informaci\u00f3<\/h2>\n\n\n\n<p class=\"icones\"><img loading=\"lazy\" decoding=\"async\" width=\"150\" height=\"176\" class=\"wp-image-67596\" style=\"width: 150px;\" src=\"https:\/\/www.cofb.org\/wp-content\/uploads\/2023\/07\/logo-cofb-negre.jpg\" alt=\"\">&nbsp;Departament de&nbsp;Formaci\u00f3 i Desenvolupament Professional del COFB<\/p>\n\n\n\n<p class=\"icones\"><img decoding=\"async\" alt=\"\" src=\"https:\/\/www.cofb.org\/documents\/10136\/1067764\/Correu.png\/69f7b5c4-3c19-447d-9ff6-25e8e46c97cf?t=1542018760660\">&nbsp;Correu electr\u00f2nic:&nbsp;<a href=\"mailto:projectes@cofb.net\">projectes@cofb.net<\/a><\/p>\n\n\n\n<p class=\"icones\"><img decoding=\"async\" src=\"https:\/\/www.cofb.org\/documents\/10136\/1067764\/Tel%C3%A9fono.png\/83de66f5-8867-4acf-ba6c-ea129dc67556?t=1542018738546\" alt=\"\">&nbsp;Tel\u00e8fon:&nbsp;93 244 07 10 (ext. 2)<\/p>\n\n\n\n<p class=\"icones\"><img loading=\"lazy\" decoding=\"async\" width=\"70\" height=\"70\" class=\"wp-image-67650\" style=\"width: 70px;\" src=\"https:\/\/www.cofb.org\/wp-content\/uploads\/2023\/07\/np-cofb2.png\" alt=\"\">\u00a0<a href=\"https:\/\/www.cofb.org\/ca\/2017\/11\/13\/mes-de-400-farmacies-de-barcelona-posen-en-marxa-una-campanya-per-detectar-el-risc-dels-usuaris-de-patir-diabetis\/\" target=\"_blank\" rel=\"noreferrer noopener\">Nota de premsa<\/a><\/p>\n\n\n\n<p class=\"icones\"><img loading=\"lazy\" decoding=\"async\" width=\"70\" height=\"70\" class=\"wp-image-67603\" style=\"width: 70px;\" src=\"https:\/\/www.cofb.org\/wp-content\/uploads\/2023\/07\/pantalla.png\" alt=\"\">&nbsp;<a href=\"https:\/\/blog.cofb.cat\/?s=atencio+diabetis\" data-type=\"URL\" data-id=\"https:\/\/blog.cofb.cat\/?s=atencio+diabetis\" target=\"_blank\" rel=\"noreferrer noopener\">Blog del COFB<\/a><\/p>\n","protected":false},"excerpt":{"rendered":"<p>9 h\u00e0bits saludables que es van compartir per les xarxes socials&nbsp;durant de la campanya Tots els consells en una sola&nbsp;imatge: &#8220;9 h\u00e0bits saludes per prevenir la diabetis&#8220; Qu\u00e8 \u00e9s atenci\u00f3 diabetis? Els&nbsp;farmac\u00e8utics comunitaris de la prov\u00edncia de Barcelona ofereixen, gr\u00e0cies a la coordinaci\u00f3 del Col\u00b7legi de&nbsp;Farmac\u00e8utics de Barcelona amb&nbsp;l\u2019Ag\u00e8ncia de [&hellip;]<\/p>\n","protected":false},"author":1,"featured_media":0,"parent":2951,"menu_order":3,"comment_status":"closed","ping_status":"closed","template":"","meta":{"_uag_custom_page_level_css":"","site-sidebar-layout":"default","site-content-layout":"","ast-site-content-layout":"default","site-content-style":"default","site-sidebar-style":"default","ast-global-header-display":"","ast-banner-title-visibility":"","ast-main-header-display":"","ast-hfb-above-header-display":"","ast-hfb-below-header-display":"","ast-hfb-mobile-header-display":"","site-post-title":"","ast-breadcrumbs-content":"","ast-featured-img":"","footer-sml-layout":"","theme-transparent-header-meta":"","adv-header-id-meta":"","stick-header-meta":"","header-above-stick-meta":"","header-main-stick-meta":"","header-below-stick-meta":"","astra-migrate-meta-layouts":"set","ast-page-background-enabled":"default","ast-page-background-meta":{"desktop":{"background-color":"var(--ast-global-color-4)","background-image":"","background-repeat":"repeat","background-position":"center center","background-size":"auto","background-attachment":"scroll","background-type":"","background-media":"","overlay-type":"","overlay-color":"","overlay-opacity":"","overlay-gradient":""},"tablet":{"background-color":"","background-image":"","background-repeat":"repeat","background-position":"center center","background-size":"auto","background-attachment":"scroll","background-type":"","background-media":"","overlay-type":"","overlay-color":"","overlay-opacity":"","overlay-gradient":""},"mobile":{"background-color":"","background-image":"","background-repeat":"repeat","background-position":"center center","background-size":"auto","background-attachment":"scroll","background-type":"","background-media":"","overlay-type":"","overlay-color":"","overlay-opacity":"","overlay-gradient":""}},"ast-content-background-meta":{"desktop":{"background-color":"var(--ast-global-color-5)","background-image":"","background-repeat":"repeat","background-position":"center center","background-size":"auto","background-attachment":"scroll","background-type":"","background-media":"","overlay-type":"","overlay-color":"","overlay-opacity":"","overlay-gradient":""},"tablet":{"background-color":"var(--ast-global-color-5)","background-image":"","background-repeat":"repeat","background-position":"center center","background-size":"auto","background-attachment":"scroll","background-type":"","background-media":"","overlay-type":"","overlay-color":"","overlay-opacity":"","overlay-gradient":""},"mobile":{"background-color":"var(--ast-global-color-5)","background-image":"","background-repeat":"repeat","background-position":"center center","background-size":"auto","background-attachment":"scroll","background-type":"","background-media":"","overlay-type":"","overlay-color":"","overlay-opacity":"","overlay-gradient":""}},"footnotes":""},"class_list":["post-67648","page","type-page","status-publish","hentry"],"yoast_head":"<!-- This site is optimized with the Yoast SEO plugin v22.4 - https:\/\/yoast.com\/wordpress\/plugins\/seo\/ -->\n<title>Atenci\u00f3 diabetis: &quot;Jo, diabetis?&quot; - Col\u00b7legi de Farmac\u00e8utics de Barcelona<\/title>\n<meta name=\"robots\" content=\"index, follow, max-snippet:-1, max-image-preview:large, max-video-preview:-1\" \/>\n<link rel=\"canonical\" href=\"https:\/\/www.cofb.org\/ca\/que-oferim\/ciutadans\/serveis-a-la-poblacio\/atencio-diabetis-jo-diabetis\/\" \/>\n<meta property=\"og:locale\" content=\"ca_ES\" \/>\n<meta property=\"og:type\" content=\"article\" \/>\n<meta property=\"og:title\" content=\"Atenci\u00f3 diabetis: &quot;Jo, diabetis?&quot; - Col\u00b7legi de Farmac\u00e8utics de Barcelona\" \/>\n<meta property=\"og:description\" content=\"9 h\u00e0bits saludables que es van compartir per les xarxes socials&nbsp;durant de la campanya Tots els consells en una sola&nbsp;imatge: &#8220;9 h\u00e0bits saludes per prevenir la diabetis&#8220; Qu\u00e8 \u00e9s atenci\u00f3 diabetis? Els&nbsp;farmac\u00e8utics comunitaris de la prov\u00edncia de Barcelona ofereixen, gr\u00e0cies a la coordinaci\u00f3 del Col\u00b7legi de&nbsp;Farmac\u00e8utics de Barcelona amb&nbsp;l\u2019Ag\u00e8ncia de [&hellip;]\" \/>\n<meta property=\"og:url\" content=\"https:\/\/www.cofb.org\/ca\/que-oferim\/ciutadans\/serveis-a-la-poblacio\/atencio-diabetis-jo-diabetis\/\" \/>\n<meta property=\"og:site_name\" content=\"Col\u00b7legi de Farmac\u00e8utics de Barcelona\" \/>\n<meta property=\"article:publisher\" content=\"https:\/\/www.facebook.com\/farmaceuticsbcn\/\" \/>\n<meta property=\"article:modified_time\" content=\"2024-08-22T11:48:39+00:00\" \/>\n<meta property=\"og:image\" content=\"https:\/\/www.cofb.org\/wp-content\/uploads\/2024\/08\/COFB_Atencio-Diabetis-1.jpg\" \/>\n<meta name=\"twitter:card\" content=\"summary_large_image\" \/>\n<meta name=\"twitter:site\" content=\"@farmaceuticsbcn\" \/>\n<meta name=\"twitter:label1\" content=\"Temps estimat de lectura\" \/>\n\t<meta name=\"twitter:data1\" content=\"5 minuts\" \/>\n<script type=\"application\/ld+json\" class=\"yoast-schema-graph\">{\"@context\":\"https:\/\/schema.org\",\"@graph\":[{\"@type\":\"WebPage\",\"@id\":\"https:\/\/www.cofb.org\/que-oferim\/ciutadans\/serveis-a-la-poblacio\/atencio-diabetis-jo-diabetis\/\",\"url\":\"https:\/\/www.cofb.org\/que-oferim\/ciutadans\/serveis-a-la-poblacio\/atencio-diabetis-jo-diabetis\/\",\"name\":\"Atenci\u00f3 diabetis: \\\"Jo, diabetis?\\\" - Col\u00b7legi de Farmac\u00e8utics de Barcelona\",\"isPartOf\":{\"@id\":\"https:\/\/www.cofb.org\/#website\"},\"primaryImageOfPage\":{\"@id\":\"https:\/\/www.cofb.org\/que-oferim\/ciutadans\/serveis-a-la-poblacio\/atencio-diabetis-jo-diabetis\/#primaryimage\"},\"image\":{\"@id\":\"https:\/\/www.cofb.org\/que-oferim\/ciutadans\/serveis-a-la-poblacio\/atencio-diabetis-jo-diabetis\/#primaryimage\"},\"thumbnailUrl\":\"https:\/\/www.cofb.org\/wp-content\/uploads\/2024\/08\/COFB_Atencio-Diabetis-1.jpg\",\"datePublished\":\"2023-07-27T07:42:25+00:00\",\"dateModified\":\"2024-08-22T11:48:39+00:00\",\"breadcrumb\":{\"@id\":\"https:\/\/www.cofb.org\/que-oferim\/ciutadans\/serveis-a-la-poblacio\/atencio-diabetis-jo-diabetis\/#breadcrumb\"},\"inLanguage\":\"ca\",\"potentialAction\":[{\"@type\":\"ReadAction\",\"target\":[\"https:\/\/www.cofb.org\/que-oferim\/ciutadans\/serveis-a-la-poblacio\/atencio-diabetis-jo-diabetis\/\"]}]},{\"@type\":\"ImageObject\",\"inLanguage\":\"ca\",\"@id\":\"https:\/\/www.cofb.org\/que-oferim\/ciutadans\/serveis-a-la-poblacio\/atencio-diabetis-jo-diabetis\/#primaryimage\",\"url\":\"https:\/\/www.cofb.org\/wp-content\/uploads\/2024\/08\/COFB_Atencio-Diabetis-1.jpg\",\"contentUrl\":\"https:\/\/www.cofb.org\/wp-content\/uploads\/2024\/08\/COFB_Atencio-Diabetis-1.jpg\"},{\"@type\":\"BreadcrumbList\",\"@id\":\"https:\/\/www.cofb.org\/que-oferim\/ciutadans\/serveis-a-la-poblacio\/atencio-diabetis-jo-diabetis\/#breadcrumb\",\"itemListElement\":[{\"@type\":\"ListItem\",\"position\":1,\"name\":\"Inici\",\"item\":\"https:\/\/novaorg.cofb.net\/\"},{\"@type\":\"ListItem\",\"position\":2,\"name\":\"Qu\u00e8 oferim?\",\"item\":\"https:\/\/novaorg.cofb.net\/que-oferim\/\"},{\"@type\":\"ListItem\",\"position\":3,\"name\":\"Ciutadans\",\"item\":\"https:\/\/novaorg.cofb.net\/que-oferim\/ciutadans\/\"},{\"@type\":\"ListItem\",\"position\":4,\"name\":\"Serveis a la poblaci\u00f3\",\"item\":\"https:\/\/www.cofb.org\/que-oferim\/ciutadans\/serveis-a-la-poblacio\/\"},{\"@type\":\"ListItem\",\"position\":5,\"name\":\"Atenci\u00f3 diabetis: &#8220;Jo, diabetis?&#8221;\"}]},{\"@type\":\"WebSite\",\"@id\":\"https:\/\/www.cofb.org\/#website\",\"url\":\"https:\/\/www.cofb.org\/\",\"name\":\"Col\u00b7legi de Farmac\u00e8utics de Barcelona\",\"description\":\"\",\"publisher\":{\"@id\":\"https:\/\/www.cofb.org\/#organization\"},\"potentialAction\":[{\"@type\":\"SearchAction\",\"target\":{\"@type\":\"EntryPoint\",\"urlTemplate\":\"https:\/\/www.cofb.org\/?s={search_term_string}\"},\"query-input\":\"required name=search_term_string\"}],\"inLanguage\":\"ca\"},{\"@type\":\"Organization\",\"@id\":\"https:\/\/www.cofb.org\/#organization\",\"name\":\"Col\u00b7legi de Farmac\u00e8utics de Barcelona\",\"url\":\"https:\/\/www.cofb.org\/\",\"logo\":{\"@type\":\"ImageObject\",\"inLanguage\":\"ca\",\"@id\":\"https:\/\/www.cofb.org\/#\/schema\/logo\/image\/\",\"url\":\"https:\/\/www.cofb.org\/wp-content\/uploads\/2023\/11\/cropped-Logotip-COFB.png\",\"contentUrl\":\"https:\/\/www.cofb.org\/wp-content\/uploads\/2023\/11\/cropped-Logotip-COFB.png\",\"width\":500,\"height\":105,\"caption\":\"Col\u00b7legi de Farmac\u00e8utics de Barcelona\"},\"image\":{\"@id\":\"https:\/\/www.cofb.org\/#\/schema\/logo\/image\/\"},\"sameAs\":[\"https:\/\/www.facebook.com\/farmaceuticsbcn\/\",\"https:\/\/twitter.com\/farmaceuticsbcn\",\"https:\/\/www.instagram.com\/farmaceuticsbcn\/\",\"https:\/\/www.linkedin.com\/company\/farmaceuticsbcn\/\"]}]}<\/script>\n<!-- \/ Yoast SEO plugin. -->","yoast_head_json":{"title":"Atenci\u00f3 diabetis: \"Jo, diabetis?\" - Col\u00b7legi de Farmac\u00e8utics de Barcelona","robots":{"index":"index","follow":"follow","max-snippet":"max-snippet:-1","max-image-preview":"max-image-preview:large","max-video-preview":"max-video-preview:-1"},"canonical":"https:\/\/www.cofb.org\/ca\/que-oferim\/ciutadans\/serveis-a-la-poblacio\/atencio-diabetis-jo-diabetis\/","og_locale":"ca_ES","og_type":"article","og_title":"Atenci\u00f3 diabetis: \"Jo, diabetis?\" - Col\u00b7legi de Farmac\u00e8utics de Barcelona","og_description":"9 h\u00e0bits saludables que es van compartir per les xarxes socials&nbsp;durant de la campanya Tots els consells en una sola&nbsp;imatge: &#8220;9 h\u00e0bits saludes per prevenir la diabetis&#8220; Qu\u00e8 \u00e9s atenci\u00f3 diabetis? Els&nbsp;farmac\u00e8utics comunitaris de la prov\u00edncia de Barcelona ofereixen, gr\u00e0cies a la coordinaci\u00f3 del Col\u00b7legi de&nbsp;Farmac\u00e8utics de Barcelona amb&nbsp;l\u2019Ag\u00e8ncia de [&hellip;]","og_url":"https:\/\/www.cofb.org\/ca\/que-oferim\/ciutadans\/serveis-a-la-poblacio\/atencio-diabetis-jo-diabetis\/","og_site_name":"Col\u00b7legi de Farmac\u00e8utics de Barcelona","article_publisher":"https:\/\/www.facebook.com\/farmaceuticsbcn\/","article_modified_time":"2024-08-22T11:48:39+00:00","og_image":[{"url":"https:\/\/www.cofb.org\/wp-content\/uploads\/2024\/08\/COFB_Atencio-Diabetis-1.jpg"}],"twitter_card":"summary_large_image","twitter_site":"@farmaceuticsbcn","twitter_misc":{"Temps estimat de lectura":"5 minuts"},"schema":{"@context":"https:\/\/schema.org","@graph":[{"@type":"WebPage","@id":"https:\/\/www.cofb.org\/que-oferim\/ciutadans\/serveis-a-la-poblacio\/atencio-diabetis-jo-diabetis\/","url":"https:\/\/www.cofb.org\/que-oferim\/ciutadans\/serveis-a-la-poblacio\/atencio-diabetis-jo-diabetis\/","name":"Atenci\u00f3 diabetis: \"Jo, diabetis?\" - Col\u00b7legi de Farmac\u00e8utics de Barcelona","isPartOf":{"@id":"https:\/\/www.cofb.org\/#website"},"primaryImageOfPage":{"@id":"https:\/\/www.cofb.org\/que-oferim\/ciutadans\/serveis-a-la-poblacio\/atencio-diabetis-jo-diabetis\/#primaryimage"},"image":{"@id":"https:\/\/www.cofb.org\/que-oferim\/ciutadans\/serveis-a-la-poblacio\/atencio-diabetis-jo-diabetis\/#primaryimage"},"thumbnailUrl":"https:\/\/www.cofb.org\/wp-content\/uploads\/2024\/08\/COFB_Atencio-Diabetis-1.jpg","datePublished":"2023-07-27T07:42:25+00:00","dateModified":"2024-08-22T11:48:39+00:00","breadcrumb":{"@id":"https:\/\/www.cofb.org\/que-oferim\/ciutadans\/serveis-a-la-poblacio\/atencio-diabetis-jo-diabetis\/#breadcrumb"},"inLanguage":"ca","potentialAction":[{"@type":"ReadAction","target":["https:\/\/www.cofb.org\/que-oferim\/ciutadans\/serveis-a-la-poblacio\/atencio-diabetis-jo-diabetis\/"]}]},{"@type":"ImageObject","inLanguage":"ca","@id":"https:\/\/www.cofb.org\/que-oferim\/ciutadans\/serveis-a-la-poblacio\/atencio-diabetis-jo-diabetis\/#primaryimage","url":"https:\/\/www.cofb.org\/wp-content\/uploads\/2024\/08\/COFB_Atencio-Diabetis-1.jpg","contentUrl":"https:\/\/www.cofb.org\/wp-content\/uploads\/2024\/08\/COFB_Atencio-Diabetis-1.jpg"},{"@type":"BreadcrumbList","@id":"https:\/\/www.cofb.org\/que-oferim\/ciutadans\/serveis-a-la-poblacio\/atencio-diabetis-jo-diabetis\/#breadcrumb","itemListElement":[{"@type":"ListItem","position":1,"name":"Inici","item":"https:\/\/novaorg.cofb.net\/"},{"@type":"ListItem","position":2,"name":"Qu\u00e8 oferim?","item":"https:\/\/novaorg.cofb.net\/que-oferim\/"},{"@type":"ListItem","position":3,"name":"Ciutadans","item":"https:\/\/novaorg.cofb.net\/que-oferim\/ciutadans\/"},{"@type":"ListItem","position":4,"name":"Serveis a la poblaci\u00f3","item":"https:\/\/www.cofb.org\/que-oferim\/ciutadans\/serveis-a-la-poblacio\/"},{"@type":"ListItem","position":5,"name":"Atenci\u00f3 diabetis: &#8220;Jo, diabetis?&#8221;"}]},{"@type":"WebSite","@id":"https:\/\/www.cofb.org\/#website","url":"https:\/\/www.cofb.org\/","name":"Col\u00b7legi de Farmac\u00e8utics de Barcelona","description":"","publisher":{"@id":"https:\/\/www.cofb.org\/#organization"},"potentialAction":[{"@type":"SearchAction","target":{"@type":"EntryPoint","urlTemplate":"https:\/\/www.cofb.org\/?s={search_term_string}"},"query-input":"required name=search_term_string"}],"inLanguage":"ca"},{"@type":"Organization","@id":"https:\/\/www.cofb.org\/#organization","name":"Col\u00b7legi de Farmac\u00e8utics de Barcelona","url":"https:\/\/www.cofb.org\/","logo":{"@type":"ImageObject","inLanguage":"ca","@id":"https:\/\/www.cofb.org\/#\/schema\/logo\/image\/","url":"https:\/\/www.cofb.org\/wp-content\/uploads\/2023\/11\/cropped-Logotip-COFB.png","contentUrl":"https:\/\/www.cofb.org\/wp-content\/uploads\/2023\/11\/cropped-Logotip-COFB.png","width":500,"height":105,"caption":"Col\u00b7legi de Farmac\u00e8utics de Barcelona"},"image":{"@id":"https:\/\/www.cofb.org\/#\/schema\/logo\/image\/"},"sameAs":["https:\/\/www.facebook.com\/farmaceuticsbcn\/","https:\/\/twitter.com\/farmaceuticsbcn","https:\/\/www.instagram.com\/farmaceuticsbcn\/","https:\/\/www.linkedin.com\/company\/farmaceuticsbcn\/"]}]}},"uagb_featured_image_src":{"full":false,"thumbnail":false,"medium":false,"medium_large":false,"large":false,"1536x1536":false,"2048x2048":false,"trp-custom-language-flag":false},"uagb_author_info":{"display_name":"wpAdminCofbOrg","author_link":"https:\/\/www.cofb.org\/ca\/author\/wpadmincofborg\/"},"uagb_comment_info":0,"uagb_excerpt":"9 h\u00e0bits saludables que es van compartir per les xarxes socials&nbsp;durant de la campanya Tots els consells en una sola&nbsp;imatge: &#8220;9 h\u00e0bits saludes per prevenir la diabetis&#8220; Qu\u00e8 \u00e9s atenci\u00f3 diabetis? Els&nbsp;farmac\u00e8utics comunitaris de la prov\u00edncia de Barcelona ofereixen, gr\u00e0cies a la coordinaci\u00f3 del Col\u00b7legi de&nbsp;Farmac\u00e8utics de Barcelona amb&nbsp;l\u2019Ag\u00e8ncia de [&hellip;]","_links":{"self":[{"href":"https:\/\/www.cofb.org\/ca\/wp-json\/wp\/v2\/pages\/67648","targetHints":{"allow":["GET"]}}],"collection":[{"href":"https:\/\/www.cofb.org\/ca\/wp-json\/wp\/v2\/pages"}],"about":[{"href":"https:\/\/www.cofb.org\/ca\/wp-json\/wp\/v2\/types\/page"}],"author":[{"embeddable":true,"href":"https:\/\/www.cofb.org\/ca\/wp-json\/wp\/v2\/users\/1"}],"replies":[{"embeddable":true,"href":"https:\/\/www.cofb.org\/ca\/wp-json\/wp\/v2\/comments?post=67648"}],"version-history":[{"count":8,"href":"https:\/\/www.cofb.org\/ca\/wp-json\/wp\/v2\/pages\/67648\/revisions"}],"predecessor-version":[{"id":79355,"href":"https:\/\/www.cofb.org\/ca\/wp-json\/wp\/v2\/pages\/67648\/revisions\/79355"}],"up":[{"embeddable":true,"href":"https:\/\/www.cofb.org\/ca\/wp-json\/wp\/v2\/pages\/2951"}],"wp:attachment":[{"href":"https:\/\/www.cofb.org\/ca\/wp-json\/wp\/v2\/media?parent=67648"}],"curies":[{"name":"wp","href":"https:\/\/api.w.org\/{rel}","templated":true}]}}