{"id":67558,"date":"2023-07-26T10:34:19","date_gmt":"2023-07-26T10:34:19","guid":{"rendered":"https:\/\/novaorg.cofb.net\/?page_id=67558"},"modified":"2025-05-28T08:28:43","modified_gmt":"2025-05-28T08:28:43","slug":"programacio-de-cessacio-tabaquica-pct","status":"publish","type":"page","link":"https:\/\/www.cofb.org\/ca\/que-oferim\/ciutadans\/serveis-a-la-poblacio\/programacio-de-cessacio-tabaquica-pct\/","title":{"rendered":"Programaci\u00f3 de cessaci\u00f3 tab\u00e0quica (PCT)"},"content":{"rendered":"\n<div class=\"wp-block-columns is-layout-flex wp-container-core-columns-is-layout-28f84493 wp-block-columns-is-layout-flex\">\n<div class=\"wp-block-column is-layout-flow wp-block-column-is-layout-flow\" style=\"flex-basis:66.66%\">\n<h2 class=\"wp-block-heading\">Qu\u00e8 \u00e9s el programa de cessaci\u00f3 tab\u00e0quica (PCT)?<\/h2>\n\n\n\n<p>Es tracta d&#8217;una<strong>&nbsp;guia d\u2019actuaci\u00f3 farmac\u00e8utica&nbsp;<\/strong>centrada en la&nbsp;<strong>deshabituaci\u00f3 tab\u00e0quica de l\u2019usuari<\/strong>. El farmac\u00e8utic \u00e9s un professional&nbsp;<strong>format en l\u2019\u00e0mbit de la promoci\u00f3 de la salut i de la prevenci\u00f3 de la malaltia<\/strong>, fet que l\u2019implica directament en les intervencions de deshabituaci\u00f3 tab\u00e0quica. La proximitat del professional amb la poblaci\u00f3 \u00e9s un altre element clau del programa.<\/p>\n\n\n\n<h2 class=\"wp-block-heading\">Com funciona?<\/h2>\n\n\n\n<p>El farmac\u00e8utic fa un&nbsp;<strong>seguiment del pacient que pret\u00e9n deixar de fumar<\/strong>, l\u2019acompanya durant tot el procediment i l\u2019aconsella&nbsp; en diferents \u00e0mbits. Els farmac\u00e8utics&nbsp;<strong>cursen una&nbsp;formaci\u00f3 espec\u00edfica per proporcionar&nbsp;seguiment farmacoterap\u00e8utic i consell per deixar de fumar tabac<\/strong>.<\/p>\n\n\n\n<p>Aquesta formaci\u00f3 es duu a terme&nbsp;de manera conjunta&nbsp;amb els altres professionals sanitaris d\u2019atenci\u00f3 prim\u00e0ria i est\u00e0 organitzada per l\u2019Ag\u00e8ncia de Salut P\u00fablica de Catalunya (ASPCAT). A m\u00e9s, el&nbsp;<strong>Col\u00b7legi de Farmac\u00e8utics de Barcelona la complementa amb aspectes farmac\u00e8utics espec\u00edfics&nbsp;<\/strong>de la&nbsp;<em>Guia d\u2019intervenci\u00f3 farmac\u00e8utica per a l\u2019abordatge del fumador des de la farm\u00e0cia comunit\u00e0ria.<\/em><\/p>\n\n\n\n<h2 class=\"wp-block-heading\">Qu\u00e8 s&#8217;ha aconseguit? <\/h2>\n\n\n\n<p>L&#8217;any 2024:<\/p>\n\n\n\n<ul class=\"wp-block-list\">\n<li>Hi han participat <strong>256 farm\u00e0cies.<\/strong><\/li>\n\n\n\n<li><strong>1.468 <\/strong>farmac\u00e8utics i farmac\u00e8utiques amb formaci\u00f3 completa.<\/li>\n<\/ul>\n\n\n\n<h2 class=\"wp-block-heading\">On es duu a terme?<\/h2>\n\n\n\n<p>Farm\u00e0cies de Barcelona que estiguin adherides a la prestaci\u00f3 del servei. Pots consultar-les a&nbsp;<a rel=\"noreferrer noopener\" href=\"https:\/\/www.farmaceuticonline.com\/serveis-addicionals\/programa-de-cessacio-tabaquica-del-cofb-pct\/\" target=\"_blank\">farmaceuticonline.com<\/a>.<\/p>\n<\/div>\n\n\n\n<div class=\"wp-block-column is-layout-flow wp-block-column-is-layout-flow\" style=\"flex-basis:33.33%\">\n<div class=\"wp-block-uagb-image aligncenter uagb-block-a931d1f3 wp-block-uagb-image--layout-default wp-block-uagb-image--effect-static wp-block-uagb-image--align-center\"><figure class=\"wp-block-uagb-image__figure\"><img loading=\"lazy\" decoding=\"async\" srcset=\"https:\/\/www.cofb.org\/wp-content\/uploads\/2023\/07\/Deixar-de-fumar-410x1024.png \" sizes=\"auto, (max-width: 480px) 150px\" src=\"https:\/\/www.cofb.org\/wp-content\/uploads\/2023\/07\/Deixar-de-fumar-410x1024.png\" alt=\"\" class=\"uag-image-67575\" width=\"301\" height=\"502\" title=\"\" loading=\"lazy\" role=\"img\"\/><\/figure><\/div>\n<\/div>\n<\/div>\n\n\n\n<h2 class=\"wp-block-heading\">Material de suport<\/h2>\n\n\n\n<div class=\"wp-block-uagb-image uagb-block-f6058526 wp-block-uagb-image--layout-default wp-block-uagb-image--effect-static wp-block-uagb-image--align-none\"><figure class=\"wp-block-uagb-image__figure\"><img loading=\"lazy\" decoding=\"async\" srcset=\"https:\/\/www.cofb.org\/wp-content\/uploads\/2023\/09\/pct-cartell.jpg \" sizes=\"auto, (max-width: 480px) 150px\" src=\"https:\/\/www.cofb.org\/wp-content\/uploads\/2023\/09\/pct-cartell.jpg\" alt=\"\" class=\"uag-image-68509\" width=\"443\" height=\"554\" title=\"\" loading=\"lazy\" role=\"img\"\/><\/figure><\/div>\n\n\n\n<h2 class=\"wp-block-heading\">M\u00e9s informaci\u00f3<\/h2>\n\n\n\n<p class=\"icones\"><img decoding=\"async\" width=\"150\" height=\"176\" class=\"wp-image-67596\" style=\"width: 150px;\" src=\"https:\/\/www.cofb.org\/wp-content\/uploads\/2023\/07\/logo-cofb-negre.jpg\" alt=\"\">&nbsp;Departament de&nbsp;Formaci\u00f3 i Desenvolupament Professional del COFB<\/p>\n\n\n\n<p class=\"icones\"><img decoding=\"async\" alt=\"\" src=\"https:\/\/www.cofb.org\/documents\/10136\/1067764\/Correu.png\/69f7b5c4-3c19-447d-9ff6-25e8e46c97cf?t=1542018760660\">&nbsp;Correu electr\u00f2nic:&nbsp;<a href=\"mailto:projectes@cofb.net\">projectes@cofb.net<\/a><\/p>\n\n\n\n<p class=\"icones\"><img decoding=\"async\" src=\"https:\/\/www.cofb.org\/documents\/10136\/1067764\/Tel%C3%A9fono.png\/83de66f5-8867-4acf-ba6c-ea129dc67556?t=1542018738546\" alt=\"\">&nbsp;Tel\u00e8fon:&nbsp;93 244 07 10 (ext. 2)<\/p>\n\n\n\n<p class=\"icones\"><img decoding=\"async\" width=\"70\" height=\"70\" class=\"wp-image-67601\" style=\"width: 70px;\" src=\"https:\/\/www.cofb.org\/wp-content\/uploads\/2023\/07\/web-cofb-1.png\" alt=\"\">&nbsp;<a href=\"https:\/\/www.farmaceuticonline.com\/serveis-addicionals\/programa-de-cessacio-tabaquica-del-cofb-pct\/\" target=\"_blank\" rel=\"noreferrer noopener\">Farmaceuticonline<\/a><\/p>\n\n\n\n<p class=\"icones\"><img decoding=\"async\" width=\"70\" height=\"70\" class=\"wp-image-67603\" style=\"width: 70px;\" src=\"https:\/\/www.cofb.org\/wp-content\/uploads\/2023\/07\/pantalla.png\" alt=\"\">&nbsp;<a href=\"https:\/\/www.cofb.org\/ca\/2013\/05\/13\/intervencio-integral-en-la-persona-fumadora\/\" target=\"_blank\" rel=\"noreferrer noopener\">Blog del COFB<\/a><\/p>\n","protected":false},"excerpt":{"rendered":"<p>Qu\u00e8 \u00e9s el programa de cessaci\u00f3 tab\u00e0quica (PCT)? Es tracta d&#8217;una&nbsp;guia d\u2019actuaci\u00f3 farmac\u00e8utica&nbsp;centrada en la&nbsp;deshabituaci\u00f3 tab\u00e0quica de l\u2019usuari. El farmac\u00e8utic \u00e9s un professional&nbsp;format en l\u2019\u00e0mbit de la promoci\u00f3 de la salut i de la prevenci\u00f3 de la malaltia, fet que l\u2019implica directament en les intervencions de deshabituaci\u00f3 tab\u00e0quica. La proximitat [&hellip;]<\/p>\n","protected":false},"author":1,"featured_media":0,"parent":2951,"menu_order":4,"comment_status":"closed","ping_status":"closed","template":"","meta":{"_uag_custom_page_level_css":"","site-sidebar-layout":"default","site-content-layout":"","ast-site-content-layout":"default","site-content-style":"default","site-sidebar-style":"default","ast-global-header-display":"","ast-banner-title-visibility":"","ast-main-header-display":"","ast-hfb-above-header-display":"","ast-hfb-below-header-display":"","ast-hfb-mobile-header-display":"","site-post-title":"","ast-breadcrumbs-content":"","ast-featured-img":"","footer-sml-layout":"","theme-transparent-header-meta":"","adv-header-id-meta":"","stick-header-meta":"","header-above-stick-meta":"","header-main-stick-meta":"","header-below-stick-meta":"","astra-migrate-meta-layouts":"set","ast-page-background-enabled":"default","ast-page-background-meta":{"desktop":{"background-color":"var(--ast-global-color-4)","background-image":"","background-repeat":"repeat","background-position":"center center","background-size":"auto","background-attachment":"scroll","background-type":"","background-media":"","overlay-type":"","overlay-color":"","overlay-opacity":"","overlay-gradient":""},"tablet":{"background-color":"","background-image":"","background-repeat":"repeat","background-position":"center center","background-size":"auto","background-attachment":"scroll","background-type":"","background-media":"","overlay-type":"","overlay-color":"","overlay-opacity":"","overlay-gradient":""},"mobile":{"background-color":"","background-image":"","background-repeat":"repeat","background-position":"center center","background-size":"auto","background-attachment":"scroll","background-type":"","background-media":"","overlay-type":"","overlay-color":"","overlay-opacity":"","overlay-gradient":""}},"ast-content-background-meta":{"desktop":{"background-color":"var(--ast-global-color-5)","background-image":"","background-repeat":"repeat","background-position":"center center","background-size":"auto","background-attachment":"scroll","background-type":"","background-media":"","overlay-type":"","overlay-color":"","overlay-opacity":"","overlay-gradient":""},"tablet":{"background-color":"var(--ast-global-color-5)","background-image":"","background-repeat":"repeat","background-position":"center center","background-size":"auto","background-attachment":"scroll","background-type":"","background-media":"","overlay-type":"","overlay-color":"","overlay-opacity":"","overlay-gradient":""},"mobile":{"background-color":"var(--ast-global-color-5)","background-image":"","background-repeat":"repeat","background-position":"center center","background-size":"auto","background-attachment":"scroll","background-type":"","background-media":"","overlay-type":"","overlay-color":"","overlay-opacity":"","overlay-gradient":""}},"footnotes":""},"class_list":["post-67558","page","type-page","status-publish","hentry"],"yoast_head":"<!-- This site is optimized with the Yoast SEO plugin v22.4 - https:\/\/yoast.com\/wordpress\/plugins\/seo\/ -->\n<title>Programaci\u00f3 de cessaci\u00f3 tab\u00e0quica (PCT) - Col\u00b7legi de Farmac\u00e8utics de Barcelona<\/title>\n<meta name=\"robots\" content=\"index, follow, max-snippet:-1, max-image-preview:large, max-video-preview:-1\" \/>\n<link rel=\"canonical\" href=\"https:\/\/www.cofb.org\/ca\/que-oferim\/ciutadans\/serveis-a-la-poblacio\/programacio-de-cessacio-tabaquica-pct\/\" \/>\n<meta property=\"og:locale\" content=\"ca_ES\" \/>\n<meta property=\"og:type\" content=\"article\" \/>\n<meta property=\"og:title\" content=\"Programaci\u00f3 de cessaci\u00f3 tab\u00e0quica (PCT) - Col\u00b7legi de Farmac\u00e8utics de Barcelona\" \/>\n<meta property=\"og:description\" content=\"Qu\u00e8 \u00e9s el programa de cessaci\u00f3 tab\u00e0quica (PCT)? Es tracta d&#8217;una&nbsp;guia d\u2019actuaci\u00f3 farmac\u00e8utica&nbsp;centrada en la&nbsp;deshabituaci\u00f3 tab\u00e0quica de l\u2019usuari. El farmac\u00e8utic \u00e9s un professional&nbsp;format en l\u2019\u00e0mbit de la promoci\u00f3 de la salut i de la prevenci\u00f3 de la malaltia, fet que l\u2019implica directament en les intervencions de deshabituaci\u00f3 tab\u00e0quica. La proximitat [&hellip;]\" \/>\n<meta property=\"og:url\" content=\"https:\/\/www.cofb.org\/ca\/que-oferim\/ciutadans\/serveis-a-la-poblacio\/programacio-de-cessacio-tabaquica-pct\/\" \/>\n<meta property=\"og:site_name\" content=\"Col\u00b7legi de Farmac\u00e8utics de Barcelona\" \/>\n<meta property=\"article:publisher\" content=\"https:\/\/www.facebook.com\/farmaceuticsbcn\/\" \/>\n<meta property=\"article:modified_time\" content=\"2025-05-28T08:28:43+00:00\" \/>\n<meta property=\"og:image\" content=\"https:\/\/www.cofb.org\/wp-content\/uploads\/2023\/07\/Deixar-de-fumar-410x1024.png\" \/>\n<meta name=\"twitter:card\" content=\"summary_large_image\" \/>\n<meta name=\"twitter:site\" content=\"@farmaceuticsbcn\" \/>\n<meta name=\"twitter:label1\" content=\"Temps estimat de lectura\" \/>\n\t<meta name=\"twitter:data1\" content=\"3 minuts\" \/>\n<script type=\"application\/ld+json\" class=\"yoast-schema-graph\">{\"@context\":\"https:\/\/schema.org\",\"@graph\":[{\"@type\":\"WebPage\",\"@id\":\"https:\/\/www.cofb.org\/que-oferim\/ciutadans\/serveis-a-la-poblacio\/programacio-de-cessacio-tabaquica-pct\/\",\"url\":\"https:\/\/www.cofb.org\/que-oferim\/ciutadans\/serveis-a-la-poblacio\/programacio-de-cessacio-tabaquica-pct\/\",\"name\":\"Programaci\u00f3 de cessaci\u00f3 tab\u00e0quica (PCT) - Col\u00b7legi de Farmac\u00e8utics de Barcelona\",\"isPartOf\":{\"@id\":\"https:\/\/www.cofb.org\/#website\"},\"primaryImageOfPage\":{\"@id\":\"https:\/\/www.cofb.org\/que-oferim\/ciutadans\/serveis-a-la-poblacio\/programacio-de-cessacio-tabaquica-pct\/#primaryimage\"},\"image\":{\"@id\":\"https:\/\/www.cofb.org\/que-oferim\/ciutadans\/serveis-a-la-poblacio\/programacio-de-cessacio-tabaquica-pct\/#primaryimage\"},\"thumbnailUrl\":\"https:\/\/www.cofb.org\/wp-content\/uploads\/2023\/07\/Deixar-de-fumar-410x1024.png\",\"datePublished\":\"2023-07-26T10:34:19+00:00\",\"dateModified\":\"2025-05-28T08:28:43+00:00\",\"breadcrumb\":{\"@id\":\"https:\/\/www.cofb.org\/que-oferim\/ciutadans\/serveis-a-la-poblacio\/programacio-de-cessacio-tabaquica-pct\/#breadcrumb\"},\"inLanguage\":\"ca\",\"potentialAction\":[{\"@type\":\"ReadAction\",\"target\":[\"https:\/\/www.cofb.org\/que-oferim\/ciutadans\/serveis-a-la-poblacio\/programacio-de-cessacio-tabaquica-pct\/\"]}]},{\"@type\":\"ImageObject\",\"inLanguage\":\"ca\",\"@id\":\"https:\/\/www.cofb.org\/que-oferim\/ciutadans\/serveis-a-la-poblacio\/programacio-de-cessacio-tabaquica-pct\/#primaryimage\",\"url\":\"https:\/\/www.cofb.org\/wp-content\/uploads\/2023\/07\/Deixar-de-fumar-410x1024.png\",\"contentUrl\":\"https:\/\/www.cofb.org\/wp-content\/uploads\/2023\/07\/Deixar-de-fumar-410x1024.png\"},{\"@type\":\"BreadcrumbList\",\"@id\":\"https:\/\/www.cofb.org\/que-oferim\/ciutadans\/serveis-a-la-poblacio\/programacio-de-cessacio-tabaquica-pct\/#breadcrumb\",\"itemListElement\":[{\"@type\":\"ListItem\",\"position\":1,\"name\":\"Inici\",\"item\":\"https:\/\/novaorg.cofb.net\/\"},{\"@type\":\"ListItem\",\"position\":2,\"name\":\"Qu\u00e8 oferim?\",\"item\":\"https:\/\/novaorg.cofb.net\/que-oferim\/\"},{\"@type\":\"ListItem\",\"position\":3,\"name\":\"Ciutadans\",\"item\":\"https:\/\/novaorg.cofb.net\/que-oferim\/ciutadans\/\"},{\"@type\":\"ListItem\",\"position\":4,\"name\":\"Serveis a la poblaci\u00f3\",\"item\":\"https:\/\/www.cofb.org\/que-oferim\/ciutadans\/serveis-a-la-poblacio\/\"},{\"@type\":\"ListItem\",\"position\":5,\"name\":\"Programaci\u00f3 de cessaci\u00f3 tab\u00e0quica (PCT)\"}]},{\"@type\":\"WebSite\",\"@id\":\"https:\/\/www.cofb.org\/#website\",\"url\":\"https:\/\/www.cofb.org\/\",\"name\":\"Col\u00b7legi de Farmac\u00e8utics de Barcelona\",\"description\":\"\",\"publisher\":{\"@id\":\"https:\/\/www.cofb.org\/#organization\"},\"potentialAction\":[{\"@type\":\"SearchAction\",\"target\":{\"@type\":\"EntryPoint\",\"urlTemplate\":\"https:\/\/www.cofb.org\/?s={search_term_string}\"},\"query-input\":\"required name=search_term_string\"}],\"inLanguage\":\"ca\"},{\"@type\":\"Organization\",\"@id\":\"https:\/\/www.cofb.org\/#organization\",\"name\":\"Col\u00b7legi de Farmac\u00e8utics de Barcelona\",\"url\":\"https:\/\/www.cofb.org\/\",\"logo\":{\"@type\":\"ImageObject\",\"inLanguage\":\"ca\",\"@id\":\"https:\/\/www.cofb.org\/#\/schema\/logo\/image\/\",\"url\":\"https:\/\/www.cofb.org\/wp-content\/uploads\/2023\/11\/cropped-Logotip-COFB.png\",\"contentUrl\":\"https:\/\/www.cofb.org\/wp-content\/uploads\/2023\/11\/cropped-Logotip-COFB.png\",\"width\":500,\"height\":105,\"caption\":\"Col\u00b7legi de Farmac\u00e8utics de Barcelona\"},\"image\":{\"@id\":\"https:\/\/www.cofb.org\/#\/schema\/logo\/image\/\"},\"sameAs\":[\"https:\/\/www.facebook.com\/farmaceuticsbcn\/\",\"https:\/\/twitter.com\/farmaceuticsbcn\",\"https:\/\/www.instagram.com\/farmaceuticsbcn\/\",\"https:\/\/www.linkedin.com\/company\/farmaceuticsbcn\/\"]}]}<\/script>\n<!-- \/ Yoast SEO plugin. -->","yoast_head_json":{"title":"Programaci\u00f3 de cessaci\u00f3 tab\u00e0quica (PCT) - Col\u00b7legi de Farmac\u00e8utics de Barcelona","robots":{"index":"index","follow":"follow","max-snippet":"max-snippet:-1","max-image-preview":"max-image-preview:large","max-video-preview":"max-video-preview:-1"},"canonical":"https:\/\/www.cofb.org\/ca\/que-oferim\/ciutadans\/serveis-a-la-poblacio\/programacio-de-cessacio-tabaquica-pct\/","og_locale":"ca_ES","og_type":"article","og_title":"Programaci\u00f3 de cessaci\u00f3 tab\u00e0quica (PCT) - Col\u00b7legi de Farmac\u00e8utics de Barcelona","og_description":"Qu\u00e8 \u00e9s el programa de cessaci\u00f3 tab\u00e0quica (PCT)? Es tracta d&#8217;una&nbsp;guia d\u2019actuaci\u00f3 farmac\u00e8utica&nbsp;centrada en la&nbsp;deshabituaci\u00f3 tab\u00e0quica de l\u2019usuari. El farmac\u00e8utic \u00e9s un professional&nbsp;format en l\u2019\u00e0mbit de la promoci\u00f3 de la salut i de la prevenci\u00f3 de la malaltia, fet que l\u2019implica directament en les intervencions de deshabituaci\u00f3 tab\u00e0quica. La proximitat [&hellip;]","og_url":"https:\/\/www.cofb.org\/ca\/que-oferim\/ciutadans\/serveis-a-la-poblacio\/programacio-de-cessacio-tabaquica-pct\/","og_site_name":"Col\u00b7legi de Farmac\u00e8utics de Barcelona","article_publisher":"https:\/\/www.facebook.com\/farmaceuticsbcn\/","article_modified_time":"2025-05-28T08:28:43+00:00","og_image":[{"url":"https:\/\/www.cofb.org\/wp-content\/uploads\/2023\/07\/Deixar-de-fumar-410x1024.png"}],"twitter_card":"summary_large_image","twitter_site":"@farmaceuticsbcn","twitter_misc":{"Temps estimat de lectura":"3 minuts"},"schema":{"@context":"https:\/\/schema.org","@graph":[{"@type":"WebPage","@id":"https:\/\/www.cofb.org\/que-oferim\/ciutadans\/serveis-a-la-poblacio\/programacio-de-cessacio-tabaquica-pct\/","url":"https:\/\/www.cofb.org\/que-oferim\/ciutadans\/serveis-a-la-poblacio\/programacio-de-cessacio-tabaquica-pct\/","name":"Programaci\u00f3 de cessaci\u00f3 tab\u00e0quica (PCT) - Col\u00b7legi de Farmac\u00e8utics de Barcelona","isPartOf":{"@id":"https:\/\/www.cofb.org\/#website"},"primaryImageOfPage":{"@id":"https:\/\/www.cofb.org\/que-oferim\/ciutadans\/serveis-a-la-poblacio\/programacio-de-cessacio-tabaquica-pct\/#primaryimage"},"image":{"@id":"https:\/\/www.cofb.org\/que-oferim\/ciutadans\/serveis-a-la-poblacio\/programacio-de-cessacio-tabaquica-pct\/#primaryimage"},"thumbnailUrl":"https:\/\/www.cofb.org\/wp-content\/uploads\/2023\/07\/Deixar-de-fumar-410x1024.png","datePublished":"2023-07-26T10:34:19+00:00","dateModified":"2025-05-28T08:28:43+00:00","breadcrumb":{"@id":"https:\/\/www.cofb.org\/que-oferim\/ciutadans\/serveis-a-la-poblacio\/programacio-de-cessacio-tabaquica-pct\/#breadcrumb"},"inLanguage":"ca","potentialAction":[{"@type":"ReadAction","target":["https:\/\/www.cofb.org\/que-oferim\/ciutadans\/serveis-a-la-poblacio\/programacio-de-cessacio-tabaquica-pct\/"]}]},{"@type":"ImageObject","inLanguage":"ca","@id":"https:\/\/www.cofb.org\/que-oferim\/ciutadans\/serveis-a-la-poblacio\/programacio-de-cessacio-tabaquica-pct\/#primaryimage","url":"https:\/\/www.cofb.org\/wp-content\/uploads\/2023\/07\/Deixar-de-fumar-410x1024.png","contentUrl":"https:\/\/www.cofb.org\/wp-content\/uploads\/2023\/07\/Deixar-de-fumar-410x1024.png"},{"@type":"BreadcrumbList","@id":"https:\/\/www.cofb.org\/que-oferim\/ciutadans\/serveis-a-la-poblacio\/programacio-de-cessacio-tabaquica-pct\/#breadcrumb","itemListElement":[{"@type":"ListItem","position":1,"name":"Inici","item":"https:\/\/novaorg.cofb.net\/"},{"@type":"ListItem","position":2,"name":"Qu\u00e8 oferim?","item":"https:\/\/novaorg.cofb.net\/que-oferim\/"},{"@type":"ListItem","position":3,"name":"Ciutadans","item":"https:\/\/novaorg.cofb.net\/que-oferim\/ciutadans\/"},{"@type":"ListItem","position":4,"name":"Serveis a la poblaci\u00f3","item":"https:\/\/www.cofb.org\/que-oferim\/ciutadans\/serveis-a-la-poblacio\/"},{"@type":"ListItem","position":5,"name":"Programaci\u00f3 de cessaci\u00f3 tab\u00e0quica (PCT)"}]},{"@type":"WebSite","@id":"https:\/\/www.cofb.org\/#website","url":"https:\/\/www.cofb.org\/","name":"Col\u00b7legi de Farmac\u00e8utics de Barcelona","description":"","publisher":{"@id":"https:\/\/www.cofb.org\/#organization"},"potentialAction":[{"@type":"SearchAction","target":{"@type":"EntryPoint","urlTemplate":"https:\/\/www.cofb.org\/?s={search_term_string}"},"query-input":"required name=search_term_string"}],"inLanguage":"ca"},{"@type":"Organization","@id":"https:\/\/www.cofb.org\/#organization","name":"Col\u00b7legi de Farmac\u00e8utics de Barcelona","url":"https:\/\/www.cofb.org\/","logo":{"@type":"ImageObject","inLanguage":"ca","@id":"https:\/\/www.cofb.org\/#\/schema\/logo\/image\/","url":"https:\/\/www.cofb.org\/wp-content\/uploads\/2023\/11\/cropped-Logotip-COFB.png","contentUrl":"https:\/\/www.cofb.org\/wp-content\/uploads\/2023\/11\/cropped-Logotip-COFB.png","width":500,"height":105,"caption":"Col\u00b7legi de Farmac\u00e8utics de Barcelona"},"image":{"@id":"https:\/\/www.cofb.org\/#\/schema\/logo\/image\/"},"sameAs":["https:\/\/www.facebook.com\/farmaceuticsbcn\/","https:\/\/twitter.com\/farmaceuticsbcn","https:\/\/www.instagram.com\/farmaceuticsbcn\/","https:\/\/www.linkedin.com\/company\/farmaceuticsbcn\/"]}]}},"uagb_featured_image_src":{"full":false,"thumbnail":false,"medium":false,"medium_large":false,"large":false,"1536x1536":false,"2048x2048":false,"trp-custom-language-flag":false},"uagb_author_info":{"display_name":"wpAdminCofbOrg","author_link":"https:\/\/www.cofb.org\/ca\/author\/wpadmincofborg\/"},"uagb_comment_info":0,"uagb_excerpt":"Qu\u00e8 \u00e9s el programa de cessaci\u00f3 tab\u00e0quica (PCT)? Es tracta d&#8217;una&nbsp;guia d\u2019actuaci\u00f3 farmac\u00e8utica&nbsp;centrada en la&nbsp;deshabituaci\u00f3 tab\u00e0quica de l\u2019usuari. El farmac\u00e8utic \u00e9s un professional&nbsp;format en l\u2019\u00e0mbit de la promoci\u00f3 de la salut i de la prevenci\u00f3 de la malaltia, fet que l\u2019implica directament en les intervencions de deshabituaci\u00f3 tab\u00e0quica. La proximitat [&hellip;]","_links":{"self":[{"href":"https:\/\/www.cofb.org\/ca\/wp-json\/wp\/v2\/pages\/67558","targetHints":{"allow":["GET"]}}],"collection":[{"href":"https:\/\/www.cofb.org\/ca\/wp-json\/wp\/v2\/pages"}],"about":[{"href":"https:\/\/www.cofb.org\/ca\/wp-json\/wp\/v2\/types\/page"}],"author":[{"embeddable":true,"href":"https:\/\/www.cofb.org\/ca\/wp-json\/wp\/v2\/users\/1"}],"replies":[{"embeddable":true,"href":"https:\/\/www.cofb.org\/ca\/wp-json\/wp\/v2\/comments?post=67558"}],"version-history":[{"count":15,"href":"https:\/\/www.cofb.org\/ca\/wp-json\/wp\/v2\/pages\/67558\/revisions"}],"predecessor-version":[{"id":81255,"href":"https:\/\/www.cofb.org\/ca\/wp-json\/wp\/v2\/pages\/67558\/revisions\/81255"}],"up":[{"embeddable":true,"href":"https:\/\/www.cofb.org\/ca\/wp-json\/wp\/v2\/pages\/2951"}],"wp:attachment":[{"href":"https:\/\/www.cofb.org\/ca\/wp-json\/wp\/v2\/media?parent=67558"}],"curies":[{"name":"wp","href":"https:\/\/api.w.org\/{rel}","templated":true}]}}