{"id":67536,"date":"2023-07-26T10:14:02","date_gmt":"2023-07-26T10:14:02","guid":{"rendered":"https:\/\/novaorg.cofb.net\/?page_id=67536"},"modified":"2025-11-28T11:46:25","modified_gmt":"2025-11-28T11:46:25","slug":"programa-de-deteccio-precoc-del-cancer-de-colon-i-recte-pdpccr","status":"publish","type":"page","link":"https:\/\/www.cofb.org\/ca\/que-oferim\/ciutadans\/serveis-a-la-poblacio\/programa-de-deteccio-precoc-del-cancer-de-colon-i-recte-pdpccr\/","title":{"rendered":"Programa de detecci\u00f3 preco\u00e7 del c\u00e0ncer de c\u00f2lon i recte (PDPCCR)"},"content":{"rendered":"\n<p><iframe allow=\"accelerometer; autoplay; encrypted-media; gyroscope; picture-in-picture\" allowfullscreen=\"\" frameborder=\"0\" height=\"350\" src=\"https:\/\/www.youtube.com\/embed\/_R0lbZUKNwM\" width=\"100%\"><\/iframe><\/p>\n\n\n\n<h2 class=\"wp-block-heading\">Qu\u00e8 \u00e9s el programa de detecci\u00f3 preco\u00e7 del c\u00e0ncer de c\u00f2lon i recte (PDPCCR)<\/h2>\n\n\n\n<p>Es tracta d&#8217;un&nbsp;<strong>servei&nbsp;per la detecci\u00f3 preco\u00e7 del c\u00e0ncer de c\u00f2lon&nbsp;i recte mitjan\u00e7ant la cerca de sang oculta en femta<\/strong>. A les prov\u00edncies de Barcelona i Girona, la farm\u00e0cia participa donant&nbsp;<strong>consell farmac\u00e8utic&nbsp;<\/strong>per la prevenci\u00f3 del c\u00e0ncer de c\u00f2lon i recte,&nbsp;<strong>resolent consultes i dubtes<\/strong>,&nbsp;<strong>detectant criteris d\u2019exclusi\u00f3<\/strong>,&nbsp;<strong>facilitant els kits per prendre la mostra<\/strong>, donant&nbsp;<strong>informaci\u00f3 sobre la presa de mostra<\/strong>,&nbsp;<strong>verificant les dades de l\u2019usuari<\/strong>,&nbsp;<strong>recollint les mostres<\/strong>&nbsp;i&nbsp;<strong>enviant-les al laboratori d\u2019an\u00e0lisi<\/strong>.&nbsp;<\/p>\n\n\n\n<h2 class=\"wp-block-heading\">Quin objectiu t\u00e9?<\/h2>\n\n\n\n<p id=\"yui_patched_v3_11_0_1_1690364506939_306\"><strong>Diagnosticar i tractar els casos de c\u00e0ncer de c\u00f2lon i recte com m\u00e9s aviat millor<\/strong>&nbsp;per augmentar possibilitats de curaci\u00f3, aix\u00ed com<strong>&nbsp;incrementar la participaci\u00f3 de la poblaci\u00f3 diana del programa<\/strong>. El cribratge permet&nbsp;<strong>detectar lesions precanceroses&nbsp;<\/strong>i intervenir en les fases primerenques evitant la seva evoluci\u00f3 a estadis m\u00e9s avan\u00e7ats on la<strong>&nbsp;taxa de superviv\u00e8ncia \u00e9s inferior i la mortalitat m\u00e9s elevada<\/strong>.<\/p>\n\n\n\n<h2 class=\"wp-block-heading\">Com funciona?<\/h2>\n\n\n\n<p id=\"yui_patched_v3_11_0_1_1690364506939_315\">El&nbsp;<strong>cribratge s\u2019organitza en rondes de 2 anys<\/strong>&nbsp;i es convida a participar tota la poblaci\u00f3 sana i asimptom\u00e0tica&nbsp;entre 50 i 69 anys. Des de les oficines t\u00e8cniques de cribratge del territori,&nbsp;<strong>s\u2019envia una carta convidant a participar la poblaci\u00f3 que compleix els criteris d\u2019inclusi\u00f3 al programa<\/strong>. Per poder fer la prova,&nbsp;<strong>s\u2019ha d&#8217;anar a la farm\u00e0cia a buscar el kit del programa<\/strong>. Un cop s&#8217;ha recollit a casa la mostra,&nbsp;<strong>es retorna el kit a la farm\u00e0cia<\/strong>, que&nbsp;s\u2019encarrega d\u2019enviar-la al laboratori de refer\u00e8ncia per la seva an\u00e0lisi. Es tracta d&#8217;una&nbsp;<strong>prova gratu\u00efta&nbsp;<\/strong>per l\u2019usuari, ja que es tracta d&#8217;un&nbsp;<strong>servei concertat<\/strong>&nbsp;amb el Departament de Salut de la Generalitat de Catalunya.&nbsp;<\/p>\n\n\n\n<div class=\"wp-block-uagb-image uagb-block-cc7c8501 wp-block-uagb-image--layout-default wp-block-uagb-image--effect-static wp-block-uagb-image--align-none\"><figure class=\"wp-block-uagb-image__figure\"><img loading=\"lazy\" decoding=\"async\" srcset=\"https:\/\/www.cofb.org\/wp-content\/uploads\/2023\/07\/programa-deteccio-cancer-colon.jpg \" sizes=\"auto, (max-width: 480px) 150px\" src=\"https:\/\/www.cofb.org\/wp-content\/uploads\/2023\/07\/programa-deteccio-cancer-colon.jpg\" alt=\"\" class=\"uag-image-67539\" width=\"840\" height=\"270\" title=\"\" loading=\"lazy\" role=\"img\"\/><\/figure><\/div>\n\n\n\n<h2 class=\"wp-block-heading\">Qu\u00e8 s&#8217;ha aconseguit?<\/h2>\n\n\n\n<ul class=\"wp-block-list\">\n<li>Durant el\u00a0<strong>2024<\/strong>, han participat\u00a0<strong>370.401 <\/strong>usuaris i s&#8217;han recollit\u00a0<strong>353.297\u00a0<\/strong>mostres. Hi han col\u00b7laborat\u00a0<strong>1.741\u00a0<\/strong>farm\u00e0cies i\u00a0en total hi ha <strong>2.127 <\/strong>farm\u00e0cies comunit\u00e0ries adherides al programa.<\/li>\n\n\n\n<li>Durant la primera&nbsp;d\u00e8cada del programa, s&#8217;han&nbsp;<strong>diagnosticat prop de 1.300 c\u00e0ncers invasius<\/strong>&nbsp;i s&#8217;han&nbsp;<strong>extirpat p\u00f2lips amb potencial de malignitzaci\u00f3 a 15.500 persones<\/strong>. S&#8217;han enviat prop de&nbsp;<strong>1,4 milions d&#8217;invitacions<\/strong>&nbsp;personals a m\u00e9s de&nbsp;<strong>566.000 persones<\/strong>, amb&nbsp;<strong>una participaci\u00f3 d&#8217;entorn el 50%<\/strong>, i en algunes \u00e0rees s&#8217;ha arribat al 60%.<\/li>\n<\/ul>\n\n\n\n<h2 class=\"wp-block-heading\">On es duu a terme?<\/h2>\n\n\n\n<p id=\"yui_patched_v3_11_0_1_1690364506939_340\">Es duu a terme a les&nbsp;<strong>farm\u00e0cies<\/strong>&nbsp;de la&nbsp;<strong>prov\u00edncia de Barcelona<\/strong>, <strong>Girona<\/strong> i ara tamb\u00e9 <strong>Tarragona<\/strong>, mentre que a la prov\u00edncia de <strong>Lleida <\/strong>es fa a partir dels CAPs.<a href=\"mailto:projectes@cofb.net\"><\/a><\/p>\n\n\n\n<h2 class=\"wp-block-heading\">M\u00e9s informaci\u00f3<\/h2>\n\n\n\n<p class=\"icones\"><img decoding=\"async\" width=\"150\" height=\"176\" class=\"wp-image-67596\" style=\"width: 150px;\" src=\"https:\/\/www.cofb.org\/wp-content\/uploads\/2023\/07\/logo-cofb-negre.jpg\" alt=\"\">&nbsp;Departament de&nbsp;Formaci\u00f3 i Desenvolupament Professional del COFB<\/p>\n\n\n\n<p class=\"icones\"><img decoding=\"async\" alt=\"\" src=\"https:\/\/www.cofb.org\/documents\/10136\/1067764\/Correu.png\/69f7b5c4-3c19-447d-9ff6-25e8e46c97cf?t=1542018760660\">&nbsp;Correu electr\u00f2nic:&nbsp;<a href=\"mailto:projectes@cofb.net\">projectes@cofb.net<\/a><\/p>\n\n\n\n<p class=\"icones\"><img decoding=\"async\" src=\"https:\/\/www.cofb.org\/documents\/10136\/1067764\/Tel%C3%A9fono.png\/83de66f5-8867-4acf-ba6c-ea129dc67556?t=1542018738546\" alt=\"\">&nbsp;Tel\u00e8fon:&nbsp;93 244 07 10 (ext. 2)<\/p>\n\n\n\n<p class=\"icones\"><img decoding=\"async\" width=\"70\" height=\"70\" class=\"wp-image-67601\" style=\"width: 70px;\" src=\"https:\/\/www.cofb.org\/wp-content\/uploads\/2023\/07\/web-cofb-1.png\" alt=\"\">&nbsp;<a href=\"https:\/\/www.farmaceuticonline.com\/serveis-addicionals\/programa-de-deteccio-precoc-de-cancer-de-colon-i-recte\/\" target=\"_blank\" rel=\"noreferrer noopener\">Farmaceuticonline<\/a>, <a data-type=\"URL\" data-id=\"https:\/\/www.prevenciocolonbcn.org\/ca\/\" href=\"https:\/\/www.prevenciocolonbcn.org\/ca\/\" target=\"_blank\" rel=\"noreferrer noopener\">p\u00e0gina web del programa<\/a> i <a data-type=\"URL\" data-id=\"https:\/\/www.tauli.cat\/tauli\/cdcdcir\" href=\"https:\/\/www.tauli.cat\/tauli\/cdcdcir\" target=\"_blank\" rel=\"noreferrer noopener\">apartat del web de l&#8217;Hospital del Parc Taul\u00ed<\/a><\/p>\n\n\n\n<p class=\"icones\"><img decoding=\"async\" width=\"70\" height=\"70\" class=\"wp-image-67603\" style=\"width: 70px;\" src=\"https:\/\/www.cofb.org\/wp-content\/uploads\/2023\/07\/pantalla.png\" alt=\"\">&nbsp;<a href=\"https:\/\/www.cofb.org\/ca\/2015\/10\/27\/el-programa-de-deteccio-precoc-del-cancer-de-colon-sesten-a-tota-la-provincia-de-barcelona-amb-la-implicacio-de-les-farmacies\/\" target=\"_blank\" rel=\"noreferrer noopener\">Blog del COFB<\/a><\/p>\n","protected":false},"excerpt":{"rendered":"<p>Qu\u00e8 \u00e9s el programa de detecci\u00f3 preco\u00e7 del c\u00e0ncer de c\u00f2lon i recte (PDPCCR) Es tracta d&#8217;un&nbsp;servei&nbsp;per la detecci\u00f3 preco\u00e7 del c\u00e0ncer de c\u00f2lon&nbsp;i recte mitjan\u00e7ant la cerca de sang oculta en femta. A les prov\u00edncies de Barcelona i Girona, la farm\u00e0cia participa donant&nbsp;consell farmac\u00e8utic&nbsp;per la prevenci\u00f3 del c\u00e0ncer de [&hellip;]<\/p>\n","protected":false},"author":1,"featured_media":0,"parent":2951,"menu_order":2,"comment_status":"closed","ping_status":"closed","template":"","meta":{"_uag_custom_page_level_css":"","site-sidebar-layout":"default","site-content-layout":"","ast-site-content-layout":"default","site-content-style":"default","site-sidebar-style":"default","ast-global-header-display":"","ast-banner-title-visibility":"","ast-main-header-display":"","ast-hfb-above-header-display":"","ast-hfb-below-header-display":"","ast-hfb-mobile-header-display":"","site-post-title":"","ast-breadcrumbs-content":"","ast-featured-img":"","footer-sml-layout":"","theme-transparent-header-meta":"","adv-header-id-meta":"","stick-header-meta":"","header-above-stick-meta":"","header-main-stick-meta":"","header-below-stick-meta":"","astra-migrate-meta-layouts":"set","ast-page-background-enabled":"default","ast-page-background-meta":{"desktop":{"background-color":"var(--ast-global-color-4)","background-image":"","background-repeat":"repeat","background-position":"center center","background-size":"auto","background-attachment":"scroll","background-type":"","background-media":"","overlay-type":"","overlay-color":"","overlay-opacity":"","overlay-gradient":""},"tablet":{"background-color":"","background-image":"","background-repeat":"repeat","background-position":"center center","background-size":"auto","background-attachment":"scroll","background-type":"","background-media":"","overlay-type":"","overlay-color":"","overlay-opacity":"","overlay-gradient":""},"mobile":{"background-color":"","background-image":"","background-repeat":"repeat","background-position":"center center","background-size":"auto","background-attachment":"scroll","background-type":"","background-media":"","overlay-type":"","overlay-color":"","overlay-opacity":"","overlay-gradient":""}},"ast-content-background-meta":{"desktop":{"background-color":"var(--ast-global-color-5)","background-image":"","background-repeat":"repeat","background-position":"center center","background-size":"auto","background-attachment":"scroll","background-type":"","background-media":"","overlay-type":"","overlay-color":"","overlay-opacity":"","overlay-gradient":""},"tablet":{"background-color":"var(--ast-global-color-5)","background-image":"","background-repeat":"repeat","background-position":"center center","background-size":"auto","background-attachment":"scroll","background-type":"","background-media":"","overlay-type":"","overlay-color":"","overlay-opacity":"","overlay-gradient":""},"mobile":{"background-color":"var(--ast-global-color-5)","background-image":"","background-repeat":"repeat","background-position":"center center","background-size":"auto","background-attachment":"scroll","background-type":"","background-media":"","overlay-type":"","overlay-color":"","overlay-opacity":"","overlay-gradient":""}},"footnotes":""},"class_list":["post-67536","page","type-page","status-publish","hentry"],"yoast_head":"<!-- This site is optimized with the Yoast SEO plugin v22.4 - https:\/\/yoast.com\/wordpress\/plugins\/seo\/ -->\n<title>Programa de detecci\u00f3 preco\u00e7 del c\u00e0ncer de c\u00f2lon i recte (PDPCCR) - Col\u00b7legi de Farmac\u00e8utics de Barcelona<\/title>\n<meta name=\"robots\" content=\"index, follow, max-snippet:-1, max-image-preview:large, max-video-preview:-1\" \/>\n<link rel=\"canonical\" href=\"https:\/\/www.cofb.org\/ca\/que-oferim\/ciutadans\/serveis-a-la-poblacio\/programa-de-deteccio-precoc-del-cancer-de-colon-i-recte-pdpccr\/\" \/>\n<meta property=\"og:locale\" content=\"ca_ES\" \/>\n<meta property=\"og:type\" content=\"article\" \/>\n<meta property=\"og:title\" content=\"Programa de detecci\u00f3 preco\u00e7 del c\u00e0ncer de c\u00f2lon i recte (PDPCCR) - Col\u00b7legi de Farmac\u00e8utics de Barcelona\" \/>\n<meta property=\"og:description\" content=\"Qu\u00e8 \u00e9s el programa de detecci\u00f3 preco\u00e7 del c\u00e0ncer de c\u00f2lon i recte (PDPCCR) Es tracta d&#8217;un&nbsp;servei&nbsp;per la detecci\u00f3 preco\u00e7 del c\u00e0ncer de c\u00f2lon&nbsp;i recte mitjan\u00e7ant la cerca de sang oculta en femta. A les prov\u00edncies de Barcelona i Girona, la farm\u00e0cia participa donant&nbsp;consell farmac\u00e8utic&nbsp;per la prevenci\u00f3 del c\u00e0ncer de [&hellip;]\" \/>\n<meta property=\"og:url\" content=\"https:\/\/www.cofb.org\/ca\/que-oferim\/ciutadans\/serveis-a-la-poblacio\/programa-de-deteccio-precoc-del-cancer-de-colon-i-recte-pdpccr\/\" \/>\n<meta property=\"og:site_name\" content=\"Col\u00b7legi de Farmac\u00e8utics de Barcelona\" \/>\n<meta property=\"article:publisher\" content=\"https:\/\/www.facebook.com\/farmaceuticsbcn\/\" \/>\n<meta property=\"article:modified_time\" content=\"2025-11-28T11:46:25+00:00\" \/>\n<meta property=\"og:image\" content=\"https:\/\/www.cofb.org\/wp-content\/uploads\/2023\/07\/programa-deteccio-cancer-colon.jpg\" \/>\n<meta name=\"twitter:card\" content=\"summary_large_image\" \/>\n<meta name=\"twitter:site\" content=\"@farmaceuticsbcn\" \/>\n<meta name=\"twitter:label1\" content=\"Temps estimat de lectura\" \/>\n\t<meta name=\"twitter:data1\" content=\"4 minuts\" \/>\n<script type=\"application\/ld+json\" class=\"yoast-schema-graph\">{\"@context\":\"https:\/\/schema.org\",\"@graph\":[{\"@type\":\"WebPage\",\"@id\":\"https:\/\/www.cofb.org\/que-oferim\/ciutadans\/serveis-a-la-poblacio\/programa-de-deteccio-precoc-del-cancer-de-colon-i-recte-pdpccr\/\",\"url\":\"https:\/\/www.cofb.org\/que-oferim\/ciutadans\/serveis-a-la-poblacio\/programa-de-deteccio-precoc-del-cancer-de-colon-i-recte-pdpccr\/\",\"name\":\"Programa de detecci\u00f3 preco\u00e7 del c\u00e0ncer de c\u00f2lon i recte (PDPCCR) - Col\u00b7legi de Farmac\u00e8utics de Barcelona\",\"isPartOf\":{\"@id\":\"https:\/\/www.cofb.org\/#website\"},\"primaryImageOfPage\":{\"@id\":\"https:\/\/www.cofb.org\/que-oferim\/ciutadans\/serveis-a-la-poblacio\/programa-de-deteccio-precoc-del-cancer-de-colon-i-recte-pdpccr\/#primaryimage\"},\"image\":{\"@id\":\"https:\/\/www.cofb.org\/que-oferim\/ciutadans\/serveis-a-la-poblacio\/programa-de-deteccio-precoc-del-cancer-de-colon-i-recte-pdpccr\/#primaryimage\"},\"thumbnailUrl\":\"https:\/\/www.cofb.org\/wp-content\/uploads\/2023\/07\/programa-deteccio-cancer-colon.jpg\",\"datePublished\":\"2023-07-26T10:14:02+00:00\",\"dateModified\":\"2025-11-28T11:46:25+00:00\",\"breadcrumb\":{\"@id\":\"https:\/\/www.cofb.org\/que-oferim\/ciutadans\/serveis-a-la-poblacio\/programa-de-deteccio-precoc-del-cancer-de-colon-i-recte-pdpccr\/#breadcrumb\"},\"inLanguage\":\"ca\",\"potentialAction\":[{\"@type\":\"ReadAction\",\"target\":[\"https:\/\/www.cofb.org\/que-oferim\/ciutadans\/serveis-a-la-poblacio\/programa-de-deteccio-precoc-del-cancer-de-colon-i-recte-pdpccr\/\"]}]},{\"@type\":\"ImageObject\",\"inLanguage\":\"ca\",\"@id\":\"https:\/\/www.cofb.org\/que-oferim\/ciutadans\/serveis-a-la-poblacio\/programa-de-deteccio-precoc-del-cancer-de-colon-i-recte-pdpccr\/#primaryimage\",\"url\":\"https:\/\/www.cofb.org\/wp-content\/uploads\/2023\/07\/programa-deteccio-cancer-colon.jpg\",\"contentUrl\":\"https:\/\/www.cofb.org\/wp-content\/uploads\/2023\/07\/programa-deteccio-cancer-colon.jpg\"},{\"@type\":\"BreadcrumbList\",\"@id\":\"https:\/\/www.cofb.org\/que-oferim\/ciutadans\/serveis-a-la-poblacio\/programa-de-deteccio-precoc-del-cancer-de-colon-i-recte-pdpccr\/#breadcrumb\",\"itemListElement\":[{\"@type\":\"ListItem\",\"position\":1,\"name\":\"Inici\",\"item\":\"https:\/\/novaorg.cofb.net\/\"},{\"@type\":\"ListItem\",\"position\":2,\"name\":\"Qu\u00e8 oferim?\",\"item\":\"https:\/\/novaorg.cofb.net\/que-oferim\/\"},{\"@type\":\"ListItem\",\"position\":3,\"name\":\"Ciutadans\",\"item\":\"https:\/\/novaorg.cofb.net\/que-oferim\/ciutadans\/\"},{\"@type\":\"ListItem\",\"position\":4,\"name\":\"Serveis a la poblaci\u00f3\",\"item\":\"https:\/\/www.cofb.org\/que-oferim\/ciutadans\/serveis-a-la-poblacio\/\"},{\"@type\":\"ListItem\",\"position\":5,\"name\":\"Programa de detecci\u00f3 preco\u00e7 del c\u00e0ncer de c\u00f2lon i recte (PDPCCR)\"}]},{\"@type\":\"WebSite\",\"@id\":\"https:\/\/www.cofb.org\/#website\",\"url\":\"https:\/\/www.cofb.org\/\",\"name\":\"Col\u00b7legi de Farmac\u00e8utics de Barcelona\",\"description\":\"\",\"publisher\":{\"@id\":\"https:\/\/www.cofb.org\/#organization\"},\"potentialAction\":[{\"@type\":\"SearchAction\",\"target\":{\"@type\":\"EntryPoint\",\"urlTemplate\":\"https:\/\/www.cofb.org\/?s={search_term_string}\"},\"query-input\":\"required name=search_term_string\"}],\"inLanguage\":\"ca\"},{\"@type\":\"Organization\",\"@id\":\"https:\/\/www.cofb.org\/#organization\",\"name\":\"Col\u00b7legi de Farmac\u00e8utics de Barcelona\",\"url\":\"https:\/\/www.cofb.org\/\",\"logo\":{\"@type\":\"ImageObject\",\"inLanguage\":\"ca\",\"@id\":\"https:\/\/www.cofb.org\/#\/schema\/logo\/image\/\",\"url\":\"https:\/\/www.cofb.org\/wp-content\/uploads\/2023\/11\/cropped-Logotip-COFB.png\",\"contentUrl\":\"https:\/\/www.cofb.org\/wp-content\/uploads\/2023\/11\/cropped-Logotip-COFB.png\",\"width\":500,\"height\":105,\"caption\":\"Col\u00b7legi de Farmac\u00e8utics de Barcelona\"},\"image\":{\"@id\":\"https:\/\/www.cofb.org\/#\/schema\/logo\/image\/\"},\"sameAs\":[\"https:\/\/www.facebook.com\/farmaceuticsbcn\/\",\"https:\/\/twitter.com\/farmaceuticsbcn\",\"https:\/\/www.instagram.com\/farmaceuticsbcn\/\",\"https:\/\/www.linkedin.com\/company\/farmaceuticsbcn\/\"]}]}<\/script>\n<!-- \/ Yoast SEO plugin. -->","yoast_head_json":{"title":"Programa de detecci\u00f3 preco\u00e7 del c\u00e0ncer de c\u00f2lon i recte (PDPCCR) - Col\u00b7legi de Farmac\u00e8utics de Barcelona","robots":{"index":"index","follow":"follow","max-snippet":"max-snippet:-1","max-image-preview":"max-image-preview:large","max-video-preview":"max-video-preview:-1"},"canonical":"https:\/\/www.cofb.org\/ca\/que-oferim\/ciutadans\/serveis-a-la-poblacio\/programa-de-deteccio-precoc-del-cancer-de-colon-i-recte-pdpccr\/","og_locale":"ca_ES","og_type":"article","og_title":"Programa de detecci\u00f3 preco\u00e7 del c\u00e0ncer de c\u00f2lon i recte (PDPCCR) - Col\u00b7legi de Farmac\u00e8utics de Barcelona","og_description":"Qu\u00e8 \u00e9s el programa de detecci\u00f3 preco\u00e7 del c\u00e0ncer de c\u00f2lon i recte (PDPCCR) Es tracta d&#8217;un&nbsp;servei&nbsp;per la detecci\u00f3 preco\u00e7 del c\u00e0ncer de c\u00f2lon&nbsp;i recte mitjan\u00e7ant la cerca de sang oculta en femta. A les prov\u00edncies de Barcelona i Girona, la farm\u00e0cia participa donant&nbsp;consell farmac\u00e8utic&nbsp;per la prevenci\u00f3 del c\u00e0ncer de [&hellip;]","og_url":"https:\/\/www.cofb.org\/ca\/que-oferim\/ciutadans\/serveis-a-la-poblacio\/programa-de-deteccio-precoc-del-cancer-de-colon-i-recte-pdpccr\/","og_site_name":"Col\u00b7legi de Farmac\u00e8utics de Barcelona","article_publisher":"https:\/\/www.facebook.com\/farmaceuticsbcn\/","article_modified_time":"2025-11-28T11:46:25+00:00","og_image":[{"url":"https:\/\/www.cofb.org\/wp-content\/uploads\/2023\/07\/programa-deteccio-cancer-colon.jpg"}],"twitter_card":"summary_large_image","twitter_site":"@farmaceuticsbcn","twitter_misc":{"Temps estimat de lectura":"4 minuts"},"schema":{"@context":"https:\/\/schema.org","@graph":[{"@type":"WebPage","@id":"https:\/\/www.cofb.org\/que-oferim\/ciutadans\/serveis-a-la-poblacio\/programa-de-deteccio-precoc-del-cancer-de-colon-i-recte-pdpccr\/","url":"https:\/\/www.cofb.org\/que-oferim\/ciutadans\/serveis-a-la-poblacio\/programa-de-deteccio-precoc-del-cancer-de-colon-i-recte-pdpccr\/","name":"Programa de detecci\u00f3 preco\u00e7 del c\u00e0ncer de c\u00f2lon i recte (PDPCCR) - Col\u00b7legi de Farmac\u00e8utics de Barcelona","isPartOf":{"@id":"https:\/\/www.cofb.org\/#website"},"primaryImageOfPage":{"@id":"https:\/\/www.cofb.org\/que-oferim\/ciutadans\/serveis-a-la-poblacio\/programa-de-deteccio-precoc-del-cancer-de-colon-i-recte-pdpccr\/#primaryimage"},"image":{"@id":"https:\/\/www.cofb.org\/que-oferim\/ciutadans\/serveis-a-la-poblacio\/programa-de-deteccio-precoc-del-cancer-de-colon-i-recte-pdpccr\/#primaryimage"},"thumbnailUrl":"https:\/\/www.cofb.org\/wp-content\/uploads\/2023\/07\/programa-deteccio-cancer-colon.jpg","datePublished":"2023-07-26T10:14:02+00:00","dateModified":"2025-11-28T11:46:25+00:00","breadcrumb":{"@id":"https:\/\/www.cofb.org\/que-oferim\/ciutadans\/serveis-a-la-poblacio\/programa-de-deteccio-precoc-del-cancer-de-colon-i-recte-pdpccr\/#breadcrumb"},"inLanguage":"ca","potentialAction":[{"@type":"ReadAction","target":["https:\/\/www.cofb.org\/que-oferim\/ciutadans\/serveis-a-la-poblacio\/programa-de-deteccio-precoc-del-cancer-de-colon-i-recte-pdpccr\/"]}]},{"@type":"ImageObject","inLanguage":"ca","@id":"https:\/\/www.cofb.org\/que-oferim\/ciutadans\/serveis-a-la-poblacio\/programa-de-deteccio-precoc-del-cancer-de-colon-i-recte-pdpccr\/#primaryimage","url":"https:\/\/www.cofb.org\/wp-content\/uploads\/2023\/07\/programa-deteccio-cancer-colon.jpg","contentUrl":"https:\/\/www.cofb.org\/wp-content\/uploads\/2023\/07\/programa-deteccio-cancer-colon.jpg"},{"@type":"BreadcrumbList","@id":"https:\/\/www.cofb.org\/que-oferim\/ciutadans\/serveis-a-la-poblacio\/programa-de-deteccio-precoc-del-cancer-de-colon-i-recte-pdpccr\/#breadcrumb","itemListElement":[{"@type":"ListItem","position":1,"name":"Inici","item":"https:\/\/novaorg.cofb.net\/"},{"@type":"ListItem","position":2,"name":"Qu\u00e8 oferim?","item":"https:\/\/novaorg.cofb.net\/que-oferim\/"},{"@type":"ListItem","position":3,"name":"Ciutadans","item":"https:\/\/novaorg.cofb.net\/que-oferim\/ciutadans\/"},{"@type":"ListItem","position":4,"name":"Serveis a la poblaci\u00f3","item":"https:\/\/www.cofb.org\/que-oferim\/ciutadans\/serveis-a-la-poblacio\/"},{"@type":"ListItem","position":5,"name":"Programa de detecci\u00f3 preco\u00e7 del c\u00e0ncer de c\u00f2lon i recte (PDPCCR)"}]},{"@type":"WebSite","@id":"https:\/\/www.cofb.org\/#website","url":"https:\/\/www.cofb.org\/","name":"Col\u00b7legi de Farmac\u00e8utics de Barcelona","description":"","publisher":{"@id":"https:\/\/www.cofb.org\/#organization"},"potentialAction":[{"@type":"SearchAction","target":{"@type":"EntryPoint","urlTemplate":"https:\/\/www.cofb.org\/?s={search_term_string}"},"query-input":"required name=search_term_string"}],"inLanguage":"ca"},{"@type":"Organization","@id":"https:\/\/www.cofb.org\/#organization","name":"Col\u00b7legi de Farmac\u00e8utics de Barcelona","url":"https:\/\/www.cofb.org\/","logo":{"@type":"ImageObject","inLanguage":"ca","@id":"https:\/\/www.cofb.org\/#\/schema\/logo\/image\/","url":"https:\/\/www.cofb.org\/wp-content\/uploads\/2023\/11\/cropped-Logotip-COFB.png","contentUrl":"https:\/\/www.cofb.org\/wp-content\/uploads\/2023\/11\/cropped-Logotip-COFB.png","width":500,"height":105,"caption":"Col\u00b7legi de Farmac\u00e8utics de Barcelona"},"image":{"@id":"https:\/\/www.cofb.org\/#\/schema\/logo\/image\/"},"sameAs":["https:\/\/www.facebook.com\/farmaceuticsbcn\/","https:\/\/twitter.com\/farmaceuticsbcn","https:\/\/www.instagram.com\/farmaceuticsbcn\/","https:\/\/www.linkedin.com\/company\/farmaceuticsbcn\/"]}]}},"uagb_featured_image_src":{"full":false,"thumbnail":false,"medium":false,"medium_large":false,"large":false,"1536x1536":false,"2048x2048":false,"trp-custom-language-flag":false},"uagb_author_info":{"display_name":"wpAdminCofbOrg","author_link":"https:\/\/www.cofb.org\/ca\/author\/wpadmincofborg\/"},"uagb_comment_info":0,"uagb_excerpt":"Qu\u00e8 \u00e9s el programa de detecci\u00f3 preco\u00e7 del c\u00e0ncer de c\u00f2lon i recte (PDPCCR) Es tracta d&#8217;un&nbsp;servei&nbsp;per la detecci\u00f3 preco\u00e7 del c\u00e0ncer de c\u00f2lon&nbsp;i recte mitjan\u00e7ant la cerca de sang oculta en femta. A les prov\u00edncies de Barcelona i Girona, la farm\u00e0cia participa donant&nbsp;consell farmac\u00e8utic&nbsp;per la prevenci\u00f3 del c\u00e0ncer de [&hellip;]","_links":{"self":[{"href":"https:\/\/www.cofb.org\/ca\/wp-json\/wp\/v2\/pages\/67536","targetHints":{"allow":["GET"]}}],"collection":[{"href":"https:\/\/www.cofb.org\/ca\/wp-json\/wp\/v2\/pages"}],"about":[{"href":"https:\/\/www.cofb.org\/ca\/wp-json\/wp\/v2\/types\/page"}],"author":[{"embeddable":true,"href":"https:\/\/www.cofb.org\/ca\/wp-json\/wp\/v2\/users\/1"}],"replies":[{"embeddable":true,"href":"https:\/\/www.cofb.org\/ca\/wp-json\/wp\/v2\/comments?post=67536"}],"version-history":[{"count":8,"href":"https:\/\/www.cofb.org\/ca\/wp-json\/wp\/v2\/pages\/67536\/revisions"}],"predecessor-version":[{"id":83015,"href":"https:\/\/www.cofb.org\/ca\/wp-json\/wp\/v2\/pages\/67536\/revisions\/83015"}],"up":[{"embeddable":true,"href":"https:\/\/www.cofb.org\/ca\/wp-json\/wp\/v2\/pages\/2951"}],"wp:attachment":[{"href":"https:\/\/www.cofb.org\/ca\/wp-json\/wp\/v2\/media?parent=67536"}],"curies":[{"name":"wp","href":"https:\/\/api.w.org\/{rel}","templated":true}]}}