{"id":67526,"date":"2023-07-26T09:34:51","date_gmt":"2023-07-26T09:34:51","guid":{"rendered":"https:\/\/novaorg.cofb.net\/?page_id=67526"},"modified":"2024-08-20T09:30:57","modified_gmt":"2024-08-20T09:30:57","slug":"farmaserveis","status":"publish","type":"page","link":"https:\/\/www.cofb.org\/ca\/que-oferim\/ciutadans\/serveis-a-la-poblacio\/farmaserveis\/","title":{"rendered":"Farmaserveis"},"content":{"rendered":"\n<p><iframe allow=\"accelerometer; autoplay; clipboard-write; encrypted-media; gyroscope; picture-in-picture; web-share\" allowfullscreen=\"\" frameborder=\"0\" height=\"386\" src=\"https:\/\/www.youtube.com\/embed\/0iIPeZjhHeU\" title=\"YouTube video player\" width=\"778\"><\/iframe><\/p>\n\n\n\n<h2 class=\"wp-block-heading\">Qu\u00e8 \u00e9s Farmaserveis?<\/h2>\n\n\n\n<p id=\"yui_patched_v3_11_0_1_1690363684688_282\">Farmaserveis \u00e9s la plataforma de registre assistencial de la xarxa de farm\u00e0cies a Catalunya.&nbsp;&nbsp;<\/p>\n\n\n\n<h2 class=\"wp-block-heading\">Quins objectius t\u00e9?<\/h2>\n\n\n\n<p id=\"yui_patched_v3_11_0_1_1690363684688_307\">Els principals objectius de Farmaserveis s\u00f3n transformar la relaci\u00f3 actual amb el pacient i connectar amb la seva salut digitalment, aix\u00ed com&nbsp;<strong>donar resposta a la necessitat de transformaci\u00f3 digital de les farm\u00e0cies<\/strong>&nbsp;davant els canvis de tend\u00e8ncies de la societat.<\/p>\n\n\n\n<h2 class=\"wp-block-heading\">Quins serveis ofereix?<\/h2>\n\n\n\n<p id=\"yui_patched_v3_11_0_1_1690363684688_310\">De moment,&nbsp;<strong>Farmaserveis<\/strong>&nbsp;ofereix els seg\u00fcents serveis:<\/p>\n\n\n\n<ul class=\"wp-block-list\">\n<li><strong>Pressi\u00f3 arterial<\/strong><\/li>\n\n\n\n<li><strong>Programa de Cessaci\u00f3 Tab\u00e0quica<\/strong><\/li>\n\n\n\n<li><strong>Perfil lip\u00eddic<\/strong><\/li>\n\n\n\n<li><strong>Par\u00e0metres antropom\u00e8trics<\/strong><\/li>\n\n\n\n<li><strong>Glic\u00e8mia i HbA1C<\/strong><\/li>\n\n\n\n<li><strong>Consell alimentari<\/strong><\/li>\n<\/ul>\n\n\n\n<h2 class=\"wp-block-heading\">Com donar-se d&#8217;alta?<\/h2>\n\n\n\n<p>Els col\u00b7legiats del COFB&nbsp;disposen de tota la informaci\u00f3 actualitzada sobre&nbsp;<a rel=\"noreferrer noopener\" href=\"https:\/\/farmaceutics.cofb.net\/group\/guest\/farmaserveis\" target=\"_blank\">Farmaserveis en aquest apartat de la intranet col\u00b7legial<\/a>&nbsp;(acc\u00e9s exclusiu col\u00b7legiats).<\/p>\n\n\n\n<h2 class=\"wp-block-heading\">Beneficis per als usuaris<\/h2>\n\n\n\n<p id=\"yui_patched_v3_11_0_1_1690363684688_341\">Farmaserveis aporta diversos&nbsp;<strong>beneficis per als usuaris&nbsp;<\/strong>com:<\/p>\n\n\n\n<ul class=\"wp-block-list\">\n<li><strong>Confian\u00e7a:<\/strong>&nbsp;El&nbsp;<strong>professional farmac\u00e8utic<\/strong>&nbsp;\u00e9s molt proper al seu pacient, ja que coneix la seva&nbsp;<strong>realitat&nbsp;<\/strong>i&nbsp;<strong>el seu dia a dia<\/strong>. Farmaserveis ajuda a fer el seguiment de l&#8217;<strong>estat general de salut del pacient<\/strong>&nbsp;conjuntament amb ell.<\/li>\n\n\n\n<li><strong>Accessibilitat:<\/strong>&nbsp;El pacient podr\u00e0 disposar de les seves dades en uns<strong>&nbsp;informes \u00fatils<\/strong>&nbsp;i&nbsp;<strong>gr\u00e0fics<\/strong>, que podr\u00e0 compartir c\u00f2modament amb el seu professional de la salut.<\/li>\n\n\n\n<li><strong>Tranquil\u00b7litat:<\/strong>&nbsp;Amb aquesta eina, el pacient pot tenir la confian\u00e7a de que les seves&nbsp;<strong>dades estan emmagatzemades<\/strong>&nbsp;a la&nbsp;<strong>farm\u00e0cia<\/strong>&nbsp;de forma<strong>&nbsp;privada<\/strong>&nbsp;i&nbsp;<strong>segura<\/strong>.<\/li>\n\n\n\n<li><strong>Qualitat:<\/strong>&nbsp;Es tracta d&#8217;una eina que ens permet fer el&nbsp;<strong>registre&nbsp;<\/strong>de les dades complint amb uns&nbsp;<strong>protocols establerts<\/strong>&nbsp;i seguint unes&nbsp;<strong>guies oficials<\/strong>.<\/li>\n<\/ul>\n\n\n\n<h2 class=\"wp-block-heading\">Beneficis per als farmac\u00e8utics<\/h2>\n\n\n\n<p id=\"yui_patched_v3_11_0_1_1690363684688_360\">Aix\u00ed mateix,&nbsp;<strong>Farmaserveis<\/strong>&nbsp;tamb\u00e9 aporta als professionals farmac\u00e8utics diversos<strong>&nbsp;avantatges i beneficis:<\/strong><\/p>\n\n\n\n<ul class=\"wp-block-list\">\n<li><strong>Comunicaci\u00f3<\/strong>: Permet que quedi const\u00e0ncia de les diferents actuacions que duen a terme els\/les professionals farmac\u00e8utics\/ques i permet&nbsp;<strong>compartir-les amb el pacient<\/strong>&nbsp;i amb <strong>altres professionals de la salut<\/strong>.<\/li>\n\n\n\n<li><strong>Digitalitzaci\u00f3<\/strong>: Es tracta d&#8217;una&nbsp;<strong>eina de futur<\/strong>&nbsp;amb la qual es projecta una imatge d&#8217;<strong>actualitat<\/strong>&nbsp;i de&nbsp;<strong>modernitzaci\u00f3<\/strong>&nbsp;al pacient i als altres professionals sanitaris.<\/li>\n\n\n\n<li><strong>Seguretat<\/strong>: A l&#8217;hora de procedir davant del pacient, la plataforma dona un suport per&nbsp;<strong>fer el seguiment pas a pas<\/strong>&nbsp;segons els protocols establerts, facilitant el consell i les diferents accions a dur a terme.<\/li>\n\n\n\n<li><strong>Comoditat:&nbsp;<\/strong>Es pot&nbsp;<strong>accedir a les dades en un entorn digital<\/strong>&nbsp;que facilita molt el seu tractament i permet generar informes \u00faltils i gr\u00e0fics.<\/li>\n\n\n\n<li><strong>Fidelitzaci\u00f3<\/strong>: Es tracta d&#8217;una&nbsp;<strong>eina que ajuda a fidelitzar els pacients<\/strong>. \u00c9s una<strong>&nbsp;extensi\u00f3 d&#8217;aquesta relaci\u00f3 de confian\u00e7a<\/strong>&nbsp;que les farm\u00e0cies poden tenir.<\/li>\n<\/ul>\n\n\n\n<h2 class=\"wp-block-heading\">On es duu a terme?<\/h2>\n\n\n\n<p id=\"yui_patched_v3_11_0_1_1690363684688_377\">A les farm\u00e0cies de la prov\u00edncia de Barcelona adherides a Farmaserveis.&nbsp;<a href=\"javascript: window.print()\"><\/a><\/p>\n\n\n\n<figure class=\"wp-block-image size-full\"><img decoding=\"async\" width=\"180\" height=\"180\" src=\"https:\/\/www.cofb.org\/wp-content\/uploads\/2023\/06\/farmaserveis.png\" alt=\"\" class=\"wp-image-3481\" srcset=\"https:\/\/www.cofb.org\/wp-content\/uploads\/2023\/06\/farmaserveis.png 180w, https:\/\/www.cofb.org\/wp-content\/uploads\/2023\/06\/farmaserveis-150x150.png 150w\" sizes=\"(max-width: 180px) 100vw, 180px\" \/><\/figure>\n\n\n\n<div class=\"wp-block-uagb-advanced-heading uagb-block-8579009b\"><h2 class=\"uagb-heading-text\">M\u00e9s informaci\u00f3<\/h2><\/div>\n\n\n\n<p id=\"yui_patched_v3_11_0_1_1649851674487_764\">&nbsp;Departament de&nbsp;Formaci\u00f3 i Desenvolupament Professional del COFB<\/p>\n\n\n\n<p class=\"icones\"><img decoding=\"async\" alt=\"\" src=\"https:\/\/www.cofb.org\/documents\/10136\/1067764\/Correu.png\/69f7b5c4-3c19-447d-9ff6-25e8e46c97cf?t=1542018760000\">&nbsp;<a href=\"mailto:projectes@cofb.net\">projectescofb.net<\/a><\/p>\n\n\n\n<p class=\"icones\"><img decoding=\"async\" alt=\"\" src=\"https:\/\/www.cofb.org\/documents\/10136\/1067764\/Tel%C3%A9fono.png\/83de66f5-8867-4acf-ba6c-ea129dc67556?t=1542018738000\">&nbsp;93 244 07 10 (ext. 2)<\/p>\n\n\n\n<p><img decoding=\"async\" width=\"70\" height=\"70\" class=\"wp-image-67601\" style=\"width: 70px;\" src=\"https:\/\/www.cofb.org\/wp-content\/uploads\/2023\/07\/web-cofb-1.png\" alt=\"\"> <a href=\"https:\/\/www.ccfc.cat\/farmaserveis\/\" target=\"_blank\" rel=\"noreferrer noopener\">Web del Consell de Col\u00b7legis Farmac\u00e8utics de Catalunya<\/a>\u00a0<\/p>\n\n\n\n<p class=\"icones\"><img decoding=\"async\" src=\"https:\/\/www.cofb.org\/documents\/10136\/1067764\/pantalla.png\/ea214ccc-085a-4030-8404-9df0fa5affb8?t=1542979825000\" alt=\"\">&nbsp;<a href=\"https:\/\/www.cofb.org\/2021\/06\/09\/es-presenta-farmaserveis-la-plataforma-de-registre-assistencial-i-laplicacio-mobil-que-impulsaran-la-transformacio-digital-de-les-farmacies-catalanes-i-la-seva-relacio-amb-el-pacient\/\" data-type=\"post\" data-id=\"69113\" target=\"_blank\" rel=\"noreferrer noopener\">Nota de premsa<\/a>&nbsp; &nbsp;<\/p>\n","protected":false},"excerpt":{"rendered":"<p>Qu\u00e8 \u00e9s Farmaserveis? Farmaserveis \u00e9s la plataforma de registre assistencial de la xarxa de farm\u00e0cies a Catalunya.&nbsp;&nbsp; Quins objectius t\u00e9? Els principals objectius de Farmaserveis s\u00f3n transformar la relaci\u00f3 actual amb el pacient i connectar amb la seva salut digitalment, aix\u00ed com&nbsp;donar resposta a la necessitat de transformaci\u00f3 digital de [&hellip;]<\/p>\n","protected":false},"author":1,"featured_media":0,"parent":2951,"menu_order":1,"comment_status":"closed","ping_status":"closed","template":"","meta":{"_uag_custom_page_level_css":"","site-sidebar-layout":"default","site-content-layout":"","ast-site-content-layout":"default","site-content-style":"default","site-sidebar-style":"default","ast-global-header-display":"","ast-banner-title-visibility":"","ast-main-header-display":"","ast-hfb-above-header-display":"","ast-hfb-below-header-display":"","ast-hfb-mobile-header-display":"","site-post-title":"","ast-breadcrumbs-content":"","ast-featured-img":"","footer-sml-layout":"","theme-transparent-header-meta":"","adv-header-id-meta":"","stick-header-meta":"","header-above-stick-meta":"","header-main-stick-meta":"","header-below-stick-meta":"","astra-migrate-meta-layouts":"set","ast-page-background-enabled":"default","ast-page-background-meta":{"desktop":{"background-color":"var(--ast-global-color-4)","background-image":"","background-repeat":"repeat","background-position":"center center","background-size":"auto","background-attachment":"scroll","background-type":"","background-media":"","overlay-type":"","overlay-color":"","overlay-opacity":"","overlay-gradient":""},"tablet":{"background-color":"","background-image":"","background-repeat":"repeat","background-position":"center center","background-size":"auto","background-attachment":"scroll","background-type":"","background-media":"","overlay-type":"","overlay-color":"","overlay-opacity":"","overlay-gradient":""},"mobile":{"background-color":"","background-image":"","background-repeat":"repeat","background-position":"center center","background-size":"auto","background-attachment":"scroll","background-type":"","background-media":"","overlay-type":"","overlay-color":"","overlay-opacity":"","overlay-gradient":""}},"ast-content-background-meta":{"desktop":{"background-color":"var(--ast-global-color-5)","background-image":"","background-repeat":"repeat","background-position":"center center","background-size":"auto","background-attachment":"scroll","background-type":"","background-media":"","overlay-type":"","overlay-color":"","overlay-opacity":"","overlay-gradient":""},"tablet":{"background-color":"var(--ast-global-color-5)","background-image":"","background-repeat":"repeat","background-position":"center center","background-size":"auto","background-attachment":"scroll","background-type":"","background-media":"","overlay-type":"","overlay-color":"","overlay-opacity":"","overlay-gradient":""},"mobile":{"background-color":"var(--ast-global-color-5)","background-image":"","background-repeat":"repeat","background-position":"center center","background-size":"auto","background-attachment":"scroll","background-type":"","background-media":"","overlay-type":"","overlay-color":"","overlay-opacity":"","overlay-gradient":""}},"footnotes":""},"class_list":["post-67526","page","type-page","status-publish","hentry"],"yoast_head":"<!-- This site is optimized with the Yoast SEO plugin v22.4 - https:\/\/yoast.com\/wordpress\/plugins\/seo\/ -->\n<title>Farmaserveis - Col\u00b7legi de Farmac\u00e8utics de Barcelona<\/title>\n<meta name=\"robots\" content=\"index, follow, max-snippet:-1, max-image-preview:large, max-video-preview:-1\" \/>\n<link rel=\"canonical\" href=\"https:\/\/www.cofb.org\/ca\/que-oferim\/ciutadans\/serveis-a-la-poblacio\/farmaserveis\/\" \/>\n<meta property=\"og:locale\" content=\"ca_ES\" \/>\n<meta property=\"og:type\" content=\"article\" \/>\n<meta property=\"og:title\" content=\"Farmaserveis - Col\u00b7legi de Farmac\u00e8utics de Barcelona\" \/>\n<meta property=\"og:description\" content=\"Qu\u00e8 \u00e9s Farmaserveis? Farmaserveis \u00e9s la plataforma de registre assistencial de la xarxa de farm\u00e0cies a Catalunya.&nbsp;&nbsp; Quins objectius t\u00e9? Els principals objectius de Farmaserveis s\u00f3n transformar la relaci\u00f3 actual amb el pacient i connectar amb la seva salut digitalment, aix\u00ed com&nbsp;donar resposta a la necessitat de transformaci\u00f3 digital de [&hellip;]\" \/>\n<meta property=\"og:url\" content=\"https:\/\/www.cofb.org\/ca\/que-oferim\/ciutadans\/serveis-a-la-poblacio\/farmaserveis\/\" \/>\n<meta property=\"og:site_name\" content=\"Col\u00b7legi de Farmac\u00e8utics de Barcelona\" \/>\n<meta property=\"article:publisher\" content=\"https:\/\/www.facebook.com\/farmaceuticsbcn\/\" \/>\n<meta property=\"article:modified_time\" content=\"2024-08-20T09:30:57+00:00\" \/>\n<meta property=\"og:image\" content=\"https:\/\/www.cofb.org\/wp-content\/uploads\/2023\/06\/farmaserveis.png\" \/>\n<meta name=\"twitter:card\" content=\"summary_large_image\" \/>\n<meta name=\"twitter:site\" content=\"@farmaceuticsbcn\" \/>\n<meta name=\"twitter:label1\" content=\"Temps estimat de lectura\" \/>\n\t<meta name=\"twitter:data1\" content=\"4 minuts\" \/>\n<script type=\"application\/ld+json\" class=\"yoast-schema-graph\">{\"@context\":\"https:\/\/schema.org\",\"@graph\":[{\"@type\":\"WebPage\",\"@id\":\"https:\/\/www.cofb.org\/que-oferim\/ciutadans\/serveis-a-la-poblacio\/farmaserveis\/\",\"url\":\"https:\/\/www.cofb.org\/que-oferim\/ciutadans\/serveis-a-la-poblacio\/farmaserveis\/\",\"name\":\"Farmaserveis - Col\u00b7legi de Farmac\u00e8utics de Barcelona\",\"isPartOf\":{\"@id\":\"https:\/\/www.cofb.org\/#website\"},\"primaryImageOfPage\":{\"@id\":\"https:\/\/www.cofb.org\/que-oferim\/ciutadans\/serveis-a-la-poblacio\/farmaserveis\/#primaryimage\"},\"image\":{\"@id\":\"https:\/\/www.cofb.org\/que-oferim\/ciutadans\/serveis-a-la-poblacio\/farmaserveis\/#primaryimage\"},\"thumbnailUrl\":\"https:\/\/www.cofb.org\/wp-content\/uploads\/2023\/06\/farmaserveis.png\",\"datePublished\":\"2023-07-26T09:34:51+00:00\",\"dateModified\":\"2024-08-20T09:30:57+00:00\",\"breadcrumb\":{\"@id\":\"https:\/\/www.cofb.org\/que-oferim\/ciutadans\/serveis-a-la-poblacio\/farmaserveis\/#breadcrumb\"},\"inLanguage\":\"ca\",\"potentialAction\":[{\"@type\":\"ReadAction\",\"target\":[\"https:\/\/www.cofb.org\/que-oferim\/ciutadans\/serveis-a-la-poblacio\/farmaserveis\/\"]}]},{\"@type\":\"ImageObject\",\"inLanguage\":\"ca\",\"@id\":\"https:\/\/www.cofb.org\/que-oferim\/ciutadans\/serveis-a-la-poblacio\/farmaserveis\/#primaryimage\",\"url\":\"https:\/\/www.cofb.org\/wp-content\/uploads\/2023\/06\/farmaserveis.png\",\"contentUrl\":\"https:\/\/www.cofb.org\/wp-content\/uploads\/2023\/06\/farmaserveis.png\"},{\"@type\":\"BreadcrumbList\",\"@id\":\"https:\/\/www.cofb.org\/que-oferim\/ciutadans\/serveis-a-la-poblacio\/farmaserveis\/#breadcrumb\",\"itemListElement\":[{\"@type\":\"ListItem\",\"position\":1,\"name\":\"Inici\",\"item\":\"https:\/\/novaorg.cofb.net\/\"},{\"@type\":\"ListItem\",\"position\":2,\"name\":\"Qu\u00e8 oferim?\",\"item\":\"https:\/\/novaorg.cofb.net\/que-oferim\/\"},{\"@type\":\"ListItem\",\"position\":3,\"name\":\"Ciutadans\",\"item\":\"https:\/\/novaorg.cofb.net\/que-oferim\/ciutadans\/\"},{\"@type\":\"ListItem\",\"position\":4,\"name\":\"Serveis a la poblaci\u00f3\",\"item\":\"https:\/\/www.cofb.org\/que-oferim\/ciutadans\/serveis-a-la-poblacio\/\"},{\"@type\":\"ListItem\",\"position\":5,\"name\":\"Farmaserveis\"}]},{\"@type\":\"WebSite\",\"@id\":\"https:\/\/www.cofb.org\/#website\",\"url\":\"https:\/\/www.cofb.org\/\",\"name\":\"Col\u00b7legi de Farmac\u00e8utics de Barcelona\",\"description\":\"\",\"publisher\":{\"@id\":\"https:\/\/www.cofb.org\/#organization\"},\"potentialAction\":[{\"@type\":\"SearchAction\",\"target\":{\"@type\":\"EntryPoint\",\"urlTemplate\":\"https:\/\/www.cofb.org\/?s={search_term_string}\"},\"query-input\":\"required name=search_term_string\"}],\"inLanguage\":\"ca\"},{\"@type\":\"Organization\",\"@id\":\"https:\/\/www.cofb.org\/#organization\",\"name\":\"Col\u00b7legi de Farmac\u00e8utics de Barcelona\",\"url\":\"https:\/\/www.cofb.org\/\",\"logo\":{\"@type\":\"ImageObject\",\"inLanguage\":\"ca\",\"@id\":\"https:\/\/www.cofb.org\/#\/schema\/logo\/image\/\",\"url\":\"https:\/\/www.cofb.org\/wp-content\/uploads\/2023\/11\/cropped-Logotip-COFB.png\",\"contentUrl\":\"https:\/\/www.cofb.org\/wp-content\/uploads\/2023\/11\/cropped-Logotip-COFB.png\",\"width\":500,\"height\":105,\"caption\":\"Col\u00b7legi de Farmac\u00e8utics de Barcelona\"},\"image\":{\"@id\":\"https:\/\/www.cofb.org\/#\/schema\/logo\/image\/\"},\"sameAs\":[\"https:\/\/www.facebook.com\/farmaceuticsbcn\/\",\"https:\/\/twitter.com\/farmaceuticsbcn\",\"https:\/\/www.instagram.com\/farmaceuticsbcn\/\",\"https:\/\/www.linkedin.com\/company\/farmaceuticsbcn\/\"]}]}<\/script>\n<!-- \/ Yoast SEO plugin. -->","yoast_head_json":{"title":"Farmaserveis - Col\u00b7legi de Farmac\u00e8utics de Barcelona","robots":{"index":"index","follow":"follow","max-snippet":"max-snippet:-1","max-image-preview":"max-image-preview:large","max-video-preview":"max-video-preview:-1"},"canonical":"https:\/\/www.cofb.org\/ca\/que-oferim\/ciutadans\/serveis-a-la-poblacio\/farmaserveis\/","og_locale":"ca_ES","og_type":"article","og_title":"Farmaserveis - Col\u00b7legi de Farmac\u00e8utics de Barcelona","og_description":"Qu\u00e8 \u00e9s Farmaserveis? Farmaserveis \u00e9s la plataforma de registre assistencial de la xarxa de farm\u00e0cies a Catalunya.&nbsp;&nbsp; Quins objectius t\u00e9? Els principals objectius de Farmaserveis s\u00f3n transformar la relaci\u00f3 actual amb el pacient i connectar amb la seva salut digitalment, aix\u00ed com&nbsp;donar resposta a la necessitat de transformaci\u00f3 digital de [&hellip;]","og_url":"https:\/\/www.cofb.org\/ca\/que-oferim\/ciutadans\/serveis-a-la-poblacio\/farmaserveis\/","og_site_name":"Col\u00b7legi de Farmac\u00e8utics de Barcelona","article_publisher":"https:\/\/www.facebook.com\/farmaceuticsbcn\/","article_modified_time":"2024-08-20T09:30:57+00:00","og_image":[{"url":"https:\/\/www.cofb.org\/wp-content\/uploads\/2023\/06\/farmaserveis.png"}],"twitter_card":"summary_large_image","twitter_site":"@farmaceuticsbcn","twitter_misc":{"Temps estimat de lectura":"4 minuts"},"schema":{"@context":"https:\/\/schema.org","@graph":[{"@type":"WebPage","@id":"https:\/\/www.cofb.org\/que-oferim\/ciutadans\/serveis-a-la-poblacio\/farmaserveis\/","url":"https:\/\/www.cofb.org\/que-oferim\/ciutadans\/serveis-a-la-poblacio\/farmaserveis\/","name":"Farmaserveis - Col\u00b7legi de Farmac\u00e8utics de Barcelona","isPartOf":{"@id":"https:\/\/www.cofb.org\/#website"},"primaryImageOfPage":{"@id":"https:\/\/www.cofb.org\/que-oferim\/ciutadans\/serveis-a-la-poblacio\/farmaserveis\/#primaryimage"},"image":{"@id":"https:\/\/www.cofb.org\/que-oferim\/ciutadans\/serveis-a-la-poblacio\/farmaserveis\/#primaryimage"},"thumbnailUrl":"https:\/\/www.cofb.org\/wp-content\/uploads\/2023\/06\/farmaserveis.png","datePublished":"2023-07-26T09:34:51+00:00","dateModified":"2024-08-20T09:30:57+00:00","breadcrumb":{"@id":"https:\/\/www.cofb.org\/que-oferim\/ciutadans\/serveis-a-la-poblacio\/farmaserveis\/#breadcrumb"},"inLanguage":"ca","potentialAction":[{"@type":"ReadAction","target":["https:\/\/www.cofb.org\/que-oferim\/ciutadans\/serveis-a-la-poblacio\/farmaserveis\/"]}]},{"@type":"ImageObject","inLanguage":"ca","@id":"https:\/\/www.cofb.org\/que-oferim\/ciutadans\/serveis-a-la-poblacio\/farmaserveis\/#primaryimage","url":"https:\/\/www.cofb.org\/wp-content\/uploads\/2023\/06\/farmaserveis.png","contentUrl":"https:\/\/www.cofb.org\/wp-content\/uploads\/2023\/06\/farmaserveis.png"},{"@type":"BreadcrumbList","@id":"https:\/\/www.cofb.org\/que-oferim\/ciutadans\/serveis-a-la-poblacio\/farmaserveis\/#breadcrumb","itemListElement":[{"@type":"ListItem","position":1,"name":"Inici","item":"https:\/\/novaorg.cofb.net\/"},{"@type":"ListItem","position":2,"name":"Qu\u00e8 oferim?","item":"https:\/\/novaorg.cofb.net\/que-oferim\/"},{"@type":"ListItem","position":3,"name":"Ciutadans","item":"https:\/\/novaorg.cofb.net\/que-oferim\/ciutadans\/"},{"@type":"ListItem","position":4,"name":"Serveis a la poblaci\u00f3","item":"https:\/\/www.cofb.org\/que-oferim\/ciutadans\/serveis-a-la-poblacio\/"},{"@type":"ListItem","position":5,"name":"Farmaserveis"}]},{"@type":"WebSite","@id":"https:\/\/www.cofb.org\/#website","url":"https:\/\/www.cofb.org\/","name":"Col\u00b7legi de Farmac\u00e8utics de Barcelona","description":"","publisher":{"@id":"https:\/\/www.cofb.org\/#organization"},"potentialAction":[{"@type":"SearchAction","target":{"@type":"EntryPoint","urlTemplate":"https:\/\/www.cofb.org\/?s={search_term_string}"},"query-input":"required name=search_term_string"}],"inLanguage":"ca"},{"@type":"Organization","@id":"https:\/\/www.cofb.org\/#organization","name":"Col\u00b7legi de Farmac\u00e8utics de Barcelona","url":"https:\/\/www.cofb.org\/","logo":{"@type":"ImageObject","inLanguage":"ca","@id":"https:\/\/www.cofb.org\/#\/schema\/logo\/image\/","url":"https:\/\/www.cofb.org\/wp-content\/uploads\/2023\/11\/cropped-Logotip-COFB.png","contentUrl":"https:\/\/www.cofb.org\/wp-content\/uploads\/2023\/11\/cropped-Logotip-COFB.png","width":500,"height":105,"caption":"Col\u00b7legi de Farmac\u00e8utics de Barcelona"},"image":{"@id":"https:\/\/www.cofb.org\/#\/schema\/logo\/image\/"},"sameAs":["https:\/\/www.facebook.com\/farmaceuticsbcn\/","https:\/\/twitter.com\/farmaceuticsbcn","https:\/\/www.instagram.com\/farmaceuticsbcn\/","https:\/\/www.linkedin.com\/company\/farmaceuticsbcn\/"]}]}},"uagb_featured_image_src":{"full":false,"thumbnail":false,"medium":false,"medium_large":false,"large":false,"1536x1536":false,"2048x2048":false,"trp-custom-language-flag":false},"uagb_author_info":{"display_name":"wpAdminCofbOrg","author_link":"https:\/\/www.cofb.org\/ca\/author\/wpadmincofborg\/"},"uagb_comment_info":0,"uagb_excerpt":"Qu\u00e8 \u00e9s Farmaserveis? Farmaserveis \u00e9s la plataforma de registre assistencial de la xarxa de farm\u00e0cies a Catalunya.&nbsp;&nbsp; Quins objectius t\u00e9? Els principals objectius de Farmaserveis s\u00f3n transformar la relaci\u00f3 actual amb el pacient i connectar amb la seva salut digitalment, aix\u00ed com&nbsp;donar resposta a la necessitat de transformaci\u00f3 digital de [&hellip;]","_links":{"self":[{"href":"https:\/\/www.cofb.org\/ca\/wp-json\/wp\/v2\/pages\/67526","targetHints":{"allow":["GET"]}}],"collection":[{"href":"https:\/\/www.cofb.org\/ca\/wp-json\/wp\/v2\/pages"}],"about":[{"href":"https:\/\/www.cofb.org\/ca\/wp-json\/wp\/v2\/types\/page"}],"author":[{"embeddable":true,"href":"https:\/\/www.cofb.org\/ca\/wp-json\/wp\/v2\/users\/1"}],"replies":[{"embeddable":true,"href":"https:\/\/www.cofb.org\/ca\/wp-json\/wp\/v2\/comments?post=67526"}],"version-history":[{"count":6,"href":"https:\/\/www.cofb.org\/ca\/wp-json\/wp\/v2\/pages\/67526\/revisions"}],"predecessor-version":[{"id":79286,"href":"https:\/\/www.cofb.org\/ca\/wp-json\/wp\/v2\/pages\/67526\/revisions\/79286"}],"up":[{"embeddable":true,"href":"https:\/\/www.cofb.org\/ca\/wp-json\/wp\/v2\/pages\/2951"}],"wp:attachment":[{"href":"https:\/\/www.cofb.org\/ca\/wp-json\/wp\/v2\/media?parent=67526"}],"curies":[{"name":"wp","href":"https:\/\/api.w.org\/{rel}","templated":true}]}}