{"id":3565,"date":"2023-07-05T10:12:08","date_gmt":"2023-07-05T10:12:08","guid":{"rendered":"https:\/\/novaorg.cofb.net\/?page_id=3565"},"modified":"2024-07-02T12:12:32","modified_gmt":"2024-07-02T12:12:32","slug":"vicetresorera-elena-palau-roig","status":"publish","type":"page","link":"https:\/\/www.cofb.org\/ca\/qui-som\/com-sorganitza\/junta-de-govern\/vicetresorera-elena-palau-roig\/","title":{"rendered":"Vicetresorera: Elena Palau Roig"},"content":{"rendered":"\n<div class=\"wp-block-columns is-layout-flex wp-container-core-columns-is-layout-d7d455e7 wp-block-columns-is-layout-flex\" style=\"padding-top:0;padding-right:0;padding-bottom:0;padding-left:0\">\n<div class=\"wp-block-column is-layout-flow wp-block-column-is-layout-flow\" style=\"flex-basis:33.33%\">\n<div class=\"wp-block-uagb-image uagb-block-5206b34b wp-block-uagb-image--layout-default wp-block-uagb-image--effect-static wp-block-uagb-image--align-none\"><figure class=\"wp-block-uagb-image__figure\"><img loading=\"lazy\" decoding=\"async\" srcset=\"https:\/\/www.cofb.org\/wp-content\/uploads\/2024\/06\/05-Elena-Palau_3.jpg ,https:\/\/www.cofb.org\/wp-content\/uploads\/2024\/06\/05-Elena-Palau_3.jpg 780w, https:\/\/www.cofb.org\/wp-content\/uploads\/2024\/06\/05-Elena-Palau_3.jpg 360w\" sizes=\"auto, (max-width: 480px) 150px\" src=\"https:\/\/www.cofb.org\/wp-content\/uploads\/2024\/06\/05-Elena-Palau_3.jpg\" alt=\"\" class=\"uag-image-78470\" width=\"683\" height=\"1024\" title=\"05 Elena Palau_3\" loading=\"lazy\" role=\"img\"\/><\/figure><\/div>\n<\/div>\n\n\n\n<div class=\"wp-block-column is-layout-flow wp-block-column-is-layout-flow\" style=\"flex-basis:66.66%\">\n<h4 class=\"wp-block-heading\">ACTIVITAT INSTITUCIONAL<\/h4>\n\n\n\n<ul class=\"wp-block-list\">\n<li>Vicetresorera del Col\u00b7legi de Farmac\u00e8utics de Barcelona (des de 2024)<\/li>\n\n\n\n<li>Vocal d&#8217;Ortop\u00e8dia del Col\u00b7legi de Farmac\u00e8utics de Barcelona (des de 2020 &#8211; 2024)<\/li>\n\n\n\n<li>Delegada de L&#8217;Hospitalet de Llobregat&nbsp;ABS 11 i&nbsp;12\n<ul class=\"wp-block-list\">\n<li>Coordinaci\u00f3 dels horaris, els serveis d&#8217;urg\u00e8ncia i les vacances de les oficines de farm\u00e0cia de Bellvitge i Gornal.<\/li>\n\n\n\n<li>Participar en els projectes professionals que posi en marxa el Col\u00b7legi, promocionar-los i col\u00b7laborar en la difusi\u00f3 de les activitats sanit\u00e0ries que s&#8217;organitzen a Bellvitge i Gornal.<\/li>\n\n\n\n<li>Coordinar i fer d&#8217;interlocutor dels farmac\u00e8utics titulars d&#8217;oficina de farm\u00e0cia de Bellvitge i Gornal davant del coordinador, el COFB i les estructures sanit\u00e0ries de l&#8217;ABS.<\/li>\n\n\n\n<li>Donar suport al coordinador en totes les activitats en qu\u00e8 aquest hagi de participar.<\/li>\n<\/ul>\n<\/li>\n<\/ul>\n\n\n\n<h4 class=\"wp-block-heading\">ACTIVITAT PROFESSIONAL<\/h4>\n\n\n\n<ul class=\"wp-block-list\">\n<li>M\u00e0ster d&#8217;ortop\u00e8dia per a farmac\u00e8utics. Universitat de Barcelona i COFB (2018)\n<ul class=\"wp-block-list\">\n<li>\u00c0rea general d&#8217;estudi: Ensenyament de Postgrau d&#8217;Ortop\u00e8dia per a farmac\u00e8utics<\/li>\n\n\n\n<li>Especialitat: Extremitat inferior, extremitat superior i tronc. Ajudes t\u00e8cniques. Gesti\u00f3.<\/li>\n\n\n\n<li>Treball de fi de m\u00e0ster: Projecte d&#8217;obertura d&#8217;un establiment d&#8217;ortop\u00e8dia.<\/li>\n<\/ul>\n<\/li>\n\n\n\n<li>M\u00e0ster en direcci\u00f3 d&#8217;Oficina de Farm\u00e0cia. Universitat Ramon Llull &#8211; IQS (2007)\n<ul class=\"wp-block-list\">\n<li>\u00c0rea general d&#8217;estudi: ensenyament de Postgrau de Direcci\u00f3 d&#8217;Oficina de Farm\u00e0cia<\/li>\n\n\n\n<li>Especialitat: finances i fiscalitat. Gesti\u00f3 de persones. M\u00e0rqueting.<\/li>\n\n\n\n<li>Treball de fi de m\u00e0ster: projecte d&#8217;ampliaci\u00f3 de la cartera de serveis a la farm\u00e0cia.<\/li>\n<\/ul>\n<\/li>\n\n\n\n<li>Llicenciatura de Farm\u00e0cia. Universitat de Barcelona (2001)\n<ul class=\"wp-block-list\">\n<li>\u00c0rea general d&#8217;estudi: t\u00edtol universitari oficial de Llicenciada en Farm\u00e0cia.<\/li>\n\n\n\n<li>Especialitat: exercici professional a l&#8217;oficina de farm\u00e0cia.<\/li>\n<\/ul>\n<\/li>\n<\/ul>\n\n\n\n<h4 class=\"wp-block-heading\">FORMACI\u00d3 ACAD\u00c8MICA&nbsp;<\/h4>\n\n\n\n<ul class=\"wp-block-list\">\n<li>Titular. Farm\u00e0cia Palau Roig, Elena.&nbsp;Treball per a brindar un \u00f2ptim servei professional d&#8217;Ortop\u00e8dia a la farm\u00e0cia&nbsp;(2015 &#8211; actualitat)<\/li>\n\n\n\n<li>Co-titular. Farm\u00e0cia Rey-Palau.&nbsp;Estrat\u00e8gia d&#8217;atenci\u00f3 al client amb assessorament expert en tot moment&nbsp;(2005 &#8211; 2015)<\/li>\n\n\n\n<li>Product manager. Uriach.&nbsp;Implementaci\u00f3 de campanyes, imatge de marca i publicitat.&nbsp;Donar suport als comercials de la xarxa de vendes.&nbsp;Assistir a confer\u00e8ncies i congressos per a mantenir-se al dia en l&#8217;\u00e0rea de ter\u00e0pia o per a establir contactes&nbsp;(2004 &#8211; 2005)<\/li>\n\n\n\n<li>Farmac\u00e8utica adjunta. Boots the Chemist UK.&nbsp;Treball de farmac\u00e8utica en v\u00e0ries farm\u00e0cies, en m\u00faltiples ubicacions, assegurant l&#8217;atenci\u00f3 i servei experts en tot moment.&nbsp;Establir l&#8217;est\u00e0ndard des d&#8217;un punt de vista operatiu treballant en col\u00b7laboraci\u00f3 amb els t\u00e8cnics de farm\u00e0cia.&nbsp;(2002 &#8211; 2003)<\/li>\n<\/ul>\n<\/div>\n<\/div>\n","protected":false},"excerpt":{"rendered":"<p>ACTIVITAT INSTITUCIONAL ACTIVITAT PROFESSIONAL FORMACI\u00d3 ACAD\u00c8MICA&nbsp;<\/p>\n","protected":false},"author":1,"featured_media":0,"parent":2614,"menu_order":0,"comment_status":"closed","ping_status":"closed","template":"","meta":{"_uag_custom_page_level_css":"","site-sidebar-layout":"default","site-content-layout":"","ast-site-content-layout":"default","site-content-style":"default","site-sidebar-style":"default","ast-global-header-display":"","ast-banner-title-visibility":"","ast-main-header-display":"","ast-hfb-above-header-display":"","ast-hfb-below-header-display":"","ast-hfb-mobile-header-display":"","site-post-title":"","ast-breadcrumbs-content":"","ast-featured-img":"","footer-sml-layout":"","theme-transparent-header-meta":"","adv-header-id-meta":"","stick-header-meta":"","header-above-stick-meta":"","header-main-stick-meta":"","header-below-stick-meta":"","astra-migrate-meta-layouts":"set","ast-page-background-enabled":"default","ast-page-background-meta":{"desktop":{"background-color":"var(--ast-global-color-4)","background-image":"","background-repeat":"repeat","background-position":"center center","background-size":"auto","background-attachment":"scroll","background-type":"","background-media":"","overlay-type":"","overlay-color":"","overlay-opacity":"","overlay-gradient":""},"tablet":{"background-color":"","background-image":"","background-repeat":"repeat","background-position":"center center","background-size":"auto","background-attachment":"scroll","background-type":"","background-media":"","overlay-type":"","overlay-color":"","overlay-opacity":"","overlay-gradient":""},"mobile":{"background-color":"","background-image":"","background-repeat":"repeat","background-position":"center center","background-size":"auto","background-attachment":"scroll","background-type":"","background-media":"","overlay-type":"","overlay-color":"","overlay-opacity":"","overlay-gradient":""}},"ast-content-background-meta":{"desktop":{"background-color":"var(--ast-global-color-5)","background-image":"","background-repeat":"repeat","background-position":"center center","background-size":"auto","background-attachment":"scroll","background-type":"","background-media":"","overlay-type":"","overlay-color":"","overlay-opacity":"","overlay-gradient":""},"tablet":{"background-color":"var(--ast-global-color-5)","background-image":"","background-repeat":"repeat","background-position":"center center","background-size":"auto","background-attachment":"scroll","background-type":"","background-media":"","overlay-type":"","overlay-color":"","overlay-opacity":"","overlay-gradient":""},"mobile":{"background-color":"var(--ast-global-color-5)","background-image":"","background-repeat":"repeat","background-position":"center center","background-size":"auto","background-attachment":"scroll","background-type":"","background-media":"","overlay-type":"","overlay-color":"","overlay-opacity":"","overlay-gradient":""}},"footnotes":""},"class_list":["post-3565","page","type-page","status-publish","hentry"],"yoast_head":"<!-- This site is optimized with the Yoast SEO plugin v22.4 - https:\/\/yoast.com\/wordpress\/plugins\/seo\/ -->\n<title>Vicetresorera: Elena Palau Roig - Col\u00b7legi de Farmac\u00e8utics de Barcelona<\/title>\n<meta name=\"robots\" content=\"index, follow, max-snippet:-1, max-image-preview:large, max-video-preview:-1\" \/>\n<link rel=\"canonical\" href=\"https:\/\/www.cofb.org\/ca\/qui-som\/com-sorganitza\/junta-de-govern\/vicetresorera-elena-palau-roig\/\" \/>\n<meta property=\"og:locale\" content=\"ca_ES\" \/>\n<meta property=\"og:type\" content=\"article\" \/>\n<meta property=\"og:title\" content=\"Vicetresorera: Elena Palau Roig - Col\u00b7legi de Farmac\u00e8utics de Barcelona\" \/>\n<meta property=\"og:description\" content=\"ACTIVITAT INSTITUCIONAL ACTIVITAT PROFESSIONAL FORMACI\u00d3 ACAD\u00c8MICA&nbsp;\" \/>\n<meta property=\"og:url\" content=\"https:\/\/www.cofb.org\/ca\/qui-som\/com-sorganitza\/junta-de-govern\/vicetresorera-elena-palau-roig\/\" \/>\n<meta property=\"og:site_name\" content=\"Col\u00b7legi de Farmac\u00e8utics de Barcelona\" \/>\n<meta property=\"article:publisher\" content=\"https:\/\/www.facebook.com\/farmaceuticsbcn\/\" \/>\n<meta property=\"article:modified_time\" content=\"2024-07-02T12:12:32+00:00\" \/>\n<meta property=\"og:image\" content=\"https:\/\/www.cofb.org\/wp-content\/uploads\/2024\/06\/05-Elena-Palau_3.jpg\" \/>\n<meta name=\"twitter:card\" content=\"summary_large_image\" \/>\n<meta name=\"twitter:site\" content=\"@farmaceuticsbcn\" \/>\n<meta name=\"twitter:label1\" content=\"Temps estimat de lectura\" \/>\n\t<meta name=\"twitter:data1\" content=\"3 minuts\" \/>\n<script type=\"application\/ld+json\" class=\"yoast-schema-graph\">{\"@context\":\"https:\/\/schema.org\",\"@graph\":[{\"@type\":\"WebPage\",\"@id\":\"https:\/\/www.cofb.org\/qui-som\/com-sorganitza\/junta-de-govern\/vicetresorera-elena-palau-roig\/\",\"url\":\"https:\/\/www.cofb.org\/qui-som\/com-sorganitza\/junta-de-govern\/vicetresorera-elena-palau-roig\/\",\"name\":\"Vicetresorera: Elena Palau Roig - Col\u00b7legi de Farmac\u00e8utics de Barcelona\",\"isPartOf\":{\"@id\":\"https:\/\/www.cofb.org\/#website\"},\"primaryImageOfPage\":{\"@id\":\"https:\/\/www.cofb.org\/qui-som\/com-sorganitza\/junta-de-govern\/vicetresorera-elena-palau-roig\/#primaryimage\"},\"image\":{\"@id\":\"https:\/\/www.cofb.org\/qui-som\/com-sorganitza\/junta-de-govern\/vicetresorera-elena-palau-roig\/#primaryimage\"},\"thumbnailUrl\":\"https:\/\/www.cofb.org\/wp-content\/uploads\/2024\/06\/05-Elena-Palau_3.jpg\",\"datePublished\":\"2023-07-05T10:12:08+00:00\",\"dateModified\":\"2024-07-02T12:12:32+00:00\",\"breadcrumb\":{\"@id\":\"https:\/\/www.cofb.org\/qui-som\/com-sorganitza\/junta-de-govern\/vicetresorera-elena-palau-roig\/#breadcrumb\"},\"inLanguage\":\"ca\",\"potentialAction\":[{\"@type\":\"ReadAction\",\"target\":[\"https:\/\/www.cofb.org\/qui-som\/com-sorganitza\/junta-de-govern\/vicetresorera-elena-palau-roig\/\"]}]},{\"@type\":\"ImageObject\",\"inLanguage\":\"ca\",\"@id\":\"https:\/\/www.cofb.org\/qui-som\/com-sorganitza\/junta-de-govern\/vicetresorera-elena-palau-roig\/#primaryimage\",\"url\":\"https:\/\/www.cofb.org\/wp-content\/uploads\/2024\/06\/05-Elena-Palau_3.jpg\",\"contentUrl\":\"https:\/\/www.cofb.org\/wp-content\/uploads\/2024\/06\/05-Elena-Palau_3.jpg\"},{\"@type\":\"BreadcrumbList\",\"@id\":\"https:\/\/www.cofb.org\/qui-som\/com-sorganitza\/junta-de-govern\/vicetresorera-elena-palau-roig\/#breadcrumb\",\"itemListElement\":[{\"@type\":\"ListItem\",\"position\":1,\"name\":\"Inici\",\"item\":\"https:\/\/novaorg.cofb.net\/\"},{\"@type\":\"ListItem\",\"position\":2,\"name\":\"Qui som?\",\"item\":\"https:\/\/novaorg.cofb.net\/qui-som\/\"},{\"@type\":\"ListItem\",\"position\":3,\"name\":\"Com s&#8217;organitza?\",\"item\":\"https:\/\/novaorg.cofb.net\/qui-som\/com-sorganitza\/\"},{\"@type\":\"ListItem\",\"position\":4,\"name\":\"Junta de Govern\",\"item\":\"https:\/\/www.cofb.org\/qui-som\/com-sorganitza\/junta-de-govern\/\"},{\"@type\":\"ListItem\",\"position\":5,\"name\":\"Vicetresorera: Elena Palau Roig\"}]},{\"@type\":\"WebSite\",\"@id\":\"https:\/\/www.cofb.org\/#website\",\"url\":\"https:\/\/www.cofb.org\/\",\"name\":\"Col\u00b7legi de Farmac\u00e8utics de Barcelona\",\"description\":\"\",\"publisher\":{\"@id\":\"https:\/\/www.cofb.org\/#organization\"},\"potentialAction\":[{\"@type\":\"SearchAction\",\"target\":{\"@type\":\"EntryPoint\",\"urlTemplate\":\"https:\/\/www.cofb.org\/?s={search_term_string}\"},\"query-input\":\"required name=search_term_string\"}],\"inLanguage\":\"ca\"},{\"@type\":\"Organization\",\"@id\":\"https:\/\/www.cofb.org\/#organization\",\"name\":\"Col\u00b7legi de Farmac\u00e8utics de Barcelona\",\"url\":\"https:\/\/www.cofb.org\/\",\"logo\":{\"@type\":\"ImageObject\",\"inLanguage\":\"ca\",\"@id\":\"https:\/\/www.cofb.org\/#\/schema\/logo\/image\/\",\"url\":\"https:\/\/www.cofb.org\/wp-content\/uploads\/2023\/11\/cropped-Logotip-COFB.png\",\"contentUrl\":\"https:\/\/www.cofb.org\/wp-content\/uploads\/2023\/11\/cropped-Logotip-COFB.png\",\"width\":500,\"height\":105,\"caption\":\"Col\u00b7legi de Farmac\u00e8utics de Barcelona\"},\"image\":{\"@id\":\"https:\/\/www.cofb.org\/#\/schema\/logo\/image\/\"},\"sameAs\":[\"https:\/\/www.facebook.com\/farmaceuticsbcn\/\",\"https:\/\/twitter.com\/farmaceuticsbcn\",\"https:\/\/www.instagram.com\/farmaceuticsbcn\/\",\"https:\/\/www.linkedin.com\/company\/farmaceuticsbcn\/\"]}]}<\/script>\n<!-- \/ Yoast SEO plugin. -->","yoast_head_json":{"title":"Vicetresorera: Elena Palau Roig - Col\u00b7legi de Farmac\u00e8utics de Barcelona","robots":{"index":"index","follow":"follow","max-snippet":"max-snippet:-1","max-image-preview":"max-image-preview:large","max-video-preview":"max-video-preview:-1"},"canonical":"https:\/\/www.cofb.org\/ca\/qui-som\/com-sorganitza\/junta-de-govern\/vicetresorera-elena-palau-roig\/","og_locale":"ca_ES","og_type":"article","og_title":"Vicetresorera: Elena Palau Roig - Col\u00b7legi de Farmac\u00e8utics de Barcelona","og_description":"ACTIVITAT INSTITUCIONAL ACTIVITAT PROFESSIONAL FORMACI\u00d3 ACAD\u00c8MICA&nbsp;","og_url":"https:\/\/www.cofb.org\/ca\/qui-som\/com-sorganitza\/junta-de-govern\/vicetresorera-elena-palau-roig\/","og_site_name":"Col\u00b7legi de Farmac\u00e8utics de Barcelona","article_publisher":"https:\/\/www.facebook.com\/farmaceuticsbcn\/","article_modified_time":"2024-07-02T12:12:32+00:00","og_image":[{"url":"https:\/\/www.cofb.org\/wp-content\/uploads\/2024\/06\/05-Elena-Palau_3.jpg"}],"twitter_card":"summary_large_image","twitter_site":"@farmaceuticsbcn","twitter_misc":{"Temps estimat de lectura":"3 minuts"},"schema":{"@context":"https:\/\/schema.org","@graph":[{"@type":"WebPage","@id":"https:\/\/www.cofb.org\/qui-som\/com-sorganitza\/junta-de-govern\/vicetresorera-elena-palau-roig\/","url":"https:\/\/www.cofb.org\/qui-som\/com-sorganitza\/junta-de-govern\/vicetresorera-elena-palau-roig\/","name":"Vicetresorera: Elena Palau Roig - Col\u00b7legi de Farmac\u00e8utics de Barcelona","isPartOf":{"@id":"https:\/\/www.cofb.org\/#website"},"primaryImageOfPage":{"@id":"https:\/\/www.cofb.org\/qui-som\/com-sorganitza\/junta-de-govern\/vicetresorera-elena-palau-roig\/#primaryimage"},"image":{"@id":"https:\/\/www.cofb.org\/qui-som\/com-sorganitza\/junta-de-govern\/vicetresorera-elena-palau-roig\/#primaryimage"},"thumbnailUrl":"https:\/\/www.cofb.org\/wp-content\/uploads\/2024\/06\/05-Elena-Palau_3.jpg","datePublished":"2023-07-05T10:12:08+00:00","dateModified":"2024-07-02T12:12:32+00:00","breadcrumb":{"@id":"https:\/\/www.cofb.org\/qui-som\/com-sorganitza\/junta-de-govern\/vicetresorera-elena-palau-roig\/#breadcrumb"},"inLanguage":"ca","potentialAction":[{"@type":"ReadAction","target":["https:\/\/www.cofb.org\/qui-som\/com-sorganitza\/junta-de-govern\/vicetresorera-elena-palau-roig\/"]}]},{"@type":"ImageObject","inLanguage":"ca","@id":"https:\/\/www.cofb.org\/qui-som\/com-sorganitza\/junta-de-govern\/vicetresorera-elena-palau-roig\/#primaryimage","url":"https:\/\/www.cofb.org\/wp-content\/uploads\/2024\/06\/05-Elena-Palau_3.jpg","contentUrl":"https:\/\/www.cofb.org\/wp-content\/uploads\/2024\/06\/05-Elena-Palau_3.jpg"},{"@type":"BreadcrumbList","@id":"https:\/\/www.cofb.org\/qui-som\/com-sorganitza\/junta-de-govern\/vicetresorera-elena-palau-roig\/#breadcrumb","itemListElement":[{"@type":"ListItem","position":1,"name":"Inici","item":"https:\/\/novaorg.cofb.net\/"},{"@type":"ListItem","position":2,"name":"Qui som?","item":"https:\/\/novaorg.cofb.net\/qui-som\/"},{"@type":"ListItem","position":3,"name":"Com s&#8217;organitza?","item":"https:\/\/novaorg.cofb.net\/qui-som\/com-sorganitza\/"},{"@type":"ListItem","position":4,"name":"Junta de Govern","item":"https:\/\/www.cofb.org\/qui-som\/com-sorganitza\/junta-de-govern\/"},{"@type":"ListItem","position":5,"name":"Vicetresorera: Elena Palau Roig"}]},{"@type":"WebSite","@id":"https:\/\/www.cofb.org\/#website","url":"https:\/\/www.cofb.org\/","name":"Col\u00b7legi de Farmac\u00e8utics de Barcelona","description":"","publisher":{"@id":"https:\/\/www.cofb.org\/#organization"},"potentialAction":[{"@type":"SearchAction","target":{"@type":"EntryPoint","urlTemplate":"https:\/\/www.cofb.org\/?s={search_term_string}"},"query-input":"required name=search_term_string"}],"inLanguage":"ca"},{"@type":"Organization","@id":"https:\/\/www.cofb.org\/#organization","name":"Col\u00b7legi de Farmac\u00e8utics de Barcelona","url":"https:\/\/www.cofb.org\/","logo":{"@type":"ImageObject","inLanguage":"ca","@id":"https:\/\/www.cofb.org\/#\/schema\/logo\/image\/","url":"https:\/\/www.cofb.org\/wp-content\/uploads\/2023\/11\/cropped-Logotip-COFB.png","contentUrl":"https:\/\/www.cofb.org\/wp-content\/uploads\/2023\/11\/cropped-Logotip-COFB.png","width":500,"height":105,"caption":"Col\u00b7legi de Farmac\u00e8utics de Barcelona"},"image":{"@id":"https:\/\/www.cofb.org\/#\/schema\/logo\/image\/"},"sameAs":["https:\/\/www.facebook.com\/farmaceuticsbcn\/","https:\/\/twitter.com\/farmaceuticsbcn","https:\/\/www.instagram.com\/farmaceuticsbcn\/","https:\/\/www.linkedin.com\/company\/farmaceuticsbcn\/"]}]}},"uagb_featured_image_src":{"full":false,"thumbnail":false,"medium":false,"medium_large":false,"large":false,"1536x1536":false,"2048x2048":false,"trp-custom-language-flag":false},"uagb_author_info":{"display_name":"wpAdminCofbOrg","author_link":"https:\/\/www.cofb.org\/ca\/author\/wpadmincofborg\/"},"uagb_comment_info":0,"uagb_excerpt":"ACTIVITAT INSTITUCIONAL ACTIVITAT PROFESSIONAL FORMACI\u00d3 ACAD\u00c8MICA&nbsp;","_links":{"self":[{"href":"https:\/\/www.cofb.org\/ca\/wp-json\/wp\/v2\/pages\/3565","targetHints":{"allow":["GET"]}}],"collection":[{"href":"https:\/\/www.cofb.org\/ca\/wp-json\/wp\/v2\/pages"}],"about":[{"href":"https:\/\/www.cofb.org\/ca\/wp-json\/wp\/v2\/types\/page"}],"author":[{"embeddable":true,"href":"https:\/\/www.cofb.org\/ca\/wp-json\/wp\/v2\/users\/1"}],"replies":[{"embeddable":true,"href":"https:\/\/www.cofb.org\/ca\/wp-json\/wp\/v2\/comments?post=3565"}],"version-history":[{"count":8,"href":"https:\/\/www.cofb.org\/ca\/wp-json\/wp\/v2\/pages\/3565\/revisions"}],"predecessor-version":[{"id":78665,"href":"https:\/\/www.cofb.org\/ca\/wp-json\/wp\/v2\/pages\/3565\/revisions\/78665"}],"up":[{"embeddable":true,"href":"https:\/\/www.cofb.org\/ca\/wp-json\/wp\/v2\/pages\/2614"}],"wp:attachment":[{"href":"https:\/\/www.cofb.org\/ca\/wp-json\/wp\/v2\/media?parent=3565"}],"curies":[{"name":"wp","href":"https:\/\/api.w.org\/{rel}","templated":true}]}}