{"id":2990,"date":"2023-06-15T09:07:32","date_gmt":"2023-06-15T09:07:32","guid":{"rendered":"https:\/\/novaorg.cofb.net\/?page_id=2990"},"modified":"2024-02-26T10:07:39","modified_gmt":"2024-02-26T10:07:39","slug":"notes-de-premsa","status":"publish","type":"page","link":"https:\/\/www.cofb.org\/ca\/premsa\/sala-de-premsa\/notes-de-premsa\/","title":{"rendered":"Notes de premsa"},"content":{"rendered":"\n[ivory-search id=&#8221;73558&#8243; title=&#8221;Cercador Notes Premsa&#8221;]\n\n\n<ul style=\"padding-top:var(--wp--preset--spacing--60);padding-bottom:var(--wp--preset--spacing--60);\" class=\"wp-block-latest-posts__list has-dates wp-block-latest-posts\"><li><a class=\"wp-block-latest-posts__post-title\" href=\"https:\/\/www.cofb.org\/ca\/2026\/04\/23\/exit-de-la-marato-formativa-del-cof-de-barcelona-mes-de-750-inscrits-per-impulsar-la-gestio-de-la-farmacia\/\">\u00c8xit de la marat\u00f3 formativa del COF de Barcelona: m\u00e9s de 750 inscrits per impulsar la gesti\u00f3 de la farm\u00e0cia<\/a><time datetime=\"2026-04-23T11:31:41+00:00\" class=\"wp-block-latest-posts__post-date\">23 d&#8217;abril de 2026<\/time><div class=\"wp-block-latest-posts__post-excerpt\">El Col\u00b7legi de Farmac\u00e8utics de Barcelona (COFB) ha celebrat amb gran \u00e8xit de convocat\u00f2ria la Marat\u00f3 formativa \u201c100 claus de gesti\u00f3 per fer cr\u00e9ixer la teva farm\u00e0cia en un sol dia\u201d. La formaci\u00f3, que va tenir lloc el 21 d\u2019abril de forma online amb el patrocini de COFBServeis, Laboratorios Vilardell i Zambon, va comptar amb\u2026 <a class=\"wp-block-latest-posts__read-more\" href=\"https:\/\/www.cofb.org\/ca\/2026\/04\/23\/exit-de-la-marato-formativa-del-cof-de-barcelona-mes-de-750-inscrits-per-impulsar-la-gestio-de-la-farmacia\/\" rel=\"noopener noreferrer\">M\u00e9s informaci\u00f3<span class=\"screen-reader-text\">: \u00c8xit de la marat\u00f3 formativa del COF de Barcelona: m\u00e9s de 750 inscrits per impulsar la gesti\u00f3 de la farm\u00e0cia<\/span><\/a><\/div><\/li>\n<li><a class=\"wp-block-latest-posts__post-title\" href=\"https:\/\/www.cofb.org\/ca\/2026\/04\/15\/el-cof-de-barcelona-organitza-una-marato-formativa-per-impulsar-la-gestio-de-la-farmacia-en-un-sol-dia\/\">El COF de Barcelona organitza una marat\u00f3 formativa per impulsar la gesti\u00f3 de la farm\u00e0cia en un sol dia<\/a><time datetime=\"2026-04-15T12:17:30+00:00\" class=\"wp-block-latest-posts__post-date\">15 d&#8217;abril de 2026<\/time><div class=\"wp-block-latest-posts__post-excerpt\">Sota el t\u00edtol \u201c100 claus de gesti\u00f3 per fer cr\u00e9ixer la teva farm\u00e0cia en un sol dia\u201d, el Col\u00b7legi de Farmac\u00e8utics de Barcelona (COFB) organitza el pr\u00f2xim 21 d&#8217;abril una Marat\u00f3 formativa per millorar la gesti\u00f3 integral a la farm\u00e0cia i impulsar la seva transformaci\u00f3. En un sol dia, de 9 h a 19 h\u2026 <a class=\"wp-block-latest-posts__read-more\" href=\"https:\/\/www.cofb.org\/ca\/2026\/04\/15\/el-cof-de-barcelona-organitza-una-marato-formativa-per-impulsar-la-gestio-de-la-farmacia-en-un-sol-dia\/\" rel=\"noopener noreferrer\">M\u00e9s informaci\u00f3<span class=\"screen-reader-text\">: El COF de Barcelona organitza una marat\u00f3 formativa per impulsar la gesti\u00f3 de la farm\u00e0cia en un sol dia<\/span><\/a><\/div><\/li>\n<li><a class=\"wp-block-latest-posts__post-title\" href=\"https:\/\/www.cofb.org\/ca\/2026\/04\/09\/agora-sanitaria-reforca-el-paper-del-farmaceutic-com-a-agent-de-salut-clau-en-el-deteriorament-cognitiu\/\">\u00c0gora Sanit\u00e0ria refor\u00e7a el paper del farmac\u00e8utic com a agent de salut clau en el deteriorament cognitiu<\/a><time datetime=\"2026-04-09T16:09:01+00:00\" class=\"wp-block-latest-posts__post-date\">9 d&#8217;abril de 2026<\/time><div class=\"wp-block-latest-posts__post-excerpt\">\u00c0gora Sanit\u00e0ria, la plataforma de formaci\u00f3 online dels Col\u00b7legis de Farmac\u00e8utics de Barcelona i Madrid, impulsa el nou curs \u201cDeteriorament cognitiu: atenci\u00f3 farmac\u00e8utica integral\u201d. Aquesta proposta formativa neix amb l\u2019objectiu de potenciar la intervenci\u00f3 professional des de la farm\u00e0cia i consolidar el farmac\u00e8utic comunitari com a agent de salut clau en la detecci\u00f3 preco\u00e7 i\u2026 <a class=\"wp-block-latest-posts__read-more\" href=\"https:\/\/www.cofb.org\/ca\/2026\/04\/09\/agora-sanitaria-reforca-el-paper-del-farmaceutic-com-a-agent-de-salut-clau-en-el-deteriorament-cognitiu\/\" rel=\"noopener noreferrer\">M\u00e9s informaci\u00f3<span class=\"screen-reader-text\">: \u00c0gora Sanit\u00e0ria refor\u00e7a el paper del farmac\u00e8utic com a agent de salut clau en el deteriorament cognitiu<\/span><\/a><\/div><\/li>\n<li><a class=\"wp-block-latest-posts__post-title\" href=\"https:\/\/www.cofb.org\/ca\/2026\/03\/26\/infarma-torna-a-batre-records-amb-mes-participacio-mes-innovacio-i-mes-conversa\/\">Infarma torna a batre r\u00e8cords amb \u201cm\u00e9s participaci\u00f3, m\u00e9s innovaci\u00f3 i m\u00e9s conversa\u201d<\/a><time datetime=\"2026-03-26T17:23:23+00:00\" class=\"wp-block-latest-posts__post-date\">26 de mar\u00e7 de 2026<\/time><div class=\"wp-block-latest-posts__post-excerpt\">Infarma Madrid 2026, la 36a edici\u00f3 del Congr\u00e9s Europeu d&#8217;Oficina de Farm\u00e0cia i el Sal\u00f3 de Medicaments i Parafarm\u00e0cia, es va clausurar aquest dijous com una edici\u00f3 r\u00e8cord en la qual van tornar a superar-se les xifres d&#8217;anys anteriors amb m\u00e9s de 26.000 assistents, m\u00e9s de 300 expositors i m\u00e9s de 32.000 m\u00b2 de superf\u00edcie\u2026 <a class=\"wp-block-latest-posts__read-more\" href=\"https:\/\/www.cofb.org\/ca\/2026\/03\/26\/infarma-torna-a-batre-records-amb-mes-participacio-mes-innovacio-i-mes-conversa\/\" rel=\"noopener noreferrer\">M\u00e9s informaci\u00f3<span class=\"screen-reader-text\">: Infarma torna a batre r\u00e8cords amb \u201cm\u00e9s participaci\u00f3, m\u00e9s innovaci\u00f3 i m\u00e9s conversa\u201d<\/span><\/a><\/div><\/li>\n<li><a class=\"wp-block-latest-posts__post-title\" href=\"https:\/\/www.cofb.org\/ca\/2026\/03\/26\/loxitocina-que-generen-els-farmaceutics-ajuda-a-alleujar-el-dolor-fisic-i-emocional\/\">\u201cL&#8217;oxitocina\u201d que generen els farmac\u00e8utics ajuda a alleujar el dolor f\u00edsic i emocional<\/a><time datetime=\"2026-03-26T16:00:00+00:00\" class=\"wp-block-latest-posts__post-date\">26 de mar\u00e7 de 2026<\/time><div class=\"wp-block-latest-posts__post-excerpt\">Necessitem ser compresos, que el nostre dolor sigui escoltat, acollit. Perqu\u00e8 aix\u00ed, patim menys. Ho reflecteix el cor, i tamb\u00e9 la ci\u00e8ncia. I d&#8217;aix\u00f2 va parlar Marian Rojas Estap\u00e9, psiquiatre que dedica la seva atenci\u00f3 principalment a persones amb problemes d&#8217;ansietat, depressi\u00f3, trastorns som\u00e0tics i traumes, en la sessi\u00f3 \u201cRecupera la teva ment, reconquereix la\u2026 <a class=\"wp-block-latest-posts__read-more\" href=\"https:\/\/www.cofb.org\/ca\/2026\/03\/26\/loxitocina-que-generen-els-farmaceutics-ajuda-a-alleujar-el-dolor-fisic-i-emocional\/\" rel=\"noopener noreferrer\">M\u00e9s informaci\u00f3<span class=\"screen-reader-text\">: \u201cL&#8217;oxitocina\u201d que generen els farmac\u00e8utics ajuda a alleujar el dolor f\u00edsic i emocional<\/span><\/a><\/div><\/li>\n<li><a class=\"wp-block-latest-posts__post-title\" href=\"https:\/\/www.cofb.org\/ca\/2026\/03\/26\/que-es-una-farmacia-ferran-adria-a-infarma-quan-la-innovacio-comenca-amb-una-pregunta-incomoda\/\">Qu\u00e8 \u00e9s una farm\u00e0cia? Ferran Adri\u00e0 a Infarma: quan la innovaci\u00f3 comen\u00e7a amb una pregunta inc\u00f2moda<\/a><time datetime=\"2026-03-26T15:55:00+00:00\" class=\"wp-block-latest-posts__post-date\">26 de mar\u00e7 de 2026<\/time><div class=\"wp-block-latest-posts__post-excerpt\">El passat 25 de mar\u00e7, la sala Inspiraci\u00f3 d&#8217;Infarma es va omplir (i amb cua). M\u00e9s de 400 persones esperaven escoltar i parlar d&#8217;innovaci\u00f3 a Ferran Adri\u00e0, xef i ambaixador de Telef\u00f3nica, en una xerrada organitzada en col\u00b7laboraci\u00f3 amb Telef\u00f3nica. El que va trobar el p\u00fablic no va ser una xerrada a l&#8217;\u00fas. No hi\u2026 <a class=\"wp-block-latest-posts__read-more\" href=\"https:\/\/www.cofb.org\/ca\/2026\/03\/26\/que-es-una-farmacia-ferran-adria-a-infarma-quan-la-innovacio-comenca-amb-una-pregunta-incomoda\/\" rel=\"noopener noreferrer\">M\u00e9s informaci\u00f3<span class=\"screen-reader-text\">: Qu\u00e8 \u00e9s una farm\u00e0cia? Ferran Adri\u00e0 a Infarma: quan la innovaci\u00f3 comen\u00e7a amb una pregunta inc\u00f2moda<\/span><\/a><\/div><\/li>\n<li><a class=\"wp-block-latest-posts__post-title\" href=\"https:\/\/www.cofb.org\/ca\/2026\/03\/26\/quan-dispensar-ja-no-es-suficient-els-serveis-farmaceutics-son-claus-per-a-les-noves-necessitats-dels-pacients\/\">Quan dispensar ja no \u00e9s suficient: els serveis farmac\u00e8utics s\u00f3n claus per a les noves necessitats dels pacients<\/a><time datetime=\"2026-03-26T15:03:25+00:00\" class=\"wp-block-latest-posts__post-date\">26 de mar\u00e7 de 2026<\/time><div class=\"wp-block-latest-posts__post-excerpt\">La farm\u00e0cia comunit\u00e0ria viu un moment de transici\u00f3 silenciosa. No per una ruptura amb el seu model tradicional, sin\u00f3 per l&#8217;evid\u00e8ncia creixent que, en el context sanitari actual, marcat per reptes com l&#8217;envelliment, la cronicitat i la polimedicaci\u00f3, dispensar medicaments ja no \u00e9s suficient per cobrir totes les necessitats dels pacients i dels mateixos sistemes\u2026 <a class=\"wp-block-latest-posts__read-more\" href=\"https:\/\/www.cofb.org\/ca\/2026\/03\/26\/quan-dispensar-ja-no-es-suficient-els-serveis-farmaceutics-son-claus-per-a-les-noves-necessitats-dels-pacients\/\" rel=\"noopener noreferrer\">M\u00e9s informaci\u00f3<span class=\"screen-reader-text\">: Quan dispensar ja no \u00e9s suficient: els serveis farmac\u00e8utics s\u00f3n claus per a les noves necessitats dels pacients<\/span><\/a><\/div><\/li>\n<li><a class=\"wp-block-latest-posts__post-title\" href=\"https:\/\/www.cofb.org\/ca\/2026\/03\/26\/la-formulacio-representa-una-oportunitat-real-de-posicionament-i-rendibilitat\/\">La formulaci\u00f3 representa una oportunitat real de posicionament i rendibilitat<\/a><time datetime=\"2026-03-26T15:00:00+00:00\" class=\"wp-block-latest-posts__post-date\">26 de mar\u00e7 de 2026<\/time><div class=\"wp-block-latest-posts__post-excerpt\">Sota el t\u00edtol de la pon\u00e8ncia \u201cFormular \u00e9s rentable\u201d, Edgar Abarca Lach\u00e9n i Diego Marro, membres de la Junta Directiva de LASEMI, van debatre sobre la import\u00e0ncia estrat\u00e8gica de la formulaci\u00f3 magistral. Durant la tercera jornada d&#8217;Infarma Madrid 2026, els experts van explicar que aquesta eina no nom\u00e9s es presenta com un recurs assistencial \u00fanic,\u2026 <a class=\"wp-block-latest-posts__read-more\" href=\"https:\/\/www.cofb.org\/ca\/2026\/03\/26\/la-formulacio-representa-una-oportunitat-real-de-posicionament-i-rendibilitat\/\" rel=\"noopener noreferrer\">M\u00e9s informaci\u00f3<span class=\"screen-reader-text\">: La formulaci\u00f3 representa una oportunitat real de posicionament i rendibilitat<\/span><\/a><\/div><\/li>\n<li><a class=\"wp-block-latest-posts__post-title\" href=\"https:\/\/www.cofb.org\/ca\/2026\/03\/26\/collaboracio-formacio-i-comunicacio-claus-per-a-la-continuitat-assistencial-entre-farmacia-hospitalaria-i-farmacia-comunitaria\/\">Col\u00b7laboraci\u00f3, formaci\u00f3 i comunicaci\u00f3, claus per a la continu\u00eftat assistencial entre farm\u00e0cia hospital\u00e0ria i farm\u00e0cia comunit\u00e0ria<\/a><time datetime=\"2026-03-26T15:00:00+00:00\" class=\"wp-block-latest-posts__post-date\">26 de mar\u00e7 de 2026<\/time><div class=\"wp-block-latest-posts__post-excerpt\">Quin \u00e9s l&#8217;escenari actual de la col\u00b7laboraci\u00f3 entre els serveis de Farm\u00e0cia Hospital\u00e0ria i la xarxa d&#8217;oficines de farm\u00e0cia? A quins desafiaments s&#8217;enfronta aquesta col\u00b7laboraci\u00f3? Com s&#8217;ha de construir aquesta col\u00b7laboraci\u00f3 per garantir la continu\u00eftat assistencial dels pacients? Aquestes van ser algunes de les principals q\u00fcestions que es van debatre aquest dijous a Infarma Madrid\u2026 <a class=\"wp-block-latest-posts__read-more\" href=\"https:\/\/www.cofb.org\/ca\/2026\/03\/26\/collaboracio-formacio-i-comunicacio-claus-per-a-la-continuitat-assistencial-entre-farmacia-hospitalaria-i-farmacia-comunitaria\/\" rel=\"noopener noreferrer\">M\u00e9s informaci\u00f3<span class=\"screen-reader-text\">: Col\u00b7laboraci\u00f3, formaci\u00f3 i comunicaci\u00f3, claus per a la continu\u00eftat assistencial entre farm\u00e0cia hospital\u00e0ria i farm\u00e0cia comunit\u00e0ria<\/span><\/a><\/div><\/li>\n<li><a class=\"wp-block-latest-posts__post-title\" href=\"https:\/\/www.cofb.org\/ca\/2026\/03\/26\/el-farmaceutic-un-professional-sanitari-per-a-tota-la-familia-incloses-les-mascotes\/\">El farmac\u00e8utic, un professional sanitari \u201cper a tota la fam\u00edlia\u201d, incloses les mascotes<\/a><time datetime=\"2026-03-26T14:30:00+00:00\" class=\"wp-block-latest-posts__post-date\">26 de mar\u00e7 de 2026<\/time><div class=\"wp-block-latest-posts__post-excerpt\">La categoria de Veterin\u00e0ria est\u00e0 guanyant cada vegada m\u00e9s pes en la farm\u00e0cia comunit\u00e0ria, convertint-se en una \u00e0rea en qu\u00e8 la pres\u00e8ncia del farmac\u00e8utic \u201cha de ser obligat\u00f2ria\u201d per l&#8217;oportunitat de creixement que ofereix i perqu\u00e8 li permet convertir-se en un agent sanitari \u201cper a tota la fam\u00edlia\u201d, en cooperaci\u00f3 amb el veterinari. Per a\u2026 <a class=\"wp-block-latest-posts__read-more\" href=\"https:\/\/www.cofb.org\/ca\/2026\/03\/26\/el-farmaceutic-un-professional-sanitari-per-a-tota-la-familia-incloses-les-mascotes\/\" rel=\"noopener noreferrer\">M\u00e9s informaci\u00f3<span class=\"screen-reader-text\">: El farmac\u00e8utic, un professional sanitari \u201cper a tota la fam\u00edlia\u201d, incloses les mascotes<\/span><\/a><\/div><\/li>\n<li><a class=\"wp-block-latest-posts__post-title\" href=\"https:\/\/www.cofb.org\/ca\/2026\/03\/25\/la-dermo-un-sector-en-que-el-canal-farmacia-es-diferencia-pel-valor-afegit-que-aporta\/\">La &#8216;dermo&#8217;, un sector en qu\u00e8 el canal farm\u00e0cia es diferencia pel &#8220;valor afegit&#8221; que aporta<\/a><time datetime=\"2026-03-25T19:00:00+00:00\" class=\"wp-block-latest-posts__post-date\">25 de mar\u00e7 de 2026<\/time><div class=\"wp-block-latest-posts__post-excerpt\">L&#8217;evoluci\u00f3 del sector dermocosm\u00e8tic, la seva pres\u00e8ncia al canal farm\u00e0cia i les particularitats lligades a la seva gesti\u00f3 van estar presents a Infarma Madrid 2026. Durant la sessi\u00f3 &#8220;Dermo: com ent\u00e9n la ind\u00fastria el canal farm\u00e0cia?&#8221;, celebrada aquest dimecres, es va debatre sobre l&#8217;aven\u00e7 d&#8217;aquest sector i sobre la situaci\u00f3 actual i les perspectives del\u2026 <a class=\"wp-block-latest-posts__read-more\" href=\"https:\/\/www.cofb.org\/ca\/2026\/03\/25\/la-dermo-un-sector-en-que-el-canal-farmacia-es-diferencia-pel-valor-afegit-que-aporta\/\" rel=\"noopener noreferrer\">M\u00e9s informaci\u00f3<span class=\"screen-reader-text\">: La &#8216;dermo&#8217;, un sector en qu\u00e8 el canal farm\u00e0cia es diferencia pel &#8220;valor afegit&#8221; que aporta<\/span><\/a><\/div><\/li>\n<li><a class=\"wp-block-latest-posts__post-title\" href=\"https:\/\/www.cofb.org\/ca\/2026\/03\/25\/el-pacient-precisa-una-atencio-sanitaria-que-el-miri-als-ulls-li-digui-pel-seu-nom-i-escolti-tot-el-que-ha-de-explicar\/\">El pacient precisa una atenci\u00f3 sanit\u00e0ria \u201cque el miri als ulls, li digui pel seu nom i escolti tot el que ha de explicar\u201d<\/a><time datetime=\"2026-03-25T16:04:58+00:00\" class=\"wp-block-latest-posts__post-date\">25 de mar\u00e7 de 2026<\/time><div class=\"wp-block-latest-posts__post-excerpt\">El pacient precisa una atenci\u00f3 \u201cpropera i individualitzada\u201d; una atenci\u00f3 \u201cque humanitzi\u201d; una atenci\u00f3 que \u201cel miri als ulls, li digui pel seu nom i escolti atentament tot el que aquest ha d&#8217;explicar\u201d. Aquesta va ser una de les grans conclusions que es van desprendre de la mesa de debat La veu del pacient a\u2026 <a class=\"wp-block-latest-posts__read-more\" href=\"https:\/\/www.cofb.org\/ca\/2026\/03\/25\/el-pacient-precisa-una-atencio-sanitaria-que-el-miri-als-ulls-li-digui-pel-seu-nom-i-escolti-tot-el-que-ha-de-explicar\/\" rel=\"noopener noreferrer\">M\u00e9s informaci\u00f3<span class=\"screen-reader-text\">: El pacient precisa una atenci\u00f3 sanit\u00e0ria \u201cque el miri als ulls, li digui pel seu nom i escolti tot el que ha de explicar\u201d<\/span><\/a><\/div><\/li>\n<li><a class=\"wp-block-latest-posts__post-title\" href=\"https:\/\/www.cofb.org\/ca\/2026\/03\/24\/la-farmacia-comunitaria-es-renova-davant-el-futur-la-gestio-professional-lestrategia-i-la-digitalitzacio-claus-de-lexit\/\">La farm\u00e0cia comunit\u00e0ria es renova davant el futur: la gesti\u00f3 professional, l\u2019estrat\u00e8gia i la digitalitzaci\u00f3, claus de l\u2019\u00e8xit<\/a><time datetime=\"2026-03-24T19:07:00+00:00\" class=\"wp-block-latest-posts__post-date\">24 de mar\u00e7 de 2026<\/time><div class=\"wp-block-latest-posts__post-excerpt\">El futur de la farm\u00e0cia passa per la necessitat de fer un pas cap endavant en la gesti\u00f3, mitjan\u00e7ant una perspectiva m\u00e9s estrat\u00e8gica i la necessitat de distingir-se en un entorn cada vegada m\u00e9s competitiu i variable. Aquesta va ser una de les conclusions principals de la confer\u00e8ncia \u201cPrepara la teva estrat\u00e8gia per als reptes\u2026 <a class=\"wp-block-latest-posts__read-more\" href=\"https:\/\/www.cofb.org\/ca\/2026\/03\/24\/la-farmacia-comunitaria-es-renova-davant-el-futur-la-gestio-professional-lestrategia-i-la-digitalitzacio-claus-de-lexit\/\" rel=\"noopener noreferrer\">M\u00e9s informaci\u00f3<span class=\"screen-reader-text\">: La farm\u00e0cia comunit\u00e0ria es renova davant el futur: la gesti\u00f3 professional, l\u2019estrat\u00e8gia i la digitalitzaci\u00f3, claus de l\u2019\u00e8xit<\/span><\/a><\/div><\/li>\n<li><a class=\"wp-block-latest-posts__post-title\" href=\"https:\/\/www.cofb.org\/ca\/2026\/03\/24\/nutricio-esportiva-la-qualitat-i-la-individualitzacio-marquen-lassessorament-des-de-la-farmacia\/\">Nutrici\u00f3 esportiva: la qualitat i la individualitzaci\u00f3 marquen l&#8217;assessorament des de la farm\u00e0cia<\/a><time datetime=\"2026-03-24T18:45:00+00:00\" class=\"wp-block-latest-posts__post-date\">24 de mar\u00e7 de 2026<\/time><div class=\"wp-block-latest-posts__post-excerpt\">Infarma Madrid 2026 va acollir aquest dimarts la sessi\u00f3 &#8220;L&#8217;evoluci\u00f3 de la salut i la nutrici\u00f3 esportiva a la farm\u00e0cia&#8220;, una taula de debat en la qual, amb el suport de Finisher \u2014de Kern Pharma\u2014, professionals sanitaris i esportistes van abordar el paper que exerceixen els farmac\u00e8utics en l&#8217;assessorament sobre aquest \u00e0mbit, posant el focus\u2026 <a class=\"wp-block-latest-posts__read-more\" href=\"https:\/\/www.cofb.org\/ca\/2026\/03\/24\/nutricio-esportiva-la-qualitat-i-la-individualitzacio-marquen-lassessorament-des-de-la-farmacia\/\" rel=\"noopener noreferrer\">M\u00e9s informaci\u00f3<span class=\"screen-reader-text\">: Nutrici\u00f3 esportiva: la qualitat i la individualitzaci\u00f3 marquen l&#8217;assessorament des de la farm\u00e0cia<\/span><\/a><\/div><\/li>\n<li><a class=\"wp-block-latest-posts__post-title\" href=\"https:\/\/www.cofb.org\/ca\/2026\/03\/24\/fotoproteccio-sense-bulos-farmaceutics-i-dermatolegs-davant-de-la-infoxicacio\/\">Fotoprotecci\u00f3\u00a0sense \u201cbulos\u201d: farmac\u00e8utics i dermat\u00f2legs davant de la \u201cinfoxicaci\u00f3\u201d<\/a><time datetime=\"2026-03-24T18:02:34+00:00\" class=\"wp-block-latest-posts__post-date\">24 de mar\u00e7 de 2026<\/time><div class=\"wp-block-latest-posts__post-excerpt\">L&#8217;exc\u00e9s de missatges a xarxes socials en mat\u00e8ria de\u00a0fotoprotecci\u00f3\u00a0i dermocosm\u00e8tica, recomanacions contradict\u00f2ries, alarmisme sobre filtres solars, confusi\u00f3 entre natural i efica\u00e7 o qu\u00edmic i seguretat\u2026 El pacient arriba a la farm\u00e0cia i a la consulta m\u00e8dica amb dubtes barrejats i moltes vegades amb mites ja interioritzats. Per a desterrar-los, ha entrat en joc el binomi\u2026 <a class=\"wp-block-latest-posts__read-more\" href=\"https:\/\/www.cofb.org\/ca\/2026\/03\/24\/fotoproteccio-sense-bulos-farmaceutics-i-dermatolegs-davant-de-la-infoxicacio\/\" rel=\"noopener noreferrer\">M\u00e9s informaci\u00f3<span class=\"screen-reader-text\">: Fotoprotecci\u00f3\u00a0sense \u201cbulos\u201d: farmac\u00e8utics i dermat\u00f2legs davant de la \u201cinfoxicaci\u00f3\u201d<\/span><\/a><\/div><\/li>\n<li><a class=\"wp-block-latest-posts__post-title\" href=\"https:\/\/www.cofb.org\/ca\/2026\/03\/24\/el-sector-farmaceutic-es-sinonim-de-proximitat-empatia-professionalitat-i-excellencia\/\">\u201cEl sector farmac\u00e8utic \u00e9s sin\u00f2nim de proximitat, empatia, professionalitat i excel\u00b7l\u00e8ncia\u201d<\/a><time datetime=\"2026-03-24T13:25:32+00:00\" class=\"wp-block-latest-posts__post-date\">24 de mar\u00e7 de 2026<\/time><div class=\"wp-block-latest-posts__post-excerpt\">Per a F\u00e1tima\u00a0Matute, consellera de Sanitat de la Comunidad de Madrid, la Farm\u00e0cia \u00e9s un \u201csector estrat\u00e8gic de gran transcend\u00e8ncia\u201d, pel seu impacte directe en la salut dels ciutadans i en la sostenibilitat del sistema sanitari. \u201cSou sin\u00f2nim de proximitat i d&#8217;empatia; representeu a la perfecci\u00f3 la humanitzaci\u00f3 de l&#8217;assist\u00e8ncia sanit\u00e0ria I d&#8217;altra banda, sou\u2026 <a class=\"wp-block-latest-posts__read-more\" href=\"https:\/\/www.cofb.org\/ca\/2026\/03\/24\/el-sector-farmaceutic-es-sinonim-de-proximitat-empatia-professionalitat-i-excellencia\/\" rel=\"noopener noreferrer\">M\u00e9s informaci\u00f3<span class=\"screen-reader-text\">: \u201cEl sector farmac\u00e8utic \u00e9s sin\u00f2nim de proximitat, empatia, professionalitat i excel\u00b7l\u00e8ncia\u201d<\/span><\/a><\/div><\/li>\n<li><a class=\"wp-block-latest-posts__post-title\" href=\"https:\/\/www.cofb.org\/ca\/2026\/03\/24\/levidencia-cientifica-confirma-que-les-farmacies-aporten-mes-salut-cohesio-i-sostenibilitat-als-sistemes-sanitaris\/\">L&#8217;evid\u00e8ncia cient\u00edfica confirma que les farm\u00e0cies aporten m\u00e9s salut, cohesi\u00f3 i sostenibilitat als sistemes sanitaris<\/a><time datetime=\"2026-03-24T12:49:20+00:00\" class=\"wp-block-latest-posts__post-date\">24 de mar\u00e7 de 2026<\/time><div class=\"wp-block-latest-posts__post-excerpt\">M\u00e9s salut, m\u00e9s cohesi\u00f3 social i m\u00e9s sostenibilitat. \u00c9s el resultat d&#8217;incorporar a la xarxa de farm\u00e0cies (22.000 a Espanya ateses per prop de 55.000 farmac\u00e8utics) a les estrat\u00e8gies per a millorar l&#8217;efectivitat en els sistemes sanitaris. Aquestes s\u00f3n algunes de les conclusions del primer Informe&nbsp;Infarma, titulat &#8220;El valor social de la xarxa de farm\u00e0cies&#8221;,\u2026 <a class=\"wp-block-latest-posts__read-more\" href=\"https:\/\/www.cofb.org\/ca\/2026\/03\/24\/levidencia-cientifica-confirma-que-les-farmacies-aporten-mes-salut-cohesio-i-sostenibilitat-als-sistemes-sanitaris\/\" rel=\"noopener noreferrer\">M\u00e9s informaci\u00f3<span class=\"screen-reader-text\">: L&#8217;evid\u00e8ncia cient\u00edfica confirma que les farm\u00e0cies aporten m\u00e9s salut, cohesi\u00f3 i sostenibilitat als sistemes sanitaris<\/span><\/a><\/div><\/li>\n<li><a class=\"wp-block-latest-posts__post-title\" href=\"https:\/\/www.cofb.org\/ca\/2026\/03\/18\/olga-pane-els-farmaceutics-son-agents-sanitaris-amb-una-capillaritat-inigualable-al-nostre-entorn-social\/\">Olga Pan\u00e9: \u201cEls farmac\u00e8utics s\u00f3n agents sanitaris amb una capil\u00b7laritat inigualable al nostre entorn social\u201d<\/a><time datetime=\"2026-03-18T17:25:44+00:00\" class=\"wp-block-latest-posts__post-date\">18 de mar\u00e7 de 2026<\/time><div class=\"wp-block-latest-posts__post-excerpt\">El programa de detecci\u00f3 preco\u00e7 del c\u00e0ncer de c\u00f2lon i recte de la ciutat de Barcelona arriba als 15 anys convertit en un model d\u2019\u00e8xit. Un cop finalitzat el programa pilot a l\u2019Hospitalet de Llobregat, es va posar en marxa l\u2019any 2010 a les \u00e0rees integrals de salut (AIS) de Barcelona Esquerra i de Litoral\u2026 <a class=\"wp-block-latest-posts__read-more\" href=\"https:\/\/www.cofb.org\/ca\/2026\/03\/18\/olga-pane-els-farmaceutics-son-agents-sanitaris-amb-una-capillaritat-inigualable-al-nostre-entorn-social\/\" rel=\"noopener noreferrer\">M\u00e9s informaci\u00f3<span class=\"screen-reader-text\">: Olga Pan\u00e9: \u201cEls farmac\u00e8utics s\u00f3n agents sanitaris amb una capil\u00b7laritat inigualable al nostre entorn social\u201d<\/span><\/a><\/div><\/li>\n<li><a class=\"wp-block-latest-posts__post-title\" href=\"https:\/\/www.cofb.org\/ca\/2026\/02\/24\/inspiracio-innovacio-i-coneixement-bases-de-la-transformacio-de-loficina-de-farmacia-a-infarma-madrid-2026\/\">Inspiraci\u00f3, innovaci\u00f3 i coneixement, bases de la transformaci\u00f3 de l&#8217;oficina de farm\u00e0cia a Infarma\u00a0Madrid 2026<\/a><time datetime=\"2026-02-24T13:18:32+00:00\" class=\"wp-block-latest-posts__post-date\">24 de febrer de 2026<\/time><div class=\"wp-block-latest-posts__post-excerpt\">Inspiraci\u00f3, innovaci\u00f3, coneixement i actualitat marquen el present i el futur de la farm\u00e0cia comunit\u00e0ria. Tots aquests elements es donaran cita en&nbsp;Infarma&nbsp;Madrid 2026, una nova edici\u00f3 del Congr\u00e9s Europeu d&#8217;Oficina de Farm\u00e0cia i el Sal\u00f3 de Medicaments i Parafarm\u00e0cia, organitzat pel Col\u00b7legi Oficial de Farmac\u00e8utics de Madrid (COFM), el Col\u00b7legi Oficial de Farmac\u00e8utics de Barcelona\u2026 <a class=\"wp-block-latest-posts__read-more\" href=\"https:\/\/www.cofb.org\/ca\/2026\/02\/24\/inspiracio-innovacio-i-coneixement-bases-de-la-transformacio-de-loficina-de-farmacia-a-infarma-madrid-2026\/\" rel=\"noopener noreferrer\">M\u00e9s informaci\u00f3<span class=\"screen-reader-text\">: Inspiraci\u00f3, innovaci\u00f3 i coneixement, bases de la transformaci\u00f3 de l&#8217;oficina de farm\u00e0cia a Infarma\u00a0Madrid 2026<\/span><\/a><\/div><\/li>\n<li><a class=\"wp-block-latest-posts__post-title\" href=\"https:\/\/www.cofb.org\/ca\/2026\/02\/19\/caixabank-i-el-collegi-de-farmaceutics-de-barcelona-renoven-el-seu-conveni-de-collaboracio-per-a-oferir-millors-condicions-financeres-al-sector\/\">CaixaBank i el Col\u00b7legi de Farmac\u00e8utics de Barcelona renoven el seu conveni de col\u00b7laboraci\u00f3 per a oferir millors condicions financeres al sector<\/a><time datetime=\"2026-02-19T09:33:43+00:00\" class=\"wp-block-latest-posts__post-date\">19 de febrer de 2026<\/time><div class=\"wp-block-latest-posts__post-excerpt\">Barcelona, 19 de febrer de 2026. \u2013 CaixaBank i el Col\u00b7legi de Farmac\u00e8utics de Barcelona (COFB) han renovat el conveni de col\u00b7laboraci\u00f3 amb l&#8217;objectiu de continuar oferint millors condicions financeres tant als farmac\u00e8utics titulars de les farm\u00e0cies com a la resta de col\u00b7legiats de la prov\u00edncia de Barcelona, que actualment s\u00f3n un total de 9.300\u2026 <a class=\"wp-block-latest-posts__read-more\" href=\"https:\/\/www.cofb.org\/ca\/2026\/02\/19\/caixabank-i-el-collegi-de-farmaceutics-de-barcelona-renoven-el-seu-conveni-de-collaboracio-per-a-oferir-millors-condicions-financeres-al-sector\/\" rel=\"noopener noreferrer\">M\u00e9s informaci\u00f3<span class=\"screen-reader-text\">: CaixaBank i el Col\u00b7legi de Farmac\u00e8utics de Barcelona renoven el seu conveni de col\u00b7laboraci\u00f3 per a oferir millors condicions financeres al sector<\/span><\/a><\/div><\/li>\n<li><a class=\"wp-block-latest-posts__post-title\" href=\"https:\/\/www.cofb.org\/ca\/2026\/02\/17\/el-retard-en-el-diagnostic-i-la-invisibilitzacio-del-dolor-femeni-consequencies-del-biaix-de-genere-en-la-salut\/\">El retard en el diagn\u00f2stic i la invisibilitzaci\u00f3 del dolor femen\u00ed, conseq\u00fc\u00e8ncies del biaix de g\u00e8nere en la salut<\/a><time datetime=\"2026-02-17T17:04:34+00:00\" class=\"wp-block-latest-posts__post-date\">17 de febrer de 2026<\/time><div class=\"wp-block-latest-posts__post-excerpt\">Barcelona, 17 de febrer de 2026. \u2013 Un dels reptes de salut p\u00fablica \u00e9s el biaix de g\u00e8nere i la poca representaci\u00f3 que les dones encara tenen en molts \u00e0mbits de la medicina. Un repte que, tot i que ja s\u2019ha identificat, continua sense resoldre\u2019s. Aquest va ser el tema central de la taula rodona\u2026 <a class=\"wp-block-latest-posts__read-more\" href=\"https:\/\/www.cofb.org\/ca\/2026\/02\/17\/el-retard-en-el-diagnostic-i-la-invisibilitzacio-del-dolor-femeni-consequencies-del-biaix-de-genere-en-la-salut\/\" rel=\"noopener noreferrer\">M\u00e9s informaci\u00f3<span class=\"screen-reader-text\">: El retard en el diagn\u00f2stic i la invisibilitzaci\u00f3 del dolor femen\u00ed, conseq\u00fc\u00e8ncies del biaix de g\u00e8nere en la salut<\/span><\/a><\/div><\/li>\n<li><a class=\"wp-block-latest-posts__post-title\" href=\"https:\/\/www.cofb.org\/ca\/2026\/02\/12\/infarma-madrid-2026-difondra-una-trentena-diniciatives-que-mostren-el-costat-mes-innovador-de-la-farmacia\/\">Infarma Madrid 2026 difondr\u00e0 una trentena d&#8217;iniciatives que mostren el costat m\u00e9s innovador de la farm\u00e0cia<\/a><time datetime=\"2026-02-12T13:54:04+00:00\" class=\"wp-block-latest-posts__post-date\">12 de febrer de 2026<\/time><div class=\"wp-block-latest-posts__post-excerpt\">Infarma Madrid 2026, que se celebrar\u00e0 del 24 al 26 de mar\u00e7 al recinte firal d&#8217;IFEMA MADRID sota el lema La salut comen\u00e7a aqu\u00ed, tornar\u00e0 a incloure la sessi\u00f3 Iniciatives d&#8217;\u00c8xit, dedicada a difondre projectes o iniciatives innovadores i d&#8217;\u00e8xit realitzades pels farmac\u00e8utics comunitaris. Per a aquesta edici\u00f3 s&#8217;han presentat una trentena d&#8217;iniciatives que pr\u00e8viament\u2026 <a class=\"wp-block-latest-posts__read-more\" href=\"https:\/\/www.cofb.org\/ca\/2026\/02\/12\/infarma-madrid-2026-difondra-una-trentena-diniciatives-que-mostren-el-costat-mes-innovador-de-la-farmacia\/\" rel=\"noopener noreferrer\">M\u00e9s informaci\u00f3<span class=\"screen-reader-text\">: Infarma Madrid 2026 difondr\u00e0 una trentena d&#8217;iniciatives que mostren el costat m\u00e9s innovador de la farm\u00e0cia<\/span><\/a><\/div><\/li>\n<li><a class=\"wp-block-latest-posts__post-title\" href=\"https:\/\/www.cofb.org\/ca\/2026\/02\/11\/la-nova-piramide-alimentaria-dels-eua-pot-generar-confusio-a-la-poblacio-i-no-contempla-la-perspectiva-mediambiental\/\">La nova pir\u00e0mide aliment\u00e0ria dels EUA pot generar confusi\u00f3 a la poblaci\u00f3 i no contempla la perspectiva mediambiental<\/a><time datetime=\"2026-02-11T13:39:40+00:00\" class=\"wp-block-latest-posts__post-date\">11 de febrer de 2026<\/time><div class=\"wp-block-latest-posts__post-excerpt\">Barcelona, 11 de febrer de 2026.- La nova pir\u00e0mide aliment\u00e0ria dels Estats Units &#8211; Dietary Guidelines for Americans (DGA)- pot generar confusi\u00f3 en la poblaci\u00f3 i no \u00e9s sostenible. S\u00f3n dues de les principals conclusions de l\u2019informe elaborat per la vocalia d\u2019Alimentaci\u00f3 i Nutrici\u00f3 del Col\u00b7legi de Farmac\u00e8utics de Barcelona (COFB), que t\u00e9 com a\u2026 <a class=\"wp-block-latest-posts__read-more\" href=\"https:\/\/www.cofb.org\/ca\/2026\/02\/11\/la-nova-piramide-alimentaria-dels-eua-pot-generar-confusio-a-la-poblacio-i-no-contempla-la-perspectiva-mediambiental\/\" rel=\"noopener noreferrer\">M\u00e9s informaci\u00f3<span class=\"screen-reader-text\">: La nova pir\u00e0mide aliment\u00e0ria dels EUA pot generar confusi\u00f3 a la poblaci\u00f3 i no contempla la perspectiva mediambiental<\/span><\/a><\/div><\/li>\n<li><a class=\"wp-block-latest-posts__post-title\" href=\"https:\/\/www.cofb.org\/ca\/2026\/01\/13\/infarma2026-convertira-a-la-farmacia-en-el-gran-forum-de-les-solucions-assistencials-per-al-sistema-sanitari\/\">Infarma2026\u00a0convertir\u00e0 a la farm\u00e0cia en el gran f\u00f2rum de les solucions assistencials per al sistema sanitari<\/a><time datetime=\"2026-01-13T16:09:31+00:00\" class=\"wp-block-latest-posts__post-date\">13 de gener de 2026<\/time><div class=\"wp-block-latest-posts__post-excerpt\">Madrid, 13 de gener de 2026.- Inspiraci\u00f3. Actualitat. Novetat. Sobre aquests tres pilars s&#8217;edifica l&#8217;edici\u00f3 de&nbsp;Infarma&nbsp;Madrid 2026 (#Infarma2026), el Congr\u00e9s Europeu d&#8217;Oficina de Farm\u00e0cia i el Sal\u00f3 de Medicaments i Parafarm\u00e0cia, organitzat pel Col\u00b7legi Oficial de Farmac\u00e8utics de Madrid (COFM), el Col\u00b7legi Oficial de Farmac\u00e8utics de Barcelona (COFB)&nbsp;i&nbsp;CloserStill. I ho fa amb un lema que\u2026 <a class=\"wp-block-latest-posts__read-more\" href=\"https:\/\/www.cofb.org\/ca\/2026\/01\/13\/infarma2026-convertira-a-la-farmacia-en-el-gran-forum-de-les-solucions-assistencials-per-al-sistema-sanitari\/\" rel=\"noopener noreferrer\">M\u00e9s informaci\u00f3<span class=\"screen-reader-text\">: Infarma2026\u00a0convertir\u00e0 a la farm\u00e0cia en el gran f\u00f2rum de les solucions assistencials per al sistema sanitari<\/span><\/a><\/div><\/li>\n<li><a class=\"wp-block-latest-posts__post-title\" href=\"https:\/\/www.cofb.org\/ca\/2025\/12\/15\/la-unitat-mobil-la-meva-farmacia-la-meva-salut-finalitza-amb-exit-el-seu-recorregut-realitzant-mes-de-6-000-proves\/\">La unitat m\u00f2bil \u201cLa meva farm\u00e0cia, la meva salut\u201d finalitza amb \u00e8xit el seu recorregut \u00a0realitzant m\u00e9s de 6.000 proves<\/a><time datetime=\"2025-12-15T12:17:27+00:00\" class=\"wp-block-latest-posts__post-date\">15 de desembre de 2025<\/time><div class=\"wp-block-latest-posts__post-excerpt\">Barcelona, 15 de desembre de 2025.- Despr\u00e9s de m\u00e9s de dos mesos recorrent la prov\u00edncia de Barcelona, la unitat m\u00f2bil de la campanya \u201cLa meva farm\u00e0cia, la meva salut\u201d ha finalitzat el seu trajecte. Al llarg d\u2019aquest per\u00edode, gaireb\u00e9 260 farmac\u00e8utics voluntaris han dut a terme m\u00e9s de 6.000 proves de salut a prop de\u2026 <a class=\"wp-block-latest-posts__read-more\" href=\"https:\/\/www.cofb.org\/ca\/2025\/12\/15\/la-unitat-mobil-la-meva-farmacia-la-meva-salut-finalitza-amb-exit-el-seu-recorregut-realitzant-mes-de-6-000-proves\/\" rel=\"noopener noreferrer\">M\u00e9s informaci\u00f3<span class=\"screen-reader-text\">: La unitat m\u00f2bil \u201cLa meva farm\u00e0cia, la meva salut\u201d finalitza amb \u00e8xit el seu recorregut \u00a0realitzant m\u00e9s de 6.000 proves<\/span><\/a><\/div><\/li>\n<li><a class=\"wp-block-latest-posts__post-title\" href=\"https:\/\/www.cofb.org\/ca\/2025\/12\/04\/la-campanya-la-meva-farmacia-la-meva-salut-fa-mes-de-470-proves-de-salut-en-la-seva-darrera-parada-a-vic\/\">La campanya \u201cLa meva farm\u00e0cia, la meva salut\u201d fa m\u00e9s de 470 proves de salut en la seva darrera parada a Vic<\/a><time datetime=\"2025-12-04T15:27:39+00:00\" class=\"wp-block-latest-posts__post-date\">4 de desembre de 2025<\/time><div class=\"wp-block-latest-posts__post-excerpt\">Barcelona, 4 de desembre de 2025.- Una trentena de farmac\u00e8utics\/ques voluntaris de la unitat m\u00f2bil \u201cLa meva farm\u00e0cia, la meva salut\u201d han realitzat m\u00e9s de 470 proves de salut als ve\u00efns i ve\u00efnes de Vic. En concret, un total de 121 persones s\u2019han apropat a la farm\u00e0cia m\u00f2bil per con\u00e8ixer i viure, en primera persona,\u2026 <a class=\"wp-block-latest-posts__read-more\" href=\"https:\/\/www.cofb.org\/ca\/2025\/12\/04\/la-campanya-la-meva-farmacia-la-meva-salut-fa-mes-de-470-proves-de-salut-en-la-seva-darrera-parada-a-vic\/\" rel=\"noopener noreferrer\">M\u00e9s informaci\u00f3<span class=\"screen-reader-text\">: La campanya \u201cLa meva farm\u00e0cia, la meva salut\u201d fa m\u00e9s de 470 proves de salut en la seva darrera parada a Vic<\/span><\/a><\/div><\/li>\n<li><a class=\"wp-block-latest-posts__post-title\" href=\"https:\/\/www.cofb.org\/ca\/2025\/11\/27\/la-unitat-mobil-de-la-meva-farmacia-la-meva-salut-realitza-prop-de-600-proves-de-salut-als-veins-de-pineda-de-mar\/\">La unitat m\u00f2bil de \u201cLa meva farm\u00e0cia, la meva salut\u201d realitza prop de 600 proves de salut als ve\u00efns de Pineda de Mar<\/a><time datetime=\"2025-11-27T16:22:41+00:00\" class=\"wp-block-latest-posts__post-date\">27 de novembre de 2025<\/time><div class=\"wp-block-latest-posts__post-excerpt\">Barcelona, 27 de novembre de 2025.- Una quinzena de farmac\u00e8utics\/ques voluntaris de la unitat m\u00f2bil \u201cLa meva farm\u00e0cia, la meva salut\u201d han realitzat prop de 600 proves de salut als ve\u00efns i ve\u00efnes de Pineda de Mar. En concret, un total de 146 persones s\u2019han apropat a la farm\u00e0cia m\u00f2bil per con\u00e8ixer i viure, en\u2026 <a class=\"wp-block-latest-posts__read-more\" href=\"https:\/\/www.cofb.org\/ca\/2025\/11\/27\/la-unitat-mobil-de-la-meva-farmacia-la-meva-salut-realitza-prop-de-600-proves-de-salut-als-veins-de-pineda-de-mar\/\" rel=\"noopener noreferrer\">M\u00e9s informaci\u00f3<span class=\"screen-reader-text\">: La unitat m\u00f2bil de \u201cLa meva farm\u00e0cia, la meva salut\u201d realitza prop de 600 proves de salut als ve\u00efns de Pineda de Mar<\/span><\/a><\/div><\/li>\n<li><a class=\"wp-block-latest-posts__post-title\" href=\"https:\/\/www.cofb.org\/ca\/2025\/11\/20\/la-unitat-mobil-de-la-meva-farmacia-la-meva-salut-realitza-mes-de-500-proves-de-salut-als-veins-de-granollers\/\">La unitat m\u00f2bil de \u201cLa meva farm\u00e0cia, la meva salut\u201d realitza m\u00e9s de 500 proves de salut als ve\u00efns de Granollers<\/a><time datetime=\"2025-11-20T13:23:51+00:00\" class=\"wp-block-latest-posts__post-date\">20 de novembre de 2025<\/time><div class=\"wp-block-latest-posts__post-excerpt\">Barcelona, 20 de novembre de 2025.- Una trentena de farmac\u00e8utics\/ques voluntaris de la unitat m\u00f2bil \u201cLa meva farm\u00e0cia, la meva salut\u201d han realitzat m\u00e9s de 500 proves de salut als ve\u00efns i ve\u00efnes de Granollers. En concret, un total de 123 persones s\u2019han apropat a la farm\u00e0cia m\u00f2bil per con\u00e8ixer i viure, en primera persona,\u2026 <a class=\"wp-block-latest-posts__read-more\" href=\"https:\/\/www.cofb.org\/ca\/2025\/11\/20\/la-unitat-mobil-de-la-meva-farmacia-la-meva-salut-realitza-mes-de-500-proves-de-salut-als-veins-de-granollers\/\" rel=\"noopener noreferrer\">M\u00e9s informaci\u00f3<span class=\"screen-reader-text\">: La unitat m\u00f2bil de \u201cLa meva farm\u00e0cia, la meva salut\u201d realitza m\u00e9s de 500 proves de salut als ve\u00efns de Granollers<\/span><\/a><\/div><\/li>\n<li><a class=\"wp-block-latest-posts__post-title\" href=\"https:\/\/www.cofb.org\/ca\/2025\/11\/13\/la-unitat-mobil-de-la-meva-farmacia-la-meva-salut-realitza-mes-de-580-proves-de-salut-als-veins-de-badalona\/\">La unitat m\u00f2bil de \u201cLa meva farm\u00e0cia, la meva salut\u201d realitza m\u00e9s de 580 proves de salut als ve\u00efns de Badalona<\/a><time datetime=\"2025-11-13T14:13:56+00:00\" class=\"wp-block-latest-posts__post-date\">13 de novembre de 2025<\/time><div class=\"wp-block-latest-posts__post-excerpt\">Barcelona, 13 de novembre de 2025.- Una trentena de farmac\u00e8utics\/ques voluntaris de la unitat m\u00f2bil \u201cLa meva farm\u00e0cia, la meva salut\u201d han realitzat m\u00e9s de 580 proves de salut als ve\u00efns i ve\u00efnes de Badalona. En concret, un total de 141 badalonins s\u2019han apropat a la farm\u00e0cia m\u00f2bil per con\u00e8ixer i viure, en primera persona,\u2026 <a class=\"wp-block-latest-posts__read-more\" href=\"https:\/\/www.cofb.org\/ca\/2025\/11\/13\/la-unitat-mobil-de-la-meva-farmacia-la-meva-salut-realitza-mes-de-580-proves-de-salut-als-veins-de-badalona\/\" rel=\"noopener noreferrer\">M\u00e9s informaci\u00f3<span class=\"screen-reader-text\">: La unitat m\u00f2bil de \u201cLa meva farm\u00e0cia, la meva salut\u201d realitza m\u00e9s de 580 proves de salut als ve\u00efns de Badalona<\/span><\/a><\/div><\/li>\n<li><a class=\"wp-block-latest-posts__post-title\" href=\"https:\/\/www.cofb.org\/ca\/2025\/11\/07\/la-unitat-mobil-de-la-meva-farmacia-la-meva-salut-realitza-mes-de-380-proves-als-veins-de-lhospitalet\/\">La unitat m\u00f2bil de \u201cLa meva farm\u00e0cia, la meva salut\u201d realitza m\u00e9s de 380 proves als ve\u00efns de L\u2019Hospitalet<\/a><time datetime=\"2025-11-07T13:26:01+00:00\" class=\"wp-block-latest-posts__post-date\">7 de novembre de 2025<\/time><div class=\"wp-block-latest-posts__post-excerpt\">Barcelona, 7 de novembre de 2025.- Una vintena de farmac\u00e8utics\/ques voluntaris de la unitat m\u00f2bil \u201cLa meva farm\u00e0cia, la meva salut\u201d han realitzat m\u00e9s de 380 proves de salut als ve\u00efns i ve\u00efnes de L\u2019Hospitalet de Llobregat. En concret, un centenar de ciutadans s\u2019han apropat a la farm\u00e0cia m\u00f2bil per con\u00e8ixer i viure, en primera\u2026 <a class=\"wp-block-latest-posts__read-more\" href=\"https:\/\/www.cofb.org\/ca\/2025\/11\/07\/la-unitat-mobil-de-la-meva-farmacia-la-meva-salut-realitza-mes-de-380-proves-als-veins-de-lhospitalet\/\" rel=\"noopener noreferrer\">M\u00e9s informaci\u00f3<span class=\"screen-reader-text\">: La unitat m\u00f2bil de \u201cLa meva farm\u00e0cia, la meva salut\u201d realitza m\u00e9s de 380 proves als ve\u00efns de L\u2019Hospitalet<\/span><\/a><\/div><\/li>\n<li><a class=\"wp-block-latest-posts__post-title\" href=\"https:\/\/www.cofb.org\/ca\/2025\/11\/04\/la-meva-farmacia-la-meva-salut\/\">La unitat m\u00f2bil \u201cLa meva farm\u00e0cia, la meva salut\u201d supera les 3.500 proves despr\u00e9s de visitar les set primeres ciutats<\/a><time datetime=\"2025-11-04T12:44:58+00:00\" class=\"wp-block-latest-posts__post-date\">4 de novembre de 2025<\/time><div class=\"wp-block-latest-posts__post-excerpt\">Barcelona, 4 de novembre de 2025.- La unitat m\u00f2bil de \u201cLa meva farm\u00e0cia, la meva salut\u201d ha arribat a la meitat del seu recorregut per la prov\u00edncia de Barcelona i, fins al moment, m\u00e9s de 100 farmac\u00e8utics voluntaris ha realitzat un total de 3.501 de proves de salut a gaireb\u00e9 un miler de persones. La\u2026 <a class=\"wp-block-latest-posts__read-more\" href=\"https:\/\/www.cofb.org\/ca\/2025\/11\/04\/la-meva-farmacia-la-meva-salut\/\" rel=\"noopener noreferrer\">M\u00e9s informaci\u00f3<span class=\"screen-reader-text\">: La unitat m\u00f2bil \u201cLa meva farm\u00e0cia, la meva salut\u201d supera les 3.500 proves despr\u00e9s de visitar les set primeres ciutats<\/span><\/a><\/div><\/li>\n<li><a class=\"wp-block-latest-posts__post-title\" href=\"https:\/\/www.cofb.org\/ca\/2025\/10\/31\/la-unitat-mobil-de-la-meva-farmacia-la-meva-salut-realitza-mes-de-500-proves-als-veins-de-sabadell\/\">La unitat m\u00f2bil de \u201cLa meva farm\u00e0cia, la meva salut\u201d realitza m\u00e9s de 500 proves als ve\u00efns de Sabadell<\/a><time datetime=\"2025-10-31T12:44:14+00:00\" class=\"wp-block-latest-posts__post-date\">31 d&#8217;octubre de 2025<\/time><div class=\"wp-block-latest-posts__post-excerpt\">Barcelona, 31 d\u2019octubre de 2025.- Una vintena &nbsp;de farmac\u00e8utics\/ques voluntaris de la unitat m\u00f2bil \u201cLa meva farm\u00e0cia, la meva salut\u201d han realitzat m\u00e9s de 500 proves de salut als ve\u00efns i ve\u00efnes de Sabadell. En concret, un total de 130 ve\u00efns sabadellencs s\u2019han apropat a la farm\u00e0cia m\u00f2bil per con\u00e8ixer i viure, en primera persona,\u2026 <a class=\"wp-block-latest-posts__read-more\" href=\"https:\/\/www.cofb.org\/ca\/2025\/10\/31\/la-unitat-mobil-de-la-meva-farmacia-la-meva-salut-realitza-mes-de-500-proves-als-veins-de-sabadell\/\" rel=\"noopener noreferrer\">M\u00e9s informaci\u00f3<span class=\"screen-reader-text\">: La unitat m\u00f2bil de \u201cLa meva farm\u00e0cia, la meva salut\u201d realitza m\u00e9s de 500 proves als ve\u00efns de Sabadell<\/span><\/a><\/div><\/li>\n<li><a class=\"wp-block-latest-posts__post-title\" href=\"https:\/\/www.cofb.org\/ca\/2025\/10\/29\/la-unitat-mobil-de-la-meva-farmacia-la-meva-salut-realitza-mes-de-520-proves-de-salut-a-115-veins-de-terrassa\/\">La unitat m\u00f2bil de \u201cLa meva farm\u00e0cia, la meva salut\u201d realitza m\u00e9s de 530 proves de salut a 115 ve\u00efns de Terrassa<\/a><time datetime=\"2025-10-29T13:09:48+00:00\" class=\"wp-block-latest-posts__post-date\">29 d&#8217;octubre de 2025<\/time><div class=\"wp-block-latest-posts__post-excerpt\">Barcelona, 29 d\u2019octubre de 2025.- Terrassa ha estat la sisena ciutat on la unitat m\u00f2bil de \u201cLa meva farm\u00e0cia, la meva salut\u201d ha fet parada. En total, 115 usuaris i usu\u00e0ries s\u2019han apropat a la farm\u00e0cia m\u00f2bil per con\u00e8ixer i viure, en primera persona, una mostra dels serveis que ofereixen els farmac\u00e8utics per cuidar la\u2026 <a class=\"wp-block-latest-posts__read-more\" href=\"https:\/\/www.cofb.org\/ca\/2025\/10\/29\/la-unitat-mobil-de-la-meva-farmacia-la-meva-salut-realitza-mes-de-520-proves-de-salut-a-115-veins-de-terrassa\/\" rel=\"noopener noreferrer\">M\u00e9s informaci\u00f3<span class=\"screen-reader-text\">: La unitat m\u00f2bil de \u201cLa meva farm\u00e0cia, la meva salut\u201d realitza m\u00e9s de 530 proves de salut a 115 ve\u00efns de Terrassa<\/span><\/a><\/div><\/li>\n<li><a class=\"wp-block-latest-posts__post-title\" href=\"https:\/\/www.cofb.org\/ca\/2025\/10\/22\/record-de-participacio-a-la-farmacia-mobil-de-vilafranca-amb-mes-de-140-veins-i-630-proves\/\">R\u00e8cord de participaci\u00f3 a la farm\u00e0cia m\u00f2bil de Vilafranca, amb m\u00e9s de 140 ve\u00efns i 630 proves<\/a><time datetime=\"2025-10-22T11:57:21+00:00\" class=\"wp-block-latest-posts__post-date\">22 d&#8217;octubre de 2025<\/time><div class=\"wp-block-latest-posts__post-excerpt\">Barcelona, 22 d\u2019octubre de 2025.- Fins al moment, Vilafranca s\u2019ha convertit en la ciutat amb m\u00e9s persones ateses i proves realitzades a la unitat m\u00f2bil de \u201cLa meva farm\u00e0cia, la meva salut\u201d. En total, 146 usuaris i usu\u00e0ries s\u2019han apropat a la farm\u00e0cia m\u00f2bil per con\u00e8ixer i viure, en primera persona, una mostra dels serveis\u2026 <a class=\"wp-block-latest-posts__read-more\" href=\"https:\/\/www.cofb.org\/ca\/2025\/10\/22\/record-de-participacio-a-la-farmacia-mobil-de-vilafranca-amb-mes-de-140-veins-i-630-proves\/\" rel=\"noopener noreferrer\">M\u00e9s informaci\u00f3<span class=\"screen-reader-text\">: R\u00e8cord de participaci\u00f3 a la farm\u00e0cia m\u00f2bil de Vilafranca, amb m\u00e9s de 140 ve\u00efns i 630 proves<\/span><\/a><\/div><\/li>\n<li><a class=\"wp-block-latest-posts__post-title\" href=\"https:\/\/www.cofb.org\/ca\/2025\/10\/16\/mes-de-3-200-farmacies-catalanes-simpliquen-per-augmentar-la-cobertura-vacunal-i-protegir-la-poblacio-de-risc\/\">M\u00e9s de 3.200 farm\u00e0cies catalanes s\u2019impliquen per augmentar la cobertura vacunal i protegir la poblaci\u00f3 de risc<\/a><time datetime=\"2025-10-16T16:34:28+00:00\" class=\"wp-block-latest-posts__post-date\">16 d&#8217;octubre de 2025<\/time><div class=\"wp-block-latest-posts__post-excerpt\">Barcelona, 16 d\u2019octubre de 2025.- A Catalunya, m\u00e9s de la meitat de les persones m\u00e9s grans de 60 anys ingressades a l&#8217;UCI per grip no estaven vacunades. Per tal de contribuir a revertir aquesta situaci\u00f3, les m\u00e9s de 3.200 farm\u00e0cies catalanes participen des d\u2019aquest dilluns, 13 d\u2019octubre, i per segon any consecutiu, en la campanya\u2026 <a class=\"wp-block-latest-posts__read-more\" href=\"https:\/\/www.cofb.org\/ca\/2025\/10\/16\/mes-de-3-200-farmacies-catalanes-simpliquen-per-augmentar-la-cobertura-vacunal-i-protegir-la-poblacio-de-risc\/\" rel=\"noopener noreferrer\">M\u00e9s informaci\u00f3<span class=\"screen-reader-text\">: M\u00e9s de 3.200 farm\u00e0cies catalanes s\u2019impliquen per augmentar la cobertura vacunal i protegir la poblaci\u00f3 de risc<\/span><\/a><\/div><\/li>\n<li><a class=\"wp-block-latest-posts__post-title\" href=\"https:\/\/www.cofb.org\/ca\/2025\/10\/16\/el-cofb-posa-en-marxa-un-certificat-dactualitzacio-per-acreditar-la-formacio-dels-collegiats\/\">El COFB posa en marxa un certificat d\u2019actualitzaci\u00f3 per acreditar la formaci\u00f3 dels col\u00b7legiats<\/a><time datetime=\"2025-10-16T08:34:15+00:00\" class=\"wp-block-latest-posts__post-date\">16 d&#8217;octubre de 2025<\/time><div class=\"wp-block-latest-posts__post-excerpt\">Barcelona, 15 d\u2019octubre de 2025.- El Col\u00b7legi de Farmac\u00e8utics de Barcelona (COFB) va presentar el 14 d\u2019octubre el nou Programa de Formaci\u00f3 Continuada 2025-2026, amb m\u00e9s de 200 activitats formatives i una novetat important: la creaci\u00f3 d\u2019un nou Certificat d\u2019Actualitzaci\u00f3 (CA). El president del COFB, Jordi Casas, va inaugurar la sessi\u00f3 afirmant que \u201cvivim en\u2026 <a class=\"wp-block-latest-posts__read-more\" href=\"https:\/\/www.cofb.org\/ca\/2025\/10\/16\/el-cofb-posa-en-marxa-un-certificat-dactualitzacio-per-acreditar-la-formacio-dels-collegiats\/\" rel=\"noopener noreferrer\">M\u00e9s informaci\u00f3<span class=\"screen-reader-text\">: El COFB posa en marxa un certificat d\u2019actualitzaci\u00f3 per acreditar la formaci\u00f3 dels col\u00b7legiats<\/span><\/a><\/div><\/li>\n<li><a class=\"wp-block-latest-posts__post-title\" href=\"https:\/\/www.cofb.org\/ca\/2025\/10\/14\/una-farmacia-mobil-visita-cornella-per-donar-a-coneixer-que-pot-fer-el-farmaceutic-per-la-salut-de-la-ciutadania\/\">Una farm\u00e0cia m\u00f2bil visita Cornell\u00e0 per donar a con\u00e8ixer qu\u00e8 pot fer el farmac\u00e8utic per la salut de la ciutadania<\/a><time datetime=\"2025-10-14T15:25:12+00:00\" class=\"wp-block-latest-posts__post-date\">14 d&#8217;octubre de 2025<\/time><div class=\"wp-block-latest-posts__post-excerpt\">Barcelona, 14 d\u2019octubre de 2025.- Durant els dies 14 i 15 d\u2019octubre, una farm\u00e0cia m\u00f2bil ha estat ubicada a la Pla\u00e7a Europa de Cornell\u00e0 per donar a con\u00e8ixer als ve\u00efns i ve\u00efnes qu\u00e8 poden fer els farmac\u00e8utics per la seva salut. Es tracta de la campanya divulgativa i sanit\u00e0ria, \u201cLa meva farm\u00e0cia, la meva salut\u201d,\u2026 <a class=\"wp-block-latest-posts__read-more\" href=\"https:\/\/www.cofb.org\/ca\/2025\/10\/14\/una-farmacia-mobil-visita-cornella-per-donar-a-coneixer-que-pot-fer-el-farmaceutic-per-la-salut-de-la-ciutadania\/\" rel=\"noopener noreferrer\">M\u00e9s informaci\u00f3<span class=\"screen-reader-text\">: Una farm\u00e0cia m\u00f2bil visita Cornell\u00e0 per donar a con\u00e8ixer qu\u00e8 pot fer el farmac\u00e8utic per la salut de la ciutadania<\/span><\/a><\/div><\/li>\n<li><a class=\"wp-block-latest-posts__post-title\" href=\"https:\/\/www.cofb.org\/ca\/2025\/10\/10\/mes-de-1-450-persones-homenatgen-la-professio-a-la-diada-del-farmaceutic-del-cofb\/\">M\u00e9s de 1.450 persones homenatgen la professi\u00f3 a la Diada del Farmac\u00e8utic del COFB<\/a><time datetime=\"2025-10-10T13:16:34+00:00\" class=\"wp-block-latest-posts__post-date\">10 d&#8217;octubre de 2025<\/time><div class=\"wp-block-latest-posts__post-excerpt\">Barcelona, 10 d\u2019octubre del 2025.- M\u00e9s de 1.450 persones van homenatjar als farmac\u00e8utics i farmac\u00e8utiques que complien 25, 50 i 75 anys de col\u00b7legiaci\u00f3. Es va fer en el marc de la Diada del Farmac\u00e8utic del Col\u00b7legi de Farmac\u00e8utics de Barcelona (COFB), que va tenir lloc ahir, 9 d\u2019octubre, al Palau de la M\u00fasica Catalana.\u2026 <a class=\"wp-block-latest-posts__read-more\" href=\"https:\/\/www.cofb.org\/ca\/2025\/10\/10\/mes-de-1-450-persones-homenatgen-la-professio-a-la-diada-del-farmaceutic-del-cofb\/\" rel=\"noopener noreferrer\">M\u00e9s informaci\u00f3<span class=\"screen-reader-text\">: M\u00e9s de 1.450 persones homenatgen la professi\u00f3 a la Diada del Farmac\u00e8utic del COFB<\/span><\/a><\/div><\/li>\n<li><a class=\"wp-block-latest-posts__post-title\" href=\"https:\/\/www.cofb.org\/ca\/2025\/10\/09\/la-unitat-mobil-de-la-meva-farmacia-la-meva-salut-realitza-mes-de-500-proves-de-salut-als-veins-digualada\/\">La unitat m\u00f2bil de &#8220;La meva farm\u00e0cia, la meva salut&#8221; realitza m\u00e9s de 500 proves de salut als ve\u00efns d&#8217;Igualada<\/a><time datetime=\"2025-10-09T12:13:16+00:00\" class=\"wp-block-latest-posts__post-date\">9 d&#8217;octubre de 2025<\/time><div class=\"wp-block-latest-posts__post-excerpt\">Barcelona, 9 d\u2019octubre de 2025.- Una vintena de farmac\u00e8utics\/ques voluntaris de la unitat m\u00f2bil \u201cLa meva farm\u00e0cia, la meva salut\u201d han realitzat m\u00e9s de 500 proves de salut als ve\u00efns i ve\u00efnes d\u2019Igualada. En concret, un total de 125 igualadins s\u2019han apropat a la farm\u00e0cia m\u00f2bil per con\u00e8ixer i viure, en primera persona, una mostra\u2026 <a class=\"wp-block-latest-posts__read-more\" href=\"https:\/\/www.cofb.org\/ca\/2025\/10\/09\/la-unitat-mobil-de-la-meva-farmacia-la-meva-salut-realitza-mes-de-500-proves-de-salut-als-veins-digualada\/\" rel=\"noopener noreferrer\">M\u00e9s informaci\u00f3<span class=\"screen-reader-text\">: La unitat m\u00f2bil de &#8220;La meva farm\u00e0cia, la meva salut&#8221; realitza m\u00e9s de 500 proves de salut als ve\u00efns d&#8217;Igualada<\/span><\/a><\/div><\/li>\n<li><a class=\"wp-block-latest-posts__post-title\" href=\"https:\/\/www.cofb.org\/ca\/2025\/10\/03\/els-farmaceutics-atenen-110-veins-de-manresa-a-la-unitat-mobil-de-la-meva-farmacia-la-meva-salut\/\">Els farmac\u00e8utics atenen uns 110 ve\u00efns de Manresa a la unitat m\u00f2bil de \u201cLa meva farm\u00e0cia, la meva salut\u201d<\/a><time datetime=\"2025-10-03T12:04:21+00:00\" class=\"wp-block-latest-posts__post-date\">3 d&#8217;octubre de 2025<\/time><div class=\"wp-block-latest-posts__post-excerpt\">Barcelona, 3 d\u2019octubre de 2025.&#8211; Al voltant de&nbsp;110 manresans&nbsp;s\u2019han apropat a la&nbsp;unitat m\u00f2bil&nbsp;de \u201cLa meva farm\u00e0cia, la meva salut\u201d a Manresa per con\u00e8ixer i viure, en primera persona, una&nbsp;mostra dels serveis&nbsp;que ofereixen les&nbsp;farm\u00e0cies&nbsp;per&nbsp;cuidar la seva salut. Manresa ha estat la segona ciutat on la unitat m\u00f2bil ha fet parada. Ho han fet en el marc\u2026 <a class=\"wp-block-latest-posts__read-more\" href=\"https:\/\/www.cofb.org\/ca\/2025\/10\/03\/els-farmaceutics-atenen-110-veins-de-manresa-a-la-unitat-mobil-de-la-meva-farmacia-la-meva-salut\/\" rel=\"noopener noreferrer\">M\u00e9s informaci\u00f3<span class=\"screen-reader-text\">: Els farmac\u00e8utics atenen uns 110 ve\u00efns de Manresa a la unitat m\u00f2bil de \u201cLa meva farm\u00e0cia, la meva salut\u201d<\/span><\/a><\/div><\/li>\n<li><a class=\"wp-block-latest-posts__post-title\" href=\"https:\/\/www.cofb.org\/ca\/2025\/09\/29\/els-farmaceutics-atenen-un-centenar-de-mataronins-a-la-unitat-mobil-de-la-meva-farmacia-la-meva-salut\/\">Farmac\u00e8utics i farmac\u00e8utiques atenen un centenar de mataronins a la unitat m\u00f2bil de \u201cLa meva farm\u00e0cia, la meva salut\u201d<\/a><time datetime=\"2025-09-29T13:08:12+00:00\" class=\"wp-block-latest-posts__post-date\">29 de setembre de 2025<\/time><div class=\"wp-block-latest-posts__post-excerpt\">Barcelona, 29 de setembre de 2025.- Un centenar de mataronins s\u2019han apropat a la unitat m\u00f2bil de \u201cLa meva farm\u00e0cia, la meva salut\u201d per con\u00e8ixer i viure, en primera persona, una mostra dels serveis que ofereixen les farm\u00e0cies per cuidar la seva salut. Ho han fet en el marc de la campanya impulsada pel Col\u00b7legi\u2026 <a class=\"wp-block-latest-posts__read-more\" href=\"https:\/\/www.cofb.org\/ca\/2025\/09\/29\/els-farmaceutics-atenen-un-centenar-de-mataronins-a-la-unitat-mobil-de-la-meva-farmacia-la-meva-salut\/\" rel=\"noopener noreferrer\">M\u00e9s informaci\u00f3<span class=\"screen-reader-text\">: Farmac\u00e8utics i farmac\u00e8utiques atenen un centenar de mataronins a la unitat m\u00f2bil de \u201cLa meva farm\u00e0cia, la meva salut\u201d<\/span><\/a><\/div><\/li>\n<li><a class=\"wp-block-latest-posts__post-title\" href=\"https:\/\/www.cofb.org\/ca\/2025\/09\/25\/els-mes-de-9-300-farmaceutics-de-barcelona-destaquen-el-seu-paper-com-a-agents-de-salut-en-el-sistema-sanitari\/\">Els m\u00e9s de 9.300 farmac\u00e8utics de Barcelona destaquen el seu paper com a agents de salut en el sistema sanitari<\/a><time datetime=\"2025-09-25T11:36:52+00:00\" class=\"wp-block-latest-posts__post-date\">25 de setembre de 2025<\/time><div class=\"wp-block-latest-posts__post-excerpt\">Barcelona, 25 de setembre de 2025. Els 9.344 farmac\u00e8utics i farmac\u00e8utiques col\u00b7legiades a la prov\u00edncia de Barcelona celebren el Dia Mundial del Farmac\u00e8utic, sota el lema \u201cPensa en salut, pensa en farm\u00e0cia\u201d. L\u2019objectiu \u00e9s destacar el paper dels farmac\u00e8utics\/ques com a agents de salut dins el sistema sanitari i, en concret, donar a con\u00e8ixer la\u2026 <a class=\"wp-block-latest-posts__read-more\" href=\"https:\/\/www.cofb.org\/ca\/2025\/09\/25\/els-mes-de-9-300-farmaceutics-de-barcelona-destaquen-el-seu-paper-com-a-agents-de-salut-en-el-sistema-sanitari\/\" rel=\"noopener noreferrer\">M\u00e9s informaci\u00f3<span class=\"screen-reader-text\">: Els m\u00e9s de 9.300 farmac\u00e8utics de Barcelona destaquen el seu paper com a agents de salut en el sistema sanitari<\/span><\/a><\/div><\/li>\n<li><a class=\"wp-block-latest-posts__post-title\" href=\"https:\/\/www.cofb.org\/ca\/2025\/09\/18\/la-farmacia-surt-al-carrer-per-donar-a-coneixer-a-15-milions-de-persones-que-pot-fer-per-la-seva-salut\/\">La farm\u00e0cia surt al carrer per donar a con\u00e8ixer a 1,5 milions de persones qu\u00e8 pot fer per la seva salut<\/a><time datetime=\"2025-09-18T12:51:31+00:00\" class=\"wp-block-latest-posts__post-date\">18 de setembre de 2025<\/time><div class=\"wp-block-latest-posts__post-excerpt\">Barcelona, 18 de setembre de 2025.- Els reptes de salut p\u00fablica estan creixent a causa de l&#8217;envelliment de la poblaci\u00f3, la pres\u00e8ncia de malalties cr\u00f2niques i la polimedicaci\u00f3. En aquest context, qu\u00e8 poden fer els farmac\u00e8utics i farmac\u00e8utiques per la salut de la ciutadania? Aquesta \u00e9s la pregunta que respondr\u00e0 la campanya divulgativa i sanit\u00e0ria,\u2026 <a class=\"wp-block-latest-posts__read-more\" href=\"https:\/\/www.cofb.org\/ca\/2025\/09\/18\/la-farmacia-surt-al-carrer-per-donar-a-coneixer-a-15-milions-de-persones-que-pot-fer-per-la-seva-salut\/\" rel=\"noopener noreferrer\">M\u00e9s informaci\u00f3<span class=\"screen-reader-text\">: La farm\u00e0cia surt al carrer per donar a con\u00e8ixer a 1,5 milions de persones qu\u00e8 pot fer per la seva salut<\/span><\/a><\/div><\/li>\n<li><a class=\"wp-block-latest-posts__post-title\" href=\"https:\/\/www.cofb.org\/ca\/2025\/08\/06\/les-farmacies-catalanes-detecten-que-1-de-cada-3-pacients-tenen-valors-elevats-de-pressio-arterial\/\">Les farm\u00e0cies catalanes detecten que 1 de cada 3 pacients tenen valors elevats de pressi\u00f3 arterial<\/a><time datetime=\"2025-08-06T10:40:47+00:00\" class=\"wp-block-latest-posts__post-date\">6 d&#8217;agost de 2025<\/time><div class=\"wp-block-latest-posts__post-excerpt\">Barcelona, 6 d\u2019agost de 2025.- Les farm\u00e0cies catalanes han detectat que un de cada tres pacients (el 33,5 %) han presentat valors elevats de pressi\u00f3 arterial, que podrien indicar un mal control d\u2019aquesta. D\u2019aquests, un 32,15% no estaven prenent medicaci\u00f3. S\u00f3n dues de les conclusions extretes de la segona edici\u00f3 de la campanya \u201cM\u00e0nigues Amunt\u201d,\u2026 <a class=\"wp-block-latest-posts__read-more\" href=\"https:\/\/www.cofb.org\/ca\/2025\/08\/06\/les-farmacies-catalanes-detecten-que-1-de-cada-3-pacients-tenen-valors-elevats-de-pressio-arterial\/\" rel=\"noopener noreferrer\">M\u00e9s informaci\u00f3<span class=\"screen-reader-text\">: Les farm\u00e0cies catalanes detecten que 1 de cada 3 pacients tenen valors elevats de pressi\u00f3 arterial<\/span><\/a><\/div><\/li>\n<li><a class=\"wp-block-latest-posts__post-title\" href=\"https:\/\/www.cofb.org\/ca\/2025\/07\/09\/el-cofb-clausura-la-18a-edicio-del-programa-gestio-farmacia-pgf-i-obre-inscripcions-per-a-la-seguent-en-format-hibrid\/\">El\u00a0COFB\u00a0clausura la 18a edici\u00f3 del Programa Gesti\u00f3 Farm\u00e0cia (PGF)\u00a0i obre inscripcions per a la seg\u00fcent, en format h\u00edbrid<\/a><time datetime=\"2025-07-09T15:57:46+00:00\" class=\"wp-block-latest-posts__post-date\">9 de juliol de 2025<\/time><div class=\"wp-block-latest-posts__post-excerpt\">Barcelona, 9 de juliol de 2025.- El Programa Gesti\u00f3 Farm\u00e0cia (PGF)&nbsp;del Col\u00b7legi&nbsp;de&nbsp;Farmac\u00e8utics&nbsp;de Barcelona (COFB)&nbsp;ha clausurat la seva 18a edici\u00f3, demostrant que \u00e9s una formaci\u00f3 consolidada i essencial entre els farmac\u00e8utics comunitaris que volen adquirir les compet\u00e8ncies per a la gesti\u00f3 d&#8217;una farm\u00e0cia. La import\u00e0ncia de la gesti\u00f3 de la farm\u00e0cia i la modalitat h\u00edbrida, aspectes\u2026 <a class=\"wp-block-latest-posts__read-more\" href=\"https:\/\/www.cofb.org\/ca\/2025\/07\/09\/el-cofb-clausura-la-18a-edicio-del-programa-gestio-farmacia-pgf-i-obre-inscripcions-per-a-la-seguent-en-format-hibrid\/\" rel=\"noopener noreferrer\">M\u00e9s informaci\u00f3<span class=\"screen-reader-text\">: El\u00a0COFB\u00a0clausura la 18a edici\u00f3 del Programa Gesti\u00f3 Farm\u00e0cia (PGF)\u00a0i obre inscripcions per a la seg\u00fcent, en format h\u00edbrid<\/span><\/a><\/div><\/li>\n<li><a class=\"wp-block-latest-posts__post-title\" href=\"https:\/\/www.cofb.org\/ca\/2025\/05\/29\/els-farmaceutics-catalans-defensen-una-nova-llei-dordenacio-i-atencio-farmaceutica-que-integri-la-farmacia-al-sistema-de-salut\/\">Els farmac\u00e8utics catalans defensen una nova Llei d\u2019Ordenaci\u00f3 i Atenci\u00f3 Farmac\u00e8utica que integri la farm\u00e0cia al sistema de salut<\/a><time datetime=\"2025-05-29T16:33:30+00:00\" class=\"wp-block-latest-posts__post-date\">29 de maig de 2025<\/time><div class=\"wp-block-latest-posts__post-excerpt\">Barcelona, 29 de maig de 2025.- El president del Consell de Col\u00b7legis Farmac\u00e8utics de Catalunya (CCFC) i del Col\u00b7legi de Farmac\u00e8utics de Barcelona (COFB), Jordi Casas, ha defensat que la nova Llei d\u2019Ordenaci\u00f3 i Atenci\u00f3 Farmac\u00e8utica permeti avan\u00e7ar cap a un model de farm\u00e0cia plenament integrada al sistema sanitari. Ho ha fet durant la seva\u2026 <a class=\"wp-block-latest-posts__read-more\" href=\"https:\/\/www.cofb.org\/ca\/2025\/05\/29\/els-farmaceutics-catalans-defensen-una-nova-llei-dordenacio-i-atencio-farmaceutica-que-integri-la-farmacia-al-sistema-de-salut\/\" rel=\"noopener noreferrer\">M\u00e9s informaci\u00f3<span class=\"screen-reader-text\">: Els farmac\u00e8utics catalans defensen una nova Llei d\u2019Ordenaci\u00f3 i Atenci\u00f3 Farmac\u00e8utica que integri la farm\u00e0cia al sistema de salut<\/span><\/a><\/div><\/li>\n<li><a class=\"wp-block-latest-posts__post-title\" href=\"https:\/\/www.cofb.org\/ca\/2025\/05\/05\/les-farmacies-catalanes-impulsen-una-campanya-per-detectar-la-hipertensio-en-la-poblacio-principal-factor-de-risc-cardiovascular\/\">Les farm\u00e0cies catalanes impulsen una campanya per detectar la hipertensi\u00f3 en la poblaci\u00f3, principal factor de risc cardiovascular<\/a><time datetime=\"2025-05-05T11:56:16+00:00\" class=\"wp-block-latest-posts__post-date\">5 de maig de 2025<\/time><div class=\"wp-block-latest-posts__post-excerpt\">Barcelona, 5 de maig de 2025.- Les farm\u00e0cies catalanes impulsen una nova edici\u00f3 de la campanya \u201cM\u00e0nigues Amunt\u201d, una iniciativa que convida la poblaci\u00f3 a mesurar-se la pressi\u00f3 arterial a la farm\u00e0cia i prendre consci\u00e8ncia de la import\u00e0ncia de controlar-la regularment. Aquesta campanya, promoguda pel Consell de Col\u00b7legis Farmac\u00e8utics de Catalunya (CCFC), es duu a\u2026 <a class=\"wp-block-latest-posts__read-more\" href=\"https:\/\/www.cofb.org\/ca\/2025\/05\/05\/les-farmacies-catalanes-impulsen-una-campanya-per-detectar-la-hipertensio-en-la-poblacio-principal-factor-de-risc-cardiovascular\/\" rel=\"noopener noreferrer\">M\u00e9s informaci\u00f3<span class=\"screen-reader-text\">: Les farm\u00e0cies catalanes impulsen una campanya per detectar la hipertensi\u00f3 en la poblaci\u00f3, principal factor de risc cardiovascular<\/span><\/a><\/div><\/li>\n<li><a class=\"wp-block-latest-posts__post-title\" href=\"https:\/\/www.cofb.org\/ca\/2025\/04\/10\/infarma-solidario-recapta-34-915-euros-per-reforcar-lassistencia-sanitaria-i-farmaceutica-a-ucraina\/\">Infarma\u00a0Solidario recapta 34.915 euros per refor\u00e7ar l&#8217;assist\u00e8ncia sanit\u00e0ria i farmac\u00e8utica a Ucra\u00efna<\/a><time datetime=\"2025-04-10T09:32:00+00:00\" class=\"wp-block-latest-posts__post-date\">10 d&#8217;abril de 2025<\/time><div class=\"wp-block-latest-posts__post-excerpt\">Barcelona, 10 d&#8217;abril de 2025. \u2013&nbsp;Infarma&nbsp;Solidario, iniciativa conjunta del Col\u00b7legi&nbsp;de&nbsp;Farmac\u00e8utics&nbsp;de Barcelona (COFB), el Colegio Oficial de Farmac\u00e9uticos de Madrid (COFM)&nbsp;i&nbsp;CloserStill&nbsp;Media, ha recaptat un total de 34.915 euros que es destinaran \u00edntegrament a l&#8217;ONG&nbsp;Farmamundi. L&#8217;objectiu \u00e9s refor\u00e7ar l&#8217;assist\u00e8ncia sanit\u00e0ria i farmac\u00e8utica a Ucra\u00efna, en suport a les persones despla\u00e7ades a les regions de&nbsp;Sumy&nbsp;i&nbsp;Poltava, on prop del\u2026 <a class=\"wp-block-latest-posts__read-more\" href=\"https:\/\/www.cofb.org\/ca\/2025\/04\/10\/infarma-solidario-recapta-34-915-euros-per-reforcar-lassistencia-sanitaria-i-farmaceutica-a-ucraina\/\" rel=\"noopener noreferrer\">M\u00e9s informaci\u00f3<span class=\"screen-reader-text\">: Infarma\u00a0Solidario recapta 34.915 euros per refor\u00e7ar l&#8217;assist\u00e8ncia sanit\u00e0ria i farmac\u00e8utica a Ucra\u00efna<\/span><\/a><\/div><\/li>\n<li><a class=\"wp-block-latest-posts__post-title\" href=\"https:\/\/www.cofb.org\/ca\/2025\/04\/04\/el-cof-de-barcelona-i-la-universitat-de-barcelona-presenten-a-infarma-la-9a-edicio-del-master-dortopedia\/\">El\u00a0COF\u00a0de Barcelona i la Universitat de Barcelona presenten a Infarma\u00a0la 9a edici\u00f3 del M\u00e0ster d&#8217;Ortop\u00e8dia<\/a><time datetime=\"2025-04-04T11:30:55+00:00\" class=\"wp-block-latest-posts__post-date\">4 d&#8217;abril de 2025<\/time><div class=\"wp-block-latest-posts__post-excerpt\">Barcelona, 3 d&#8217;abril de 2025. \u2013\u00a0Infarma\u00a0Barcelona 2025 es va convertir en l&#8217;escenari idoni per a la presentaci\u00f3 de la 9a edici\u00f3 del M\u00e0ster de Formaci\u00f3 Permanent en Ortop\u00e8dia per a Farmac\u00e8utics del curs 20025-2026. Durant la confer\u00e8ncia \u201cOrtop\u00e8dia en la farm\u00e0cia: consells que transformen vides\u201d, Llu\u00eds Garc\u00eda, vocal d&#8217;ortop\u00e8dia del Col\u00b7legi\u00a0de\u00a0Farmac\u00e8utics\u00a0de Barcelona (COFB), i Raquel\u2026 <a class=\"wp-block-latest-posts__read-more\" href=\"https:\/\/www.cofb.org\/ca\/2025\/04\/04\/el-cof-de-barcelona-i-la-universitat-de-barcelona-presenten-a-infarma-la-9a-edicio-del-master-dortopedia\/\" rel=\"noopener noreferrer\">M\u00e9s informaci\u00f3<span class=\"screen-reader-text\">: El\u00a0COF\u00a0de Barcelona i la Universitat de Barcelona presenten a Infarma\u00a0la 9a edici\u00f3 del M\u00e0ster d&#8217;Ortop\u00e8dia<\/span><\/a><\/div><\/li>\n<li><a class=\"wp-block-latest-posts__post-title\" href=\"https:\/\/www.cofb.org\/ca\/2025\/04\/02\/el-futur-es-el-registre-per-poder-multiplicar-tot-el-que-fem-a-la-farmacia-comunitaria-en-benefici-dels-pacients\/\">\u201cEl futur \u00e9s el registre per poder multiplicar tot el que fem a la farm\u00e0cia comunit\u00e0ria en benefici dels pacients\u201d<\/a><time datetime=\"2025-04-02T11:22:15+00:00\" class=\"wp-block-latest-posts__post-date\">2 d&#8217;abril de 2025<\/time><div class=\"wp-block-latest-posts__post-excerpt\">Barcelona, 2 d&#8217;abril de 2025. &#8211; En el marc de\u00a0Infarma\u00a0Barcelona 2025, el Congr\u00e9s Europeu d&#8217;Oficina de Farm\u00e0cia i el Sal\u00f3 de Medicaments i Parafarm\u00e0cia, es va celebrar la confer\u00e8ncia \u201cM\u00e9s registre, m\u00e9s salut: eines per al seguiment de pacients en la farm\u00e0cia comunit\u00e0ria\u201d. Moderada per Cl\u00e0udia\u00a0Tresserra, vocal del Col\u00b7legi\u00a0de\u00a0Farmac\u00e8utics\u00a0de Barcelona (COFB), durant la confer\u00e8ncia es\u2026 <a class=\"wp-block-latest-posts__read-more\" href=\"https:\/\/www.cofb.org\/ca\/2025\/04\/02\/el-futur-es-el-registre-per-poder-multiplicar-tot-el-que-fem-a-la-farmacia-comunitaria-en-benefici-dels-pacients\/\" rel=\"noopener noreferrer\">M\u00e9s informaci\u00f3<span class=\"screen-reader-text\">: \u201cEl futur \u00e9s el registre per poder multiplicar tot el que fem a la farm\u00e0cia comunit\u00e0ria en benefici dels pacients\u201d<\/span><\/a><\/div><\/li>\n<li><a class=\"wp-block-latest-posts__post-title\" href=\"https:\/\/www.cofb.org\/ca\/2025\/04\/01\/infarma-barcelona-2025-rescata-la-historia-de-la-farmacia-a-traves-dobjectes-unics-i-curiositats\/\">Infarma\u00a0Barcelona 2025 rescata la hist\u00f2ria de la farm\u00e0cia a trav\u00e9s d&#8217;objectes \u00fanics i curiositats<\/a><time datetime=\"2025-04-01T15:39:02+00:00\" class=\"wp-block-latest-posts__post-date\">1 d&#8217;abril de 2025<\/time><div class=\"wp-block-latest-posts__post-excerpt\">Barcelona, 1 d&#8217;abril de 2025. \u2013\u00a0Infarma\u00a0Barcelona 2025 no sols ha estat el punt de trobada per a debatre sobre el futur de la farm\u00e0cia, sin\u00f3 tamb\u00e9 un espai per rescatar i reviure el seu passat. A trav\u00e9s de la confer\u00e8ncia \u201c1.000 hist\u00f2ries per explicar. Biografies d&#8217;objectes farmac\u00e8utics curiosos, divertits i personals\u201d, el Congr\u00e9s Europeu d&#8217;Oficina\u2026 <a class=\"wp-block-latest-posts__read-more\" href=\"https:\/\/www.cofb.org\/ca\/2025\/04\/01\/infarma-barcelona-2025-rescata-la-historia-de-la-farmacia-a-traves-dobjectes-unics-i-curiositats\/\" rel=\"noopener noreferrer\">M\u00e9s informaci\u00f3<span class=\"screen-reader-text\">: Infarma\u00a0Barcelona 2025 rescata la hist\u00f2ria de la farm\u00e0cia a trav\u00e9s d&#8217;objectes \u00fanics i curiositats<\/span><\/a><\/div><\/li>\n<li><a class=\"wp-block-latest-posts__post-title\" href=\"https:\/\/www.cofb.org\/ca\/2025\/03\/31\/reconeixer-i-donar-visibilitat-als-equips-de-loficina-de-farmacia-es-fonamental-per-tenir-exit\/\">Recon\u00e8ixer i donar visibilitat als equips de l&#8217;oficina de farm\u00e0cia \u00e9s fonamental per tenir \u00e8xit<\/a><time datetime=\"2025-03-31T14:54:45+00:00\" class=\"wp-block-latest-posts__post-date\">31 de mar\u00e7 de 2025<\/time><div class=\"wp-block-latest-posts__post-excerpt\">Barcelona, 31 de mar\u00e7 de 2025. \u2013 Com funciona una oficina de farm\u00e0cia si no es compleixen unes estrat\u00e8gies pautades i no es ret\u00e9 el talent? La resposta a aquesta pregunta \u00e9s senzilla: una farm\u00e0cia no t\u00e9 \u00e8xit sense un equip din\u00e0mic, motivat i comprom\u00e8s. De tot aix\u00f2 \u00e9s el que ha tractat la confer\u00e8ncia\u2026 <a class=\"wp-block-latest-posts__read-more\" href=\"https:\/\/www.cofb.org\/ca\/2025\/03\/31\/reconeixer-i-donar-visibilitat-als-equips-de-loficina-de-farmacia-es-fonamental-per-tenir-exit\/\" rel=\"noopener noreferrer\">M\u00e9s informaci\u00f3<span class=\"screen-reader-text\">: Recon\u00e8ixer i donar visibilitat als equips de l&#8217;oficina de farm\u00e0cia \u00e9s fonamental per tenir \u00e8xit<\/span><\/a><\/div><\/li>\n<li><a class=\"wp-block-latest-posts__post-title\" href=\"https:\/\/www.cofb.org\/ca\/2025\/03\/31\/formular-i-dispensar-cannabis-medicinal-ala-farmacia-comunitaria-clau-per-a-un-millor-seguiment-farmacoterapeutic-del-pacient\/\">Formular i dispensar c\u00e0nnabis medicinal a la farm\u00e0cia comunit\u00e0ria, clau per a un millor seguiment farmacoterap\u00e8utic del pacient<\/a><time datetime=\"2025-03-31T14:35:29+00:00\" class=\"wp-block-latest-posts__post-date\">31 de mar\u00e7 de 2025<\/time><div class=\"wp-block-latest-posts__post-excerpt\">Barcelona, 31 de mar\u00e7 de 2025. \u2013 Informar-se, consultar i regular \u00e9s clau per a entendre l&#8217;estat d&#8217;opini\u00f3 dels diferents espais que ocupa qualsevol medicament. La confer\u00e8ncia \u2018Proposada de regulaci\u00f3 del c\u00e0nnabis: qu\u00e8 cal saber?\u2019 celebrada en el marc d&#8217;Infarma Barcelona 2025, ha abordat aquestes q\u00fcestions en relaci\u00f3 amb la regulaci\u00f3 d&#8217;aquesta planta amb finalitats\u2026 <a class=\"wp-block-latest-posts__read-more\" href=\"https:\/\/www.cofb.org\/ca\/2025\/03\/31\/formular-i-dispensar-cannabis-medicinal-ala-farmacia-comunitaria-clau-per-a-un-millor-seguiment-farmacoterapeutic-del-pacient\/\" rel=\"noopener noreferrer\">M\u00e9s informaci\u00f3<span class=\"screen-reader-text\">: Formular i dispensar c\u00e0nnabis medicinal a la farm\u00e0cia comunit\u00e0ria, clau per a un millor seguiment farmacoterap\u00e8utic del pacient<\/span><\/a><\/div><\/li>\n<li><a class=\"wp-block-latest-posts__post-title\" href=\"https:\/\/www.cofb.org\/ca\/2025\/03\/28\/la-cura-de-les-mascotes-segueix-tendencies-molt-similars-a-les-de-la-salut-humana-obrint-noves-oportunitats-per-a-la-farmacia\/\">La cura de les mascotes segueix tend\u00e8ncies molt similars a les de la salut humana, obrint noves oportunitats per a la farm\u00e0cia<\/a><time datetime=\"2025-03-28T15:27:53+00:00\" class=\"wp-block-latest-posts__post-date\">28 de mar\u00e7 de 2025<\/time><div class=\"wp-block-latest-posts__post-excerpt\">Barcelona, 27 de mar\u00e7 de 2025.- La salut animal es presenta com una de les principals incorporacions que tindran moltes de les oficines de farm\u00e0cia a Espanya en els pr\u00f2xims mesos, passant d&#8217;una petita l\u00ednia de negoci al que pot ser una gran oportunitat. La confer\u00e8ncia \u201cLa salut animal en la farm\u00e0cia: oportunitat i responsabilitat\u201d,\u2026 <a class=\"wp-block-latest-posts__read-more\" href=\"https:\/\/www.cofb.org\/ca\/2025\/03\/28\/la-cura-de-les-mascotes-segueix-tendencies-molt-similars-a-les-de-la-salut-humana-obrint-noves-oportunitats-per-a-la-farmacia\/\" rel=\"noopener noreferrer\">M\u00e9s informaci\u00f3<span class=\"screen-reader-text\">: La cura de les mascotes segueix tend\u00e8ncies molt similars a les de la salut humana, obrint noves oportunitats per a la farm\u00e0cia<\/span><\/a><\/div><\/li>\n<li><a class=\"wp-block-latest-posts__post-title\" href=\"https:\/\/www.cofb.org\/ca\/2025\/03\/28\/els-ritmes-circadiaris-influeixen-en-la-salut-la-perdua-de-pes-lexercici-fisic-i-la-son\/\">Els ritmes circadiaris influeixen en la salut, la p\u00e8rdua de pes, l&#8217;exercici f\u00edsic i la son<\/a><time datetime=\"2025-03-28T10:11:00+00:00\" class=\"wp-block-latest-posts__post-date\">28 de mar\u00e7 de 2025<\/time><div class=\"wp-block-latest-posts__post-excerpt\">Barcelona, 27 de mar\u00e7 de 2025.\u2013 Com els ritmes circadiaris presenten una base molecular regulada gen\u00e8ticament i de quina manera podem adoptar h\u00e0bits de vida als nostres rellotges biol\u00f2gics per a una millor salut? Aquesta ha estat la tem\u00e0tica central de la confer\u00e8ncia \u201cCronobiolog\u00eda, els rellotges de la teva vida\u201d liderada per Marta Garaulet, doctora\u2026 <a class=\"wp-block-latest-posts__read-more\" href=\"https:\/\/www.cofb.org\/ca\/2025\/03\/28\/els-ritmes-circadiaris-influeixen-en-la-salut-la-perdua-de-pes-lexercici-fisic-i-la-son\/\" rel=\"noopener noreferrer\">M\u00e9s informaci\u00f3<span class=\"screen-reader-text\">: Els ritmes circadiaris influeixen en la salut, la p\u00e8rdua de pes, l&#8217;exercici f\u00edsic i la son<\/span><\/a><\/div><\/li>\n<li><a class=\"wp-block-latest-posts__post-title\" href=\"https:\/\/www.cofb.org\/ca\/2025\/03\/27\/es-clausura-infarma-barcelona-2025-en-una-edicio-record-en-la-qual-shan-duplicat-el-nombre-de-congressistes\/\">Es clausura\u00a0Infarma\u00a0Barcelona 2025 en una edici\u00f3 r\u00e8cord en la qual s&#8217;han duplicat el nombre de congressistes<\/a><time datetime=\"2025-03-27T19:34:25+00:00\" class=\"wp-block-latest-posts__post-date\">27 de mar\u00e7 de 2025<\/time><div class=\"wp-block-latest-posts__post-excerpt\">Barcelona, 27 de mar\u00e7 de 2025.- Aquesta tarda s&#8217;ha clausurat la 35a edici\u00f3 de\u00a0Infarma\u00a0Barcelona 2025, que la organitzaci\u00f3 ha qualificat com una de les m\u00e9s participatives i sostenibles, reafirmant-se com un punt de refer\u00e8ncia per a la professi\u00f3 farmac\u00e8utica. La salut animal, la revoluci\u00f3 dels medicaments per a la p\u00e8rdua de pes, els desafiaments en\u2026 <a class=\"wp-block-latest-posts__read-more\" href=\"https:\/\/www.cofb.org\/ca\/2025\/03\/27\/es-clausura-infarma-barcelona-2025-en-una-edicio-record-en-la-qual-shan-duplicat-el-nombre-de-congressistes\/\" rel=\"noopener noreferrer\">M\u00e9s informaci\u00f3<span class=\"screen-reader-text\">: Es clausura\u00a0Infarma\u00a0Barcelona 2025 en una edici\u00f3 r\u00e8cord en la qual s&#8217;han duplicat el nombre de congressistes<\/span><\/a><\/div><\/li>\n<li><a class=\"wp-block-latest-posts__post-title\" href=\"https:\/\/www.cofb.org\/ca\/2025\/03\/27\/es-presenta-a-infarma-la-meva-farmacia-la-nova-app-per-connectar-als-pacients-amb-la-farmacia\/\">Es presenta a Infarma\u00a0\u201cLa\u00a0Meva\u00a0Farm\u00e0cia\u201d, la nova app per connectar als pacients amb la farm\u00e0cia<\/a><time datetime=\"2025-03-27T18:19:43+00:00\" class=\"wp-block-latest-posts__post-date\">27 de mar\u00e7 de 2025<\/time><div class=\"wp-block-latest-posts__post-excerpt\">Barcelona, 27 de mar\u00e7 de 2025.- En el marc d&#8217;Infarma\u00a02025, el Congr\u00e9s Europeu d&#8217;Oficina de Farm\u00e0cia i el Sal\u00f3 de Medicaments i Parafarm\u00e0cia, s&#8217;ha presentat avui la \u201cLa\u00a0Meva\u00a0Farm\u00e0cia\u201d, la primera app m\u00f2bil que connecta als pacients i activa la farm\u00e0cia, desenvolupada pel Consell de Col\u00b7legis\u00a0de\u00a0Farmac\u00e8utics\u00a0de Catalunya (CCFC)\u00a0i consensuada amb el Sistema Catal\u00e0 de\u00a0Salut. Una eina\u2026 <a class=\"wp-block-latest-posts__read-more\" href=\"https:\/\/www.cofb.org\/ca\/2025\/03\/27\/es-presenta-a-infarma-la-meva-farmacia-la-nova-app-per-connectar-als-pacients-amb-la-farmacia\/\" rel=\"noopener noreferrer\">M\u00e9s informaci\u00f3<span class=\"screen-reader-text\">: Es presenta a Infarma\u00a0\u201cLa\u00a0Meva\u00a0Farm\u00e0cia\u201d, la nova app per connectar als pacients amb la farm\u00e0cia<\/span><\/a><\/div><\/li>\n<li><a class=\"wp-block-latest-posts__post-title\" href=\"https:\/\/www.cofb.org\/ca\/2025\/03\/27\/alex-rayon-ens-comparem-tota-lestona-amb-la-ia-i-el-que-de-veritat-hauriem-de-fer-es-conviure-amb-ella\/\">\u00c1lex Ray\u00f3n: \u201cEns comparem tota l&#8217;estona amb la IA i el que de veritat haur\u00edem de fer \u00e9s conviure amb ella\u201d<\/a><time datetime=\"2025-03-27T16:37:00+00:00\" class=\"wp-block-latest-posts__post-date\">27 de mar\u00e7 de 2025<\/time><div class=\"wp-block-latest-posts__post-excerpt\">Barcelona, 26 de mar\u00e7 de 2025.- Les eines d&#8217;intel\u00b7lig\u00e8ncia artificial (IA) ja s\u00f3n capaces de llegir i comprendre textos, aix\u00ed com recon\u00e8ixer imatges, amb major precisi\u00f3 que els humans. Aix\u00ed ho ha exposat l&#8217;expert en tecnologia, \u00c1lex Ray\u00f3n, durant la confer\u00e8ncia \u201cIntel\u00b7lig\u00e8ncia artificial, qu\u00e8 \u00e9s i qu\u00e8 no \u00e9s?\u201d, celebrada durant la segona jornada d&#8217;Infarma\u2026 <a class=\"wp-block-latest-posts__read-more\" href=\"https:\/\/www.cofb.org\/ca\/2025\/03\/27\/alex-rayon-ens-comparem-tota-lestona-amb-la-ia-i-el-que-de-veritat-hauriem-de-fer-es-conviure-amb-ella\/\" rel=\"noopener noreferrer\">M\u00e9s informaci\u00f3<span class=\"screen-reader-text\">: \u00c1lex Ray\u00f3n: \u201cEns comparem tota l&#8217;estona amb la IA i el que de veritat haur\u00edem de fer \u00e9s conviure amb ella\u201d<\/span><\/a><\/div><\/li>\n<li><a class=\"wp-block-latest-posts__post-title\" href=\"https:\/\/www.cofb.org\/ca\/2025\/03\/27\/boticaria-garcia-destaca-a-infarma-la-necessitat-que-farmaceutics-i-endocrins-treballin-conjuntament-per-abordar-lobesitat\/\">Boticaria Garc\u00eda destaca a Infarma\u00a0la necessitat que farmac\u00e8utics i endocrins treballin conjuntament per abordar l&#8217;obesitat<\/a><time datetime=\"2025-03-27T11:16:00+00:00\" class=\"wp-block-latest-posts__post-date\">27 de mar\u00e7 de 2025<\/time><div class=\"wp-block-latest-posts__post-excerpt\">Barcelona, 26 de mar\u00e7 de 2025.\u2013 La doctora en Farm\u00e0cia, nutricionista i divulgadora\u00a0Mari\u00e1n\u00a0Garc\u00eda, coneguda en xarxes socials com a Boticaria Garc\u00eda, ha atret l&#8217;atenci\u00f3 del p\u00fablic assistent a\u00a0Infarma\u00a02025 amb la confer\u00e8ncia d&#8217;actualitat \u2018La revoluci\u00f3 dels medicaments per a la p\u00e8rdua de pes\u2019. La doctora en farm\u00e0cia i nutricionista ha qualificat que \u201cestem davant alguna cosa\u2026 <a class=\"wp-block-latest-posts__read-more\" href=\"https:\/\/www.cofb.org\/ca\/2025\/03\/27\/boticaria-garcia-destaca-a-infarma-la-necessitat-que-farmaceutics-i-endocrins-treballin-conjuntament-per-abordar-lobesitat\/\" rel=\"noopener noreferrer\">M\u00e9s informaci\u00f3<span class=\"screen-reader-text\">: Boticaria Garc\u00eda destaca a Infarma\u00a0la necessitat que farmac\u00e8utics i endocrins treballin conjuntament per abordar l&#8217;obesitat<\/span><\/a><\/div><\/li>\n<li><a class=\"wp-block-latest-posts__post-title\" href=\"https:\/\/www.cofb.org\/ca\/2025\/03\/26\/genis-roca-la-ciutadania-progressivament-exigira-una-nova-generacio-de-serveis-que-sense-intelligencia-artificial-no-podran-oferir-se\/\">Gen\u00eds\u00a0Roca: &#8220;La ciutadania progressivament exigir\u00e0 una nova generaci\u00f3 de serveis que, sense intel\u00b7lig\u00e8ncia artificial, no podran oferir-se&#8221;<\/a><time datetime=\"2025-03-26T17:03:32+00:00\" class=\"wp-block-latest-posts__post-date\">26 de mar\u00e7 de 2025<\/time><div class=\"wp-block-latest-posts__post-excerpt\">Barcelona, 26 de mar\u00e7 de 2025.- Com la tecnologia modificar\u00e0 el sector de la farm\u00e0cia en els pr\u00f2xims 10 anys? Aquesta \u00e9s una de les preguntes que m\u00e9s es fa el sector farmac\u00e8utic en els \u00faltims anys i que ha estat el tema d&#8217;una de les confer\u00e8ncies d&#8217;actualitat de la primera jornada d&#8217;Infarma\u00a02025, el Congr\u00e9s\u2026 <a class=\"wp-block-latest-posts__read-more\" href=\"https:\/\/www.cofb.org\/ca\/2025\/03\/26\/genis-roca-la-ciutadania-progressivament-exigira-una-nova-generacio-de-serveis-que-sense-intelligencia-artificial-no-podran-oferir-se\/\" rel=\"noopener noreferrer\">M\u00e9s informaci\u00f3<span class=\"screen-reader-text\">: Gen\u00eds\u00a0Roca: &#8220;La ciutadania progressivament exigir\u00e0 una nova generaci\u00f3 de serveis que, sense intel\u00b7lig\u00e8ncia artificial, no podran oferir-se&#8221;<\/span><\/a><\/div><\/li>\n<li><a class=\"wp-block-latest-posts__post-title\" href=\"https:\/\/www.cofb.org\/ca\/2025\/03\/26\/les-xarxes-socials-influeixen-en-la-distorsio-de-la-imatge-corporal-generant-afeccions-com-la-vigorexia-i-la-cosmeticorexia\/\">Les xarxes socials influeixen en la distorsi\u00f3 de la imatge corporal, generant afeccions com la\u00a0vigor\u00e8xia\u00a0i la\u00a0cosmeticor\u00e8xia<\/a><time datetime=\"2025-03-26T16:11:53+00:00\" class=\"wp-block-latest-posts__post-date\">26 de mar\u00e7 de 2025<\/time><div class=\"wp-block-latest-posts__post-excerpt\">Barcelona, 26 de mar\u00e7 de 2025. \u2013 Amb freq\u00fc\u00e8ncia, molts pacients consulten a la seva oficina de farm\u00e0cia per q\u00fcestions diverses: com augmentar la massa muscular, perdre pes, cuidar la imatge corporal\u2026 I, a vegades, aquestes preocupacions poden arribar a generar un problema de salut mental respecte a la mateixa concepci\u00f3 de la imatge corporal.\u2026 <a class=\"wp-block-latest-posts__read-more\" href=\"https:\/\/www.cofb.org\/ca\/2025\/03\/26\/les-xarxes-socials-influeixen-en-la-distorsio-de-la-imatge-corporal-generant-afeccions-com-la-vigorexia-i-la-cosmeticorexia\/\" rel=\"noopener noreferrer\">M\u00e9s informaci\u00f3<span class=\"screen-reader-text\">: Les xarxes socials influeixen en la distorsi\u00f3 de la imatge corporal, generant afeccions com la\u00a0vigor\u00e8xia\u00a0i la\u00a0cosmeticor\u00e8xia<\/span><\/a><\/div><\/li>\n<li><a class=\"wp-block-latest-posts__post-title\" href=\"https:\/\/www.cofb.org\/ca\/2025\/03\/25\/olga-pane-consellera-de-salut-de-la-generalitat-de-catalunya-les-farmacies-i-els-seus-professionals-son-un-be-molt-preuat-i-un-instrument-sanitari-de-gran-utilitat\/\">Olga Pan\u00e9, consellera de Salut de la Generalitat de Catalunya: \u201cLes farm\u00e0cies i els seus professionals s\u00f3n un b\u00e9 molt preuat i un instrument sanitari de gran utilitat\u201d<\/a><time datetime=\"2025-03-25T18:49:07+00:00\" class=\"wp-block-latest-posts__post-date\">25 de mar\u00e7 de 2025<\/time><div class=\"wp-block-latest-posts__post-excerpt\">Barcelona, 25 de mar\u00e7 de 2025.\u2013 La consellera de Salut de la Generalitat de Catalunya, Olga Pan\u00e9, ha inaugurat aquest mat\u00ed la 35a edici\u00f3 d&#8217;Infarma Barcelona, el Congr\u00e9s Europeu d&#8217;Oficina de Farm\u00e0cia i el Sal\u00f3 de Medicaments i Parafarm\u00e0cia. Es tracta d&#8217;un esdeveniment organitzat conjuntament pel Col\u00b7legi de Farmac\u00e8utics de Barcelona, el Colegio Oficial de\u2026 <a class=\"wp-block-latest-posts__read-more\" href=\"https:\/\/www.cofb.org\/ca\/2025\/03\/25\/olga-pane-consellera-de-salut-de-la-generalitat-de-catalunya-les-farmacies-i-els-seus-professionals-son-un-be-molt-preuat-i-un-instrument-sanitari-de-gran-utilitat\/\" rel=\"noopener noreferrer\">M\u00e9s informaci\u00f3<span class=\"screen-reader-text\">: Olga Pan\u00e9, consellera de Salut de la Generalitat de Catalunya: \u201cLes farm\u00e0cies i els seus professionals s\u00f3n un b\u00e9 molt preuat i un instrument sanitari de gran utilitat\u201d<\/span><\/a><\/div><\/li>\n<li><a class=\"wp-block-latest-posts__post-title\" href=\"https:\/\/www.cofb.org\/ca\/2025\/03\/13\/infarma-solidari-organitza-un-concert-benefic-que-recaptara-fons-per-reforcar-lassistencia-sanitaria-i-farmaceutica-a-ucraina\/\">Infarma\u00a0Solidario organitza un concert ben\u00e8fic que recaptar\u00e0 fons per refor\u00e7ar l&#8217;assist\u00e8ncia sanit\u00e0ria i farmac\u00e8utica a Ucra\u00efna<\/a><time datetime=\"2025-03-13T10:34:29+00:00\" class=\"wp-block-latest-posts__post-date\">13 de mar\u00e7 de 2025<\/time><div class=\"wp-block-latest-posts__post-excerpt\">Barcelona, 13 de mar\u00e7 de 2025. \u2013\u00a0Infarma\u00a0Solidario, iniciativa conjunta del Col\u00b7legi\u00a0de\u00a0Farmac\u00e8utics\u00a0de Barcelona (COFB), el Colegio Oficial de Farmac\u00e9uticos de Madrid (COFM)\u00a0i\u00a0CloserStill\u00a0Media, organitza un concert ben\u00e8fic amb l&#8217;objectiu de recaptar fons per refor\u00e7ar l&#8217;assist\u00e8ncia sanit\u00e0ria i farmac\u00e8utica a Ucra\u00efna. Els beneficis es destinaran, \u00edntegrament, a l&#8217;ONG\u00a0Farmamundi, per fer costat a les persones despla\u00e7ades a les regions\u2026 <a class=\"wp-block-latest-posts__read-more\" href=\"https:\/\/www.cofb.org\/ca\/2025\/03\/13\/infarma-solidari-organitza-un-concert-benefic-que-recaptara-fons-per-reforcar-lassistencia-sanitaria-i-farmaceutica-a-ucraina\/\" rel=\"noopener noreferrer\">M\u00e9s informaci\u00f3<span class=\"screen-reader-text\">: Infarma\u00a0Solidario organitza un concert ben\u00e8fic que recaptar\u00e0 fons per refor\u00e7ar l&#8217;assist\u00e8ncia sanit\u00e0ria i farmac\u00e8utica a Ucra\u00efna<\/span><\/a><\/div><\/li>\n<li><a class=\"wp-block-latest-posts__post-title\" href=\"https:\/\/www.cofb.org\/ca\/2025\/02\/27\/els-nous-farmacs-per-a-la-perdua-de-pes-la-salut-mental-i-animal-i-la-digitalitzacio-entre-els-temes-destacats-del-programa-cientific-dinfarma\/\">Els nous f\u00e0rmacs per a la p\u00e8rdua de pes, la salut mental i animal i la digitalitzaci\u00f3, entre els temes destacats del programa cient\u00edfic d&#8217;Infarma<\/a><time datetime=\"2025-02-27T11:52:21+00:00\" class=\"wp-block-latest-posts__post-date\">27 de febrer de 2025<\/time><div class=\"wp-block-latest-posts__post-excerpt\">Barcelona, 27 de febrer de 2025. \u2013 Infarma Barcelona 2025 presenta un programa cient\u00edfic actualitzat, mitjan\u00e7ant el qual experts de reconeguda traject\u00f2ria com Inma Puig, Gen\u00eds Roca o M\u00f3nica Gal\u00e1n abordaran les tend\u00e8ncies i reptes que definiran el present i futur de la farm\u00e0cia. Durant els dies 25, 26 i 27 de mar\u00e7, el recinte\u2026 <a class=\"wp-block-latest-posts__read-more\" href=\"https:\/\/www.cofb.org\/ca\/2025\/02\/27\/els-nous-farmacs-per-a-la-perdua-de-pes-la-salut-mental-i-animal-i-la-digitalitzacio-entre-els-temes-destacats-del-programa-cientific-dinfarma\/\" rel=\"noopener noreferrer\">M\u00e9s informaci\u00f3<span class=\"screen-reader-text\">: Els nous f\u00e0rmacs per a la p\u00e8rdua de pes, la salut mental i animal i la digitalitzaci\u00f3, entre els temes destacats del programa cient\u00edfic d&#8217;Infarma<\/span><\/a><\/div><\/li>\n<li><a class=\"wp-block-latest-posts__post-title\" href=\"https:\/\/www.cofb.org\/ca\/2025\/02\/13\/infarma-barcelona-2025-presenta-una-edicio-mes-interactiva-innovadora-i-sostenible\/\">Infarma\u00a0Barcelona 2025 presenta una edici\u00f3 m\u00e9s interactiva, innovadora i sostenible<\/a><time datetime=\"2025-02-13T16:20:57+00:00\" class=\"wp-block-latest-posts__post-date\">13 de febrer de 2025<\/time><div class=\"wp-block-latest-posts__post-excerpt\">Barcelona, 13 de febrer de 2025. \u2013\u00a0Infarma\u00a0Barcelona 2025 anuncia les principals novetats que marcaran aquesta 35 edici\u00f3, que se celebrar\u00e0 els dies 25, 26 i 27 de mar\u00e7 en el recinte Gran Via de\u00a0Fira\u00a0Barcelona. Enguany, el Congr\u00e9s Europeu d&#8217;Oficina de Farm\u00e0cia i Sal\u00f3 de Medicaments i Parafarm\u00e0cia ser\u00e0 m\u00e9s interactiu, innovador i sostenible.Entre les novetats,\u2026 <a class=\"wp-block-latest-posts__read-more\" href=\"https:\/\/www.cofb.org\/ca\/2025\/02\/13\/infarma-barcelona-2025-presenta-una-edicio-mes-interactiva-innovadora-i-sostenible\/\" rel=\"noopener noreferrer\">M\u00e9s informaci\u00f3<span class=\"screen-reader-text\">: Infarma\u00a0Barcelona 2025 presenta una edici\u00f3 m\u00e9s interactiva, innovadora i sostenible<\/span><\/a><\/div><\/li>\n<li><a class=\"wp-block-latest-posts__post-title\" href=\"https:\/\/www.cofb.org\/ca\/2025\/02\/11\/la-sefh-i-el-cofb-celebren-una-jornada-conjunta-per-abordar-de-manera-transversal-latencio-farmaceutica-a-pacients-amb-asma-i-asma-greu\/\">La\u00a0SEFH\u00a0i el\u00a0COFB\u00a0celebren una jornada conjunta per abordar de manera transversal l&#8217;atenci\u00f3 farmac\u00e8utica a pacients amb asma i asma greu<\/a><time datetime=\"2025-02-11T12:14:41+00:00\" class=\"wp-block-latest-posts__post-date\">11 de febrer de 2025<\/time><div class=\"wp-block-latest-posts__post-excerpt\">Barcelona, 11 de febrer de 2025. &#8211; La Societat Espanyola de Farm\u00e0cia Hospital\u00e0ria (SEFH)&nbsp;va celebrar la setmana passada a Barcelona de manera conjunta amb el Col\u00b7legi&nbsp;de&nbsp;Farmac\u00e8utics&nbsp;de Barcelona (COFB)&nbsp;una jornada sobre atenci\u00f3 farmac\u00e8utica a pacients amb asma. La formaci\u00f3 va comptar amb el patrocini de&nbsp;AstraZeneca. Durant la presentaci\u00f3, Aurora Fern\u00e1ndez, Delegada de la&nbsp;SEFH&nbsp;a Catalunya, va explicar\u2026 <a class=\"wp-block-latest-posts__read-more\" href=\"https:\/\/www.cofb.org\/ca\/2025\/02\/11\/la-sefh-i-el-cofb-celebren-una-jornada-conjunta-per-abordar-de-manera-transversal-latencio-farmaceutica-a-pacients-amb-asma-i-asma-greu\/\" rel=\"noopener noreferrer\">M\u00e9s informaci\u00f3<span class=\"screen-reader-text\">: La\u00a0SEFH\u00a0i el\u00a0COFB\u00a0celebren una jornada conjunta per abordar de manera transversal l&#8217;atenci\u00f3 farmac\u00e8utica a pacients amb asma i asma greu<\/span><\/a><\/div><\/li>\n<li><a class=\"wp-block-latest-posts__post-title\" href=\"https:\/\/www.cofb.org\/ca\/2025\/01\/20\/la-farmacia-un-centre-sanitari-de-gran-valor-per-cuidar-la-salut-femenina-en-les-diferents-etapes-de-la-vida\/\">La farm\u00e0cia, un centre sanitari de gran valor per cuidar la salut femenina en les diferents etapes de la vida<\/a><time datetime=\"2025-01-20T14:57:54+00:00\" class=\"wp-block-latest-posts__post-date\">20 de gener de 2025<\/time><div class=\"wp-block-latest-posts__post-excerpt\">El farmac\u00e8utic comunitari, per la seva confian\u00e7a i proximitat amb la poblaci\u00f3, \u00e9s un professional sanitari de refer\u00e8ncia en q\u00fcestions de salut. En el cas de la poblaci\u00f3 femenina (un p\u00fablic assidu a la farm\u00e0cia), el farmac\u00e8utic (una professi\u00f3 tamb\u00e9 majorit\u00e0riament femenina) \u00e9s un aliat imprescindible per a assessorar, atendre i oferir serveis professionals a\u2026 <a class=\"wp-block-latest-posts__read-more\" href=\"https:\/\/www.cofb.org\/ca\/2025\/01\/20\/la-farmacia-un-centre-sanitari-de-gran-valor-per-cuidar-la-salut-femenina-en-les-diferents-etapes-de-la-vida\/\" rel=\"noopener noreferrer\">M\u00e9s informaci\u00f3<span class=\"screen-reader-text\">: La farm\u00e0cia, un centre sanitari de gran valor per cuidar la salut femenina en les diferents etapes de la vida<\/span><\/a><\/div><\/li>\n<li><a class=\"wp-block-latest-posts__post-title\" href=\"https:\/\/www.cofb.org\/ca\/2025\/01\/15\/infarma-2025-obre-inscripcions-amb-la-novetat-de-lacreditacio-sense-cost-com-a-congressista-per-a-tots-els-collegiats-des-despanya\/\">Infarma 2025 obre inscripcions amb la novetat de l&#8217;acreditaci\u00f3 sense cost, com a congressista, per a tots els col\u00b7legiats\/des d&#8217;Espanya<\/a><time datetime=\"2025-01-15T11:04:42+00:00\" class=\"wp-block-latest-posts__post-date\">15 de gener de 2025<\/time><div class=\"wp-block-latest-posts__post-excerpt\">Barcelona, 14 de gener de 2025. \u2013 Ja estan obertes les inscripcions per assistir a Infarma Barcelona 2025, que tindr\u00e0 lloc els dies 25, 26 i 27 de mar\u00e7 en el recinte Gran Via de Fira de Barcelona. En el marc del Congr\u00e9s Europeu d&#8217;Oficina de Farm\u00e0cia i Sal\u00f3 de Medicaments i Parafarm\u00e0cia, organitzat pel\u2026 <a class=\"wp-block-latest-posts__read-more\" href=\"https:\/\/www.cofb.org\/ca\/2025\/01\/15\/infarma-2025-obre-inscripcions-amb-la-novetat-de-lacreditacio-sense-cost-com-a-congressista-per-a-tots-els-collegiats-des-despanya\/\" rel=\"noopener noreferrer\">M\u00e9s informaci\u00f3<span class=\"screen-reader-text\">: Infarma 2025 obre inscripcions amb la novetat de l&#8217;acreditaci\u00f3 sense cost, com a congressista, per a tots els col\u00b7legiats\/des d&#8217;Espanya<\/span><\/a><\/div><\/li>\n<li><a class=\"wp-block-latest-posts__post-title\" href=\"https:\/\/www.cofb.org\/ca\/2024\/12\/05\/el-seguiment-farmacoterapeutic-de-psicofarmacs-clau-per-prevenir-des-de-la-farmacia-comunitaria-el-risc-de-suicidi\/\">El seguiment farmacoterap\u00e8utic de psicof\u00e0rmacs, clau per prevenir des de la farm\u00e0cia comunit\u00e0ria el risc de su\u00efcidi<\/a><time datetime=\"2024-12-05T13:58:52+00:00\" class=\"wp-block-latest-posts__post-date\">5 de desembre de 2024<\/time><div class=\"wp-block-latest-posts__post-excerpt\">Barcelona, 5 de desembre de 2024. \u201cL\u2019adher\u00e8ncia terap\u00e8utica de tractaments amb psicof\u00e0rmacs \u00e9s un factor clau per prevenir el su\u00efcidi o altres patologies mitjan\u00e7ant el seguiment farmacoterap\u00e8utic amb Sistemes Personalitzats de Dosificaci\u00f3 (SPD) i la revisi\u00f3 de la farmaciola\u201d, va assegurar Llu\u00eds Garc\u00eda, vocal d\u2019Ortop\u00e8dia del Col\u00b7legi de Farmac\u00e8utics de Barcelona (COFB), en el marc\u2026 <a class=\"wp-block-latest-posts__read-more\" href=\"https:\/\/www.cofb.org\/ca\/2024\/12\/05\/el-seguiment-farmacoterapeutic-de-psicofarmacs-clau-per-prevenir-des-de-la-farmacia-comunitaria-el-risc-de-suicidi\/\" rel=\"noopener noreferrer\">M\u00e9s informaci\u00f3<span class=\"screen-reader-text\">: El seguiment farmacoterap\u00e8utic de psicof\u00e0rmacs, clau per prevenir des de la farm\u00e0cia comunit\u00e0ria el risc de su\u00efcidi<\/span><\/a><\/div><\/li>\n<li><a class=\"wp-block-latest-posts__post-title\" href=\"https:\/\/www.cofb.org\/ca\/2024\/10\/28\/les-farmacies-catalanes-inicien-la-seva-collaboracio-amb-salut-per-fomentar-la-vacunacio-de-la-grip-i-la-covid-19-entre-els-majors-de-60-anys\/\">Les farm\u00e0cies catalanes inicien la seva col\u00b7laboraci\u00f3 amb Salut per fomentar la vacunaci\u00f3 de la grip i la COVID-19 entre els majors de 60 anys<\/a><time datetime=\"2024-10-28T11:42:00+00:00\" class=\"wp-block-latest-posts__post-date\">28 d&#8217;octubre de 2024<\/time><div class=\"wp-block-latest-posts__post-excerpt\">Barcelona, 28 d&#8217;octubre de 2024.- Avui, 28 d\u2019octubre, comen\u00e7a la participaci\u00f3 de les m\u00e9s de 3.200 farm\u00e0cies catalanes en la campanya de vacunaci\u00f3 contra la grip i la COVID-19. Ho faran en el marc de la iniciativa impulsada pel Departament de Salut i el Consell de Col\u00b7legis Farmac\u00e8utics de Catalunya on, per primera vegada, les\u2026 <a class=\"wp-block-latest-posts__read-more\" href=\"https:\/\/www.cofb.org\/ca\/2024\/10\/28\/les-farmacies-catalanes-inicien-la-seva-collaboracio-amb-salut-per-fomentar-la-vacunacio-de-la-grip-i-la-covid-19-entre-els-majors-de-60-anys\/\" rel=\"noopener noreferrer\">M\u00e9s informaci\u00f3<span class=\"screen-reader-text\">: Les farm\u00e0cies catalanes inicien la seva col\u00b7laboraci\u00f3 amb Salut per fomentar la vacunaci\u00f3 de la grip i la COVID-19 entre els majors de 60 anys<\/span><\/a><\/div><\/li>\n<li><a class=\"wp-block-latest-posts__post-title\" href=\"https:\/\/www.cofb.org\/ca\/2024\/10\/25\/el-cofb-presenta-el-nou-programa-de-formacio-continuada-2024-2025-mes-accessible-per-als-farmaceutics-i-farmaceutiques\/\">El COFB presenta el nou Programa de Formaci\u00f3 Continuada 2024-2025 m\u00e9s accessible per als farmac\u00e8utics i farmac\u00e8utiques<\/a><time datetime=\"2024-10-25T12:57:11+00:00\" class=\"wp-block-latest-posts__post-date\">25 d&#8217;octubre de 2024<\/time><div class=\"wp-block-latest-posts__post-excerpt\">Barcelona, 25 d\u2019octubre de 2024.- El Col\u00b7legi de Farmac\u00e8utics de Barcelona (COFB) va presentar ahir, 24 d\u2019octubre, el nou Programa de Formaci\u00f3 Continuada pel curs acad\u00e8mic 2024-2025, amb l\u2019objectiu principal: assegurar l\u2019adquisici\u00f3 continua de coneixements en tots els \u00e0mbits d\u2019exercici professional, adaptant els formats a les necessitats dels farmac\u00e8utics i farmac\u00e8utiques. La inauguraci\u00f3, que va\u2026 <a class=\"wp-block-latest-posts__read-more\" href=\"https:\/\/www.cofb.org\/ca\/2024\/10\/25\/el-cofb-presenta-el-nou-programa-de-formacio-continuada-2024-2025-mes-accessible-per-als-farmaceutics-i-farmaceutiques\/\" rel=\"noopener noreferrer\">M\u00e9s informaci\u00f3<span class=\"screen-reader-text\">: El COFB presenta el nou Programa de Formaci\u00f3 Continuada 2024-2025 m\u00e9s accessible per als farmac\u00e8utics i farmac\u00e8utiques<\/span><\/a><\/div><\/li>\n<li><a class=\"wp-block-latest-posts__post-title\" href=\"https:\/\/www.cofb.org\/ca\/2024\/10\/17\/el-cof-de-barcelona-inaugura-la-18a-edicio-del-programa-en-gestio-de-farmacia-que-simparteix-en-format-webinar-per-facilitar-laccessibilitat\/\">El COF de Barcelona inaugura la 18a edici\u00f3 del Programa en Gesti\u00f3 de Farm\u00e0cia, que s\u2019imparteix en format webinar per facilitar l\u2019accessibilitat<\/a><time datetime=\"2024-10-17T12:49:24+00:00\" class=\"wp-block-latest-posts__post-date\">17 d&#8217;octubre de 2024<\/time><div class=\"wp-block-latest-posts__post-excerpt\">Barcelona, 17 d\u2019octubre de 2024.- El Col\u00b7legi de Farmac\u00e8utics de Barcelona (COFB) va inaugurar la 18a edici\u00f3 del Programa Gesti\u00f3 de Farm\u00e0cia (PGF) 2024-2025 en un acte celebrat a la seu del COFB, el passat 15 d\u2019octubre. El president del Col\u00b7legi, Jordi Casas\u00b8 va donar la benvinguda als participants del PGF i va dedicar unes\u2026 <a class=\"wp-block-latest-posts__read-more\" href=\"https:\/\/www.cofb.org\/ca\/2024\/10\/17\/el-cof-de-barcelona-inaugura-la-18a-edicio-del-programa-en-gestio-de-farmacia-que-simparteix-en-format-webinar-per-facilitar-laccessibilitat\/\" rel=\"noopener noreferrer\">M\u00e9s informaci\u00f3<span class=\"screen-reader-text\">: El COF de Barcelona inaugura la 18a edici\u00f3 del Programa en Gesti\u00f3 de Farm\u00e0cia, que s\u2019imparteix en format webinar per facilitar l\u2019accessibilitat<\/span><\/a><\/div><\/li>\n<li><a class=\"wp-block-latest-posts__post-title\" href=\"https:\/\/www.cofb.org\/ca\/2024\/10\/11\/per-primera-vegada-les-farmacies-catalanes-participen-en-la-campanya-de-vacunacio-contra-la-grip-i-la-covid-19\/\">Per primera vegada les farm\u00e0cies catalanes participen en la campanya de vacunaci\u00f3 contra la grip i la COVID-19<\/a><time datetime=\"2024-10-11T13:40:01+00:00\" class=\"wp-block-latest-posts__post-date\">11 d&#8217;octubre de 2024<\/time><div class=\"wp-block-latest-posts__post-excerpt\">Barcelona, 11 d\u2019octubre de 2024.- Les m\u00e9s de 3.200 farm\u00e0cies catalanes participaran activament, per primer cop, a la campanya de vacunaci\u00f3 contra la grip i la COVID-19 per contribuir a incrementar la cobertura vacunal en persones majors de 60 anys. Aix\u00ed s\u2019ha anunciat en una roda de premsa que ha tingut lloc en el Departament\u2026 <a class=\"wp-block-latest-posts__read-more\" href=\"https:\/\/www.cofb.org\/ca\/2024\/10\/11\/per-primera-vegada-les-farmacies-catalanes-participen-en-la-campanya-de-vacunacio-contra-la-grip-i-la-covid-19\/\" rel=\"noopener noreferrer\">M\u00e9s informaci\u00f3<span class=\"screen-reader-text\">: Per primera vegada les farm\u00e0cies catalanes participen en la campanya de vacunaci\u00f3 contra la grip i la COVID-19<\/span><\/a><\/div><\/li>\n<li><a class=\"wp-block-latest-posts__post-title\" href=\"https:\/\/www.cofb.org\/ca\/2024\/09\/25\/mes-de-9-300-farmaceutics-de-barcelona-potencien-el-seu-paper-com-a-agents-sanitaris-de-proximitat-en-el-seu-dia-mundial\/\">M\u00e9s de 9.300 farmac\u00e8utics de Barcelona potencien el seu paper com a agents sanitaris de proximitat en el seu Dia Mundial<\/a><time datetime=\"2024-09-25T08:06:30+00:00\" class=\"wp-block-latest-posts__post-date\">25 de setembre de 2024<\/time><div class=\"wp-block-latest-posts__post-excerpt\">Barcelona, 25 de setembre de 2024.- Els m\u00e9s de 9.300 farmac\u00e8utics i farmac\u00e8utiques col\u00b7legiades a la prov\u00edncia de Barcelona se sumen al Dia Mundial del Farmac\u00e8utic, sota el lema \u201cFarmac\u00e8utics: responent a les necessitats sanit\u00e0ries globals; facilitant solucions locals\u201d. L\u2019objectiu \u00e9s destacar la tasca que duen a terme els farmac\u00e8utics i farmac\u00e8utiques per enfortir el\u2026 <a class=\"wp-block-latest-posts__read-more\" href=\"https:\/\/www.cofb.org\/ca\/2024\/09\/25\/mes-de-9-300-farmaceutics-de-barcelona-potencien-el-seu-paper-com-a-agents-sanitaris-de-proximitat-en-el-seu-dia-mundial\/\" rel=\"noopener noreferrer\">M\u00e9s informaci\u00f3<span class=\"screen-reader-text\">: M\u00e9s de 9.300 farmac\u00e8utics de Barcelona potencien el seu paper com a agents sanitaris de proximitat en el seu Dia Mundial<\/span><\/a><\/div><\/li>\n<li><a class=\"wp-block-latest-posts__post-title\" href=\"https:\/\/www.cofb.org\/ca\/2024\/09\/03\/la-collaboracio-entre-farmacia-hospitalaria-i-comunitaria-en-el-lliurament-de-la-medicacio-hospitalaria-de-dispensacio-ambulatoria-es-ben-rebuda-pel-pacient\/\">La col\u00b7laboraci\u00f3 entre farm\u00e0cia hospital\u00e0ria i comunit\u00e0ria en el lliurament de la medicaci\u00f3 hospital\u00e0ria de dispensaci\u00f3 ambulat\u00f2ria \u00e9s ben rebuda pel pacient<\/a><time datetime=\"2024-09-03T08:23:47+00:00\" class=\"wp-block-latest-posts__post-date\">3 de setembre de 2024<\/time><div class=\"wp-block-latest-posts__post-excerpt\">Barcelona, 3 de setembre de 2024.- Els pacients que recullen a la farm\u00e0cia comunit\u00e0ria la seva Medicaci\u00f3 Hospital\u00e0ria de Dispensaci\u00f3 Ambulat\u00f2ria (MHDA) es mostren molt satisfets amb aquest model. Aix\u00ed ho assenyala un estudi recent que es basa en l\u2019experi\u00e8ncia dels pacients que retiren aquesta medicaci\u00f3 a trav\u00e9s de les farm\u00e0cies comunit\u00e0ries vers d&#8217;aquells a\u2026 <a class=\"wp-block-latest-posts__read-more\" href=\"https:\/\/www.cofb.org\/ca\/2024\/09\/03\/la-collaboracio-entre-farmacia-hospitalaria-i-comunitaria-en-el-lliurament-de-la-medicacio-hospitalaria-de-dispensacio-ambulatoria-es-ben-rebuda-pel-pacient\/\" rel=\"noopener noreferrer\">M\u00e9s informaci\u00f3<span class=\"screen-reader-text\">: La col\u00b7laboraci\u00f3 entre farm\u00e0cia hospital\u00e0ria i comunit\u00e0ria en el lliurament de la medicaci\u00f3 hospital\u00e0ria de dispensaci\u00f3 ambulat\u00f2ria \u00e9s ben rebuda pel pacient<\/span><\/a><\/div><\/li>\n<li><a class=\"wp-block-latest-posts__post-title\" href=\"https:\/\/www.cofb.org\/ca\/2024\/07\/17\/el-cof-de-barcelona-renova-la-18a-edicio-del-programa-en-gestio-de-farmacia-amb-la-incorporacio-de-la-modalitat-webinar-i-tours-virtuals-a-farmacies-referents-despanya\/\">El COF de Barcelona renova la 18a edici\u00f3 del Programa en Gesti\u00f3 de Farm\u00e0cia amb la incorporaci\u00f3 de la modalitat webinar i tours virtuals a farm\u00e0cies referents d\u2019Espanya<\/a><time datetime=\"2024-07-17T12:06:39+00:00\" class=\"wp-block-latest-posts__post-date\">17 de juliol de 2024<\/time><div class=\"wp-block-latest-posts__post-excerpt\">Barcelona, 17 de juliol de 2024.- El Col\u00b7legi de Farmac\u00e8utics de Barcelona (COFB) posa en marxa la 18a edici\u00f3 del PGF-Programa en Gesti\u00f3 de Farm\u00e0cia, abans MGOF. Es tracta d\u2019un programa formatiu renovat, adre\u00e7at a titulars i\/o graduats\/des en Farm\u00e0cia quevolen adquirir coneixements en la gesti\u00f3 de la farm\u00e0cia comunit\u00e0ria per convertir-la en un establiment\u2026 <a class=\"wp-block-latest-posts__read-more\" href=\"https:\/\/www.cofb.org\/ca\/2024\/07\/17\/el-cof-de-barcelona-renova-la-18a-edicio-del-programa-en-gestio-de-farmacia-amb-la-incorporacio-de-la-modalitat-webinar-i-tours-virtuals-a-farmacies-referents-despanya\/\" rel=\"noopener noreferrer\">M\u00e9s informaci\u00f3<span class=\"screen-reader-text\">: El COF de Barcelona renova la 18a edici\u00f3 del Programa en Gesti\u00f3 de Farm\u00e0cia amb la incorporaci\u00f3 de la modalitat webinar i tours virtuals a farm\u00e0cies referents d\u2019Espanya<\/span><\/a><\/div><\/li>\n<li><a class=\"wp-block-latest-posts__post-title\" href=\"https:\/\/www.cofb.org\/ca\/2024\/05\/30\/agora-sanitaria-tanca-el-curs-2023-2024-amb-un-podcast-sobre-anticoagulacio-i-classes-en-directe-de-parasitosi-i-picades-2\/\">\u00c0gora Sanit\u00e0ria tanca el curs 2023-2024 amb un p\u00f2dcast sobre anticoagulaci\u00f3 i classes en directe de parasitosi i picades<\/a><time datetime=\"2024-05-30T17:50:00+00:00\" class=\"wp-block-latest-posts__post-date\">30 de maig de 2024<\/time><div class=\"wp-block-latest-posts__post-excerpt\">La formaci\u00f3 \u201cAnticoagulaci\u00f3: qu\u00e8, com, quan i per qu\u00e8\u201d \u00e9s el primer curs d&#8217;\u00c0gora en format\u00a0p\u00f2dcast\u00a0en el qual, durant 8 episodis, experts en coagulaci\u00f3 ofereixen coneixements sobre la ter\u00e0pia anticoagulant, per\u00a0con\u00e8ixer aquest tractament i poder realitzar una correcta intervenci\u00f3 farmac\u00e8utica En el nou curs online\u00a0\u201cParasitosi i picades\u201d, es compartiran en directe coneixements i recursos per\u00a0poder\u2026 <a class=\"wp-block-latest-posts__read-more\" href=\"https:\/\/www.cofb.org\/ca\/2024\/05\/30\/agora-sanitaria-tanca-el-curs-2023-2024-amb-un-podcast-sobre-anticoagulacio-i-classes-en-directe-de-parasitosi-i-picades-2\/\" rel=\"noopener noreferrer\">M\u00e9s informaci\u00f3<span class=\"screen-reader-text\">: \u00c0gora Sanit\u00e0ria tanca el curs 2023-2024 amb un p\u00f2dcast sobre anticoagulaci\u00f3 i classes en directe de parasitosi i picades<\/span><\/a><\/div><\/li>\n<li><a class=\"wp-block-latest-posts__post-title\" href=\"https:\/\/www.cofb.org\/ca\/2024\/05\/02\/farmacies-de-barcelona-conscienciaran-sobre-la-importancia-del-bon-us-dels-inhaladors-i-el-seu-reciclatge-en-el-punt-sigre-per-reduir-la-petjada-de-carboni-2\/\">Farm\u00e0cies de Barcelona conscienciaran sobre la import\u00e0ncia del bon \u00fas dels inhaladors i el seu reciclatge en el Punt SIGRE per reduir la petjada de carboni<\/a><time datetime=\"2024-05-02T13:58:00+00:00\" class=\"wp-block-latest-posts__post-date\">2 de maig de 2024<\/time><div class=\"wp-block-latest-posts__post-excerpt\">Ho faran en el marc de la campanya \u201cJo t&#8217;ajudo a respirar, tu m&#8217;ajudes a reciclar\u201d, organitzada pel Col\u00b7legi de Farmac\u00e8utics de Barcelona i AstraZeneca, amb la col\u00b7laboraci\u00f3 de SIGRE, FENAER i A tot Pulm\u00f3 Nom\u00e9s a la prov\u00edncia de Barcelona, cada any es llencen m\u00e9s de 3,5 milions d&#8217;inhaladors. I segons l&#8217;estudi AIRE, m\u00e9s\u2026 <a class=\"wp-block-latest-posts__read-more\" href=\"https:\/\/www.cofb.org\/ca\/2024\/05\/02\/farmacies-de-barcelona-conscienciaran-sobre-la-importancia-del-bon-us-dels-inhaladors-i-el-seu-reciclatge-en-el-punt-sigre-per-reduir-la-petjada-de-carboni-2\/\" rel=\"noopener noreferrer\">M\u00e9s informaci\u00f3<span class=\"screen-reader-text\">: Farm\u00e0cies de Barcelona conscienciaran sobre la import\u00e0ncia del bon \u00fas dels inhaladors i el seu reciclatge en el Punt SIGRE per reduir la petjada de carboni<\/span><\/a><\/div><\/li>\n<li><a class=\"wp-block-latest-posts__post-title\" href=\"https:\/\/www.cofb.org\/ca\/2024\/04\/26\/la-nova-junta-de-govern-del-cof-de-barcelona-pren-possessio-per-al-mandat-2024-2028-2\/\">La nova Junta de Govern del COF de Barcelona pren possessi\u00f3 per al mandat 2024-2028<\/a><time datetime=\"2024-04-26T11:26:00+00:00\" class=\"wp-block-latest-posts__post-date\">26 d&#8217;abril de 2024<\/time><div class=\"wp-block-latest-posts__post-excerpt\">La nova Junta compta amb 22 farmac\u00e8utics i farmac\u00e8utiques dels diferents \u00e0mbits de la professi\u00f3, dels quals 10 membres s\u00f3n noves incorporacions a les vocalies de n\u00famero, Alimentaci\u00f3 i Nutrici\u00f3, Atenci\u00f3 Prim\u00e0ria, Oficina de Farm\u00e0cia, Ortop\u00e8dia i Salut P\u00fablica El president del Col\u00b7legi de Farmac\u00e8utics de Barcelona, Jordi Casas, ha posat en valor les fites\u2026 <a class=\"wp-block-latest-posts__read-more\" href=\"https:\/\/www.cofb.org\/ca\/2024\/04\/26\/la-nova-junta-de-govern-del-cof-de-barcelona-pren-possessio-per-al-mandat-2024-2028-2\/\" rel=\"noopener noreferrer\">M\u00e9s informaci\u00f3<span class=\"screen-reader-text\">: La nova Junta de Govern del COF de Barcelona pren possessi\u00f3 per al mandat 2024-2028<\/span><\/a><\/div><\/li>\n<li><a class=\"wp-block-latest-posts__post-title\" href=\"https:\/\/www.cofb.org\/ca\/2024\/04\/18\/la-candidatura-encapcalada-per-jordi-casas-guanya-les-eleccions-a-la-junta-de-govern-del-collegi-de-farmaceutics-de-barcelona-2\/\">La candidatura encap\u00e7alada per Jordi Casas guanya les eleccions a la Junta de Govern del Col\u00b7legi de Farmac\u00e8utics de Barcelona<\/a><time datetime=\"2024-04-18T01:00:00+00:00\" class=\"wp-block-latest-posts__post-date\">18 d&#8217;abril de 2024<\/time><div class=\"wp-block-latest-posts__post-excerpt\">La candidatura de Jordi Casas ha obtingut 2.258 vots i la candidatura encap\u00e7alada per Guillermo Bagar\u00eda ha obtingut 1.650 vots Barcelona, 17 d\u2019abril de 2024.- La candidatura Farmac\u00e8utics Compromesos encap\u00e7alada per Jordi Casas, amb 2.258 vots, ha guanyat les eleccions per a la renovaci\u00f3 dels c\u00e0rrecs de la Junta de Govern del Col\u00b7legi de Farmac\u00e8utics\u2026 <a class=\"wp-block-latest-posts__read-more\" href=\"https:\/\/www.cofb.org\/ca\/2024\/04\/18\/la-candidatura-encapcalada-per-jordi-casas-guanya-les-eleccions-a-la-junta-de-govern-del-collegi-de-farmaceutics-de-barcelona-2\/\" rel=\"noopener noreferrer\">M\u00e9s informaci\u00f3<span class=\"screen-reader-text\">: La candidatura encap\u00e7alada per Jordi Casas guanya les eleccions a la Junta de Govern del Col\u00b7legi de Farmac\u00e8utics de Barcelona<\/span><\/a><\/div><\/li>\n<li><a class=\"wp-block-latest-posts__post-title\" href=\"https:\/\/www.cofb.org\/ca\/2024\/03\/22\/infarma-madrid-2024-supera-les-previsions-mes-optimistes-dassistencia-i-participacio-2\/\">\u2018Infarma Madrid 2024\u2019 supera les previsions m\u00e9s optimistes d&#8217;assist\u00e8ncia i participaci\u00f3<\/a><time datetime=\"2024-03-22T16:20:00+00:00\" class=\"wp-block-latest-posts__post-date\">22 de mar\u00e7 de 2024<\/time><div class=\"wp-block-latest-posts__post-excerpt\">El president del f\u00f2rum i del COFM, Manuel Mart\u00ednez del Peral, va celebrar a la clausura l&#8217;edici\u00f3 \u201cde major participaci\u00f3 de la hist\u00f2ria\u201d: \u201cLa societat necessita dels farmac\u00e8utics com a part de la soluci\u00f3 als desafiaments sanitaris i socials que afrontem\u201d Jos\u00e9 Manuel Becerra, director del congr\u00e9s Infarma Madrid 2024, va subratllar el comprom\u00eds d&#8217;aquesta\u2026 <a class=\"wp-block-latest-posts__read-more\" href=\"https:\/\/www.cofb.org\/ca\/2024\/03\/22\/infarma-madrid-2024-supera-les-previsions-mes-optimistes-dassistencia-i-participacio-2\/\" rel=\"noopener noreferrer\">M\u00e9s informaci\u00f3<span class=\"screen-reader-text\">: \u2018Infarma Madrid 2024\u2019 supera les previsions m\u00e9s optimistes d&#8217;assist\u00e8ncia i participaci\u00f3<\/span><\/a><\/div><\/li>\n<li><a class=\"wp-block-latest-posts__post-title\" href=\"https:\/\/www.cofb.org\/ca\/2024\/03\/21\/la-falsificacion-de-recetas-y-el-uso-fraudulento-de-medicamentos-es-un-problema-creciente\/\">La falsificaci\u00f3n de recetas y el uso fraudulento de medicamentos es un problema creciente<\/a><time datetime=\"2024-03-21T18:51:00+00:00\" class=\"wp-block-latest-posts__post-date\">21 de mar\u00e7 de 2024<\/time><div class=\"wp-block-latest-posts__post-excerpt\">El n\u00famero de delitos relacionados con el tr\u00e1fico ilegal de medicamentos supera los 6.000 en el primer trimestre del a\u00f1o, m\u00e1s que en todo el a\u00f1o pasado, seg\u00fan la Polic\u00eda Los expertos instan a buscar sinergias para trabajar en colaboraci\u00f3n y con estrategias que permitan combatir este problema creciente La farmacia reclama m\u00e1s apoyo y\u2026 <a class=\"wp-block-latest-posts__read-more\" href=\"https:\/\/www.cofb.org\/ca\/2024\/03\/21\/la-falsificacion-de-recetas-y-el-uso-fraudulento-de-medicamentos-es-un-problema-creciente\/\" rel=\"noopener noreferrer\">M\u00e9s informaci\u00f3<span class=\"screen-reader-text\">: La falsificaci\u00f3n de recetas y el uso fraudulento de medicamentos es un problema creciente<\/span><\/a><\/div><\/li>\n<li><a class=\"wp-block-latest-posts__post-title\" href=\"https:\/\/www.cofb.org\/ca\/2024\/03\/21\/medicamentos-veterinarios-nueva-ley-y-nuevas-oportunidades-para-la-farmacia\/\">Medicamentos veterinarios: nueva Ley y nuevas oportunidades para la farmacia<\/a><time datetime=\"2024-03-21T16:26:00+00:00\" class=\"wp-block-latest-posts__post-date\">21 de mar\u00e7 de 2024<\/time><div class=\"wp-block-latest-posts__post-excerpt\">\u2018Infarma Madrid 2024\u2019 aborda las novedades introducidas por el Real Decreto 666\/2023 para desarrollar una categor\u00eda de salud animal en crecimiento en el canal de farmacia El consejo profesional del farmac\u00e9utico comunitario, una garant\u00eda para el uso seguro de los medicamentos y producto veterinarios, seg\u00fan los expertos Madrid, 21 de marzo de 2024. &#8211;\u00a0El nuevo\u2026 <a class=\"wp-block-latest-posts__read-more\" href=\"https:\/\/www.cofb.org\/ca\/2024\/03\/21\/medicamentos-veterinarios-nueva-ley-y-nuevas-oportunidades-para-la-farmacia\/\" rel=\"noopener noreferrer\">M\u00e9s informaci\u00f3<span class=\"screen-reader-text\">: Medicamentos veterinarios: nueva Ley y nuevas oportunidades para la farmacia<\/span><\/a><\/div><\/li>\n<li><a class=\"wp-block-latest-posts__post-title\" href=\"https:\/\/www.cofb.org\/ca\/2024\/03\/21\/conocer-todas-las-facetas-del-e-commerce-esencial-para-convertirlo-en-una-verdadera-estrategia-de-exito\/\">Conocer todas las facetas del e-commerce, esencial para convertirlo en una verdadera estrategia de \u00e9xito<\/a><time datetime=\"2024-03-21T12:39:00+00:00\" class=\"wp-block-latest-posts__post-date\">21 de mar\u00e7 de 2024<\/time><div class=\"wp-block-latest-posts__post-excerpt\">\u00a0 El comercio online parece haberse instalado en el terreno farmac\u00e9utico. Sin embargo, a\u00fan existe desconocimiento sobre todo lo que implica su creaci\u00f3n y gesti\u00f3n. En Infarma 2024 se dieron las claves para mejorar la relaci\u00f3n con los laboratorios y la competitividad Madrid 21 de marzo.\u00a0&#8211; La farmacia cada vez tiene m\u00e1rgenes de rentabilidad m\u00e1s\u2026 <a class=\"wp-block-latest-posts__read-more\" href=\"https:\/\/www.cofb.org\/ca\/2024\/03\/21\/conocer-todas-las-facetas-del-e-commerce-esencial-para-convertirlo-en-una-verdadera-estrategia-de-exito\/\" rel=\"noopener noreferrer\">M\u00e9s informaci\u00f3<span class=\"screen-reader-text\">: Conocer todas las facetas del e-commerce, esencial para convertirlo en una verdadera estrategia de \u00e9xito<\/span><\/a><\/div><\/li>\n<li><a class=\"wp-block-latest-posts__post-title\" href=\"https:\/\/www.cofb.org\/ca\/2024\/03\/21\/actitud-positiva-y-saber-comunicar-claves-para-mejorar-el-rendimiento-del-equipo-y-la-experiencia-de-cliente-en-la-farmacia\/\">Actitud positiva y saber comunicar, claves para mejorar el rendimiento del equipo y la experiencia de cliente en la farmacia<\/a><time datetime=\"2024-03-21T11:24:00+00:00\" class=\"wp-block-latest-posts__post-date\">21 de mar\u00e7 de 2024<\/time><div class=\"wp-block-latest-posts__post-excerpt\">\u00a0 V\u00edctor K\u00fcppers apela a la actitud personal como motor para liderar cambios positivos en todos los \u00f3rdenes de la vida La periodista \u00c1ngeles Blanco remarca la importancia del lenguaje corporal para mejorar la interacci\u00f3n con el paciente y recuerda que \u201cla palabra solo representa el 7 % del proceso comunicativo\u201d Madrid, 20 de marzo\u2026 <a class=\"wp-block-latest-posts__read-more\" href=\"https:\/\/www.cofb.org\/ca\/2024\/03\/21\/actitud-positiva-y-saber-comunicar-claves-para-mejorar-el-rendimiento-del-equipo-y-la-experiencia-de-cliente-en-la-farmacia\/\" rel=\"noopener noreferrer\">M\u00e9s informaci\u00f3<span class=\"screen-reader-text\">: Actitud positiva y saber comunicar, claves para mejorar el rendimiento del equipo y la experiencia de cliente en la farmacia<\/span><\/a><\/div><\/li>\n<li><a class=\"wp-block-latest-posts__post-title\" href=\"https:\/\/www.cofb.org\/ca\/2024\/03\/21\/big-data-e-inteligencia-artificial-nuevas-herramientas-para-la-farmacia\/\">\u2018Big data\u2019 e inteligencia artificial: nuevas herramientas para la farmacia<\/a><time datetime=\"2024-03-21T10:53:00+00:00\" class=\"wp-block-latest-posts__post-date\">21 de mar\u00e7 de 2024<\/time><div class=\"wp-block-latest-posts__post-excerpt\">\u00a0 Los datos generados en la farmacia o el laboratorio pueden ayudar a diagnosticar y prevenir enfermedades de forma m\u00e1s efectiva El uso de la IA permite avanzar en el seguimiento terap\u00e9utico, la automatizaci\u00f3n de procesos y el an\u00e1lisis de datos, entre otras posibilidades Las redes sociales son una oportunidad para llegar a nuevas audiencias\u2026 <a class=\"wp-block-latest-posts__read-more\" href=\"https:\/\/www.cofb.org\/ca\/2024\/03\/21\/big-data-e-inteligencia-artificial-nuevas-herramientas-para-la-farmacia\/\" rel=\"noopener noreferrer\">M\u00e9s informaci\u00f3<span class=\"screen-reader-text\">: \u2018Big data\u2019 e inteligencia artificial: nuevas herramientas para la farmacia<\/span><\/a><\/div><\/li>\n<li><a class=\"wp-block-latest-posts__post-title\" href=\"https:\/\/www.cofb.org\/ca\/2024\/03\/21\/el-farmaceutico-un-aliado-para-mejorar-la-salud-de-los-pacientes-diabeticos-y-oncologicos\/\">El farmac\u00e9utico, un aliado para mejorar la salud de los pacientes diab\u00e9ticos y oncol\u00f3gicos<\/a><time datetime=\"2024-03-21T10:13:00+00:00\" class=\"wp-block-latest-posts__post-date\">21 de mar\u00e7 de 2024<\/time><div class=\"wp-block-latest-posts__post-excerpt\">\u00a0 La voz del paciente est\u00e1 muy presente en &#8216;Infarma 2024&#8217; a trav\u00e9s de mesas de actualidad que recogen las necesidades de personas con diversas patolog\u00edas en las que los farmac\u00e9uticos pueden desempe\u00f1ar un papel esencial Madrid, 20 de marzo. &#8211; Los pacientes tienen voz y un protagonismo especial en Infarma 2024, el Congreso Europeo\u2026 <a class=\"wp-block-latest-posts__read-more\" href=\"https:\/\/www.cofb.org\/ca\/2024\/03\/21\/el-farmaceutico-un-aliado-para-mejorar-la-salud-de-los-pacientes-diabeticos-y-oncologicos\/\" rel=\"noopener noreferrer\">M\u00e9s informaci\u00f3<span class=\"screen-reader-text\">: El farmac\u00e9utico, un aliado para mejorar la salud de los pacientes diab\u00e9ticos y oncol\u00f3gicos<\/span><\/a><\/div><\/li>\n<li><a class=\"wp-block-latest-posts__post-title\" href=\"https:\/\/www.cofb.org\/ca\/2024\/03\/20\/la-indicacion-farmaceutica-servicio-para-potenciar-el-autocuidado-de-la-poblacion\/\">La indicaci\u00f3n farmac\u00e9utica, servicio para potenciar el autocuidado de la poblaci\u00f3n<\/a><time datetime=\"2024-03-20T17:50:00+00:00\" class=\"wp-block-latest-posts__post-date\">20 de mar\u00e7 de 2024<\/time><div class=\"wp-block-latest-posts__post-excerpt\">\u00a0 El autocuidado es un mercado emergente que requiere de un impulso legislativo para ampliar el acceso a los medicamentos sin receta, defiende el director general de anefp, Jaume Pey El tratamiento de s\u00edntomas menores a trav\u00e9s de la farmacia comunitaria es una oportunidad para descongestionar los servicios de salud, se\u00f1ala el presidente de SEFAC,\u2026 <a class=\"wp-block-latest-posts__read-more\" href=\"https:\/\/www.cofb.org\/ca\/2024\/03\/20\/la-indicacion-farmaceutica-servicio-para-potenciar-el-autocuidado-de-la-poblacion\/\" rel=\"noopener noreferrer\">M\u00e9s informaci\u00f3<span class=\"screen-reader-text\">: La indicaci\u00f3n farmac\u00e9utica, servicio para potenciar el autocuidado de la poblaci\u00f3n<\/span><\/a><\/div><\/li>\n<li><a class=\"wp-block-latest-posts__post-title\" href=\"https:\/\/www.cofb.org\/ca\/2024\/03\/20\/la-carrera-profesional-en-la-farmacia-comunitaria-debe-impulsarse-a-traves-del-talento-y-la-generacion-de-valor\/\">La carrera profesional en la farmacia comunitaria debe impulsarse a trav\u00e9s del talento y la generaci\u00f3n de valor<\/a><time datetime=\"2024-03-20T17:23:00+00:00\" class=\"wp-block-latest-posts__post-date\">20 de mar\u00e7 de 2024<\/time><div class=\"wp-block-latest-posts__post-excerpt\">\u00a0 Bajo el t\u00edtulo \u2018Titulares y adjuntos: c\u00f3mo desarrollar una carrera profesional en la farmacia comunitaria\u2019, se ha celebrado una mesa de actualidad en \u2018Infarma 2024\u2019 dirigida a impulsar el equipo profesional de la farmacia comunitaria Los ponentes comparten que es necesario romper el techo profesional con formaci\u00f3n, comunicaci\u00f3n activa, planes de incentivos y buena\u2026 <a class=\"wp-block-latest-posts__read-more\" href=\"https:\/\/www.cofb.org\/ca\/2024\/03\/20\/la-carrera-profesional-en-la-farmacia-comunitaria-debe-impulsarse-a-traves-del-talento-y-la-generacion-de-valor\/\" rel=\"noopener noreferrer\">M\u00e9s informaci\u00f3<span class=\"screen-reader-text\">: La carrera profesional en la farmacia comunitaria debe impulsarse a trav\u00e9s del talento y la generaci\u00f3n de valor<\/span><\/a><\/div><\/li>\n<li><a class=\"wp-block-latest-posts__post-title\" href=\"https:\/\/www.cofb.org\/ca\/2024\/03\/20\/detectar-a-tiempo-la-soledad-no-deseada-permite-prevenir-y-mejorar-la-salud-mental\/\">Detectar a tiempo la soledad no deseada permite prevenir y mejorar la salud mental<\/a><time datetime=\"2024-03-20T10:13:00+00:00\" class=\"wp-block-latest-posts__post-date\">20 de mar\u00e7 de 2024<\/time><div class=\"wp-block-latest-posts__post-excerpt\">\u00a0 El Colegio Oficial de Farmac\u00e9uticos de Madrid colabora con el Ayuntamiento de la capital para impulsar el papel del farmac\u00e9utico en la identificaci\u00f3n temprana de la depresi\u00f3n M\u00e1s de 276.400 personas mayores viven solas en su domicilio en la Comunidad de Madrid Es un problema transversal que afecta tambi\u00e9n a j\u00f3venes, adolescentes y enfermos\u2026 <a class=\"wp-block-latest-posts__read-more\" href=\"https:\/\/www.cofb.org\/ca\/2024\/03\/20\/detectar-a-tiempo-la-soledad-no-deseada-permite-prevenir-y-mejorar-la-salud-mental\/\" rel=\"noopener noreferrer\">M\u00e9s informaci\u00f3<span class=\"screen-reader-text\">: Detectar a tiempo la soledad no deseada permite prevenir y mejorar la salud mental<\/span><\/a><\/div><\/li>\n<li><a class=\"wp-block-latest-posts__post-title\" href=\"https:\/\/www.cofb.org\/ca\/2024\/03\/20\/los-problemas-de-suministro-de-medicamentos-un-desafio-creciente-ante-el-que-los-farmaceuticos-pueden-aportar-mucho\/\">Los problemas de suministro de medicamentos, un desaf\u00edo creciente ante el que los farmac\u00e9uticos pueden aportar mucho<\/a><time datetime=\"2024-03-20T09:59:00+00:00\" class=\"wp-block-latest-posts__post-date\">20 de mar\u00e7 de 2024<\/time><div class=\"wp-block-latest-posts__post-excerpt\">\u00a0 \u2018Infarma Madrid 2024\u2019 acoge una mesa de actualidad que busca analizar las causas que provocan las faltas y aportar soluciones para paliarlas En ella participaron Emili Esteve, director t\u00e9cnico de Farmaindustria, y Esther Cobo, jefa de \u00c1rea de Control de Medicamentos del Departamento de Inspecci\u00f3n y Control de Medicamentos de la Aemps, que ahondaron\u2026 <a class=\"wp-block-latest-posts__read-more\" href=\"https:\/\/www.cofb.org\/ca\/2024\/03\/20\/los-problemas-de-suministro-de-medicamentos-un-desafio-creciente-ante-el-que-los-farmaceuticos-pueden-aportar-mucho\/\" rel=\"noopener noreferrer\">M\u00e9s informaci\u00f3<span class=\"screen-reader-text\">: Los problemas de suministro de medicamentos, un desaf\u00edo creciente ante el que los farmac\u00e9uticos pueden aportar mucho<\/span><\/a><\/div><\/li>\n<li><a class=\"wp-block-latest-posts__post-title\" href=\"https:\/\/www.cofb.org\/ca\/2024\/03\/19\/la-atencion-integral-del-paciente-es-una-necesidad-que-requiere-innovacion-colaboracion-y-comunicacion-para-ser-real\/\">La atenci\u00f3n integral del paciente es una necesidad que requiere innovaci\u00f3n, colaboraci\u00f3n y comunicaci\u00f3n para ser real<\/a><time datetime=\"2024-03-19T18:23:00+00:00\" class=\"wp-block-latest-posts__post-date\">19 de mar\u00e7 de 2024<\/time><div class=\"wp-block-latest-posts__post-excerpt\">\u00a0 El coloquio Atenci\u00f3n integral del hospital a la farmacia: de la necesidad a la realidad, celebrada en \u2018Infarma Madrid 2024\u2019 re\u00fane a m\u00e9dicos, farmac\u00e9uticos de distintos niveles asistenciales y pacientes El desarrollo de protocolos colaborativos para la continuidad asistencial, mejorar la comunicaci\u00f3n e incorporar m\u00e1s a los pacientes a las decisiones, aspectos claves Las\u2026 <a class=\"wp-block-latest-posts__read-more\" href=\"https:\/\/www.cofb.org\/ca\/2024\/03\/19\/la-atencion-integral-del-paciente-es-una-necesidad-que-requiere-innovacion-colaboracion-y-comunicacion-para-ser-real\/\" rel=\"noopener noreferrer\">M\u00e9s informaci\u00f3<span class=\"screen-reader-text\">: La atenci\u00f3n integral del paciente es una necesidad que requiere innovaci\u00f3n, colaboraci\u00f3n y comunicaci\u00f3n para ser real<\/span><\/a><\/div><\/li>\n<li><a class=\"wp-block-latest-posts__post-title\" href=\"https:\/\/www.cofb.org\/ca\/2024\/03\/19\/arranca-infarma-madrid-2024-con-el-objetivo-de-poner-a-la-farmacia-a-la-vanguardia\/\">Arranca \u2018Infarma Madrid 2024\u2019 con el objetivo de poner a la farmacia a la vanguardia<\/a><time datetime=\"2024-03-19T15:22:00+00:00\" class=\"wp-block-latest-posts__post-date\">19 de mar\u00e7 de 2024<\/time><div class=\"wp-block-latest-posts__post-excerpt\">\u00a0 El Encuentro Europeo de la Farmacia re\u00fane a m\u00e1s de 34.000 profesionales, 3.500 congresistas y 300 expositores durante tres d\u00edas en IFEMA Madrid El alcalde del ayuntamiento de\u00a0Madrid resalta \u201cla cercan\u00eda de los farmac\u00e9uticos y su capacidad de conectar con los ciudadanos\u201d \u201cQueremos una farmacia que sea protagonista en todo el proceso preventivo y\u2026 <a class=\"wp-block-latest-posts__read-more\" href=\"https:\/\/www.cofb.org\/ca\/2024\/03\/19\/arranca-infarma-madrid-2024-con-el-objetivo-de-poner-a-la-farmacia-a-la-vanguardia\/\" rel=\"noopener noreferrer\">M\u00e9s informaci\u00f3<span class=\"screen-reader-text\">: Arranca \u2018Infarma Madrid 2024\u2019 con el objetivo de poner a la farmacia a la vanguardia<\/span><\/a><\/div><\/li>\n<li><a class=\"wp-block-latest-posts__post-title\" href=\"https:\/\/www.cofb.org\/ca\/2024\/03\/15\/les-farmacies-dispensen-22-500-productes-menstruals-reutilitzables-al-dia-des-del-llancament-de-la-meva-regla-les-meves-regles-2\/\">Les farm\u00e0cies dispensen 22.500 productes menstruals reutilitzables al dia des del llan\u00e7ament de &#8220;La meva regla, les meves regles&#8221;<\/a><time datetime=\"2024-03-15T16:26:00+00:00\" class=\"wp-block-latest-posts__post-date\">15 de mar\u00e7 de 2024<\/time><div class=\"wp-block-latest-posts__post-excerpt\">\u00a0 \u00c8xit de la iniciativa \u201cLa meva regla, les meves regles\u201d: en nom\u00e9s 10 dies, 225.000 dones i persones menstruants ja tenen el seu producte i s\u2019ha superat la desc\u00e0rrega de 400.000 codis QR, necessaris per a la dispensaci\u00f3 Des de la posada en marxa de l\u2019acci\u00f3, cada hora, les farm\u00e0cies de Catalunya han dispensat\u2026 <a class=\"wp-block-latest-posts__read-more\" href=\"https:\/\/www.cofb.org\/ca\/2024\/03\/15\/les-farmacies-dispensen-22-500-productes-menstruals-reutilitzables-al-dia-des-del-llancament-de-la-meva-regla-les-meves-regles-2\/\" rel=\"noopener noreferrer\">M\u00e9s informaci\u00f3<span class=\"screen-reader-text\">: Les farm\u00e0cies dispensen 22.500 productes menstruals reutilitzables al dia des del llan\u00e7ament de &#8220;La meva regla, les meves regles&#8221;<\/span><\/a><\/div><\/li>\n<li><a class=\"wp-block-latest-posts__post-title\" href=\"https:\/\/www.cofb.org\/ca\/2024\/03\/13\/comenca-la-campanya-electoral-per-a-les-eleccions-de-la-junta-de-govern-del-cof-de-barcelona-amb-dues-candidatures-proclamades\/\">Comen\u00e7a la campanya electoral per a les eleccions de la Junta de Govern del COF de Barcelona amb dues candidatures proclamades<\/a><time datetime=\"2024-03-13T13:35:00+00:00\" class=\"wp-block-latest-posts__post-date\">13 de mar\u00e7 de 2024<\/time><div class=\"wp-block-latest-posts__post-excerpt\">\u00a0 Les candidatures que opten a formar la nova Junta de Govern del COFB estan encap\u00e7alades, respectivament, pels farmac\u00e8utics Jordi Casas S\u00e1nchez i Guillermo Bagar\u00eda de Casanova El 17 d\u2019abril\u00a0tindr\u00e0 lloc la celebraci\u00f3 de la jornada electoral. Per primera vegada es podr\u00e0 emetre el vot remot electr\u00f2nic per afavorir l\u2019exercici del vot i augmentar la\u2026 <a class=\"wp-block-latest-posts__read-more\" href=\"https:\/\/www.cofb.org\/ca\/2024\/03\/13\/comenca-la-campanya-electoral-per-a-les-eleccions-de-la-junta-de-govern-del-cof-de-barcelona-amb-dues-candidatures-proclamades\/\" rel=\"noopener noreferrer\">M\u00e9s informaci\u00f3<span class=\"screen-reader-text\">: Comen\u00e7a la campanya electoral per a les eleccions de la Junta de Govern del COF de Barcelona amb dues candidatures proclamades<\/span><\/a><\/div><\/li>\n<li><a class=\"wp-block-latest-posts__post-title\" href=\"https:\/\/www.cofb.org\/ca\/2024\/03\/06\/agora-sanitaria-proposa-nou-destins-formatius-a-infarma-madrid-2024-2\/\">\u00c0gora Sanit\u00e0ria proposa nou \u2018destins\u2019 formatius a \u2018Infarma Madrid 2024\u2019<\/a><time datetime=\"2024-03-06T18:27:00+00:00\" class=\"wp-block-latest-posts__post-date\">6 de mar\u00e7 de 2024<\/time><div class=\"wp-block-latest-posts__post-excerpt\">\u00a0 Barcelona, 6 de mar\u00e7 de 2024.- \u201cDescobreix el teu viatge formatiu. Per a cada destinaci\u00f3, una formaci\u00f3\u201d. Aquest \u00e9s el lema triat per \u00c0gora Sanit\u00e0ria, la plataforma de formaci\u00f3 virtual dels col\u00b7legis oficials de farmac\u00e8utics de Madrid i Barcelona per a participar a Infarma Madrid 2024, el Congr\u00e9s Europeu de Farm\u00e0cia i Sal\u00f3 de\u2026 <a class=\"wp-block-latest-posts__read-more\" href=\"https:\/\/www.cofb.org\/ca\/2024\/03\/06\/agora-sanitaria-proposa-nou-destins-formatius-a-infarma-madrid-2024-2\/\" rel=\"noopener noreferrer\">M\u00e9s informaci\u00f3<span class=\"screen-reader-text\">: \u00c0gora Sanit\u00e0ria proposa nou \u2018destins\u2019 formatius a \u2018Infarma Madrid 2024\u2019<\/span><\/a><\/div><\/li>\n<li><a class=\"wp-block-latest-posts__post-title\" href=\"https:\/\/www.cofb.org\/ca\/2024\/03\/05\/cada-minut-una-farmacia-catalana-ha-dispensat-o-reservat-63-productes-menstruals-reutilitzables-durant-la-primera-jornada-de-la-iniciativa-la-meva-regla-les-meves-regles-2\/\">Cada minut, una farm\u00e0cia catalana ha dispensat o reservat 63 productes menstruals reutilitzables durant la primera jornada de la iniciativa \u201cLa meva regla, les meves regles\u201d<\/a><time datetime=\"2024-03-05T16:53:00+00:00\" class=\"wp-block-latest-posts__post-date\">5 de mar\u00e7 de 2024<\/time><div class=\"wp-block-latest-posts__post-excerpt\">\u00a0 Els farmac\u00e8utics i farmac\u00e8utiques han dispensat o reservat un total de 38.000 productes menstruals reutilitzables durant el primer dia de jornada de la iniciativa \u201cLa meva regla, les meves regles\u201d 166.145 dones o persones menstruants han descarregat el codi QR, necessari per a la dispensaci\u00f3 dels productes menstruals reutilitzables, a trav\u00e9s de l\u2019app La\u2026 <a class=\"wp-block-latest-posts__read-more\" href=\"https:\/\/www.cofb.org\/ca\/2024\/03\/05\/cada-minut-una-farmacia-catalana-ha-dispensat-o-reservat-63-productes-menstruals-reutilitzables-durant-la-primera-jornada-de-la-iniciativa-la-meva-regla-les-meves-regles-2\/\" rel=\"noopener noreferrer\">M\u00e9s informaci\u00f3<span class=\"screen-reader-text\">: Cada minut, una farm\u00e0cia catalana ha dispensat o reservat 63 productes menstruals reutilitzables durant la primera jornada de la iniciativa \u201cLa meva regla, les meves regles\u201d<\/span><\/a><\/div><\/li>\n<li><a class=\"wp-block-latest-posts__post-title\" href=\"https:\/\/www.cofb.org\/ca\/2024\/03\/04\/comenca-la-dispensacio-universal-i-gratuita-de-productes-menstruals-reutilitzables-a-les-farmacies-de-catalunya\/\">Comen\u00e7a la dispensaci\u00f3 universal i gratu\u00efta de productes menstruals reutilitzables a les farm\u00e0cies de Catalunya<\/a><time datetime=\"2024-03-04T19:19:00+00:00\" class=\"wp-block-latest-posts__post-date\">4 de mar\u00e7 de 2024<\/time><div class=\"wp-block-latest-posts__post-excerpt\">Barcelona, 4 de mar\u00e7 de 2024.- Totes les dones i persones menstruants de Catalunya ja poden dirigir-se a la farm\u00e0cia m\u00e9s propera per demanar unes calces menstruals, una copa o dues compreses de tela i rebre assessorament especialitzat. El Departament d\u2019Igualtat i Feminismes i el Consell de Col\u00b7legis Farmac\u00e8utics de Catalunya (CCFC) han donat el\u2026 <a class=\"wp-block-latest-posts__read-more\" href=\"https:\/\/www.cofb.org\/ca\/2024\/03\/04\/comenca-la-dispensacio-universal-i-gratuita-de-productes-menstruals-reutilitzables-a-les-farmacies-de-catalunya\/\" rel=\"noopener noreferrer\">M\u00e9s informaci\u00f3<span class=\"screen-reader-text\">: Comen\u00e7a la dispensaci\u00f3 universal i gratu\u00efta de productes menstruals reutilitzables a les farm\u00e0cies de Catalunya<\/span><\/a><\/div><\/li>\n<li><a class=\"wp-block-latest-posts__post-title\" href=\"https:\/\/www.cofb.org\/ca\/2024\/02\/29\/el-proxim-dilluns-4-de-marc-comenca-la-distribucio-gratuita-de-productes-menstruals-reutilitzables-a-les-farmacies-catalanes-2\/\">El pr\u00f2xim dilluns, 4 de mar\u00e7, comen\u00e7a la distribuci\u00f3 gratu\u00efta de productes menstruals reutilitzables a les farm\u00e0cies catalanes<\/a><time datetime=\"2024-02-29T16:50:00+00:00\" class=\"wp-block-latest-posts__post-date\">29 de febrer de 2024<\/time><div class=\"wp-block-latest-posts__post-excerpt\">\u00a0 Ho ha anunciat avui la consellera d\u2019Igualtat i Feminismes, T\u00e0nia Verge, juntament amb el president del Consell de Col\u00b7legis Farmac\u00e8utics de Catalunya, Jordi Casas, durant la visita a Alliance Healthcare, un dels quatre centres on s&#8217;emmagatzemen els productes\u00a0 Els farmac\u00e8utics i farmac\u00e8utiques seran els encarregats de dispensar els productes i d\u2019oferir assessorament personalitzat. Per\u2026 <a class=\"wp-block-latest-posts__read-more\" href=\"https:\/\/www.cofb.org\/ca\/2024\/02\/29\/el-proxim-dilluns-4-de-marc-comenca-la-distribucio-gratuita-de-productes-menstruals-reutilitzables-a-les-farmacies-catalanes-2\/\" rel=\"noopener noreferrer\">M\u00e9s informaci\u00f3<span class=\"screen-reader-text\">: El pr\u00f2xim dilluns, 4 de mar\u00e7, comen\u00e7a la distribuci\u00f3 gratu\u00efta de productes menstruals reutilitzables a les farm\u00e0cies catalanes<\/span><\/a><\/div><\/li>\n<li><a class=\"wp-block-latest-posts__post-title\" href=\"https:\/\/www.cofb.org\/ca\/2024\/02\/28\/infarma-solidari-2024-promoura-un-projecte-de-cooperacio-farmaceutica-a-uganda-2\/\">\u2018Infarma Solidari 2024\u2019 promour\u00e0 un projecte de cooperaci\u00f3 farmac\u00e8utica a Uganda<\/a><time datetime=\"2024-02-28T18:20:00+00:00\" class=\"wp-block-latest-posts__post-date\">28 de febrer de 2024<\/time><div class=\"wp-block-latest-posts__post-excerpt\">\u00a0 Barcelona, 28 de febrer de 2024.-\u00a0Infarma Solidari abra\u00e7ar\u00e0 una nova causa humanit\u00e0ria en el Congr\u00e9s Europeu de Farm\u00e0cia i Sal\u00f3 de Medicaments i Parafarm\u00e0cia que organitzen els col\u00b7legis oficials de farmac\u00e8utics de Madrid i Barcelona, en col\u00b7laboraci\u00f3 amb CloserStill, i que tindr\u00e0 lloc entre el 19 i el 21 de mar\u00e7 en el recinte\u2026 <a class=\"wp-block-latest-posts__read-more\" href=\"https:\/\/www.cofb.org\/ca\/2024\/02\/28\/infarma-solidari-2024-promoura-un-projecte-de-cooperacio-farmaceutica-a-uganda-2\/\" rel=\"noopener noreferrer\">M\u00e9s informaci\u00f3<span class=\"screen-reader-text\">: \u2018Infarma Solidari 2024\u2019 promour\u00e0 un projecte de cooperaci\u00f3 farmac\u00e8utica a Uganda<\/span><\/a><\/div><\/li>\n<\/ul>","protected":false},"excerpt":{"rendered":"<p>[ivory-search id=&#8221;73558&#8243; title=&#8221;Cercador Notes Premsa&#8221;]<\/p>\n","protected":false},"author":1,"featured_media":0,"parent":2987,"menu_order":0,"comment_status":"closed","ping_status":"closed","template":"","meta":{"_uag_custom_page_level_css":"","site-sidebar-layout":"default","site-content-layout":"","ast-site-content-layout":"default","site-content-style":"default","site-sidebar-style":"default","ast-global-header-display":"","ast-banner-title-visibility":"","ast-main-header-display":"","ast-hfb-above-header-display":"","ast-hfb-below-header-display":"","ast-hfb-mobile-header-display":"","site-post-title":"","ast-breadcrumbs-content":"","ast-featured-img":"","footer-sml-layout":"","theme-transparent-header-meta":"","adv-header-id-meta":"","stick-header-meta":"","header-above-stick-meta":"","header-main-stick-meta":"","header-below-stick-meta":"","astra-migrate-meta-layouts":"set","ast-page-background-enabled":"default","ast-page-background-meta":{"desktop":{"background-color":"var(--ast-global-color-4)","background-image":"","background-repeat":"repeat","background-position":"center center","background-size":"auto","background-attachment":"scroll","background-type":"","background-media":"","overlay-type":"","overlay-color":"","overlay-opacity":"","overlay-gradient":""},"tablet":{"background-color":"","background-image":"","background-repeat":"repeat","background-position":"center center","background-size":"auto","background-attachment":"scroll","background-type":"","background-media":"","overlay-type":"","overlay-color":"","overlay-opacity":"","overlay-gradient":""},"mobile":{"background-color":"","background-image":"","background-repeat":"repeat","background-position":"center center","background-size":"auto","background-attachment":"scroll","background-type":"","background-media":"","overlay-type":"","overlay-color":"","overlay-opacity":"","overlay-gradient":""}},"ast-content-background-meta":{"desktop":{"background-color":"var(--ast-global-color-5)","background-image":"","background-repeat":"repeat","background-position":"center center","background-size":"auto","background-attachment":"scroll","background-type":"","background-media":"","overlay-type":"","overlay-color":"","overlay-opacity":"","overlay-gradient":""},"tablet":{"background-color":"var(--ast-global-color-5)","background-image":"","background-repeat":"repeat","background-position":"center center","background-size":"auto","background-attachment":"scroll","background-type":"","background-media":"","overlay-type":"","overlay-color":"","overlay-opacity":"","overlay-gradient":""},"mobile":{"background-color":"var(--ast-global-color-5)","background-image":"","background-repeat":"repeat","background-position":"center center","background-size":"auto","background-attachment":"scroll","background-type":"","background-media":"","overlay-type":"","overlay-color":"","overlay-opacity":"","overlay-gradient":""}},"footnotes":""},"class_list":["post-2990","page","type-page","status-publish","hentry"],"yoast_head":"<!-- This site is optimized with the Yoast SEO plugin v22.4 - https:\/\/yoast.com\/wordpress\/plugins\/seo\/ -->\n<title>Notes de premsa - Col\u00b7legi de Farmac\u00e8utics de Barcelona<\/title>\n<meta name=\"robots\" content=\"index, follow, max-snippet:-1, max-image-preview:large, max-video-preview:-1\" \/>\n<link rel=\"canonical\" href=\"https:\/\/novaorg.cofb.net\/premsa\/sala-de-premsa\/notes-de-premsa\/\" \/>\n<meta property=\"og:locale\" content=\"ca_ES\" \/>\n<meta property=\"og:type\" content=\"article\" \/>\n<meta property=\"og:title\" content=\"Notes de premsa - Col\u00b7legi de Farmac\u00e8utics de Barcelona\" \/>\n<meta property=\"og:description\" content=\"[ivory-search id=&#8221;73558&#8243; title=&#8221;Cercador Notes Premsa&#8221;]\" \/>\n<meta property=\"og:url\" content=\"https:\/\/novaorg.cofb.net\/premsa\/sala-de-premsa\/notes-de-premsa\/\" \/>\n<meta property=\"og:site_name\" content=\"Col\u00b7legi de Farmac\u00e8utics de Barcelona\" \/>\n<meta property=\"article:publisher\" content=\"https:\/\/www.facebook.com\/farmaceuticsbcn\/\" \/>\n<meta property=\"article:modified_time\" content=\"2024-02-26T10:07:39+00:00\" \/>\n<meta name=\"twitter:card\" content=\"summary_large_image\" \/>\n<meta name=\"twitter:site\" content=\"@farmaceuticsbcn\" \/>\n<script type=\"application\/ld+json\" class=\"yoast-schema-graph\">{\"@context\":\"https:\/\/schema.org\",\"@graph\":[{\"@type\":\"WebPage\",\"@id\":\"https:\/\/novaorg.cofb.net\/premsa\/sala-de-premsa\/notes-de-premsa\/\",\"url\":\"https:\/\/novaorg.cofb.net\/premsa\/sala-de-premsa\/notes-de-premsa\/\",\"name\":\"Notes de premsa - Col\u00b7legi de Farmac\u00e8utics de Barcelona\",\"isPartOf\":{\"@id\":\"https:\/\/www.cofb.org\/#website\"},\"datePublished\":\"2023-06-15T09:07:32+00:00\",\"dateModified\":\"2024-02-26T10:07:39+00:00\",\"breadcrumb\":{\"@id\":\"https:\/\/novaorg.cofb.net\/premsa\/sala-de-premsa\/notes-de-premsa\/#breadcrumb\"},\"inLanguage\":\"ca\",\"potentialAction\":[{\"@type\":\"ReadAction\",\"target\":[\"https:\/\/novaorg.cofb.net\/premsa\/sala-de-premsa\/notes-de-premsa\/\"]}]},{\"@type\":\"BreadcrumbList\",\"@id\":\"https:\/\/novaorg.cofb.net\/premsa\/sala-de-premsa\/notes-de-premsa\/#breadcrumb\",\"itemListElement\":[{\"@type\":\"ListItem\",\"position\":1,\"name\":\"Inici\",\"item\":\"https:\/\/novaorg.cofb.net\/\"},{\"@type\":\"ListItem\",\"position\":2,\"name\":\"Premsa\",\"item\":\"https:\/\/novaorg.cofb.net\/premsa\/\"},{\"@type\":\"ListItem\",\"position\":3,\"name\":\"Sala de premsa\",\"item\":\"https:\/\/novaorg.cofb.net\/premsa\/sala-de-premsa\/\"},{\"@type\":\"ListItem\",\"position\":4,\"name\":\"Notes de premsa\"}]},{\"@type\":\"WebSite\",\"@id\":\"https:\/\/www.cofb.org\/#website\",\"url\":\"https:\/\/www.cofb.org\/\",\"name\":\"Col\u00b7legi de Farmac\u00e8utics de Barcelona\",\"description\":\"\",\"publisher\":{\"@id\":\"https:\/\/www.cofb.org\/#organization\"},\"potentialAction\":[{\"@type\":\"SearchAction\",\"target\":{\"@type\":\"EntryPoint\",\"urlTemplate\":\"https:\/\/www.cofb.org\/?s={search_term_string}\"},\"query-input\":\"required name=search_term_string\"}],\"inLanguage\":\"ca\"},{\"@type\":\"Organization\",\"@id\":\"https:\/\/www.cofb.org\/#organization\",\"name\":\"Col\u00b7legi de Farmac\u00e8utics de Barcelona\",\"url\":\"https:\/\/www.cofb.org\/\",\"logo\":{\"@type\":\"ImageObject\",\"inLanguage\":\"ca\",\"@id\":\"https:\/\/www.cofb.org\/#\/schema\/logo\/image\/\",\"url\":\"https:\/\/www.cofb.org\/wp-content\/uploads\/2023\/11\/cropped-Logotip-COFB.png\",\"contentUrl\":\"https:\/\/www.cofb.org\/wp-content\/uploads\/2023\/11\/cropped-Logotip-COFB.png\",\"width\":500,\"height\":105,\"caption\":\"Col\u00b7legi de Farmac\u00e8utics de Barcelona\"},\"image\":{\"@id\":\"https:\/\/www.cofb.org\/#\/schema\/logo\/image\/\"},\"sameAs\":[\"https:\/\/www.facebook.com\/farmaceuticsbcn\/\",\"https:\/\/twitter.com\/farmaceuticsbcn\",\"https:\/\/www.instagram.com\/farmaceuticsbcn\/\",\"https:\/\/www.linkedin.com\/company\/farmaceuticsbcn\/\"]}]}<\/script>\n<!-- \/ Yoast SEO plugin. -->","yoast_head_json":{"title":"Notes de premsa - Col\u00b7legi de Farmac\u00e8utics de Barcelona","robots":{"index":"index","follow":"follow","max-snippet":"max-snippet:-1","max-image-preview":"max-image-preview:large","max-video-preview":"max-video-preview:-1"},"canonical":"https:\/\/novaorg.cofb.net\/premsa\/sala-de-premsa\/notes-de-premsa\/","og_locale":"ca_ES","og_type":"article","og_title":"Notes de premsa - Col\u00b7legi de Farmac\u00e8utics de Barcelona","og_description":"[ivory-search id=&#8221;73558&#8243; title=&#8221;Cercador Notes Premsa&#8221;]","og_url":"https:\/\/novaorg.cofb.net\/premsa\/sala-de-premsa\/notes-de-premsa\/","og_site_name":"Col\u00b7legi de Farmac\u00e8utics de Barcelona","article_publisher":"https:\/\/www.facebook.com\/farmaceuticsbcn\/","article_modified_time":"2024-02-26T10:07:39+00:00","twitter_card":"summary_large_image","twitter_site":"@farmaceuticsbcn","schema":{"@context":"https:\/\/schema.org","@graph":[{"@type":"WebPage","@id":"https:\/\/novaorg.cofb.net\/premsa\/sala-de-premsa\/notes-de-premsa\/","url":"https:\/\/novaorg.cofb.net\/premsa\/sala-de-premsa\/notes-de-premsa\/","name":"Notes de premsa - Col\u00b7legi de Farmac\u00e8utics de Barcelona","isPartOf":{"@id":"https:\/\/www.cofb.org\/#website"},"datePublished":"2023-06-15T09:07:32+00:00","dateModified":"2024-02-26T10:07:39+00:00","breadcrumb":{"@id":"https:\/\/novaorg.cofb.net\/premsa\/sala-de-premsa\/notes-de-premsa\/#breadcrumb"},"inLanguage":"ca","potentialAction":[{"@type":"ReadAction","target":["https:\/\/novaorg.cofb.net\/premsa\/sala-de-premsa\/notes-de-premsa\/"]}]},{"@type":"BreadcrumbList","@id":"https:\/\/novaorg.cofb.net\/premsa\/sala-de-premsa\/notes-de-premsa\/#breadcrumb","itemListElement":[{"@type":"ListItem","position":1,"name":"Inici","item":"https:\/\/novaorg.cofb.net\/"},{"@type":"ListItem","position":2,"name":"Premsa","item":"https:\/\/novaorg.cofb.net\/premsa\/"},{"@type":"ListItem","position":3,"name":"Sala de premsa","item":"https:\/\/novaorg.cofb.net\/premsa\/sala-de-premsa\/"},{"@type":"ListItem","position":4,"name":"Notes de premsa"}]},{"@type":"WebSite","@id":"https:\/\/www.cofb.org\/#website","url":"https:\/\/www.cofb.org\/","name":"Col\u00b7legi de Farmac\u00e8utics de Barcelona","description":"","publisher":{"@id":"https:\/\/www.cofb.org\/#organization"},"potentialAction":[{"@type":"SearchAction","target":{"@type":"EntryPoint","urlTemplate":"https:\/\/www.cofb.org\/?s={search_term_string}"},"query-input":"required name=search_term_string"}],"inLanguage":"ca"},{"@type":"Organization","@id":"https:\/\/www.cofb.org\/#organization","name":"Col\u00b7legi de Farmac\u00e8utics de Barcelona","url":"https:\/\/www.cofb.org\/","logo":{"@type":"ImageObject","inLanguage":"ca","@id":"https:\/\/www.cofb.org\/#\/schema\/logo\/image\/","url":"https:\/\/www.cofb.org\/wp-content\/uploads\/2023\/11\/cropped-Logotip-COFB.png","contentUrl":"https:\/\/www.cofb.org\/wp-content\/uploads\/2023\/11\/cropped-Logotip-COFB.png","width":500,"height":105,"caption":"Col\u00b7legi de Farmac\u00e8utics de Barcelona"},"image":{"@id":"https:\/\/www.cofb.org\/#\/schema\/logo\/image\/"},"sameAs":["https:\/\/www.facebook.com\/farmaceuticsbcn\/","https:\/\/twitter.com\/farmaceuticsbcn","https:\/\/www.instagram.com\/farmaceuticsbcn\/","https:\/\/www.linkedin.com\/company\/farmaceuticsbcn\/"]}]}},"uagb_featured_image_src":{"full":false,"thumbnail":false,"medium":false,"medium_large":false,"large":false,"1536x1536":false,"2048x2048":false,"trp-custom-language-flag":false},"uagb_author_info":{"display_name":"wpAdminCofbOrg","author_link":"https:\/\/www.cofb.org\/ca\/author\/wpadmincofborg\/"},"uagb_comment_info":0,"uagb_excerpt":"[ivory-search id=&#8221;73558&#8243; title=&#8221;Cercador Notes Premsa&#8221;]","_links":{"self":[{"href":"https:\/\/www.cofb.org\/ca\/wp-json\/wp\/v2\/pages\/2990","targetHints":{"allow":["GET"]}}],"collection":[{"href":"https:\/\/www.cofb.org\/ca\/wp-json\/wp\/v2\/pages"}],"about":[{"href":"https:\/\/www.cofb.org\/ca\/wp-json\/wp\/v2\/types\/page"}],"author":[{"embeddable":true,"href":"https:\/\/www.cofb.org\/ca\/wp-json\/wp\/v2\/users\/1"}],"replies":[{"embeddable":true,"href":"https:\/\/www.cofb.org\/ca\/wp-json\/wp\/v2\/comments?post=2990"}],"version-history":[{"count":36,"href":"https:\/\/www.cofb.org\/ca\/wp-json\/wp\/v2\/pages\/2990\/revisions"}],"predecessor-version":[{"id":77676,"href":"https:\/\/www.cofb.org\/ca\/wp-json\/wp\/v2\/pages\/2990\/revisions\/77676"}],"up":[{"embeddable":true,"href":"https:\/\/www.cofb.org\/ca\/wp-json\/wp\/v2\/pages\/2987"}],"wp:attachment":[{"href":"https:\/\/www.cofb.org\/ca\/wp-json\/wp\/v2\/media?parent=2990"}],"curies":[{"name":"wp","href":"https:\/\/api.w.org\/{rel}","templated":true}]}}