{"id":2762,"date":"2023-06-13T09:28:07","date_gmt":"2023-06-13T09:28:07","guid":{"rendered":"https:\/\/novaorg.cofb.net\/?page_id=2762"},"modified":"2024-08-29T12:06:43","modified_gmt":"2024-08-29T12:06:43","slug":"collegiat","status":"publish","type":"page","link":"https:\/\/www.cofb.org\/ca\/que-oferim\/farmaceutics\/collegiat\/","title":{"rendered":"Col\u00b7legia&#8217;t"},"content":{"rendered":"\n<div class=\"wp-block-uagb-image uagb-block-347581b0 wp-block-uagb-image--layout-default wp-block-uagb-image--effect-static wp-block-uagb-image--align-none\"><figure class=\"wp-block-uagb-image__figure\"><img loading=\"lazy\" decoding=\"async\" srcset=\"https:\/\/www.cofb.org\/wp-content\/uploads\/2023\/07\/QueOferimFarmaceutic_ColegiateOK.jpg \" sizes=\"auto, (max-width: 480px) 150px\" src=\"https:\/\/www.cofb.org\/wp-content\/uploads\/2023\/07\/QueOferimFarmaceutic_ColegiateOK.jpg\" alt=\"\" class=\"uag-image-67316\" width=\"864\" height=\"273\" title=\"\" loading=\"lazy\" role=\"img\"\/><\/figure><\/div>\n\n\n\n<h2 class=\"wp-block-heading\">Per qu\u00e8 col\u00b7legiar-me?<\/h2>\n\n\n\n<p>Col\u00b7legiar-se representa formar part dels prop de 9.000 farmac\u00e8utics que exerceixen a la prov\u00edncia de Barcelona en els diferents \u00e0mbits de la professi\u00f3, com el d\u2019oficina de farm\u00e0cia, farm\u00e0cia hospital\u00e0ria, ind\u00fastria farmac\u00e8utica, distribuci\u00f3, salut p\u00fablica o doc\u00e8ncia, entre d&#8217;altres.<\/p>\n\n\n\n<p>L&#8217;excel\u00b7l\u00e8ncia i l&#8217;\u00e8tica professional s\u00f3n els valors que guien les actuacions del Col\u00b7legi i, com a membre, comptes amb el comprom\u00eds del COFB per:<\/p>\n\n\n\n<ul class=\"wp-block-list\">\n<li><strong>Defensar els teus leg\u00edtims interessos com a farmac\u00e8utic<\/strong>&nbsp;i posar al teu abast els<strong>&nbsp;serveis i activitats<\/strong>&nbsp;perqu\u00e8 puguis&nbsp;<strong>ampliar els teus coneixements, desenvolupar<\/strong>&nbsp;les teves<strong>&nbsp;capacitats professionals<\/strong>&nbsp;i&nbsp;<strong>contribuir<\/strong>&nbsp;de forma decisiva a&nbsp;<strong>millorar la salut de la poblaci\u00f3.<\/strong><\/li>\n\n\n\n<li><strong>Impulsar la professi\u00f3 farmac\u00e8utica<\/strong>, estant&nbsp;<strong>al dia de les novetats<\/strong>&nbsp;que es donen en l&#8217;\u00e0mbit sanitari i de la farm\u00e0cia per anticipar possibles escenaris,&nbsp;<strong>contribuir al progr\u00e9s del sector i donar a con\u00e8ixer la tasca<\/strong>&nbsp;i&nbsp;<strong>l&#8217;opini\u00f3 del col\u00b7lectiu<\/strong>&nbsp;farmac\u00e8utic a la societat.<\/li>\n<\/ul>\n\n\n\n<h3 class=\"wp-block-heading\">Beneficis<\/h3>\n\n\n\n<p id=\"yui_patched_v3_11_0_1_1689751799635_312\">Com a col\u00b7legiat tens acc\u00e9s als diferents serveis que ofereix el Col\u00b7legi, com<strong>\u00a0l\u2019Assessorament en aspectes legals<\/strong>, la\u00a0<strong>Borsa de Treball<\/strong>\u00a0o el\u00a0<strong>conjunt d\u2019activitats formatives<\/strong>. En aquest sentit, l&#8217;any 2023 es van realitzar un total de 227 activitats formatives\u00a0per, d\u2019aquesta manera, seguir donant resposta a les necessitats canviants de la professi\u00f3. Podeu veure tots els altres serveis\u00a0<a href=\"\/ca\/que-oferim\/farmaceutics\/serveis-als-collegiats\/\">aqu\u00ed<\/a>.<\/p>\n\n\n\n<p id=\"yui_patched_v3_11_0_1_1689751799635_315\">A m\u00e9s, el Col\u00b7legi mant\u00e9 convenis amb empreses i entitats que t\u2019ofereixen avantatges i importants descomptes, gaudint de beneficis en el preu en diversos hotels, compres i assegurances. El COFB proposa tamb\u00e9 activitats culturals i viatges amb descomptes especials. Puntualment, s&#8217;hi afegeixen ofertes.<\/p>\n\n\n\n<p id=\"yui_patched_v3_11_0_1_1689751799635_318\">Per poder tramitar tots aquests avantatges,&nbsp;<strong>\u00e9s imprescindible presentar el carnet de col\u00b7legiat<\/strong>.<\/p>\n\n\n\n<h2 class=\"wp-block-heading\">Aspectes a tenir en compte a l&#8217;hora de col\u00b7legiar-se<\/h2>\n\n\n\n<ul class=\"wp-block-list\">\n<li><a href=\"https:\/\/www.cofb.org\/que-oferim\/farmaceutics\/collegiat\/tramitacio-dalta-com-a-collegiat\/\" data-type=\"page\" data-id=\"3760\">Tramitaci\u00f3 d&#8217;alta com a col\u00b7legiat<\/a><\/li>\n\n\n\n<li><a href=\"https:\/\/www.cofb.org\/que-oferim\/farmaceutics__trashed\/collegiat-2\/quotes\/\" data-type=\"page\" data-id=\"3763\">Quotes<\/a> <\/li>\n<\/ul>\n","protected":false},"excerpt":{"rendered":"<p>Per qu\u00e8 col\u00b7legiar-me? Col\u00b7legiar-se representa formar part dels prop de 9.000 farmac\u00e8utics que exerceixen a la prov\u00edncia de Barcelona en els diferents \u00e0mbits de la professi\u00f3, com el d\u2019oficina de farm\u00e0cia, farm\u00e0cia hospital\u00e0ria, ind\u00fastria farmac\u00e8utica, distribuci\u00f3, salut p\u00fablica o doc\u00e8ncia, entre d&#8217;altres. L&#8217;excel\u00b7l\u00e8ncia i l&#8217;\u00e8tica professional s\u00f3n els valors que [&hellip;]<\/p>\n","protected":false},"author":1,"featured_media":0,"parent":3756,"menu_order":3,"comment_status":"closed","ping_status":"closed","template":"","meta":{"_uag_custom_page_level_css":"","site-sidebar-layout":"default","site-content-layout":"","ast-site-content-layout":"default","site-content-style":"default","site-sidebar-style":"default","ast-global-header-display":"","ast-banner-title-visibility":"","ast-main-header-display":"","ast-hfb-above-header-display":"","ast-hfb-below-header-display":"","ast-hfb-mobile-header-display":"","site-post-title":"","ast-breadcrumbs-content":"","ast-featured-img":"","footer-sml-layout":"","theme-transparent-header-meta":"","adv-header-id-meta":"","stick-header-meta":"","header-above-stick-meta":"","header-main-stick-meta":"","header-below-stick-meta":"","astra-migrate-meta-layouts":"set","ast-page-background-enabled":"default","ast-page-background-meta":{"desktop":{"background-color":"var(--ast-global-color-4)","background-image":"","background-repeat":"repeat","background-position":"center center","background-size":"auto","background-attachment":"scroll","background-type":"","background-media":"","overlay-type":"","overlay-color":"","overlay-opacity":"","overlay-gradient":""},"tablet":{"background-color":"","background-image":"","background-repeat":"repeat","background-position":"center center","background-size":"auto","background-attachment":"scroll","background-type":"","background-media":"","overlay-type":"","overlay-color":"","overlay-opacity":"","overlay-gradient":""},"mobile":{"background-color":"","background-image":"","background-repeat":"repeat","background-position":"center center","background-size":"auto","background-attachment":"scroll","background-type":"","background-media":"","overlay-type":"","overlay-color":"","overlay-opacity":"","overlay-gradient":""}},"ast-content-background-meta":{"desktop":{"background-color":"var(--ast-global-color-5)","background-image":"","background-repeat":"repeat","background-position":"center center","background-size":"auto","background-attachment":"scroll","background-type":"","background-media":"","overlay-type":"","overlay-color":"","overlay-opacity":"","overlay-gradient":""},"tablet":{"background-color":"var(--ast-global-color-5)","background-image":"","background-repeat":"repeat","background-position":"center center","background-size":"auto","background-attachment":"scroll","background-type":"","background-media":"","overlay-type":"","overlay-color":"","overlay-opacity":"","overlay-gradient":""},"mobile":{"background-color":"var(--ast-global-color-5)","background-image":"","background-repeat":"repeat","background-position":"center center","background-size":"auto","background-attachment":"scroll","background-type":"","background-media":"","overlay-type":"","overlay-color":"","overlay-opacity":"","overlay-gradient":""}},"footnotes":""},"class_list":["post-2762","page","type-page","status-publish","hentry"],"yoast_head":"<!-- This site is optimized with the Yoast SEO plugin v22.4 - https:\/\/yoast.com\/wordpress\/plugins\/seo\/ -->\n<title>Col\u00b7legia&#039;t - Col\u00b7legi de Farmac\u00e8utics de Barcelona<\/title>\n<meta name=\"robots\" content=\"index, follow, max-snippet:-1, max-image-preview:large, max-video-preview:-1\" \/>\n<link rel=\"canonical\" href=\"https:\/\/www.cofb.org\/ca\/que-oferim\/farmaceutics\/collegiat\/\" \/>\n<meta property=\"og:locale\" content=\"ca_ES\" \/>\n<meta property=\"og:type\" content=\"article\" \/>\n<meta property=\"og:title\" content=\"Col\u00b7legia&#039;t - Col\u00b7legi de Farmac\u00e8utics de Barcelona\" \/>\n<meta property=\"og:description\" content=\"Per qu\u00e8 col\u00b7legiar-me? Col\u00b7legiar-se representa formar part dels prop de 9.000 farmac\u00e8utics que exerceixen a la prov\u00edncia de Barcelona en els diferents \u00e0mbits de la professi\u00f3, com el d\u2019oficina de farm\u00e0cia, farm\u00e0cia hospital\u00e0ria, ind\u00fastria farmac\u00e8utica, distribuci\u00f3, salut p\u00fablica o doc\u00e8ncia, entre d&#8217;altres. L&#8217;excel\u00b7l\u00e8ncia i l&#8217;\u00e8tica professional s\u00f3n els valors que [&hellip;]\" \/>\n<meta property=\"og:url\" content=\"https:\/\/www.cofb.org\/ca\/que-oferim\/farmaceutics\/collegiat\/\" \/>\n<meta property=\"og:site_name\" content=\"Col\u00b7legi de Farmac\u00e8utics de Barcelona\" \/>\n<meta property=\"article:publisher\" content=\"https:\/\/www.facebook.com\/farmaceuticsbcn\/\" \/>\n<meta property=\"article:modified_time\" content=\"2024-08-29T12:06:43+00:00\" \/>\n<meta property=\"og:image\" content=\"https:\/\/www.cofb.org\/wp-content\/uploads\/2023\/07\/QueOferimFarmaceutic_ColegiateOK.jpg\" \/>\n<meta name=\"twitter:card\" content=\"summary_large_image\" \/>\n<meta name=\"twitter:site\" content=\"@farmaceuticsbcn\" \/>\n<meta name=\"twitter:label1\" content=\"Temps estimat de lectura\" \/>\n\t<meta name=\"twitter:data1\" content=\"2 minuts\" \/>\n<script type=\"application\/ld+json\" class=\"yoast-schema-graph\">{\"@context\":\"https:\/\/schema.org\",\"@graph\":[{\"@type\":\"WebPage\",\"@id\":\"https:\/\/www.cofb.org\/que-oferim\/farmaceutics\/collegiat\/\",\"url\":\"https:\/\/www.cofb.org\/que-oferim\/farmaceutics\/collegiat\/\",\"name\":\"Col\u00b7legia't - Col\u00b7legi de Farmac\u00e8utics de Barcelona\",\"isPartOf\":{\"@id\":\"https:\/\/www.cofb.org\/#website\"},\"primaryImageOfPage\":{\"@id\":\"https:\/\/www.cofb.org\/que-oferim\/farmaceutics\/collegiat\/#primaryimage\"},\"image\":{\"@id\":\"https:\/\/www.cofb.org\/que-oferim\/farmaceutics\/collegiat\/#primaryimage\"},\"thumbnailUrl\":\"https:\/\/www.cofb.org\/wp-content\/uploads\/2023\/07\/QueOferimFarmaceutic_ColegiateOK.jpg\",\"datePublished\":\"2023-06-13T09:28:07+00:00\",\"dateModified\":\"2024-08-29T12:06:43+00:00\",\"breadcrumb\":{\"@id\":\"https:\/\/www.cofb.org\/que-oferim\/farmaceutics\/collegiat\/#breadcrumb\"},\"inLanguage\":\"ca\",\"potentialAction\":[{\"@type\":\"ReadAction\",\"target\":[\"https:\/\/www.cofb.org\/que-oferim\/farmaceutics\/collegiat\/\"]}]},{\"@type\":\"ImageObject\",\"inLanguage\":\"ca\",\"@id\":\"https:\/\/www.cofb.org\/que-oferim\/farmaceutics\/collegiat\/#primaryimage\",\"url\":\"https:\/\/www.cofb.org\/wp-content\/uploads\/2023\/07\/QueOferimFarmaceutic_ColegiateOK.jpg\",\"contentUrl\":\"https:\/\/www.cofb.org\/wp-content\/uploads\/2023\/07\/QueOferimFarmaceutic_ColegiateOK.jpg\"},{\"@type\":\"BreadcrumbList\",\"@id\":\"https:\/\/www.cofb.org\/que-oferim\/farmaceutics\/collegiat\/#breadcrumb\",\"itemListElement\":[{\"@type\":\"ListItem\",\"position\":1,\"name\":\"Inici\",\"item\":\"https:\/\/novaorg.cofb.net\/\"},{\"@type\":\"ListItem\",\"position\":2,\"name\":\"Qu\u00e8 oferim?\",\"item\":\"https:\/\/novaorg.cofb.net\/que-oferim\/\"},{\"@type\":\"ListItem\",\"position\":3,\"name\":\"Farmac\u00e8utics\",\"item\":\"https:\/\/novaorg.cofb.net\/que-oferim\/farmaceutics\/\"},{\"@type\":\"ListItem\",\"position\":4,\"name\":\"Col\u00b7legia&#8217;t\"}]},{\"@type\":\"WebSite\",\"@id\":\"https:\/\/www.cofb.org\/#website\",\"url\":\"https:\/\/www.cofb.org\/\",\"name\":\"Col\u00b7legi de Farmac\u00e8utics de Barcelona\",\"description\":\"\",\"publisher\":{\"@id\":\"https:\/\/www.cofb.org\/#organization\"},\"potentialAction\":[{\"@type\":\"SearchAction\",\"target\":{\"@type\":\"EntryPoint\",\"urlTemplate\":\"https:\/\/www.cofb.org\/?s={search_term_string}\"},\"query-input\":\"required name=search_term_string\"}],\"inLanguage\":\"ca\"},{\"@type\":\"Organization\",\"@id\":\"https:\/\/www.cofb.org\/#organization\",\"name\":\"Col\u00b7legi de Farmac\u00e8utics de Barcelona\",\"url\":\"https:\/\/www.cofb.org\/\",\"logo\":{\"@type\":\"ImageObject\",\"inLanguage\":\"ca\",\"@id\":\"https:\/\/www.cofb.org\/#\/schema\/logo\/image\/\",\"url\":\"https:\/\/www.cofb.org\/wp-content\/uploads\/2023\/11\/cropped-Logotip-COFB.png\",\"contentUrl\":\"https:\/\/www.cofb.org\/wp-content\/uploads\/2023\/11\/cropped-Logotip-COFB.png\",\"width\":500,\"height\":105,\"caption\":\"Col\u00b7legi de Farmac\u00e8utics de Barcelona\"},\"image\":{\"@id\":\"https:\/\/www.cofb.org\/#\/schema\/logo\/image\/\"},\"sameAs\":[\"https:\/\/www.facebook.com\/farmaceuticsbcn\/\",\"https:\/\/twitter.com\/farmaceuticsbcn\",\"https:\/\/www.instagram.com\/farmaceuticsbcn\/\",\"https:\/\/www.linkedin.com\/company\/farmaceuticsbcn\/\"]}]}<\/script>\n<!-- \/ Yoast SEO plugin. -->","yoast_head_json":{"title":"Col\u00b7legia't - Col\u00b7legi de Farmac\u00e8utics de Barcelona","robots":{"index":"index","follow":"follow","max-snippet":"max-snippet:-1","max-image-preview":"max-image-preview:large","max-video-preview":"max-video-preview:-1"},"canonical":"https:\/\/www.cofb.org\/ca\/que-oferim\/farmaceutics\/collegiat\/","og_locale":"ca_ES","og_type":"article","og_title":"Col\u00b7legia't - Col\u00b7legi de Farmac\u00e8utics de Barcelona","og_description":"Per qu\u00e8 col\u00b7legiar-me? Col\u00b7legiar-se representa formar part dels prop de 9.000 farmac\u00e8utics que exerceixen a la prov\u00edncia de Barcelona en els diferents \u00e0mbits de la professi\u00f3, com el d\u2019oficina de farm\u00e0cia, farm\u00e0cia hospital\u00e0ria, ind\u00fastria farmac\u00e8utica, distribuci\u00f3, salut p\u00fablica o doc\u00e8ncia, entre d&#8217;altres. L&#8217;excel\u00b7l\u00e8ncia i l&#8217;\u00e8tica professional s\u00f3n els valors que [&hellip;]","og_url":"https:\/\/www.cofb.org\/ca\/que-oferim\/farmaceutics\/collegiat\/","og_site_name":"Col\u00b7legi de Farmac\u00e8utics de Barcelona","article_publisher":"https:\/\/www.facebook.com\/farmaceuticsbcn\/","article_modified_time":"2024-08-29T12:06:43+00:00","og_image":[{"url":"https:\/\/www.cofb.org\/wp-content\/uploads\/2023\/07\/QueOferimFarmaceutic_ColegiateOK.jpg"}],"twitter_card":"summary_large_image","twitter_site":"@farmaceuticsbcn","twitter_misc":{"Temps estimat de lectura":"2 minuts"},"schema":{"@context":"https:\/\/schema.org","@graph":[{"@type":"WebPage","@id":"https:\/\/www.cofb.org\/que-oferim\/farmaceutics\/collegiat\/","url":"https:\/\/www.cofb.org\/que-oferim\/farmaceutics\/collegiat\/","name":"Col\u00b7legia't - Col\u00b7legi de Farmac\u00e8utics de Barcelona","isPartOf":{"@id":"https:\/\/www.cofb.org\/#website"},"primaryImageOfPage":{"@id":"https:\/\/www.cofb.org\/que-oferim\/farmaceutics\/collegiat\/#primaryimage"},"image":{"@id":"https:\/\/www.cofb.org\/que-oferim\/farmaceutics\/collegiat\/#primaryimage"},"thumbnailUrl":"https:\/\/www.cofb.org\/wp-content\/uploads\/2023\/07\/QueOferimFarmaceutic_ColegiateOK.jpg","datePublished":"2023-06-13T09:28:07+00:00","dateModified":"2024-08-29T12:06:43+00:00","breadcrumb":{"@id":"https:\/\/www.cofb.org\/que-oferim\/farmaceutics\/collegiat\/#breadcrumb"},"inLanguage":"ca","potentialAction":[{"@type":"ReadAction","target":["https:\/\/www.cofb.org\/que-oferim\/farmaceutics\/collegiat\/"]}]},{"@type":"ImageObject","inLanguage":"ca","@id":"https:\/\/www.cofb.org\/que-oferim\/farmaceutics\/collegiat\/#primaryimage","url":"https:\/\/www.cofb.org\/wp-content\/uploads\/2023\/07\/QueOferimFarmaceutic_ColegiateOK.jpg","contentUrl":"https:\/\/www.cofb.org\/wp-content\/uploads\/2023\/07\/QueOferimFarmaceutic_ColegiateOK.jpg"},{"@type":"BreadcrumbList","@id":"https:\/\/www.cofb.org\/que-oferim\/farmaceutics\/collegiat\/#breadcrumb","itemListElement":[{"@type":"ListItem","position":1,"name":"Inici","item":"https:\/\/novaorg.cofb.net\/"},{"@type":"ListItem","position":2,"name":"Qu\u00e8 oferim?","item":"https:\/\/novaorg.cofb.net\/que-oferim\/"},{"@type":"ListItem","position":3,"name":"Farmac\u00e8utics","item":"https:\/\/novaorg.cofb.net\/que-oferim\/farmaceutics\/"},{"@type":"ListItem","position":4,"name":"Col\u00b7legia&#8217;t"}]},{"@type":"WebSite","@id":"https:\/\/www.cofb.org\/#website","url":"https:\/\/www.cofb.org\/","name":"Col\u00b7legi de Farmac\u00e8utics de Barcelona","description":"","publisher":{"@id":"https:\/\/www.cofb.org\/#organization"},"potentialAction":[{"@type":"SearchAction","target":{"@type":"EntryPoint","urlTemplate":"https:\/\/www.cofb.org\/?s={search_term_string}"},"query-input":"required name=search_term_string"}],"inLanguage":"ca"},{"@type":"Organization","@id":"https:\/\/www.cofb.org\/#organization","name":"Col\u00b7legi de Farmac\u00e8utics de Barcelona","url":"https:\/\/www.cofb.org\/","logo":{"@type":"ImageObject","inLanguage":"ca","@id":"https:\/\/www.cofb.org\/#\/schema\/logo\/image\/","url":"https:\/\/www.cofb.org\/wp-content\/uploads\/2023\/11\/cropped-Logotip-COFB.png","contentUrl":"https:\/\/www.cofb.org\/wp-content\/uploads\/2023\/11\/cropped-Logotip-COFB.png","width":500,"height":105,"caption":"Col\u00b7legi de Farmac\u00e8utics de Barcelona"},"image":{"@id":"https:\/\/www.cofb.org\/#\/schema\/logo\/image\/"},"sameAs":["https:\/\/www.facebook.com\/farmaceuticsbcn\/","https:\/\/twitter.com\/farmaceuticsbcn","https:\/\/www.instagram.com\/farmaceuticsbcn\/","https:\/\/www.linkedin.com\/company\/farmaceuticsbcn\/"]}]}},"uagb_featured_image_src":{"full":false,"thumbnail":false,"medium":false,"medium_large":false,"large":false,"1536x1536":false,"2048x2048":false,"trp-custom-language-flag":false},"uagb_author_info":{"display_name":"wpAdminCofbOrg","author_link":"https:\/\/www.cofb.org\/ca\/author\/wpadmincofborg\/"},"uagb_comment_info":0,"uagb_excerpt":"Per qu\u00e8 col\u00b7legiar-me? Col\u00b7legiar-se representa formar part dels prop de 9.000 farmac\u00e8utics que exerceixen a la prov\u00edncia de Barcelona en els diferents \u00e0mbits de la professi\u00f3, com el d\u2019oficina de farm\u00e0cia, farm\u00e0cia hospital\u00e0ria, ind\u00fastria farmac\u00e8utica, distribuci\u00f3, salut p\u00fablica o doc\u00e8ncia, entre d&#8217;altres. L&#8217;excel\u00b7l\u00e8ncia i l&#8217;\u00e8tica professional s\u00f3n els valors que [&hellip;]","_links":{"self":[{"href":"https:\/\/www.cofb.org\/ca\/wp-json\/wp\/v2\/pages\/2762","targetHints":{"allow":["GET"]}}],"collection":[{"href":"https:\/\/www.cofb.org\/ca\/wp-json\/wp\/v2\/pages"}],"about":[{"href":"https:\/\/www.cofb.org\/ca\/wp-json\/wp\/v2\/types\/page"}],"author":[{"embeddable":true,"href":"https:\/\/www.cofb.org\/ca\/wp-json\/wp\/v2\/users\/1"}],"replies":[{"embeddable":true,"href":"https:\/\/www.cofb.org\/ca\/wp-json\/wp\/v2\/comments?post=2762"}],"version-history":[{"count":9,"href":"https:\/\/www.cofb.org\/ca\/wp-json\/wp\/v2\/pages\/2762\/revisions"}],"predecessor-version":[{"id":79511,"href":"https:\/\/www.cofb.org\/ca\/wp-json\/wp\/v2\/pages\/2762\/revisions\/79511"}],"up":[{"embeddable":true,"href":"https:\/\/www.cofb.org\/ca\/wp-json\/wp\/v2\/pages\/3756"}],"wp:attachment":[{"href":"https:\/\/www.cofb.org\/ca\/wp-json\/wp\/v2\/media?parent=2762"}],"curies":[{"name":"wp","href":"https:\/\/api.w.org\/{rel}","templated":true}]}}