{"id":1488,"date":"2022-03-04T03:42:59","date_gmt":"2022-03-04T03:42:59","guid":{"rendered":"https:\/\/novaorg.cofb.net\/home\/"},"modified":"2024-06-27T09:38:51","modified_gmt":"2024-06-27T09:38:51","slug":"inici","status":"publish","type":"page","link":"https:\/\/www.cofb.org\/ca\/","title":{"rendered":"Inici"},"content":{"rendered":"\n\n\n\n\n<div class=\"inherit-container-width wp-block-group caixacercahome has-ast-global-color-8-background-color has-background is-layout-constrained wp-block-group-is-layout-constrained\" style=\"padding-top:var(--wp--preset--spacing--40);padding-bottom:var(--wp--preset--spacing--40)\">\n<div class=\"wp-block-columns is-layout-flex wp-container-core-columns-is-layout-28f84493 wp-block-columns-is-layout-flex\">\n<div class=\"wp-block-column is-layout-flow wp-block-column-is-layout-flow\" style=\"flex-basis:100%\"><\/div>\n<\/div>\n\n\n\n<div class=\"wp-block-columns is-layout-flex wp-container-core-columns-is-layout-28f84493 wp-block-columns-is-layout-flex\">\n<div class=\"wp-block-column is-layout-flow wp-block-column-is-layout-flow\" style=\"flex-basis:100%\"><form role=\"search\" method=\"get\" action=\"https:\/\/www.cofb.org\/ca\/\" class=\"wp-block-search__button-inside wp-block-search__text-button aligncenter cercahome wp-block-search\"    ><label class=\"wp-block-search__label screen-reader-text\" for=\"wp-block-search__input-1\" >Cerca<\/label><div class=\"wp-block-search__inside-wrapper \"  style=\"width: 100%;border-width: 0px;border-style: none;border-radius: calc(50px + 4px)\"><input class=\"wp-block-search__input has-large-font-size\" id=\"wp-block-search__input-1\" placeholder=\"Cerca alguna cosa...\" value=\"\" type=\"search\" name=\"s\" required  style=\"border-radius: 50px\"\/><button aria-label=\"Cerca\" class=\"wp-block-search__button has-large-font-size wp-element-button\" type=\"submit\"  style=\"border-radius: 50px\">Cerca<\/button><\/div><\/form><\/div>\n<\/div>\n\n\n\n<p>Exemples de cerca: <a href=\"?s=farmacies+obertes\">farm\u00e0cies obertes<\/a>, <a href=\"?s=serveis+professionals\">serveis professionals<\/a>, <a href=\"?s=com+col\u00b7legiar-se\">com col\u00b7legiar-se<\/a>, <a href=\"?s=activitats\">activitats<\/a>, <a href=\"?s=lloguer+espais\">lloguer d&#8217;espais<\/a>\u2026<\/p>\n<\/div>\n\n\n\n<div class=\"wp-block-uagb-container uagb-block-ffd06fc0 alignwide uagb-is-root-container\">\n<div class=\"wp-block-columns has-ffffff-background-color has-background is-layout-flex wp-container-core-columns-is-layout-28f84493 wp-block-columns-is-layout-flex\">\n<div class=\"wp-block-column colhome has-ast-global-color-5-background-color has-background is-layout-constrained wp-container-core-column-is-layout-04671197 wp-block-column-is-layout-constrained\" style=\"padding-top:var(--wp--preset--spacing--50);padding-right:var(--wp--preset--spacing--50);padding-bottom:var(--wp--preset--spacing--50);padding-left:var(--wp--preset--spacing--50)\">\n<div class=\"wp-block-uagb-advanced-heading uagb-block-15aa61f2\"><h3 class=\"uagb-heading-text\"><a href=\"https:\/\/www.cofb.org\/que-oferim\/farmaceutics\/serveis-als-collegiats\/formacio-i-projectes\/activitats\/\" data-type=\"page\" data-id=\"2414\">\u00c0rea professional<\/a><\/h3><\/div>\n\n\n\n<p>A l&#8217;apartat <a href=\"https:\/\/www.cofb.org\/que-oferim\/farmaceutics\/serveis-als-collegiats\/formacio-i-projectes\/activitats\/\" data-type=\"page\" data-id=\"2414\">Activitats<\/a> pots inscriure&#8217;t als diversos cursos que ofereix el COFB<\/p>\n\n\n<script type=\"text\/javascript\">\n    var cofbacts_mainContainerId = 'cofbacts_main_container';\n<\/script>\n<div id=\"cofbacts_main_container\" class=\"wp-cofb-activities \">\n\n\n\n\n        <div class=\"curs\">\n            <div class=\"type-CURS curs-CURS_AGORA_ONLINE\">\n                <img decoding=\"async\" src=\"\">\n            <\/div>\n            <div class=\"curs-info\">\n                <p><span class=\"wp-cofb-activities-date\">05\/05\/2026<\/span><\/p>\n                <p>\n                                            <a href=\"\/que-oferim\/farmaceutics\/serveis-als-collegiats\/formacio-i-projectes\/activitats\/?&idActivitat=4905\">Elaboraci\u00f3 dels sistemes personalitzats de dosificaci\u00f3 (SPD). 35\u00aa edici\u00f3 - \u00c0GORA<\/a>\n                                    <\/p>\n                                <p><span class=\"wp-cofb-activities-summary\">Inscripcions obertes<\/span><\/p>\n            <\/div>\n        <\/div>\n\n    \n        <div class=\"curs\">\n            <div class=\"type-CURS curs-CURS_COFB_PRES\">\n                <img decoding=\"async\" src=\"\">\n            <\/div>\n            <div class=\"curs-info\">\n                <p><span class=\"wp-cofb-activities-date\">19\/05\/2026<\/span><\/p>\n                <p>\n                                            <a href=\"\/que-oferim\/farmaceutics\/serveis-als-collegiats\/formacio-i-projectes\/activitats\/?&idActivitat=4912\">Manteniment, reparaci\u00f3 i posada a punt d\u2019ajudes t\u00e8cniques<\/a>\n                                    <\/p>\n                                <p><span class=\"wp-cofb-activities-summary\">Inscripcions obertes<\/span><\/p>\n            <\/div>\n        <\/div>\n\n    \n        <div class=\"curs\">\n            <div class=\"type-CONF curs-CONF_COFB\">\n                <img decoding=\"async\" src=\"\">\n            <\/div>\n            <div class=\"curs-info\">\n                <p><span class=\"wp-cofb-activities-date\">27\/05\/2026<\/span><\/p>\n                <p>\n                                            <a href=\"\/que-oferim\/farmaceutics\/serveis-als-collegiats\/formacio-i-projectes\/activitats\/?&idActivitat=4939\">F\u00f2rum Dermoexpert. Tot el que no saps sobre la fotoprotecci\u00f3 - PRESENCIAL<\/a>\n                                    <\/p>\n                                <p><span class=\"wp-cofb-activities-summary\">Inscripcions obertes<\/span><\/p>\n            <\/div>\n        <\/div>\n\n    \n        <div class=\"curs\">\n            <div class=\"type-CONF curs-CONF_COFB\">\n                <img decoding=\"async\" src=\"\">\n            <\/div>\n            <div class=\"curs-info\">\n                <p><span class=\"wp-cofb-activities-date\">27\/05\/2026<\/span><\/p>\n                <p>\n                                            <a href=\"\/que-oferim\/farmaceutics\/serveis-als-collegiats\/formacio-i-projectes\/activitats\/?&idActivitat=4940\">F\u00f2rum Dermoexpert. Tot el que no saps sobre la fotoprotecci\u00f3 - WEBINAR<\/a>\n                                    <\/p>\n                                <p><span class=\"wp-cofb-activities-summary\">Inscripcions obertes<\/span><\/p>\n            <\/div>\n        <\/div>\n\n    \n    <ul class=\"wp-cofb-activities-pagination\">\n        \n            <\/ul>\n\n\n<\/div>\n\n<script type=\"text\/javascript\">\n    if(typeof cofbacts_goToPage === 'undefined') {\n        function cofbacts_goToPage(page,mainContainerId) {\n            var url = 'https:\/\/www.cofb.org\/wp-admin\/admin-ajax.php?action=cofbacts_paginated_results&page=' + page + '&pageElems=5';\n            var request = new XMLHttpRequest();\n            request.open('GET', url, true);\n            request.setRequestHeader('Content-Type', 'application\/x-www-form-urlencoded; charset=UTF-8');\n            request.onload = function () {\n                document.getElementById(mainContainerId).innerHTML = this.response;\n            }\n            request.send();\n        }\n    }\n<\/script>\n\n\n\n\n\n<div class=\"wp-block-uagb-container uagb-block-0052022a\">\n<div class=\"wp-block-uagb-container uagb-block-3f6c0479\">\n<div class=\"wp-block-columns is-layout-flex wp-container-core-columns-is-layout-c4f209a1 wp-block-columns-is-layout-flex\" id=\"colres3\" style=\"padding-top:var(--wp--preset--spacing--70);padding-right:0;padding-bottom:0;padding-left:0\">\n<div class=\"wp-block-column is-layout-flow wp-block-column-is-layout-flow\">\n<figure class=\"wp-block-image aligncenter size-full is-resized\"><a href=\"https:\/\/www.cofb.org\/que-oferim\/empreses-entitats\/borsa-de-treball\/\"><img decoding=\"async\" width=\"140\" height=\"140\" src=\"https:\/\/www.cofb.org\/wp-content\/uploads\/2023\/06\/ico-borsa.png\" alt=\"Borsa treball\" class=\"wp-image-2795\" style=\"object-fit:cover;width:160px;height:160px\"\/><\/a><\/figure>\n\n\n\n<p class=\"has-text-align-center\" style=\"margin-top:var(--wp--preset--spacing--30);font-size:22px\"><a href=\"https:\/\/www.cofb.org\/que-oferim\/empreses-entitats\/borsa-de-treball\/\">Borsa de treball<\/a><\/p>\n<\/div>\n\n\n\n<div class=\"wp-block-column is-layout-flow wp-block-column-is-layout-flow\">\n<figure class=\"wp-block-image aligncenter size-full is-resized\"><a href=\"https:\/\/www.cofb.org\/qui-som\/el-collegi\/directori-de-col%c2%b7legiats\/\"><img decoding=\"async\" width=\"140\" height=\"140\" src=\"https:\/\/www.cofb.org\/wp-content\/uploads\/2023\/06\/ico-directori.png\" alt=\"Directori\" class=\"wp-image-2796\" style=\"object-fit:cover;width:160px;height:160px\"\/><\/a><\/figure>\n\n\n\n<p class=\"has-text-align-center\" style=\"margin-top:var(--wp--preset--spacing--30);font-size:22px\"><a href=\"https:\/\/www.cofb.org\/qui-som\/el-collegi\/directori-de-col%c2%b7legiats\/\">Directori<\/a><\/p>\n<\/div>\n\n\n\n<div class=\"wp-block-column is-layout-flow wp-block-column-is-layout-flow\">\n<figure class=\"wp-block-image aligncenter size-full is-resized\"><a href=\"https:\/\/www.cofb.org\/que-oferim\/farmaceutics\/collegiat\/\"><img decoding=\"async\" width=\"140\" height=\"140\" src=\"https:\/\/www.cofb.org\/wp-content\/uploads\/2023\/06\/ico-colegiat.png\" alt=\"Col\u00b7legia't\" class=\"wp-image-2797\" style=\"object-fit:cover;width:160px;height:160px\"\/><\/a><\/figure>\n\n\n\n<p class=\"has-text-align-center\" style=\"margin-top:var(--wp--preset--spacing--30);font-size:22px\"><a href=\"https:\/\/www.cofb.org\/que-oferim\/farmaceutics\/collegiat\/\">Col\u00b7legia&#8217;t<\/a><\/p>\n<\/div>\n<\/div>\n<\/div>\n<\/div>\n<\/div>\n\n\n\n<div class=\"wp-block-column colhome coltwitter has-ast-global-color-5-background-color has-background is-layout-constrained wp-container-core-column-is-layout-6059860c wp-block-column-is-layout-constrained\" style=\"padding-top:var(--wp--preset--spacing--40);padding-right:var(--wp--preset--spacing--40);padding-bottom:var(--wp--preset--spacing--40);padding-left:var(--wp--preset--spacing--40)\">\n<div class=\"wp-block-uagb-advanced-heading uagb-block-a3168b5a\"><h3 class=\"uagb-heading-text\"><a href=\"https:\/\/www.cofb.org\/que-oferim\/ciutadans\/serveis-a-la-poblacio\/\" data-type=\"page\" data-id=\"2951\">Serveis a les persones<\/a><\/h3><\/div>\n\n\n\n<figure class=\"wp-block-image size-full\"><img loading=\"lazy\" decoding=\"async\" width=\"561\" height=\"133\" src=\"https:\/\/www.cofb.org\/wp-content\/uploads\/2023\/06\/logo-farmaserveis.png\" alt=\"\" class=\"wp-image-2799\" srcset=\"https:\/\/www.cofb.org\/wp-content\/uploads\/2023\/06\/logo-farmaserveis.png 561w, https:\/\/www.cofb.org\/wp-content\/uploads\/2023\/06\/logo-farmaserveis-300x71.png 300w\" sizes=\"(max-width: 561px) 100vw, 561px\" \/><\/figure>\n\n\n\n<p><strong>Farmaserveis&nbsp;<\/strong>\u00e9s la&nbsp;<strong>plataforma de registre assistencial de la xarxa de farm\u00e0cies a Catalunya<\/strong>&nbsp;que t\u00e9 com a objectius&nbsp;<strong>transformar la relaci\u00f3 actual amb el pacient i connectar amb la seva salut digitalment<\/strong>, aix\u00ed com&nbsp;donar resposta a la necessitat de transformaci\u00f3 digital de les farm\u00e0cies&nbsp;davant els canvis de tend\u00e8ncies de la societat.<\/p>\n\n\n\n<p>Actualment, Farmaserveis ofereix els seg\u00fcents serveis: <strong>pressi\u00f3 arterial, programa de cessaci\u00f3 tab\u00e0quica, perfil lip\u00eddic, par\u00e0metres antropom\u00e8trics, Glic\u00e8mia i HbA1C, i consell alimentari<\/strong>. Per a m\u00e9s informaci\u00f3 sobre quins beneficis aporta al pacient i al farmac\u00e8utic, o com donar-te d&#8217;alta, accedeix <a href=\"https:\/\/www.cofb.org\/que-oferim\/ciutadans\/serveis-a-la-poblacio\/farmaserveis\/\" data-type=\"page\" data-id=\"67526\">aqu\u00ed<\/a>.<\/p>\n\n\n\n<div class=\"wp-block-columns is-layout-flex wp-container-core-columns-is-layout-b8e64976 wp-block-columns-is-layout-flex\" id=\"colres3\" style=\"margin-top:var(--wp--preset--spacing--80)\">\n<div class=\"wp-block-column is-layout-flow wp-block-column-is-layout-flow\">\n<figure class=\"wp-block-image aligncenter size-full accessos\"><a href=\"#\"><img loading=\"lazy\" decoding=\"async\" width=\"196\" height=\"180\" src=\"https:\/\/www.cofb.org\/wp-content\/uploads\/2023\/06\/bon-us.png\" alt=\"Programa d\u2019Educaci\u00f3 Sanit\u00e0ria pel Bon \u00das dels Medicaments\" class=\"wp-image-3444\"\/><\/a><\/figure>\n\n\n\n<p class=\"has-text-align-center\" style=\"font-size:22px\"><a href=\"https:\/\/www.cofb.org\/que-oferim\/ciutadans\/serveis-a-la-poblacio\/programa-deducacio-sanitaria-pel-bon-us-dels-medicaments\/\">Programa d&#8217;Educaci\u00f3<br>Sanit\u00e0ria pel Bon \u00das<br>dels Medicaments<\/a><\/p>\n<\/div>\n\n\n\n<div class=\"wp-block-column accessos is-layout-flow wp-block-column-is-layout-flow\">\n<figure class=\"wp-block-image aligncenter size-full\"><a href=\"#\"><img loading=\"lazy\" decoding=\"async\" width=\"180\" height=\"180\" src=\"https:\/\/www.cofb.org\/wp-content\/uploads\/2023\/06\/farmaserveis.png\" alt=\"Farmaserveis\" class=\"wp-image-3481\" srcset=\"https:\/\/www.cofb.org\/wp-content\/uploads\/2023\/06\/farmaserveis.png 180w, https:\/\/www.cofb.org\/wp-content\/uploads\/2023\/06\/farmaserveis-150x150.png 150w\" sizes=\"(max-width: 180px) 100vw, 180px\" \/><\/a><\/figure>\n\n\n\n<p class=\"has-text-align-center\" style=\"font-size:22px\"><a href=\"https:\/\/www.cofb.org\/que-oferim\/ciutadans\/serveis-a-la-poblacio\/farmaserveis\/\">Farmaserveis<\/a><\/p>\n<\/div>\n\n\n\n<div class=\"wp-block-column is-layout-flow wp-block-column-is-layout-flow\">\n<figure class=\"wp-block-image aligncenter size-full accessos\"><a href=\"#\"><img loading=\"lazy\" decoding=\"async\" width=\"368\" height=\"307\" src=\"https:\/\/www.cofb.org\/wp-content\/uploads\/2023\/06\/dosificacio.png\" alt=\"Sistema Personalitzat de Dosificaci\u00f3\" class=\"wp-image-3443\" srcset=\"https:\/\/www.cofb.org\/wp-content\/uploads\/2023\/06\/dosificacio.png 368w, https:\/\/www.cofb.org\/wp-content\/uploads\/2023\/06\/dosificacio-300x250.png 300w\" sizes=\"(max-width: 368px) 100vw, 368px\" \/><\/a><\/figure>\n\n\n\n<p class=\"has-text-align-center\" style=\"font-size:22px\"><a href=\"https:\/\/www.cofb.org\/que-oferim\/ciutadans\/serveis-a-la-poblacio\/seguiment-farmacoterapeutic-amb-sistemes-personalitzats-de-dosificacio-spd\/\">Sistema Personalitzat de Dosificaci\u00f3<\/a><\/p>\n<\/div>\n<\/div>\n\n\n\n<div class=\"wp-block-columns accessos is-layout-flex wp-container-core-columns-is-layout-b8e64976 wp-block-columns-is-layout-flex\" id=\"colres3\" style=\"margin-top:var(--wp--preset--spacing--80)\">\n<div class=\"wp-block-column accessos is-layout-flow wp-block-column-is-layout-flow\">\n<figure class=\"wp-block-image aligncenter size-full accessos\"><a href=\"#\"><img loading=\"lazy\" decoding=\"async\" width=\"222\" height=\"211\" src=\"https:\/\/www.cofb.org\/wp-content\/uploads\/2023\/06\/diabetis-acces.png\" alt=\"Atenci\u00f3 diabetis\" class=\"wp-image-3479\"\/><\/a><\/figure>\n\n\n\n<p class=\"has-text-align-center\" style=\"font-size:22px\"><a href=\"https:\/\/www.cofb.org\/que-oferim\/ciutadans\/serveis-a-la-poblacio\/atencio-diabetis-jo-diabetis\/\">Atenci\u00f3 Diabetis<\/a><\/p>\n<\/div>\n\n\n\n<div class=\"wp-block-column is-layout-flow wp-block-column-is-layout-flow\">\n<figure class=\"wp-block-image aligncenter size-full\"><a href=\"#\"><img loading=\"lazy\" decoding=\"async\" width=\"226\" height=\"180\" src=\"https:\/\/www.cofb.org\/wp-content\/uploads\/2023\/06\/metadona.png\" alt=\"Programa de manteniment\namb metadona\" class=\"wp-image-3446\"\/><\/a><\/figure>\n\n\n\n<p class=\"has-text-align-center\" style=\"font-size:22px\"><a href=\"https:\/\/www.cofb.org\/que-oferim\/ciutadans\/serveis-a-la-poblacio\/programa-de-manteniment-amb-metadona-pmm\/\">Programa de manteniment<br>amb metadona<\/a><\/p>\n<\/div>\n\n\n\n<div class=\"wp-block-column is-layout-flow wp-block-column-is-layout-flow\">\n<figure class=\"wp-block-image aligncenter size-full accessos\"><a href=\"#\"><img loading=\"lazy\" decoding=\"async\" width=\"511\" height=\"510\" src=\"https:\/\/www.cofb.org\/wp-content\/uploads\/2023\/06\/atencio-pell.png\" alt=\"Atenci\u00f3 pell\" class=\"wp-image-3482\" srcset=\"https:\/\/www.cofb.org\/wp-content\/uploads\/2023\/06\/atencio-pell.png 511w, https:\/\/www.cofb.org\/wp-content\/uploads\/2023\/06\/atencio-pell-300x300.png 300w, https:\/\/www.cofb.org\/wp-content\/uploads\/2023\/06\/atencio-pell-150x150.png 150w\" sizes=\"(max-width: 511px) 100vw, 511px\" \/><\/a><\/figure>\n\n\n\n<p class=\"has-text-align-center\" style=\"font-size:22px\"><a href=\"https:\/\/www.cofb.org\/que-oferim\/ciutadans\/serveis-a-la-poblacio\/atencio-pell-prevencio-del-cancer-de-pell-a-la-farmacia\/\">Atenci\u00f3 pell<\/a><\/p>\n<\/div>\n<\/div>\n<\/div>\n<\/div>\n<\/div>\n\n\n\n<div class=\"wp-block-uagb-container uagb-block-7f9eb04f alignwide uagb-is-root-container\">\n<div class=\"wp-block-columns has-ffffff-background-color has-background is-layout-flex wp-container-core-columns-is-layout-28f84493 wp-block-columns-is-layout-flex\">\n<div class=\"wp-block-column colhome has-ast-global-color-5-background-color has-background is-layout-constrained wp-container-core-column-is-layout-04671197 wp-block-column-is-layout-constrained\" style=\"padding-top:var(--wp--preset--spacing--50);padding-right:var(--wp--preset--spacing--50);padding-bottom:var(--wp--preset--spacing--50);padding-left:var(--wp--preset--spacing--50)\">\n<div class=\"wp-block-uagb-advanced-heading uagb-block-c66c38ae\"><h3 class=\"uagb-heading-text\"><a href=\"https:\/\/www.cofb.org\/ca\/category\/recomanacions-del-farmaceutic\/\" data-type=\"link\" data-id=\"https:\/\/www.cofb.org\/ca\/category\/recomanacions-del-farmaceutic\/\">Consells de salut<\/a><\/h3><\/div>\n\n\n<ul style=\"font-size:16px; padding-top:0;padding-right:0;padding-bottom:var(--wp--preset--spacing--30);padding-left:0;\" class=\"wp-block-latest-posts__list has-dates entradahome wp-block-latest-posts\"><li><div class=\"wp-block-latest-posts__featured-image alignleft\"><a href=\"https:\/\/www.cofb.org\/ca\/2024\/02\/15\/quin-es-lus-adequat-dels-antibiotics-per-evitar-resistencies-3\/\" aria-label=\"Quin \u00e9s l&#8217;\u00fas adequat dels antibi\u00f2tics per evitar resist\u00e8ncies?\"><img loading=\"lazy\" decoding=\"async\" width=\"936\" height=\"623\" src=\"https:\/\/www.cofb.org\/wp-content\/uploads\/2024\/04\/antibiotics-us-adequat.jpeg\" class=\"attachment-large size-large wp-post-image\" alt=\"\" style=\"\" srcset=\"https:\/\/www.cofb.org\/wp-content\/uploads\/2024\/04\/antibiotics-us-adequat.jpeg 936w, https:\/\/www.cofb.org\/wp-content\/uploads\/2024\/04\/antibiotics-us-adequat-300x200.jpeg 300w, https:\/\/www.cofb.org\/wp-content\/uploads\/2024\/04\/antibiotics-us-adequat-768x511.jpeg 768w, https:\/\/www.cofb.org\/wp-content\/uploads\/2024\/04\/antibiotics-us-adequat-18x12.jpeg 18w\" sizes=\"(max-width: 936px) 100vw, 936px\" \/><\/a><\/div><a class=\"wp-block-latest-posts__post-title\" href=\"https:\/\/www.cofb.org\/ca\/2024\/02\/15\/quin-es-lus-adequat-dels-antibiotics-per-evitar-resistencies-3\/\">Quin \u00e9s l&#8217;\u00fas adequat dels antibi\u00f2tics per evitar resist\u00e8ncies?<\/a><time datetime=\"2024-02-15T14:25:00+00:00\" class=\"wp-block-latest-posts__post-date\">15 de febrer de 2024<\/time><div class=\"wp-block-latest-posts__post-excerpt\">Els&nbsp;antibi\u00f2tics&nbsp;s\u00f3n medicaments emprats en el tractament d\u2019infeccions ocasionades per bacteris. S\u2019encarreguen de destruir al bacteri o b\u00e9 d\u2019aturar el seu desenvolupament a l\u2019organisme. Cada tipus de bacteri requereix un antibi\u00f2tic espec\u00edfic. En funci\u00f3 del proc\u00e9s infecci\u00f3s, el metge prescriu el tractament antibi\u00f2tic m\u00e9s adequat i amb la durada m\u00e9s id\u00f2nia. \u00c9s molt important tenir en compte que els antibi\u00f2tics no s\u00f3n efectius per combatre&nbsp;virus que, molt sovint, s\u00f3n els responsables dels processos gripals, refredats, faringitis d\u2019origen v\u00edric, etc. Recomanacions per fer un bon \u00fas dels antibi\u00f2tics Cada vegada que s\u2019usa\u2026 <a class=\"wp-block-latest-posts__read-more\" href=\"https:\/\/www.cofb.org\/ca\/2024\/02\/15\/quin-es-lus-adequat-dels-antibiotics-per-evitar-resistencies-3\/\" rel=\"noopener noreferrer\">M\u00e9s informaci\u00f3<span class=\"screen-reader-text\">: Quin \u00e9s l&#8217;\u00fas adequat dels antibi\u00f2tics per evitar resist\u00e8ncies?<\/span><\/a><\/div><\/li>\n<\/ul><\/div>\n\n\n\n<div class=\"wp-block-column colhome coltwitter has-ast-global-color-5-background-color has-background is-layout-constrained wp-container-core-column-is-layout-6059860c wp-block-column-is-layout-constrained\" style=\"padding-top:var(--wp--preset--spacing--40);padding-right:var(--wp--preset--spacing--40);padding-bottom:var(--wp--preset--spacing--40);padding-left:var(--wp--preset--spacing--40)\">\n<div class=\"wp-block-uagb-advanced-heading uagb-block-d1bc8bdb\"><h3 class=\"uagb-heading-text\">El COFB a Instagram<\/h3><\/div>\n\n\n<style type=\"text\/css\">\n<\/style><div class=\"instagram-social-btn-top\"><a href=\"https:\/\/instagram.com\/farmaceuticsbcn\/\" target=\"_blank\" rel=\"noreferrer\">Follow on Instagram<\/a><\/div><div id=\"feed_dynamic_classyiukhkxtci_business\" class=\"fts-instagram-inline-block-centered feed_dynamic_classyiukhkxtci_business\"  data-ftsi-columns=\"2\" data-ftsi-columns-tablet=\"\" data-ftsi-columns-mobile=\"\" data-ftsi-force-columns=\"no\" data-ftsi-margin=\"5px\" data-ftsi-height=\"\">                            <div class=\"slicker-instagram-placeholder fts-instagram-wrapper\" style=\"background-image:url('https:\/\/scontent-mad2-1.cdninstagram.com\/v\/t51.82787-15\/671584209_18352951198242319_4655949962876119022_n.jpg?stp=dst-jpg_e35_tt6&#038;_nc_cat=111&#038;ccb=7-5&#038;_nc_sid=18de74&#038;efg=eyJlZmdfdGFnIjoiQ0FST1VTRUxfSVRFTS5iZXN0X2ltYWdlX3VybGdlbi5DMyJ9&#038;_nc_ohc=Y_eUCPk3LrkQ7kNvwFBRFlY&#038;_nc_oc=AdrN4RXXXHhlOqDVKyTvI6mk_7qmAq9mnEMOkNO_aKUC7Crg_GvyOAERFiNBuLe2PGs&#038;_nc_zt=23&#038;_nc_ht=scontent-mad2-1.cdninstagram.com&#038;edm=AEQ6tj4EAAAA&#038;_nc_gid=Gyst-aZhQrBRhamlFoHHrg&#038;oh=00_Af1uh11xiyESxxToA8cai68GJRbWy5iexP4EVxoz2CLPlA&#038;oe=69F9026A')\">\n                                            <a href='https:\/\/www.instagram.com\/p\/DXgyfAADMWh\/' title='\ud83d\udfe2 El Col\u00b7legi de Farmac\u00e8utics de Barcelona ha celebrat amb gran \u00e8xit de convocat\u00f2ria la Marat\u00f3 formativa &quot;100 claus de gesti\u00f3 per fer cr\u00e9ixer la teva farm\u00e0cia en un sol dia&quot;. \n\n\ud83d\udc49La formaci\u00f3, que va tenir lloc el 21 d\u2019abril de forma online amb el patrocini de COFBServeis, @laboratoriosvilardell i @zambon1906, va comptar amb la inscripci\u00f3 de m\u00e9s de 750 farmac\u00e8utiques i farmac\u00e8utics col\u00b7legiats i va mantenir una alta participaci\u00f3 en directe, arribant a pics de fins a 350 persones connectades simult\u00e0niament.\n\n\ud83d\udca1Aquesta marat\u00f3 ha estat un avan\u00e7ament dels continguts que s\u2019oferiran en profunditat en la pr\u00f2xima edici\u00f3 del Programa de Desenvolupament Empresarial de la Farm\u00e0cia (PDEF), on farmac\u00e8utics i farmac\u00e8utiques de tot Espanya ja poden reservar la seva pla\u00e7a a www.pdef.cat.\n\u270d\ufe0fNota de premsa \u27a1\ufe0f www.cofb.org\/category\/notes-premsa\/\n[Link a la BIO]' target=\"_blank\" rel=\"noreferrer\" class='fts-child-media fts-instagram-link-target fts-slicker-backg\n                         fts-instagram-img-link' style=\"height:65px !important; width:65px; line-height:65px; font-size:65px;\"><span class=\"fts-instagram-icon\" style=\"height:65px; width:65px; line-height:65px; font-size:65px;\"><\/span><\/a>\n                                                    <div class=\"fts-carousel-image-wrapper\"><div class=\"fts-carousel-image\" ><\/div><\/div>\n                            \t\t\t\t\t\t\t\t<a href='' title='\ud83d\udfe2 El Col\u00b7legi de Farmac\u00e8utics de Barcelona ha celebrat amb gran \u00e8xit de convocat\u00f2ria la Marat\u00f3 formativa &quot;100 claus de gesti\u00f3 per fer cr\u00e9ixer la teva farm\u00e0cia en un sol dia&quot;. \n\n\ud83d\udc49La formaci\u00f3, que va tenir lloc el 21 d\u2019abril de forma online amb el patrocini de COFBServeis, @laboratoriosvilardell i @zambon1906, va comptar amb la inscripci\u00f3 de m\u00e9s de 750 farmac\u00e8utiques i farmac\u00e8utics col\u00b7legiats i va mantenir una alta participaci\u00f3 en directe, arribant a pics de fins a 350 persones connectades simult\u00e0niament.\n\n\ud83d\udca1Aquesta marat\u00f3 ha estat un avan\u00e7ament dels continguts que s\u2019oferiran en profunditat en la pr\u00f2xima edici\u00f3 del Programa de Desenvolupament Empresarial de la Farm\u00e0cia (PDEF), on farmac\u00e8utics i farmac\u00e8utiques de tot Espanya ja poden reservar la seva pla\u00e7a a www.pdef.cat.\n\u270d\ufe0fNota de premsa \u27a1\ufe0f www.cofb.org\/category\/notes-premsa\/\n[Link a la BIO]' target=\"_blank\" rel=\"noreferrer\" class='fts-child-media fts-child-media-hide fts-instagram-link-target fts-slicker-backg\n                                                                     fts-instagram-img-link'><\/a>\n                                \t\t\t\t\t\t\t\t<a href='' title='\ud83d\udfe2 El Col\u00b7legi de Farmac\u00e8utics de Barcelona ha celebrat amb gran \u00e8xit de convocat\u00f2ria la Marat\u00f3 formativa &quot;100 claus de gesti\u00f3 per fer cr\u00e9ixer la teva farm\u00e0cia en un sol dia&quot;. \n\n\ud83d\udc49La formaci\u00f3, que va tenir lloc el 21 d\u2019abril de forma online amb el patrocini de COFBServeis, @laboratoriosvilardell i @zambon1906, va comptar amb la inscripci\u00f3 de m\u00e9s de 750 farmac\u00e8utiques i farmac\u00e8utics col\u00b7legiats i va mantenir una alta participaci\u00f3 en directe, arribant a pics de fins a 350 persones connectades simult\u00e0niament.\n\n\ud83d\udca1Aquesta marat\u00f3 ha estat un avan\u00e7ament dels continguts que s\u2019oferiran en profunditat en la pr\u00f2xima edici\u00f3 del Programa de Desenvolupament Empresarial de la Farm\u00e0cia (PDEF), on farmac\u00e8utics i farmac\u00e8utiques de tot Espanya ja poden reservar la seva pla\u00e7a a www.pdef.cat.\n\u270d\ufe0fNota de premsa \u27a1\ufe0f www.cofb.org\/category\/notes-premsa\/\n[Link a la BIO]' target=\"_blank\" rel=\"noreferrer\" class='fts-child-media fts-child-media-hide fts-instagram-link-target fts-slicker-backg\n                                                                     fts-instagram-img-link'><\/a>\n                                \n                        <div class='slicker-date'>\n\n                            <div class=\"fts-insta-date-popup-grab\">\n                            abril 24, 2026  11:13 am                            <\/div>\n                        <\/div>\n                    <div class='slicker-instaG-backg-link'>\n\n                        <div class='slicker-instaG-photoshadow'><\/div>\n                    <\/div>\n                        <div class=\"fts-insta-likes-comments-grab-popup\">\n\n                            <div class=\"fts-share-wrap\"><a href=\"javascript:;\" class=\"ft-gallery-link-popup\" title=\"Social Share Options\"><\/a><div class=\"ft-gallery-share-wrap\"><a href=\"https:\/\/www.facebook.com\/sharer\/sharer.php?u=https:\/\/www.instagram.com\/p\/DXgyfAADMWh\/\" target=\"_blank\" rel=\"noreferrer\" class=\"ft-galleryfacebook-icon\" title=\"Share this post on Facebook\"><i class=\"fa fa-facebook-square\"><\/i><\/a><a href=\"https:\/\/twitter.com\/intent\/tweet?text=https:\/\/www.instagram.com\/p\/DXgyfAADMWh\/+\ud83d\udfe2 El Col\u00b7legi de Farmac\u00e8utics de Barcelona ha celebrat amb gran \u00e8xit de convocat\u00f2ria la Marat\u00f3 formativa &quot;100 claus de gesti\u00f3 per fer cr\u00e9ixer la teva farm\u00e0cia en un sol dia&quot;. \n\n\ud83d\udc49La formaci\u00f3, que va tenir lloc el 21 d\u2019abril de forma online amb el patrocini de COFBServeis, @laboratoriosvilardell i @zambon1906, va comptar amb la inscripci\u00f3 de m\u00e9s de 750 farmac\u00e8utiques i farmac\u00e8utics col\u00b7legiats i va mantenir una alta participaci\u00f3 en directe, arribant a pics de fins a 350 persones connectades simult\u00e0niament.\n\n\ud83d\udca1Aquesta marat\u00f3 ha estat un avan\u00e7ament dels continguts que s\u2019oferiran en profunditat en la pr\u00f2xima edici\u00f3 del Programa de Desenvolupament Empresarial de la Farm\u00e0cia (PDEF), on farmac\u00e8utics i farmac\u00e8utiques de tot Espanya ja poden reservar la seva pla\u00e7a a www.pdef.cat.\n\u270d\ufe0fNota de premsa \u27a1\ufe0f www.cofb.org\/category\/notes-premsa\/\n[Link a la BIO]\" target=\"_blank\" rel=\"noreferrer\" class=\"ft-gallerytwitter-icon\" title=\"Share this post on Twitter\"><i class=\"fa fa-twitter\"><\/i><\/a><a href=\"https:\/\/www.linkedin.com\/shareArticle?mini=true&amp;url=https:\/\/www.instagram.com\/p\/DXgyfAADMWh\/\" target=\"_blank\" rel=\"noreferrer\" class=\"ft-gallerylinkedin-icon\" title=\"Share this post on Linkedin\"><i class=\"fa fa-linkedin\"><\/i><\/a><a href=\"mailto:?subject=Shared Link&amp;body=https:\/\/www.instagram.com\/p\/DXgyfAADMWh\/ - \ud83d\udfe2 El Col\u00b7legi de Farmac\u00e8utics de Barcelona ha celebrat amb gran \u00e8xit de convocat\u00f2ria la Marat\u00f3 formativa &quot;100 claus de gesti\u00f3 per fer cr\u00e9ixer la teva farm\u00e0cia en un sol dia&quot;. \n\n\ud83d\udc49La formaci\u00f3, que va tenir lloc el 21 d\u2019abril de forma online amb el patrocini de COFBServeis, @laboratoriosvilardell i @zambon1906, va comptar amb la inscripci\u00f3 de m\u00e9s de 750 farmac\u00e8utiques i farmac\u00e8utics col\u00b7legiats i va mantenir una alta participaci\u00f3 en directe, arribant a pics de fins a 350 persones connectades simult\u00e0niament.\n\n\ud83d\udca1Aquesta marat\u00f3 ha estat un avan\u00e7ament dels continguts que s\u2019oferiran en profunditat en la pr\u00f2xima edici\u00f3 del Programa de Desenvolupament Empresarial de la Farm\u00e0cia (PDEF), on farmac\u00e8utics i farmac\u00e8utiques de tot Espanya ja poden reservar la seva pla\u00e7a a www.pdef.cat.\n\u270d\ufe0fNota de premsa \u27a1\ufe0f www.cofb.org\/category\/notes-premsa\/\n[Link a la BIO]\" target=\"_blank\" rel=\"noreferrer\" class=\"ft-galleryemail-icon\" title=\"Share this post in your email\"><i class=\"fa fa-envelope\"><\/i><\/a><\/div><\/div>                                    <div class=\"fts-instagram-reply-wrap-left\">\n                                        <ul class='slicker-heart-comments-wrap'>\n                                            <li class='slicker-instagram-image-likes'>50 <\/li>\n                                            <li class='slicker-instagram-image-comments'>\n                                                <span class=\"fts-comment-instagram\"><\/span> 1                                            <\/li>\n                                        <\/ul>\n                                    <\/div>\n                                                        <\/div>\n                <\/div>\n                                                <div class=\"slicker-instagram-placeholder fts-instagram-wrapper\" style=\"background-image:url('https:\/\/scontent-mad1-1.cdninstagram.com\/v\/t51.82787-15\/671112486_18352784239242319_5758203628658826437_n.jpg?stp=dst-jpg_e35_tt6&#038;_nc_cat=105&#038;ccb=7-5&#038;_nc_sid=18de74&#038;efg=eyJlZmdfdGFnIjoiRkVFRC5iZXN0X2ltYWdlX3VybGdlbi5DMyJ9&#038;_nc_ohc=7xB1aAGJ9o0Q7kNvwEOv4SQ&#038;_nc_oc=AdqlwqvQWJNYFuffQULzL_Ru_F7pCUVtBKCuYtg721b6WwfJSefkYQwDFv-1zCX4zWs&#038;_nc_zt=23&#038;_nc_ht=scontent-mad1-1.cdninstagram.com&#038;edm=AEQ6tj4EAAAA&#038;_nc_gid=V5UXAk_vl0Z8IcjdOylD5A&#038;oh=00_Af0cNi0PxWynF6_p1HI3-55HYLm5lbMrbux9d3Rts_7IEA&#038;oe=69F8DA87')\">\n                                            <a href='https:\/\/www.instagram.com\/p\/DXd1orqFzaX\/' title='\ud83c\udf39 Des del Col\u00b7legi de Farmac\u00e8utics de Barcelona un desitgem un #SantJordi2026 ple de llibres, roses i bons moments\n\ud83d\udcda Sant Jordi \u00e9s una celebraci\u00f3 de la cultura, el coneixement i la proximitat, valors que formen part essencial de la professi\u00f3 farmac\u00e8utica i que demostrem cada dia.\n\ud83d\udc09 Bona diada!' target=\"_blank\" rel=\"noreferrer\" class='fts-instagram-link-target fts-slicker-backg\n                         fts-instagram-img-link' style=\"height:65px !important; width:65px; line-height:65px; font-size:65px;\"><span class=\"fts-instagram-icon\" style=\"height:65px; width:65px; line-height:65px; font-size:65px;\"><\/span><\/a>\n                        \n                        <div class='slicker-date'>\n\n                            <div class=\"fts-insta-date-popup-grab\">\n                            abril 23, 2026  7:43 am                            <\/div>\n                        <\/div>\n                    <div class='slicker-instaG-backg-link'>\n\n                        <div class='slicker-instaG-photoshadow'><\/div>\n                    <\/div>\n                        <div class=\"fts-insta-likes-comments-grab-popup\">\n\n                            <div class=\"fts-share-wrap\"><a href=\"javascript:;\" class=\"ft-gallery-link-popup\" title=\"Social Share Options\"><\/a><div class=\"ft-gallery-share-wrap\"><a href=\"https:\/\/www.facebook.com\/sharer\/sharer.php?u=https:\/\/www.instagram.com\/p\/DXd1orqFzaX\/\" target=\"_blank\" rel=\"noreferrer\" class=\"ft-galleryfacebook-icon\" title=\"Share this post on Facebook\"><i class=\"fa fa-facebook-square\"><\/i><\/a><a href=\"https:\/\/twitter.com\/intent\/tweet?text=https:\/\/www.instagram.com\/p\/DXd1orqFzaX\/+\ud83c\udf39 Des del Col\u00b7legi de Farmac\u00e8utics de Barcelona un desitgem un #SantJordi2026 ple de llibres, roses i bons moments\n\ud83d\udcda Sant Jordi \u00e9s una celebraci\u00f3 de la cultura, el coneixement i la proximitat, valors que formen part essencial de la professi\u00f3 farmac\u00e8utica i que demostrem cada dia.\n\ud83d\udc09 Bona diada!\" target=\"_blank\" rel=\"noreferrer\" class=\"ft-gallerytwitter-icon\" title=\"Share this post on Twitter\"><i class=\"fa fa-twitter\"><\/i><\/a><a href=\"https:\/\/www.linkedin.com\/shareArticle?mini=true&amp;url=https:\/\/www.instagram.com\/p\/DXd1orqFzaX\/\" target=\"_blank\" rel=\"noreferrer\" class=\"ft-gallerylinkedin-icon\" title=\"Share this post on Linkedin\"><i class=\"fa fa-linkedin\"><\/i><\/a><a href=\"mailto:?subject=Shared Link&amp;body=https:\/\/www.instagram.com\/p\/DXd1orqFzaX\/ - \ud83c\udf39 Des del Col\u00b7legi de Farmac\u00e8utics de Barcelona un desitgem un #SantJordi2026 ple de llibres, roses i bons moments\n\ud83d\udcda Sant Jordi \u00e9s una celebraci\u00f3 de la cultura, el coneixement i la proximitat, valors que formen part essencial de la professi\u00f3 farmac\u00e8utica i que demostrem cada dia.\n\ud83d\udc09 Bona diada!\" target=\"_blank\" rel=\"noreferrer\" class=\"ft-galleryemail-icon\" title=\"Share this post in your email\"><i class=\"fa fa-envelope\"><\/i><\/a><\/div><\/div>                                    <div class=\"fts-instagram-reply-wrap-left\">\n                                        <ul class='slicker-heart-comments-wrap'>\n                                            <li class='slicker-instagram-image-likes'>70 <\/li>\n                                            <li class='slicker-instagram-image-comments'>\n                                                <span class=\"fts-comment-instagram\"><\/span> 0                                            <\/li>\n                                        <\/ul>\n                                    <\/div>\n                                                        <\/div>\n                <\/div>\n                                                <div class=\"slicker-instagram-placeholder fts-instagram-wrapper\" style=\"background-image:url('https:\/\/scontent-mad2-1.cdninstagram.com\/v\/t51.71878-15\/671165515_934758745995912_3924748780183854528_n.jpg?stp=dst-jpg_e35_tt6&#038;_nc_cat=110&#038;ccb=7-5&#038;_nc_sid=18de74&#038;efg=eyJlZmdfdGFnIjoiQ0xJUFMuYmVzdF9pbWFnZV91cmxnZW4uQzMifQ%3D%3D&#038;_nc_ohc=XSLr2V2BB9YQ7kNvwG3-YVU&#038;_nc_oc=AdqryJpY0ccwNkA1lWXHlyzvKKmV5aVBD5Z1UnyvowQhzJHEBsM0i5Pk8QlcyfdD2_Y&#038;_nc_zt=23&#038;_nc_ht=scontent-mad2-1.cdninstagram.com&#038;edm=AEQ6tj4EAAAA&#038;_nc_gid=6EVJ2vL8-YH7ea-9clU0Ww&#038;_nc_tpa=Q5bMBQEdvh4tm0wpRiozPfKJEvdJBz6Dqv0_qCY6e8bQxw8O2qaXL7yK4wwW9tqtK5ocW6vi8d64chGO3Q&#038;oh=00_Af2OUSb2UAghx22dhGRahs5aVV4_gwZ-88e8gvnhoyryeA&#038;oe=69F90586')\">\n                                            <a href='https:\/\/www.instagram.com\/reel\/DXboMNFEQnU\/' title='\ud83c\udf3b Al\u00b7l\u00e8rgia al pol\u00b7len\n\u2753Qu\u00e8 hem de tenir present?\n\u2753Com la podem prevenir?\n\u2753Com es pot tractar?\n\ud83d\udca1Demana consell al teu farmac\u00e8utic\/a.\n\n#AlaFarm\u00e0ciaetCuidem' target=\"_blank\" rel=\"noreferrer\" class='fts-instagram-link-target fts-slicker-backg\n                         fts-instagram-img-link' style=\"height:65px !important; width:65px; line-height:65px; font-size:65px;\"><span class=\"fts-instagram-icon\" style=\"height:65px; width:65px; line-height:65px; font-size:65px;\"><\/span><\/a>\n                                                    <div class=\"fts-instagram-video-image-wrapper\"><div class=\"fts-instagram-video-image\"><\/div><\/div>\n                            \n                        <div class='slicker-date'>\n\n                            <div class=\"fts-insta-date-popup-grab\">\n                            abril 22, 2026  11:07 am                            <\/div>\n                        <\/div>\n                    <div class='slicker-instaG-backg-link'>\n\n                        <div class='slicker-instaG-photoshadow'><\/div>\n                    <\/div>\n                        <div class=\"fts-insta-likes-comments-grab-popup\">\n\n                            <div class=\"fts-share-wrap\"><a href=\"javascript:;\" class=\"ft-gallery-link-popup\" title=\"Social Share Options\"><\/a><div class=\"ft-gallery-share-wrap\"><a href=\"https:\/\/www.facebook.com\/sharer\/sharer.php?u=https:\/\/www.instagram.com\/reel\/DXboMNFEQnU\/\" target=\"_blank\" rel=\"noreferrer\" class=\"ft-galleryfacebook-icon\" title=\"Share this post on Facebook\"><i class=\"fa fa-facebook-square\"><\/i><\/a><a href=\"https:\/\/twitter.com\/intent\/tweet?text=https:\/\/www.instagram.com\/reel\/DXboMNFEQnU\/+\ud83c\udf3b Al\u00b7l\u00e8rgia al pol\u00b7len\n\u2753Qu\u00e8 hem de tenir present?\n\u2753Com la podem prevenir?\n\u2753Com es pot tractar?\n\ud83d\udca1Demana consell al teu farmac\u00e8utic\/a.\n\n#AlaFarm\u00e0ciaetCuidem\" target=\"_blank\" rel=\"noreferrer\" class=\"ft-gallerytwitter-icon\" title=\"Share this post on Twitter\"><i class=\"fa fa-twitter\"><\/i><\/a><a href=\"https:\/\/www.linkedin.com\/shareArticle?mini=true&amp;url=https:\/\/www.instagram.com\/reel\/DXboMNFEQnU\/\" target=\"_blank\" rel=\"noreferrer\" class=\"ft-gallerylinkedin-icon\" title=\"Share this post on Linkedin\"><i class=\"fa fa-linkedin\"><\/i><\/a><a href=\"mailto:?subject=Shared Link&amp;body=https:\/\/www.instagram.com\/reel\/DXboMNFEQnU\/ - \ud83c\udf3b Al\u00b7l\u00e8rgia al pol\u00b7len\n\u2753Qu\u00e8 hem de tenir present?\n\u2753Com la podem prevenir?\n\u2753Com es pot tractar?\n\ud83d\udca1Demana consell al teu farmac\u00e8utic\/a.\n\n#AlaFarm\u00e0ciaetCuidem\" target=\"_blank\" rel=\"noreferrer\" class=\"ft-galleryemail-icon\" title=\"Share this post in your email\"><i class=\"fa fa-envelope\"><\/i><\/a><\/div><\/div>                                    <div class=\"fts-instagram-reply-wrap-left\">\n                                        <ul class='slicker-heart-comments-wrap'>\n                                            <li class='slicker-instagram-image-likes'>20 <\/li>\n                                            <li class='slicker-instagram-image-comments'>\n                                                <span class=\"fts-comment-instagram\"><\/span> 0                                            <\/li>\n                                        <\/ul>\n                                    <\/div>\n                                                        <\/div>\n                <\/div>\n                                                <div class=\"slicker-instagram-placeholder fts-instagram-wrapper\" style=\"background-image:url('https:\/\/scontent-mad1-1.cdninstagram.com\/v\/t51.82787-15\/674427805_18352039960242319_2003475221521080195_n.jpg?stp=dst-jpg_e35_tt6&#038;_nc_cat=106&#038;ccb=7-5&#038;_nc_sid=18de74&#038;efg=eyJlZmdfdGFnIjoiRkVFRC5iZXN0X2ltYWdlX3VybGdlbi5DMyJ9&#038;_nc_ohc=ABmS0r7fn1wQ7kNvwFZXBj4&#038;_nc_oc=Adou3mmfe1FuzDyPbNTy8DboMdmfZypkcUlHSDkITtK3h_HcYoeymNifUzQ79eu7pH0&#038;_nc_zt=23&#038;_nc_ht=scontent-mad1-1.cdninstagram.com&#038;edm=AEQ6tj4EAAAA&#038;_nc_gid=uLRv9x9QtvZR6b1EkBOXnA&#038;oh=00_Af0Kc9jhUvIIc_Y6YwYmmKk5dEwZZBHbtiHM8ox77w3jqA&#038;oe=69F8E5C8')\">\n                                            <a href='https:\/\/www.instagram.com\/p\/DXO7FWXl1i4\/' title='\ud83c\udd95Disponible el n\u00famero corresponent al 3r quadrimestre de 2025 de la #CircularFarmac\u00e8utica, la revista cient\u00edfica\ud83d\udcd6del Col\u00b7legi.\n\u2705Destaquem els seg\u00fcents temes:\n-Casos cl\u00ednics: Endocarditis infecciosa en pacient cr\u00edtic: maneig multidisciplinari i monitoratge farmacocin\u00e8tic.\n-Innovaci\u00f3 i salut digital: Digitalitzaci\u00f3 i optimitzaci\u00f3 de la ruta assistencial de la migranya amb metodologia Lean.\n-Investigaci\u00f3 i recerca: Estrat\u00e8gies per millorar l\u2019impacte social de la recerca i com mesurar-lo: les m\u00e8triques alternatives.\n\ud83d\udc49https:\/\/www.cofb.org\/ca\/colegi\/publicacions\/circular-farmaceutica\n[Link a la BIO]' target=\"_blank\" rel=\"noreferrer\" class='fts-instagram-link-target fts-slicker-backg\n                         fts-instagram-img-link' style=\"height:65px !important; width:65px; line-height:65px; font-size:65px;\"><span class=\"fts-instagram-icon\" style=\"height:65px; width:65px; line-height:65px; font-size:65px;\"><\/span><\/a>\n                        \n                        <div class='slicker-date'>\n\n                            <div class=\"fts-insta-date-popup-grab\">\n                            abril 17, 2026  12:42 pm                            <\/div>\n                        <\/div>\n                    <div class='slicker-instaG-backg-link'>\n\n                        <div class='slicker-instaG-photoshadow'><\/div>\n                    <\/div>\n                        <div class=\"fts-insta-likes-comments-grab-popup\">\n\n                            <div class=\"fts-share-wrap\"><a href=\"javascript:;\" class=\"ft-gallery-link-popup\" title=\"Social Share Options\"><\/a><div class=\"ft-gallery-share-wrap\"><a href=\"https:\/\/www.facebook.com\/sharer\/sharer.php?u=https:\/\/www.instagram.com\/p\/DXO7FWXl1i4\/\" target=\"_blank\" rel=\"noreferrer\" class=\"ft-galleryfacebook-icon\" title=\"Share this post on Facebook\"><i class=\"fa fa-facebook-square\"><\/i><\/a><a href=\"https:\/\/twitter.com\/intent\/tweet?text=https:\/\/www.instagram.com\/p\/DXO7FWXl1i4\/+\ud83c\udd95Disponible el n\u00famero corresponent al 3r quadrimestre de 2025 de la #CircularFarmac\u00e8utica, la revista cient\u00edfica\ud83d\udcd6del Col\u00b7legi.\n\u2705Destaquem els seg\u00fcents temes:\n-Casos cl\u00ednics: Endocarditis infecciosa en pacient cr\u00edtic: maneig multidisciplinari i monitoratge farmacocin\u00e8tic.\n-Innovaci\u00f3 i salut digital: Digitalitzaci\u00f3 i optimitzaci\u00f3 de la ruta assistencial de la migranya amb metodologia Lean.\n-Investigaci\u00f3 i recerca: Estrat\u00e8gies per millorar l\u2019impacte social de la recerca i com mesurar-lo: les m\u00e8triques alternatives.\n\ud83d\udc49https:\/\/www.cofb.org\/ca\/colegi\/publicacions\/circular-farmaceutica\n[Link a la BIO]\" target=\"_blank\" rel=\"noreferrer\" class=\"ft-gallerytwitter-icon\" title=\"Share this post on Twitter\"><i class=\"fa fa-twitter\"><\/i><\/a><a href=\"https:\/\/www.linkedin.com\/shareArticle?mini=true&amp;url=https:\/\/www.instagram.com\/p\/DXO7FWXl1i4\/\" target=\"_blank\" rel=\"noreferrer\" class=\"ft-gallerylinkedin-icon\" title=\"Share this post on Linkedin\"><i class=\"fa fa-linkedin\"><\/i><\/a><a href=\"mailto:?subject=Shared Link&amp;body=https:\/\/www.instagram.com\/p\/DXO7FWXl1i4\/ - \ud83c\udd95Disponible el n\u00famero corresponent al 3r quadrimestre de 2025 de la #CircularFarmac\u00e8utica, la revista cient\u00edfica\ud83d\udcd6del Col\u00b7legi.\n\u2705Destaquem els seg\u00fcents temes:\n-Casos cl\u00ednics: Endocarditis infecciosa en pacient cr\u00edtic: maneig multidisciplinari i monitoratge farmacocin\u00e8tic.\n-Innovaci\u00f3 i salut digital: Digitalitzaci\u00f3 i optimitzaci\u00f3 de la ruta assistencial de la migranya amb metodologia Lean.\n-Investigaci\u00f3 i recerca: Estrat\u00e8gies per millorar l\u2019impacte social de la recerca i com mesurar-lo: les m\u00e8triques alternatives.\n\ud83d\udc49https:\/\/www.cofb.org\/ca\/colegi\/publicacions\/circular-farmaceutica\n[Link a la BIO]\" target=\"_blank\" rel=\"noreferrer\" class=\"ft-galleryemail-icon\" title=\"Share this post in your email\"><i class=\"fa fa-envelope\"><\/i><\/a><\/div><\/div>                                    <div class=\"fts-instagram-reply-wrap-left\">\n                                        <ul class='slicker-heart-comments-wrap'>\n                                            <li class='slicker-instagram-image-likes'>8 <\/li>\n                                            <li class='slicker-instagram-image-comments'>\n                                                <span class=\"fts-comment-instagram\"><\/span> 0                                            <\/li>\n                                        <\/ul>\n                                    <\/div>\n                                                        <\/div>\n                <\/div>\n                                                <div class=\"slicker-instagram-placeholder fts-instagram-wrapper\" style=\"background-image:url('https:\/\/scontent-mad2-1.cdninstagram.com\/v\/t51.82787-15\/670297186_18351677638242319_8581216013870234130_n.jpg?stp=dst-jpg_e35_tt6&#038;_nc_cat=108&#038;ccb=7-5&#038;_nc_sid=18de74&#038;efg=eyJlZmdfdGFnIjoiRkVFRC5iZXN0X2ltYWdlX3VybGdlbi5DMyJ9&#038;_nc_ohc=27x8RKLjSIQQ7kNvwEM_R5R&#038;_nc_oc=AdqwIDr0fM4i1trL55a2JeaqwD6yR2uJxq4H7_TU-N1Q_VpSeU_2IYSGn5xbkNjoe8g&#038;_nc_zt=23&#038;_nc_ht=scontent-mad2-1.cdninstagram.com&#038;edm=AEQ6tj4EAAAA&#038;_nc_gid=gcosns1173vPRmznhO2aVw&#038;oh=00_Af19YE2i-vRxZ_Uy5wLOHBfJh4y_pbHpWUXN7c0uLPXK0w&#038;oe=69F8F817')\">\n                                            <a href='https:\/\/www.instagram.com\/p\/DXHEb8wjPuG\/' title='\ud83d\udc65Coordinadors i delegats: una xarxa estrat\u00e8gica per al lideratge de la professi\u00f3 al territori.\n\ud83d\udca1&quot;La xarxa de coordinadors i delegats ha demostrat ser un motor d\u2019impacte real. S\u00f3n un model \u00fanic de pres\u00e8ncia territorial capa\u00e7 d\u2019anticipar reptes i d\u2019interpretar la realitat de cada zona&quot;.\n\u270d\ufe0fArticle d\u2019Amelia Garcia-Miranda, vocal i responsable de l\u2019equip de coordinadors i delegats del Col\u00b7legi de Farmac\u00e8utics de Barcelona . \n\u27a1\ufe0f www.cofb.org\/blog\n[Link a la BIO]' target=\"_blank\" rel=\"noreferrer\" class='fts-instagram-link-target fts-slicker-backg\n                         fts-instagram-img-link' style=\"height:65px !important; width:65px; line-height:65px; font-size:65px;\"><span class=\"fts-instagram-icon\" style=\"height:65px; width:65px; line-height:65px; font-size:65px;\"><\/span><\/a>\n                        \n                        <div class='slicker-date'>\n\n                            <div class=\"fts-insta-date-popup-grab\">\n                            abril 14, 2026  11:30 am                            <\/div>\n                        <\/div>\n                    <div class='slicker-instaG-backg-link'>\n\n                        <div class='slicker-instaG-photoshadow'><\/div>\n                    <\/div>\n                        <div class=\"fts-insta-likes-comments-grab-popup\">\n\n                            <div class=\"fts-share-wrap\"><a href=\"javascript:;\" class=\"ft-gallery-link-popup\" title=\"Social Share Options\"><\/a><div class=\"ft-gallery-share-wrap\"><a href=\"https:\/\/www.facebook.com\/sharer\/sharer.php?u=https:\/\/www.instagram.com\/p\/DXHEb8wjPuG\/\" target=\"_blank\" rel=\"noreferrer\" class=\"ft-galleryfacebook-icon\" title=\"Share this post on Facebook\"><i class=\"fa fa-facebook-square\"><\/i><\/a><a href=\"https:\/\/twitter.com\/intent\/tweet?text=https:\/\/www.instagram.com\/p\/DXHEb8wjPuG\/+\ud83d\udc65Coordinadors i delegats: una xarxa estrat\u00e8gica per al lideratge de la professi\u00f3 al territori.\n\ud83d\udca1&quot;La xarxa de coordinadors i delegats ha demostrat ser un motor d\u2019impacte real. S\u00f3n un model \u00fanic de pres\u00e8ncia territorial capa\u00e7 d\u2019anticipar reptes i d\u2019interpretar la realitat de cada zona&quot;.\n\u270d\ufe0fArticle d\u2019Amelia Garcia-Miranda, vocal i responsable de l\u2019equip de coordinadors i delegats del Col\u00b7legi de Farmac\u00e8utics de Barcelona . \n\u27a1\ufe0f www.cofb.org\/blog\n[Link a la BIO]\" target=\"_blank\" rel=\"noreferrer\" class=\"ft-gallerytwitter-icon\" title=\"Share this post on Twitter\"><i class=\"fa fa-twitter\"><\/i><\/a><a href=\"https:\/\/www.linkedin.com\/shareArticle?mini=true&amp;url=https:\/\/www.instagram.com\/p\/DXHEb8wjPuG\/\" target=\"_blank\" rel=\"noreferrer\" class=\"ft-gallerylinkedin-icon\" title=\"Share this post on Linkedin\"><i class=\"fa fa-linkedin\"><\/i><\/a><a href=\"mailto:?subject=Shared Link&amp;body=https:\/\/www.instagram.com\/p\/DXHEb8wjPuG\/ - \ud83d\udc65Coordinadors i delegats: una xarxa estrat\u00e8gica per al lideratge de la professi\u00f3 al territori.\n\ud83d\udca1&quot;La xarxa de coordinadors i delegats ha demostrat ser un motor d\u2019impacte real. S\u00f3n un model \u00fanic de pres\u00e8ncia territorial capa\u00e7 d\u2019anticipar reptes i d\u2019interpretar la realitat de cada zona&quot;.\n\u270d\ufe0fArticle d\u2019Amelia Garcia-Miranda, vocal i responsable de l\u2019equip de coordinadors i delegats del Col\u00b7legi de Farmac\u00e8utics de Barcelona . \n\u27a1\ufe0f www.cofb.org\/blog\n[Link a la BIO]\" target=\"_blank\" rel=\"noreferrer\" class=\"ft-galleryemail-icon\" title=\"Share this post in your email\"><i class=\"fa fa-envelope\"><\/i><\/a><\/div><\/div>                                    <div class=\"fts-instagram-reply-wrap-left\">\n                                        <ul class='slicker-heart-comments-wrap'>\n                                            <li class='slicker-instagram-image-likes'>40 <\/li>\n                                            <li class='slicker-instagram-image-comments'>\n                                                <span class=\"fts-comment-instagram\"><\/span> 0                                            <\/li>\n                                        <\/ul>\n                                    <\/div>\n                                                        <\/div>\n                <\/div>\n                                                <div class=\"slicker-instagram-placeholder fts-instagram-wrapper\" style=\"background-image:url('https:\/\/scontent-mad2-1.cdninstagram.com\/v\/t51.82787-15\/670868260_18351561613242319_7482767678629297863_n.jpg?stp=dst-jpg_e35_tt6&#038;_nc_cat=111&#038;ccb=7-5&#038;_nc_sid=18de74&#038;efg=eyJlZmdfdGFnIjoiQ0xJUFMuYmVzdF9pbWFnZV91cmxnZW4uQzMifQ%3D%3D&#038;_nc_ohc=XABfqPxXuoUQ7kNvwFns5-f&#038;_nc_oc=Ado_vNsa7F8kp-gfoCfeodjORE4BAJygBdE4dn2QGMGVgBZQSG83CIG1ZZXi35AKRAQ&#038;_nc_zt=23&#038;_nc_ht=scontent-mad2-1.cdninstagram.com&#038;edm=AEQ6tj4EAAAA&#038;_nc_gid=8IZtpp87kaG7vM_u4xTgSQ&#038;_nc_tpa=Q5bMBQHa0j87WOY7zuLY9uF4Ul70RnpN18FBhq7AVk2h095slNuGJ4ahcODdIVKEkvbbSuNqe10OgWD2dQ&#038;oh=00_Af2xWrO6rk0wDf_VOoD5OHB-p8ormJtFQOxmplPm06sXMg&#038;oe=69F8D8C9')\">\n                                            <a href='https:\/\/www.instagram.com\/reel\/DXEeyLhEnqD\/' title='\u270d\ufe0f Apunta&#039;t la data! El 21 d&#039;abril tens una cita per a fer cr\u00e9ixer la farm\u00e0cia.\nArriba la Marat\u00f3 del Programa de Desenvolupament Empresarial de la Farm\u00e0cia (PDEF)\n\u2705 100 claus de gesti\u00f3 aplicables des del primer dia.\n\u2705 Format 100% en l\u00ednia perqu\u00e8 et connectis des d&#039;on vulguis.\n\u2705 Inscripci\u00f3 totalment GRATU\u00cfTA per a farmac\u00e8utics\/ques col\u00b7legiats\/des de qualsevol col\u00b7legi de farmac\u00e8utics.\n\n\ud83d\udde3\ufe0f 20 experts i expertes de primer nivell en comunicaci\u00f3, m\u00e0rqueting, finances, tecnologia i capacitats directives ens compartiran aspectes pr\u00e0ctics per a la seva aplicaci\u00f3 immediata a la farm\u00e0cia i impulsar la seva gesti\u00f3. \n \nSi ets farmac\u00e8utic comunitari i busques resultats, aquest esdeveniment \u00e9s per a tu \ud83c\udfaf.\n\ud83d\udccc Inscriu-te ja a www.pdef.cat \/ www.pdef.es\nT&#039;hi esperem! \ud83e\udd1d\n\nAmb el patrocini de COFBServeis, @laboratoriosvilardell i @zambon1906' target=\"_blank\" rel=\"noreferrer\" class='fts-instagram-link-target fts-slicker-backg\n                         fts-instagram-img-link' style=\"height:65px !important; width:65px; line-height:65px; font-size:65px;\"><span class=\"fts-instagram-icon\" style=\"height:65px; width:65px; line-height:65px; font-size:65px;\"><\/span><\/a>\n                                                    <div class=\"fts-instagram-video-image-wrapper\"><div class=\"fts-instagram-video-image\"><\/div><\/div>\n                            \n                        <div class='slicker-date'>\n\n                            <div class=\"fts-insta-date-popup-grab\">\n                            abril 13, 2026  11:22 am                            <\/div>\n                        <\/div>\n                    <div class='slicker-instaG-backg-link'>\n\n                        <div class='slicker-instaG-photoshadow'><\/div>\n                    <\/div>\n                        <div class=\"fts-insta-likes-comments-grab-popup\">\n\n                            <div class=\"fts-share-wrap\"><a href=\"javascript:;\" class=\"ft-gallery-link-popup\" title=\"Social Share Options\"><\/a><div class=\"ft-gallery-share-wrap\"><a href=\"https:\/\/www.facebook.com\/sharer\/sharer.php?u=https:\/\/www.instagram.com\/reel\/DXEeyLhEnqD\/\" target=\"_blank\" rel=\"noreferrer\" class=\"ft-galleryfacebook-icon\" title=\"Share this post on Facebook\"><i class=\"fa fa-facebook-square\"><\/i><\/a><a href=\"https:\/\/twitter.com\/intent\/tweet?text=https:\/\/www.instagram.com\/reel\/DXEeyLhEnqD\/+\u270d\ufe0f Apunta&#039;t la data! El 21 d&#039;abril tens una cita per a fer cr\u00e9ixer la farm\u00e0cia.\nArriba la Marat\u00f3 del Programa de Desenvolupament Empresarial de la Farm\u00e0cia (PDEF)\n\u2705 100 claus de gesti\u00f3 aplicables des del primer dia.\n\u2705 Format 100% en l\u00ednia perqu\u00e8 et connectis des d&#039;on vulguis.\n\u2705 Inscripci\u00f3 totalment GRATU\u00cfTA per a farmac\u00e8utics\/ques col\u00b7legiats\/des de qualsevol col\u00b7legi de farmac\u00e8utics.\n\n\ud83d\udde3\ufe0f 20 experts i expertes de primer nivell en comunicaci\u00f3, m\u00e0rqueting, finances, tecnologia i capacitats directives ens compartiran aspectes pr\u00e0ctics per a la seva aplicaci\u00f3 immediata a la farm\u00e0cia i impulsar la seva gesti\u00f3. \n \nSi ets farmac\u00e8utic comunitari i busques resultats, aquest esdeveniment \u00e9s per a tu \ud83c\udfaf.\n\ud83d\udccc Inscriu-te ja a www.pdef.cat \/ www.pdef.es\nT&#039;hi esperem! \ud83e\udd1d\n\nAmb el patrocini de COFBServeis, @laboratoriosvilardell i @zambon1906\" target=\"_blank\" rel=\"noreferrer\" class=\"ft-gallerytwitter-icon\" title=\"Share this post on Twitter\"><i class=\"fa fa-twitter\"><\/i><\/a><a href=\"https:\/\/www.linkedin.com\/shareArticle?mini=true&amp;url=https:\/\/www.instagram.com\/reel\/DXEeyLhEnqD\/\" target=\"_blank\" rel=\"noreferrer\" class=\"ft-gallerylinkedin-icon\" title=\"Share this post on Linkedin\"><i class=\"fa fa-linkedin\"><\/i><\/a><a href=\"mailto:?subject=Shared Link&amp;body=https:\/\/www.instagram.com\/reel\/DXEeyLhEnqD\/ - \u270d\ufe0f Apunta&#039;t la data! El 21 d&#039;abril tens una cita per a fer cr\u00e9ixer la farm\u00e0cia.\nArriba la Marat\u00f3 del Programa de Desenvolupament Empresarial de la Farm\u00e0cia (PDEF)\n\u2705 100 claus de gesti\u00f3 aplicables des del primer dia.\n\u2705 Format 100% en l\u00ednia perqu\u00e8 et connectis des d&#039;on vulguis.\n\u2705 Inscripci\u00f3 totalment GRATU\u00cfTA per a farmac\u00e8utics\/ques col\u00b7legiats\/des de qualsevol col\u00b7legi de farmac\u00e8utics.\n\n\ud83d\udde3\ufe0f 20 experts i expertes de primer nivell en comunicaci\u00f3, m\u00e0rqueting, finances, tecnologia i capacitats directives ens compartiran aspectes pr\u00e0ctics per a la seva aplicaci\u00f3 immediata a la farm\u00e0cia i impulsar la seva gesti\u00f3. \n \nSi ets farmac\u00e8utic comunitari i busques resultats, aquest esdeveniment \u00e9s per a tu \ud83c\udfaf.\n\ud83d\udccc Inscriu-te ja a www.pdef.cat \/ www.pdef.es\nT&#039;hi esperem! \ud83e\udd1d\n\nAmb el patrocini de COFBServeis, @laboratoriosvilardell i @zambon1906\" target=\"_blank\" rel=\"noreferrer\" class=\"ft-galleryemail-icon\" title=\"Share this post in your email\"><i class=\"fa fa-envelope\"><\/i><\/a><\/div><\/div>                                    <div class=\"fts-instagram-reply-wrap-left\">\n                                        <ul class='slicker-heart-comments-wrap'>\n                                            <li class='slicker-instagram-image-likes'>8 <\/li>\n                                            <li class='slicker-instagram-image-comments'>\n                                                <span class=\"fts-comment-instagram\"><\/span> 0                                            <\/li>\n                                        <\/ul>\n                                    <\/div>\n                                                        <\/div>\n                <\/div>\n                    <\/div>\t\t\t\t\t\t\t\t\t\t<script>\n\t\t\t\t\t\/\/ This needs to load here below the feed to load properly for\n\t\t\t\t\t\/\/ Elementor page preview, and also some types of tabs that use js to load.\n\t\t\t\t\tdocument.addEventListener(\"DOMContentLoaded\", function(event) {\n\t\t\t\t\t\tif (typeof slickremixImageResizing === 'function') {\n\t\t\t\t\t\t\tslickremixImageResizing();\n\t\t\t\t\t\t}\n\t\t\t\t\t\tif (typeof ftsShare === 'function') {\n\t\t\t\t\t\t\tftsShare();\n\t\t\t\t\t\t}\n\t\t\t\t\t});\n\t\t\t\t<\/script>\n\t\t\t\t\n<\/div>\n<\/div>\n<\/div>\n\n\n\n<div class=\"wp-block-columns is-layout-flex wp-container-core-columns-is-layout-28f84493 wp-block-columns-is-layout-flex\">\n<div class=\"wp-block-column is-layout-flow wp-block-column-is-layout-flow\">\n<div class=\"wp-block-uagb-image aligncenter uagb-block-e6c3b36d wp-block-uagb-image--layout-default wp-block-uagb-image--effect-static wp-block-uagb-image--align-center\"><figure class=\"wp-block-uagb-image__figure\"><a class=\"\" href=\"https:\/\/www.infarma.es\/\" target=\"\" rel=\"noopener\"><img loading=\"lazy\" decoding=\"async\" srcset=\"https:\/\/www.cofb.org\/wp-content\/uploads\/2023\/11\/logo_INFARMA_footer_org.png ,https:\/\/www.cofb.org\/wp-content\/uploads\/2023\/11\/logo_INFARMA_footer_org.png 780w, https:\/\/www.cofb.org\/wp-content\/uploads\/2023\/11\/logo_INFARMA_footer_org.png 360w\" sizes=\"auto, (max-width: 480px) 150px\" src=\"https:\/\/www.cofb.org\/wp-content\/uploads\/2023\/11\/logo_INFARMA_footer_org.png\" alt=\"\" class=\"uag-image-69402\" width=\"220\" height=\"131\" title=\"\" loading=\"lazy\" role=\"img\"\/><\/a><\/figure><\/div>\n<\/div>\n\n\n\n<div class=\"wp-block-column is-layout-flow wp-block-column-is-layout-flow\">\n<div class=\"wp-block-uagb-image aligncenter uagb-block-cf782300 wp-block-uagb-image--layout-default wp-block-uagb-image--effect-static wp-block-uagb-image--align-center\"><figure class=\"wp-block-uagb-image__figure\"><a class=\"\" href=\"https:\/\/www.farmaguia.net\/desktop\/\" target=\"\" rel=\"noopener\"><img loading=\"lazy\" decoding=\"async\" srcset=\"https:\/\/www.cofb.org\/wp-content\/uploads\/2023\/11\/logo_FARMAGUIA_footer_org.png ,https:\/\/www.cofb.org\/wp-content\/uploads\/2023\/11\/logo_FARMAGUIA_footer_org.png 780w, https:\/\/www.cofb.org\/wp-content\/uploads\/2023\/11\/logo_FARMAGUIA_footer_org.png 360w\" sizes=\"auto, (max-width: 480px) 150px\" src=\"https:\/\/www.cofb.org\/wp-content\/uploads\/2023\/11\/logo_FARMAGUIA_footer_org.png\" alt=\"\" class=\"uag-image-69403\" width=\"220\" height=\"131\" title=\"\" loading=\"lazy\" role=\"img\"\/><\/a><\/figure><\/div>\n<\/div>\n\n\n\n<div class=\"wp-block-column is-layout-flow wp-block-column-is-layout-flow\">\n<div class=\"wp-block-uagb-image aligncenter uagb-block-bd7ae2fa wp-block-uagb-image--layout-default wp-block-uagb-image--effect-static wp-block-uagb-image--align-center\"><figure class=\"wp-block-uagb-image__figure\"><a class=\"\" href=\"http:\/\/www.agorasanitaria.com\/\" target=\"\" rel=\"noopener\"><img loading=\"lazy\" decoding=\"async\" srcset=\"https:\/\/www.cofb.org\/wp-content\/uploads\/2023\/11\/logo_AGORA_CAT_footer_org.png ,https:\/\/www.cofb.org\/wp-content\/uploads\/2023\/11\/logo_AGORA_CAT_footer_org.png 780w, https:\/\/www.cofb.org\/wp-content\/uploads\/2023\/11\/logo_AGORA_CAT_footer_org.png 360w\" sizes=\"auto, (max-width: 480px) 150px\" src=\"https:\/\/www.cofb.org\/wp-content\/uploads\/2023\/11\/logo_AGORA_CAT_footer_org.png\" alt=\"\" class=\"uag-image-69404\" width=\"220\" height=\"131\" title=\"\" loading=\"lazy\" role=\"img\"\/><\/a><\/figure><\/div>\n<\/div>\n\n\n\n<div class=\"wp-block-column is-layout-flow wp-block-column-is-layout-flow\">\n<div class=\"wp-block-uagb-image aligncenter uagb-block-2436c544 wp-block-uagb-image--layout-default wp-block-uagb-image--effect-static wp-block-uagb-image--align-center\"><figure class=\"wp-block-uagb-image__figure\"><a class=\"\" href=\"https:\/\/www.farmaceuticonline.com\/\" target=\"\" rel=\"noopener\"><img loading=\"lazy\" decoding=\"async\" srcset=\"https:\/\/www.cofb.org\/wp-content\/uploads\/2023\/11\/logo_FARMACEUTICONLINE_footer_org.png ,https:\/\/www.cofb.org\/wp-content\/uploads\/2023\/11\/logo_FARMACEUTICONLINE_footer_org.png 780w, https:\/\/www.cofb.org\/wp-content\/uploads\/2023\/11\/logo_FARMACEUTICONLINE_footer_org.png 360w\" sizes=\"auto, (max-width: 480px) 150px\" src=\"https:\/\/www.cofb.org\/wp-content\/uploads\/2023\/11\/logo_FARMACEUTICONLINE_footer_org.png\" alt=\"\" class=\"uag-image-69405\" width=\"220\" height=\"131\" title=\"\" loading=\"lazy\" role=\"img\"\/><\/a><\/figure><\/div>\n<\/div>\n<\/div>\n","protected":false},"excerpt":{"rendered":"<p>Exemples de cerca: farm\u00e0cies obertes, serveis professionals, com col\u00b7legiar-se, activitats, lloguer d&#8217;espais\u2026 \u00c0rea professional A l&#8217;apartat Activitats pots inscriure&#8217;t als diversos cursos que ofereix el COFB Borsa de treball Directori Col\u00b7legia&#8217;t Serveis a les persones Farmaserveis&nbsp;\u00e9s la&nbsp;plataforma de registre assistencial de la xarxa de farm\u00e0cies a Catalunya&nbsp;que t\u00e9 com a [&hellip;]<\/p>\n","protected":false},"author":1,"featured_media":0,"parent":0,"menu_order":0,"comment_status":"closed","ping_status":"closed","template":"","meta":{"_uag_custom_page_level_css":"","site-sidebar-layout":"no-sidebar","site-content-layout":"page-builder","ast-site-content-layout":"full-width-container","site-content-style":"unboxed","site-sidebar-style":"unboxed","ast-global-header-display":"","ast-banner-title-visibility":"","ast-main-header-display":"","ast-hfb-above-header-display":"","ast-hfb-below-header-display":"","ast-hfb-mobile-header-display":"","site-post-title":"disabled","ast-breadcrumbs-content":"","ast-featured-img":"disabled","footer-sml-layout":"","theme-transparent-header-meta":"enabled","adv-header-id-meta":"","stick-header-meta":"","header-above-stick-meta":"","header-main-stick-meta":"","header-below-stick-meta":"","astra-migrate-meta-layouts":"set","ast-page-background-enabled":"default","ast-page-background-meta":{"desktop":{"background-color":"var(--ast-global-color-4)","background-image":"","background-repeat":"repeat","background-position":"center center","background-size":"auto","background-attachment":"scroll","background-type":"","background-media":"","overlay-type":"","overlay-color":"","overlay-opacity":"","overlay-gradient":""},"tablet":{"background-color":"","background-image":"","background-repeat":"repeat","background-position":"center center","background-size":"auto","background-attachment":"scroll","background-type":"","background-media":"","overlay-type":"","overlay-color":"","overlay-opacity":"","overlay-gradient":""},"mobile":{"background-color":"","background-image":"","background-repeat":"repeat","background-position":"center center","background-size":"auto","background-attachment":"scroll","background-type":"","background-media":"","overlay-type":"","overlay-color":"","overlay-opacity":"","overlay-gradient":""}},"ast-content-background-meta":{"desktop":{"background-color":"var(--ast-global-color-5)","background-image":"","background-repeat":"repeat","background-position":"center center","background-size":"auto","background-attachment":"scroll","background-type":"","background-media":"","overlay-type":"","overlay-color":"","overlay-opacity":"","overlay-gradient":""},"tablet":{"background-color":"var(--ast-global-color-5)","background-image":"","background-repeat":"repeat","background-position":"center center","background-size":"auto","background-attachment":"scroll","background-type":"","background-media":"","overlay-type":"","overlay-color":"","overlay-opacity":"","overlay-gradient":""},"mobile":{"background-color":"var(--ast-global-color-5)","background-image":"","background-repeat":"repeat","background-position":"center center","background-size":"auto","background-attachment":"scroll","background-type":"","background-media":"","overlay-type":"","overlay-color":"","overlay-opacity":"","overlay-gradient":""}},"footnotes":""},"class_list":["post-1488","page","type-page","status-publish","hentry"],"yoast_head":"<!-- This site is optimized with the Yoast SEO plugin v22.4 - https:\/\/yoast.com\/wordpress\/plugins\/seo\/ -->\n<title>Inici - Col\u00b7legi de Farmac\u00e8utics de Barcelona<\/title>\n<meta name=\"robots\" content=\"index, follow, max-snippet:-1, max-image-preview:large, max-video-preview:-1\" \/>\n<link rel=\"canonical\" href=\"https:\/\/novaorg.cofb.net\/\" \/>\n<meta property=\"og:locale\" content=\"ca_ES\" \/>\n<meta property=\"og:type\" content=\"article\" \/>\n<meta property=\"og:title\" content=\"Inici - Col\u00b7legi de Farmac\u00e8utics de Barcelona\" \/>\n<meta property=\"og:description\" content=\"Exemples de cerca: farm\u00e0cies obertes, serveis professionals, com col\u00b7legiar-se, activitats, lloguer d&#8217;espais\u2026 \u00c0rea professional A l&#8217;apartat Activitats pots inscriure&#8217;t als diversos cursos que ofereix el COFB Borsa de treball Directori Col\u00b7legia&#8217;t Serveis a les persones Farmaserveis&nbsp;\u00e9s la&nbsp;plataforma de registre assistencial de la xarxa de farm\u00e0cies a Catalunya&nbsp;que t\u00e9 com a [&hellip;]\" \/>\n<meta property=\"og:url\" content=\"https:\/\/novaorg.cofb.net\/\" \/>\n<meta property=\"og:site_name\" content=\"Col\u00b7legi de Farmac\u00e8utics de Barcelona\" \/>\n<meta property=\"article:publisher\" content=\"https:\/\/www.facebook.com\/farmaceuticsbcn\/\" \/>\n<meta property=\"article:modified_time\" content=\"2024-06-27T09:38:51+00:00\" \/>\n<meta property=\"og:image\" content=\"https:\/\/novaorg.cofb.net\/wp-content\/uploads\/2023\/06\/ico-borsa.png\" \/>\n<meta name=\"twitter:card\" content=\"summary_large_image\" \/>\n<meta name=\"twitter:site\" content=\"@farmaceuticsbcn\" \/>\n<meta name=\"twitter:label1\" content=\"Temps estimat de lectura\" \/>\n\t<meta name=\"twitter:data1\" content=\"4 minuts\" \/>\n<script type=\"application\/ld+json\" class=\"yoast-schema-graph\">{\"@context\":\"https:\/\/schema.org\",\"@graph\":[{\"@type\":\"WebPage\",\"@id\":\"https:\/\/novaorg.cofb.net\/\",\"url\":\"https:\/\/novaorg.cofb.net\/\",\"name\":\"Inici - Col\u00b7legi de Farmac\u00e8utics de Barcelona\",\"isPartOf\":{\"@id\":\"https:\/\/www.cofb.org\/#website\"},\"primaryImageOfPage\":{\"@id\":\"https:\/\/novaorg.cofb.net\/#primaryimage\"},\"image\":{\"@id\":\"https:\/\/novaorg.cofb.net\/#primaryimage\"},\"thumbnailUrl\":\"https:\/\/www.cofb.org\/wp-content\/uploads\/2023\/06\/ico-borsa.png\",\"datePublished\":\"2022-03-04T03:42:59+00:00\",\"dateModified\":\"2024-06-27T09:38:51+00:00\",\"breadcrumb\":{\"@id\":\"https:\/\/novaorg.cofb.net\/#breadcrumb\"},\"inLanguage\":\"ca\",\"potentialAction\":[{\"@type\":\"ReadAction\",\"target\":[\"https:\/\/novaorg.cofb.net\/\"]}]},{\"@type\":\"ImageObject\",\"inLanguage\":\"ca\",\"@id\":\"https:\/\/novaorg.cofb.net\/#primaryimage\",\"url\":\"https:\/\/www.cofb.org\/wp-content\/uploads\/2023\/06\/ico-borsa.png\",\"contentUrl\":\"https:\/\/www.cofb.org\/wp-content\/uploads\/2023\/06\/ico-borsa.png\"},{\"@type\":\"BreadcrumbList\",\"@id\":\"https:\/\/novaorg.cofb.net\/#breadcrumb\",\"itemListElement\":[{\"@type\":\"ListItem\",\"position\":1,\"name\":\"Inici\",\"item\":\"https:\/\/novaorg.cofb.net\/\"},{\"@type\":\"ListItem\",\"position\":2,\"name\":\"Inici\"}]},{\"@type\":\"WebSite\",\"@id\":\"https:\/\/www.cofb.org\/#website\",\"url\":\"https:\/\/www.cofb.org\/\",\"name\":\"Col\u00b7legi de Farmac\u00e8utics de Barcelona\",\"description\":\"\",\"publisher\":{\"@id\":\"https:\/\/www.cofb.org\/#organization\"},\"potentialAction\":[{\"@type\":\"SearchAction\",\"target\":{\"@type\":\"EntryPoint\",\"urlTemplate\":\"https:\/\/www.cofb.org\/?s={search_term_string}\"},\"query-input\":\"required name=search_term_string\"}],\"inLanguage\":\"ca\"},{\"@type\":\"Organization\",\"@id\":\"https:\/\/www.cofb.org\/#organization\",\"name\":\"Col\u00b7legi de Farmac\u00e8utics de Barcelona\",\"url\":\"https:\/\/www.cofb.org\/\",\"logo\":{\"@type\":\"ImageObject\",\"inLanguage\":\"ca\",\"@id\":\"https:\/\/www.cofb.org\/#\/schema\/logo\/image\/\",\"url\":\"https:\/\/www.cofb.org\/wp-content\/uploads\/2023\/11\/cropped-Logotip-COFB.png\",\"contentUrl\":\"https:\/\/www.cofb.org\/wp-content\/uploads\/2023\/11\/cropped-Logotip-COFB.png\",\"width\":500,\"height\":105,\"caption\":\"Col\u00b7legi de Farmac\u00e8utics de Barcelona\"},\"image\":{\"@id\":\"https:\/\/www.cofb.org\/#\/schema\/logo\/image\/\"},\"sameAs\":[\"https:\/\/www.facebook.com\/farmaceuticsbcn\/\",\"https:\/\/twitter.com\/farmaceuticsbcn\",\"https:\/\/www.instagram.com\/farmaceuticsbcn\/\",\"https:\/\/www.linkedin.com\/company\/farmaceuticsbcn\/\"]}]}<\/script>\n<!-- \/ Yoast SEO plugin. -->","yoast_head_json":{"title":"Inici - Col\u00b7legi de Farmac\u00e8utics de Barcelona","robots":{"index":"index","follow":"follow","max-snippet":"max-snippet:-1","max-image-preview":"max-image-preview:large","max-video-preview":"max-video-preview:-1"},"canonical":"https:\/\/novaorg.cofb.net\/","og_locale":"ca_ES","og_type":"article","og_title":"Inici - Col\u00b7legi de Farmac\u00e8utics de Barcelona","og_description":"Exemples de cerca: farm\u00e0cies obertes, serveis professionals, com col\u00b7legiar-se, activitats, lloguer d&#8217;espais\u2026 \u00c0rea professional A l&#8217;apartat Activitats pots inscriure&#8217;t als diversos cursos que ofereix el COFB Borsa de treball Directori Col\u00b7legia&#8217;t Serveis a les persones Farmaserveis&nbsp;\u00e9s la&nbsp;plataforma de registre assistencial de la xarxa de farm\u00e0cies a Catalunya&nbsp;que t\u00e9 com a [&hellip;]","og_url":"https:\/\/novaorg.cofb.net\/","og_site_name":"Col\u00b7legi de Farmac\u00e8utics de Barcelona","article_publisher":"https:\/\/www.facebook.com\/farmaceuticsbcn\/","article_modified_time":"2024-06-27T09:38:51+00:00","og_image":[{"url":"https:\/\/novaorg.cofb.net\/wp-content\/uploads\/2023\/06\/ico-borsa.png"}],"twitter_card":"summary_large_image","twitter_site":"@farmaceuticsbcn","twitter_misc":{"Temps estimat de lectura":"4 minuts"},"schema":{"@context":"https:\/\/schema.org","@graph":[{"@type":"WebPage","@id":"https:\/\/novaorg.cofb.net\/","url":"https:\/\/novaorg.cofb.net\/","name":"Inici - Col\u00b7legi de Farmac\u00e8utics de Barcelona","isPartOf":{"@id":"https:\/\/www.cofb.org\/#website"},"primaryImageOfPage":{"@id":"https:\/\/novaorg.cofb.net\/#primaryimage"},"image":{"@id":"https:\/\/novaorg.cofb.net\/#primaryimage"},"thumbnailUrl":"https:\/\/www.cofb.org\/wp-content\/uploads\/2023\/06\/ico-borsa.png","datePublished":"2022-03-04T03:42:59+00:00","dateModified":"2024-06-27T09:38:51+00:00","breadcrumb":{"@id":"https:\/\/novaorg.cofb.net\/#breadcrumb"},"inLanguage":"ca","potentialAction":[{"@type":"ReadAction","target":["https:\/\/novaorg.cofb.net\/"]}]},{"@type":"ImageObject","inLanguage":"ca","@id":"https:\/\/novaorg.cofb.net\/#primaryimage","url":"https:\/\/www.cofb.org\/wp-content\/uploads\/2023\/06\/ico-borsa.png","contentUrl":"https:\/\/www.cofb.org\/wp-content\/uploads\/2023\/06\/ico-borsa.png"},{"@type":"BreadcrumbList","@id":"https:\/\/novaorg.cofb.net\/#breadcrumb","itemListElement":[{"@type":"ListItem","position":1,"name":"Inici","item":"https:\/\/novaorg.cofb.net\/"},{"@type":"ListItem","position":2,"name":"Inici"}]},{"@type":"WebSite","@id":"https:\/\/www.cofb.org\/#website","url":"https:\/\/www.cofb.org\/","name":"Col\u00b7legi de Farmac\u00e8utics de Barcelona","description":"","publisher":{"@id":"https:\/\/www.cofb.org\/#organization"},"potentialAction":[{"@type":"SearchAction","target":{"@type":"EntryPoint","urlTemplate":"https:\/\/www.cofb.org\/?s={search_term_string}"},"query-input":"required name=search_term_string"}],"inLanguage":"ca"},{"@type":"Organization","@id":"https:\/\/www.cofb.org\/#organization","name":"Col\u00b7legi de Farmac\u00e8utics de Barcelona","url":"https:\/\/www.cofb.org\/","logo":{"@type":"ImageObject","inLanguage":"ca","@id":"https:\/\/www.cofb.org\/#\/schema\/logo\/image\/","url":"https:\/\/www.cofb.org\/wp-content\/uploads\/2023\/11\/cropped-Logotip-COFB.png","contentUrl":"https:\/\/www.cofb.org\/wp-content\/uploads\/2023\/11\/cropped-Logotip-COFB.png","width":500,"height":105,"caption":"Col\u00b7legi de Farmac\u00e8utics de Barcelona"},"image":{"@id":"https:\/\/www.cofb.org\/#\/schema\/logo\/image\/"},"sameAs":["https:\/\/www.facebook.com\/farmaceuticsbcn\/","https:\/\/twitter.com\/farmaceuticsbcn","https:\/\/www.instagram.com\/farmaceuticsbcn\/","https:\/\/www.linkedin.com\/company\/farmaceuticsbcn\/"]}]}},"uagb_featured_image_src":{"full":false,"thumbnail":false,"medium":false,"medium_large":false,"large":false,"1536x1536":false,"2048x2048":false,"trp-custom-language-flag":false},"uagb_author_info":{"display_name":"wpAdminCofbOrg","author_link":"https:\/\/www.cofb.org\/ca\/author\/wpadmincofborg\/"},"uagb_comment_info":0,"uagb_excerpt":"Exemples de cerca: farm\u00e0cies obertes, serveis professionals, com col\u00b7legiar-se, activitats, lloguer d&#8217;espais\u2026 \u00c0rea professional A l&#8217;apartat Activitats pots inscriure&#8217;t als diversos cursos que ofereix el COFB Borsa de treball Directori Col\u00b7legia&#8217;t Serveis a les persones Farmaserveis&nbsp;\u00e9s la&nbsp;plataforma de registre assistencial de la xarxa de farm\u00e0cies a Catalunya&nbsp;que t\u00e9 com a [&hellip;]","_links":{"self":[{"href":"https:\/\/www.cofb.org\/ca\/wp-json\/wp\/v2\/pages\/1488","targetHints":{"allow":["GET"]}}],"collection":[{"href":"https:\/\/www.cofb.org\/ca\/wp-json\/wp\/v2\/pages"}],"about":[{"href":"https:\/\/www.cofb.org\/ca\/wp-json\/wp\/v2\/types\/page"}],"author":[{"embeddable":true,"href":"https:\/\/www.cofb.org\/ca\/wp-json\/wp\/v2\/users\/1"}],"replies":[{"embeddable":true,"href":"https:\/\/www.cofb.org\/ca\/wp-json\/wp\/v2\/comments?post=1488"}],"version-history":[{"count":235,"href":"https:\/\/www.cofb.org\/ca\/wp-json\/wp\/v2\/pages\/1488\/revisions"}],"predecessor-version":[{"id":84292,"href":"https:\/\/www.cofb.org\/ca\/wp-json\/wp\/v2\/pages\/1488\/revisions\/84292"}],"wp:attachment":[{"href":"https:\/\/www.cofb.org\/ca\/wp-json\/wp\/v2\/media?parent=1488"}],"curies":[{"name":"wp","href":"https:\/\/api.w.org\/{rel}","templated":true}]}}