{"version":"1.0","provider_name":"Col\u00b7legi de Farmac\u00e8utics de Barcelona","provider_url":"https:\/\/www.cofb.org\/ca","title":"Reflexions per fer m\u00e9s visible la dona en el m\u00f3n de la salut #8M2020 - Col\u00b7legi de Farmac\u00e8utics de Barcelona","type":"rich","width":600,"height":338,"html":"<blockquote class=\"wp-embedded-content\" data-secret=\"AZRWg4Y4PQ\"><a href=\"https:\/\/www.cofb.org\/ca\/2020\/03\/06\/reflexions-mes-visible-dona-mon-salut-8m2020\/\">Reflexions per fer m\u00e9s visible la dona en el m\u00f3n de la salut #8M2020<\/a><\/blockquote><iframe sandbox=\"allow-scripts\" security=\"restricted\" src=\"https:\/\/www.cofb.org\/ca\/2020\/03\/06\/reflexions-mes-visible-dona-mon-salut-8m2020\/embed\/#?secret=AZRWg4Y4PQ\" width=\"600\" height=\"338\" title=\"&#8220;Reflexions per fer m\u00e9s visible la dona en el m\u00f3n de la salut #8M2020&#8221; &#8212; Col\u00b7legi de Farmac\u00e8utics de Barcelona\" data-secret=\"AZRWg4Y4PQ\" frameborder=\"0\" marginwidth=\"0\" marginheight=\"0\" scrolling=\"no\" class=\"wp-embedded-content\"><\/iframe><script>\n\/*! This file is auto-generated *\/\n!function(d,l){\"use strict\";l.querySelector&&d.addEventListener&&\"undefined\"!=typeof URL&&(d.wp=d.wp||{},d.wp.receiveEmbedMessage||(d.wp.receiveEmbedMessage=function(e){var t=e.data;if((t||t.secret||t.message||t.value)&&!\/[^a-zA-Z0-9]\/.test(t.secret)){for(var s,r,n,a=l.querySelectorAll('iframe[data-secret=\"'+t.secret+'\"]'),o=l.querySelectorAll('blockquote[data-secret=\"'+t.secret+'\"]'),c=new RegExp(\"^https?:$\",\"i\"),i=0;i<o.length;i++)o[i].style.display=\"none\";for(i=0;i<a.length;i++)s=a[i],e.source===s.contentWindow&&(s.removeAttribute(\"style\"),\"height\"===t.message?(1e3<(r=parseInt(t.value,10))?r=1e3:~~r<200&&(r=200),s.height=r):\"link\"===t.message&&(r=new URL(s.getAttribute(\"src\")),n=new URL(t.value),c.test(n.protocol))&&n.host===r.host&&l.activeElement===s&&(d.top.location.href=t.value))}},d.addEventListener(\"message\",d.wp.receiveEmbedMessage,!1),l.addEventListener(\"DOMContentLoaded\",function(){for(var e,t,s=l.querySelectorAll(\"iframe.wp-embedded-content\"),r=0;r<s.length;r++)(t=(e=s[r]).getAttribute(\"data-secret\"))||(t=Math.random().toString(36).substring(2,12),e.src+=\"#?secret=\"+t,e.setAttribute(\"data-secret\",t)),e.contentWindow.postMessage({message:\"ready\",secret:t},\"*\")},!1)))}(window,document);\n<\/script>\n","thumbnail_url":null,"thumbnail_width":null,"thumbnail_height":null,"description":"El passat 4 de mar\u00e7 va tenir lloc al COFB la confer\u00e8ncia \"Dones visibles en el m\u00f3n de la salut\". Moderada per L\u00eddia Heredia, va comptar amb les intervencions de Cristina Besc\u00f3s, Carlota Doba\u00f1o, Roc\u00edo L\u00f3pez-Ybarra i M. \u00c0ngels Valls."}